{"id":77738,"date":"2021-06-11T16:54:03","date_gmt":"2021-06-11T14:54:03","guid":{"rendered":"https:\/\/www.uges-isere.fr\/?page_id=77738"},"modified":"2021-06-17T10:22:13","modified_gmt":"2021-06-17T08:22:13","slug":"nos-propositions-2","status":"publish","type":"page","link":"https:\/\/www.uges-isere.fr\/index.php\/nos-propositions-2\/","title":{"rendered":"Nos propositions, en d\u00e9tails"},"content":{"rendered":"\n<div class=\"wp-block-group alignfull\"><div class=\"wp-block-group__inner-container is-layout-flow wp-block-group-is-layout-flow\">\n<div class=\"wp-block-cover has-background-dim\" style=\"min-height:337px;aspect-ratio:unset;\"><img loading=\"lazy\" decoding=\"async\" width=\"1134\" height=\"638\" class=\"wp-block-cover__image-background wp-image-52879\" alt=\"\" src=\"https:\/\/www.uges-isere.fr\/wp-content\/uploads\/2021\/05\/Affiche-printemps-V6-1-edited.png\" data-object-fit=\"cover\" srcset=\"https:\/\/www.uges-isere.fr\/wp-content\/uploads\/2021\/05\/Affiche-printemps-V6-1-edited.png 1134w, https:\/\/www.uges-isere.fr\/wp-content\/uploads\/2021\/05\/Affiche-printemps-V6-1-edited-300x169.png 300w, https:\/\/www.uges-isere.fr\/wp-content\/uploads\/2021\/05\/Affiche-printemps-V6-1-edited-1024x576.png 1024w, https:\/\/www.uges-isere.fr\/wp-content\/uploads\/2021\/05\/Affiche-printemps-V6-1-edited-768x432.png 768w\" sizes=\"auto, (max-width: 1134px) 100vw, 1134px\" \/><div class=\"wp-block-cover__inner-container is-layout-flow wp-block-cover-is-layout-flow\">\n<p class=\"has-large-font-size\">Nos propositions pour une Is\u00e8re solidaire et \u00e9cologique <\/p>\n<\/div><\/div>\n<\/div><\/div>\n\n\n\n<div class=\"wp-block-group alignfull has-background\" style=\"background-color:#f8f8fa\"><div class=\"wp-block-group__inner-container is-layout-flow wp-block-group-is-layout-flow\">\n<div class=\"wp-block-group alignfull has-background\" style=\"background-color:#f8f8fa\"><div class=\"wp-block-group__inner-container is-layout-flow wp-block-group-is-layout-flow\">\n<h2 class=\"has-text-align-center wp-block-heading\">Nos propositions<\/h2>\n\n\n\n<p class=\"has-text-align-center\">Le Printemps Is\u00e9rois d\u00e9voile ses mesures pour une Is\u00e8re solidaire et \u00e9cologique ! <\/p>\n\n\n\n<div class=\"wp-block-columns alignwide are-vertically-aligned-center is-layout-flex wp-container-core-columns-is-layout-9d6595d7 wp-block-columns-is-layout-flex\">\n<div class=\"wp-block-column is-vertically-aligned-center is-layout-flow wp-block-column-is-layout-flow\">\n<div class=\"wp-block-group has-white-background-color has-background\"><div class=\"wp-block-group__inner-container is-layout-flow wp-block-group-is-layout-flow\">\n<h4 class=\"wp-block-heading\"> Proposition 1.<\/h4>\n\n\n\n<p><a href=\"https:\/\/www.uges-isere.fr\/index.php\/proposition-7\/\">D\u00e9velopper les actions de soutien \u00e0 la parentalit\u00e9<\/a><\/p>\n<\/div><\/div>\n<\/div>\n\n\n\n<div class=\"wp-block-column is-vertically-aligned-center is-layout-flow wp-block-column-is-layout-flow\">\n<div class=\"wp-block-group has-white-background-color has-background\"><div class=\"wp-block-group__inner-container is-layout-flow wp-block-group-is-layout-flow\">\n<h4 class=\"wp-block-heading\">Proposition 2.\u200b<\/h4>\n\n\n\n<p><a href=\"https:\/\/www.uges-isere.fr\/index.php\/proposition-28\/\">Garantir l&rsquo;accueil et l&rsquo;accompagnement des enfants plac\u00e9s sous la protection de l\u2019enfance.<\/a><\/p>\n<\/div><\/div>\n<\/div>\n\n\n\n<div class=\"wp-block-column is-vertically-aligned-center is-layout-flow wp-block-column-is-layout-flow\">\n<div class=\"wp-block-group has-white-background-color has-background\"><div class=\"wp-block-group__inner-container is-layout-flow wp-block-group-is-layout-flow\">\n<h4 class=\"wp-block-heading\">Proposition 3.\u200b<\/h4>\n\n\n\n<p><a href=\"https:\/\/www.uges-isere.fr\/index.php\/proposition-24-2\/\">Offrir 100 euros<br>de bons-rentr\u00e9e aux \u00e9l\u00e8ves des coll\u00e8ges et des instituts m\u00e9dico- \u00e9ducatifs pour s\u2019inscrire en 2021 \u00e0 une activit\u00e9 sportive et\/ou culturelle et soutenir ainsi les associations de proximit\u00e9.<\/a><\/p>\n<\/div><\/div>\n<\/div>\n<\/div>\n\n\n\n<div class=\"wp-block-columns alignwide are-vertically-aligned-center is-layout-flex wp-container-core-columns-is-layout-9d6595d7 wp-block-columns-is-layout-flex\">\n<div class=\"wp-block-column is-vertically-aligned-center is-layout-flow wp-block-column-is-layout-flow\">\n<div class=\"wp-block-group has-white-background-color has-background\"><div class=\"wp-block-group__inner-container is-layout-flow wp-block-group-is-layout-flow\">\n<h4 class=\"wp-block-heading\">Proposition 4.<\/h4>\n\n\n\n<p><a href=\"https:\/\/www.uges-isere.fr\/index.php\/nos-propositions\/proposition1\/?fbclid=IwAR0AxRC28KaKjjn1Xx_kfqBC2hgFSZ8wq_paVMhoUkUth0uh0P037du4BCQ\">Mise en oeuvre d\u00e8s 2022 d\u2019un Revenu de Solidarit\u00e9 Jeune (RSJ) pour les 18-24 ans.<\/a><\/p>\n<\/div><\/div>\n<\/div>\n\n\n\n<div class=\"wp-block-column is-vertically-aligned-center is-layout-flow wp-block-column-is-layout-flow\">\n<div class=\"wp-block-group has-white-background-color has-background\"><div class=\"wp-block-group__inner-container is-layout-flow wp-block-group-is-layout-flow\">\n<h4 class=\"wp-block-heading\"> Proposition 5.<\/h4>\n\n\n\n<p><\/p>\n\n\n\n<p><a href=\"https:\/\/www.uges-isere.fr\/index.php\/proposition-14\/\">Offrir des conditions d\u2019apprentissage de qualit\u00e9 aux coll\u00e9giens en modernisant les coll\u00e8ges et donner la m\u00eame chance \u00e0 chacun en prenant en compte l\u2019exigence de mixit\u00e9 sociale.<\/a><\/p>\n<\/div><\/div>\n<\/div>\n\n\n\n<div class=\"wp-block-column is-vertically-aligned-center is-layout-flow wp-block-column-is-layout-flow\">\n<div class=\"wp-block-group has-white-background-color has-background\"><div class=\"wp-block-group__inner-container is-layout-flow wp-block-group-is-layout-flow\">\n<h4 class=\"wp-block-heading\">Proposition 6.<\/h4>\n\n\n\n<p><a href=\"https:\/\/www.uges-isere.fr\/index.php\/proposition-34\/\"><\/a><a href=\"https:\/\/www.uges-isere.fr\/index.php\/proposition-34\/\">Co-construire avec les \u00e9quipes \u00e9ducatives dans les coll\u00e8ges des projets avec pour priorit\u00e9s : l\u2019\u00e9ducation et la sensibilisation \u00e0 l\u2019usage du num\u00e9rique et des r\u00e9seaux sociaux ; l\u2019\u00c9ducation Artistique et Culturelle ; la d\u00e9couverte de la montagne 4 saisons ; la sensibilisation aux secours avec l\u2019aide des pompiers volontaires ;<\/a><\/p>\n<\/div><\/div>\n<\/div>\n<\/div>\n\n\n\n<div class=\"wp-block-columns alignwide are-vertically-aligned-center is-layout-flex wp-container-core-columns-is-layout-9d6595d7 wp-block-columns-is-layout-flex\">\n<div class=\"wp-block-column is-vertically-aligned-center is-layout-flow wp-block-column-is-layout-flow\">\n<div class=\"wp-block-group has-white-background-color has-background\"><div class=\"wp-block-group__inner-container is-layout-flow wp-block-group-is-layout-flow\">\n<h4 class=\"wp-block-heading\">Proposition 7.<\/h4>\n\n\n\n<p><a href=\"https:\/\/www.uges-isere.fr\/index.php\/proposition-17\/\"><a href=\"https:\/\/www.uges-isere.fr\/index.php\/proposition-17\/\">Mise en place du dispositif \u00ab\u00a0mon m\u00e9decin pr\u00e8s de chez moi\u00a0\u00bb<\/a><\/a><\/p>\n<\/div><\/div>\n<\/div>\n\n\n\n<div class=\"wp-block-column is-vertically-aligned-center is-layout-flow wp-block-column-is-layout-flow\">\n<div class=\"wp-block-group has-white-background-color has-background\"><div class=\"wp-block-group__inner-container is-layout-flow wp-block-group-is-layout-flow\">\n<h4 class=\"wp-block-heading\">Proposition 8.<\/h4>\n\n\n\n<p><a href=\"https:\/\/www.uges-isere.fr\/index.php\/proposition-30\/\"><a href=\"https:\/\/www.uges-isere.fr\/index.php\/proposition-30\/\">Organiser le Printemps Is\u00e9rois des Solidarit\u00e9s d\u00e8s septembre 2021.<\/a><\/a><\/p>\n<\/div><\/div>\n<\/div>\n\n\n\n<div class=\"wp-block-column is-vertically-aligned-center is-layout-flow wp-block-column-is-layout-flow\">\n<div class=\"wp-block-group has-white-background-color has-background\"><div class=\"wp-block-group__inner-container is-layout-flow wp-block-group-is-layout-flow\">\n<h4 class=\"wp-block-heading\">Proposition 9. <\/h4>\n\n\n\n<p><a href=\"https:\/\/www.uges-isere.fr\/index.php\/proposition-38\/\"><a href=\"https:\/\/www.uges-isere.fr\/index.php\/proposition-38\/\">Renouer avec la tradition is\u00e9roise d&rsquo;innovation sociale<\/a> <\/a><\/p>\n<\/div><\/div>\n<\/div>\n<\/div>\n<\/div><\/div>\n\n\n\n<div class=\"wp-block-group alignfull has-background\" style=\"background-color:#f8f8fa\"><div class=\"wp-block-group__inner-container is-layout-flow wp-block-group-is-layout-flow\">\n<div class=\"wp-block-columns alignwide are-vertically-aligned-center is-layout-flex wp-container-core-columns-is-layout-9d6595d7 wp-block-columns-is-layout-flex\">\n<div class=\"wp-block-column is-vertically-aligned-center is-layout-flow wp-block-column-is-layout-flow\">\n<div class=\"wp-block-group has-white-background-color has-background\"><div class=\"wp-block-group__inner-container is-layout-flow wp-block-group-is-layout-flow\">\n<h4 class=\"wp-block-heading\">Proposition 10.<\/h4>\n\n\n\n<p><a href=\"https:\/\/www.uges-isere.fr\/index.php\/proposition-12\/\">Offrir \u00e0 chaque personne \u00e2g\u00e9e ou en perte d&rsquo;autonomie une solution.<\/a><\/p>\n<\/div><\/div>\n<\/div>\n\n\n\n<div class=\"wp-block-column is-vertically-aligned-center is-layout-flow wp-block-column-is-layout-flow\">\n<div class=\"wp-block-group has-white-background-color has-background\"><div class=\"wp-block-group__inner-container is-layout-flow wp-block-group-is-layout-flow\">\n<h4 class=\"wp-block-heading\">Proposition 11.\u200b<\/h4>\n\n\n\n<p><a href=\"https:\/\/www.uges-isere.fr\/index.php\/proposition-35\/\">Soutenir toutes les personnes en situation de handicap dans leurs parcours de vie et faciliter leur d\u00e9marche<\/a><\/p>\n<\/div><\/div>\n<\/div>\n\n\n\n<div class=\"wp-block-column is-vertically-aligned-center is-layout-flow wp-block-column-is-layout-flow\">\n<div class=\"wp-block-group has-white-background-color has-background\"><div class=\"wp-block-group__inner-container is-layout-flow wp-block-group-is-layout-flow\">\n<h4 class=\"wp-block-heading\">Proposition 12.\u200b<\/h4>\n\n\n\n<p><a href=\"https:\/\/www.uges-isere.fr\/index.php\/proposition-9\/\" target=\"_blank\" rel=\"noreferrer noopener\">D\u00e9velopper un plan massif de lutte contre les discriminations et de promotion de l&rsquo;\u00e9galit\u00e9.<\/a><\/p>\n<\/div><\/div>\n<\/div>\n<\/div>\n\n\n\n<div class=\"wp-block-columns alignwide are-vertically-aligned-center is-layout-flex wp-container-core-columns-is-layout-9d6595d7 wp-block-columns-is-layout-flex\">\n<div class=\"wp-block-column is-vertically-aligned-center is-layout-flow wp-block-column-is-layout-flow\">\n<div class=\"wp-block-group has-white-background-color has-background\"><div class=\"wp-block-group__inner-container is-layout-flow wp-block-group-is-layout-flow\">\n<h4 class=\"wp-block-heading\">Proposition 13.<\/h4>\n\n\n\n<p><a href=\"https:\/\/www.uges-isere.fr\/index.php\/proposition-2\/\">Prioriser les questions de justice et d&rsquo;\u00e9galit\u00e9 entre les femmes et les hommes.<\/a><\/p>\n<\/div><\/div>\n<\/div>\n\n\n\n<div class=\"wp-block-column is-vertically-aligned-center is-layout-flow wp-block-column-is-layout-flow\">\n<div class=\"wp-block-group has-white-background-color has-background\"><div class=\"wp-block-group__inner-container is-layout-flow wp-block-group-is-layout-flow\">\n<h4 class=\"wp-block-heading\">Proposition 14.<\/h4>\n\n\n\n<p><a href=\"https:\/\/www.uges-isere.fr\/index.php\/proposition-4\/\">S&rsquo;engager, avec les f\u00e9d\u00e9rations d&rsquo;\u00e9ducation populaire, dans la formation tout au long de la vie.<\/a><\/p>\n<\/div><\/div>\n<\/div>\n\n\n\n<div class=\"wp-block-column is-layout-flow wp-block-column-is-layout-flow\"><\/div>\n\n\n\n<div class=\"wp-block-column is-vertically-aligned-center is-layout-flow wp-block-column-is-layout-flow\">\n<div class=\"wp-block-group has-white-background-color has-background\"><div class=\"wp-block-group__inner-container is-layout-flow wp-block-group-is-layout-flow\">\n<h4 class=\"wp-block-heading\">Proposition 15.<\/h4>\n\n\n\n<p><a href=\"https:\/\/www.uges-isere.fr\/index.php\/proposition-5\/\">Accompagner l\u2019installation du Mus\u00e9e de la R\u00e9sistance et de la D\u00e9portation de l\u2019Is\u00e8re au sein du Palais du Parlement, en r\u00e9affirmant sa fonction majeure de \u00ab Maison des droits de l\u2019Homme \u00bb.<\/a><\/p>\n<\/div><\/div>\n<\/div>\n<\/div>\n\n\n\n<div class=\"wp-block-columns alignwide are-vertically-aligned-center is-layout-flex wp-container-core-columns-is-layout-9d6595d7 wp-block-columns-is-layout-flex\">\n<div class=\"wp-block-column is-vertically-aligned-center is-layout-flow wp-block-column-is-layout-flow\">\n<div class=\"wp-block-group has-white-background-color has-background\"><div class=\"wp-block-group__inner-container is-layout-flow wp-block-group-is-layout-flow\">\n<h4 class=\"wp-block-heading\">Proposition 16.<\/h4>\n\n\n\n<p><a href=\"https:\/\/www.uges-isere.fr\/index.php\/proposition-16\/\"><a href=\"https:\/\/www.uges-isere.fr\/index.php\/proposition-18\/\">12\u00e8me Mus\u00e9e d\u00e9partemental \u00e0 Vienne<\/a><\/a><\/p>\n<\/div><\/div>\n<\/div>\n\n\n\n<div class=\"wp-block-column is-vertically-aligned-center is-layout-flow wp-block-column-is-layout-flow\">\n<div class=\"wp-block-group has-white-background-color has-background\"><div class=\"wp-block-group__inner-container is-layout-flow wp-block-group-is-layout-flow\">\n<h4 class=\"wp-block-heading\">Proposition 17.<\/h4>\n\n\n\n<p><a href=\"https:\/\/www.uges-isere.fr\/index.php\/proposition-17\/\"><a href=\"https:\/\/www.uges-isere.fr\/index.php\/proposition-23\/\">Soutenir la structuration des acteurs culturels, encourager les transversalit\u00e9s : la culture sur tous les territoires.<\/a><\/a><\/p>\n<\/div><\/div>\n<\/div>\n\n\n\n<div class=\"wp-block-column is-vertically-aligned-center is-layout-flow wp-block-column-is-layout-flow\">\n<div class=\"wp-block-group has-white-background-color has-background\"><div class=\"wp-block-group__inner-container is-layout-flow wp-block-group-is-layout-flow\">\n<h4 class=\"wp-block-heading\">Proposition 18.<\/h4>\n\n\n\n<p><a href=\"https:\/\/www.uges-isere.fr\/index.php\/proposition-18\/\"><a href=\"https:\/\/www.uges-isere.fr\/index.php\/proposition-32\/\">Accompagner les grands \u00e9v\u00e8nements sportifs f\u00e9d\u00e9rateurs en int\u00e9grant l\u2019impact environnemental ;<\/a><\/a>  <\/p>\n<\/div><\/div>\n<\/div>\n<\/div>\n\n\n\n<div class=\"wp-block-columns alignwide are-vertically-aligned-center is-layout-flex wp-container-core-columns-is-layout-9d6595d7 wp-block-columns-is-layout-flex\">\n<div class=\"wp-block-column is-vertically-aligned-center is-layout-flow wp-block-column-is-layout-flow\">\n<div class=\"wp-block-group has-white-background-color has-background\"><div class=\"wp-block-group__inner-container is-layout-flow wp-block-group-is-layout-flow\">\n<h4 class=\"wp-block-heading\">Proposition 19.<\/h4>\n\n\n\n<p><a href=\"https:\/\/www.uges-isere.fr\/index.php\/proposition-19\/\"><a href=\"https:\/\/www.uges-isere.fr\/index.php\/proposition-22\/\">F\u00e9d\u00e9rer et soutenir le monde sportif et ses partenaires dans les initiatives concourant \u00e0 la sant\u00e9 et du bien \u00eatre par le sport<\/a><\/a><\/p>\n<\/div><\/div>\n<\/div>\n\n\n\n<div class=\"wp-block-column is-vertically-aligned-center is-layout-flow wp-block-column-is-layout-flow\">\n<div class=\"wp-block-group has-white-background-color has-background\"><div class=\"wp-block-group__inner-container is-layout-flow wp-block-group-is-layout-flow\">\n<h4 class=\"wp-block-heading\">Proposition 20.<\/h4>\n\n\n\n<p><a href=\"https:\/\/www.uges-isere.fr\/index.php\/proposition-20\/\"><a href=\"https:\/\/www.uges-isere.fr\/index.php\/proposition-13\/\">Soutenir la cr\u00e9ation et la modernisation des \u00e9quipements sportifs afin de s&rsquo;adapter aux nouvelles pratiques<\/a><\/a><\/p>\n<\/div><\/div>\n<\/div>\n\n\n\n<div class=\"wp-block-column is-vertically-aligned-center is-layout-flow wp-block-column-is-layout-flow\">\n<div class=\"wp-block-group has-white-background-color has-background\"><div class=\"wp-block-group__inner-container is-layout-flow wp-block-group-is-layout-flow\">\n<h4 class=\"wp-block-heading\">Proposition 21.<\/h4>\n\n\n\n<p><a href=\"https:\/\/www.uges-isere.fr\/index.php\/proposition-37\/\">Valoriser touristiquement les territoires du Nord Is\u00e8re pour leur richesse patrimoniale et gastronomique, leur diversit\u00e9 culturelle, les espaces naturels remarquables\u2026<\/a><\/p>\n<\/div><\/div>\n<\/div>\n<\/div>\n\n\n\n<div class=\"wp-block-columns alignwide are-vertically-aligned-center is-layout-flex wp-container-core-columns-is-layout-9d6595d7 wp-block-columns-is-layout-flex\">\n<div class=\"wp-block-column is-vertically-aligned-center is-layout-flow wp-block-column-is-layout-flow\">\n<div class=\"wp-block-group has-white-background-color has-background\"><div class=\"wp-block-group__inner-container is-layout-flow wp-block-group-is-layout-flow\">\n<h4 class=\"wp-block-heading\">Proposition 22.<\/h4>\n\n\n\n<p><a href=\"https:\/\/www.uges-isere.fr\/index.php\/proposition-24\/\">Faciliter la cohabitation entre les diff\u00e9rents usagers : en montagne et \u00e0 la campagne. <\/a><\/p>\n<\/div><\/div>\n<\/div>\n\n\n\n<div class=\"wp-block-column is-vertically-aligned-center is-layout-flow wp-block-column-is-layout-flow\">\n<div class=\"wp-block-group has-white-background-color has-background\"><div class=\"wp-block-group__inner-container is-layout-flow wp-block-group-is-layout-flow\">\n<h4 class=\"wp-block-heading\">Proposition 23.<\/h4>\n\n\n\n<p><a href=\"https:\/\/www.uges-isere.fr\/index.php\/proposition6\/\">Accompagner les territoires de montagne dans la transition et l&rsquo;adaptation.<\/a><\/p>\n<\/div><\/div>\n<\/div>\n\n\n\n<div class=\"wp-block-column is-vertically-aligned-center is-layout-flow wp-block-column-is-layout-flow\">\n<div class=\"wp-block-group has-white-background-color has-background\"><div class=\"wp-block-group__inner-container is-layout-flow wp-block-group-is-layout-flow\">\n<h4 class=\"wp-block-heading\">Proposition 24.<\/h4>\n\n\n\n<p><a href=\"https:\/\/www.uges-isere.fr\/index.php\/proposition-33\/\">Entretenir et s\u00e9curiser les routes d\u00e9partementales et promouvoir le covoiturage pour les Is\u00e9rois n\u2019ayant pas d\u2019alternative \u00e0 la voiture individuelle; d\u00e9veloppement des transports en commun.<\/a><\/p>\n<\/div><\/div>\n<\/div>\n<\/div>\n\n\n\n<div class=\"wp-block-columns alignwide are-vertically-aligned-center is-layout-flex wp-container-core-columns-is-layout-9d6595d7 wp-block-columns-is-layout-flex\">\n<div class=\"wp-block-column is-vertically-aligned-center is-layout-flow wp-block-column-is-layout-flow\">\n<div class=\"wp-block-group has-white-background-color has-background\"><div class=\"wp-block-group__inner-container is-layout-flow wp-block-group-is-layout-flow\">\n<h4 class=\"wp-block-heading\">Proposition 25.<\/h4>\n\n\n\n<p><a href=\"https:\/\/www.uges-isere.fr\/index.php\/proposition-31\/\">Faire de chaque investissement du D\u00e9partement une contribution \u00e0 la<br>transition \u00e9cologique, \u00e0 la sauvegarde de la biodiversit\u00e9.<\/a><\/p>\n<\/div><\/div>\n<\/div>\n\n\n\n<div class=\"wp-block-column is-vertically-aligned-center is-layout-flow wp-block-column-is-layout-flow\">\n<div class=\"wp-block-group has-white-background-color has-background\"><div class=\"wp-block-group__inner-container is-layout-flow wp-block-group-is-layout-flow\">\n<h4 class=\"wp-block-heading\">Proposition 26.<\/h4>\n\n\n\n<p><a href=\"https:\/\/www.uges-isere.fr\/index.php\/proposition-16\/\">Mise en place d&rsquo;un plan v\u00e9lo ambitieux.<\/a><\/p>\n<\/div><\/div>\n<\/div>\n\n\n\n<div class=\"wp-block-column is-vertically-aligned-center is-layout-flow wp-block-column-is-layout-flow\">\n<div class=\"wp-block-group has-white-background-color has-background\"><div class=\"wp-block-group__inner-container is-layout-flow wp-block-group-is-layout-flow\">\n<h4 class=\"wp-block-heading\">Proposition 27.<\/h4>\n\n\n\n<p><a href=\"https:\/\/www.uges-isere.fr\/index.php\/proposition-27\/\"> <a href=\"https:\/\/www.uges-isere.fr\/index.php\/proposition-10\/\">Soutenir l&rsquo;\u00e9conomie locale en triplant les investissements dans la r\u00e9novation thermique des logements sociaux.<\/a><\/a><\/p>\n<\/div><\/div>\n<\/div>\n<\/div>\n\n\n\n<div class=\"wp-block-columns alignwide are-vertically-aligned-center is-layout-flex wp-container-core-columns-is-layout-9d6595d7 wp-block-columns-is-layout-flex\">\n<div class=\"wp-block-column is-vertically-aligned-center is-layout-flow wp-block-column-is-layout-flow\">\n<div class=\"wp-block-group has-white-background-color has-background\"><div class=\"wp-block-group__inner-container is-layout-flow wp-block-group-is-layout-flow\">\n<h4 class=\"wp-block-heading\">Proposition 28.<\/h4>\n\n\n\n<p><a href=\"https:\/\/www.uges-isere.fr\/index.php\/proposition-21\/\">Etre une collectivit\u00e9 exemplaire int\u00e9grant la biodiversit\u00e9 dans toutes ses politiques.<\/a><\/p>\n<\/div><\/div>\n<\/div>\n\n\n\n<div class=\"wp-block-column is-vertically-aligned-center is-layout-flow wp-block-column-is-layout-flow\">\n<div class=\"wp-block-group has-white-background-color has-background\"><div class=\"wp-block-group__inner-container is-layout-flow wp-block-group-is-layout-flow\">\n<h4 class=\"wp-block-heading\">Proposition 29.<\/h4>\n\n\n\n<p><a href=\"https:\/\/www.uges-isere.fr\/index.php\/proposition-27\/\">Proposer des repas de qualit\u00e9 et diversifi\u00e9 aux coll\u00e9giens en visant 100% de produits bio et locaux, \u00e0 un tarif plus progressif (selon le quotient familial), avec des propositions v\u00e9g\u00e9tariennes et sans produits issus de l\u2019\u00e9levage intensif ;<\/a><\/p>\n<\/div><\/div>\n<\/div>\n\n\n\n<div class=\"wp-block-column is-vertically-aligned-center is-layout-flow wp-block-column-is-layout-flow\">\n<div class=\"wp-block-group has-white-background-color has-background\"><div class=\"wp-block-group__inner-container is-layout-flow wp-block-group-is-layout-flow\">\n<h4 class=\"wp-block-heading\">Proposition 30.<\/h4>\n\n\n\n<p><a href=\"https:\/\/www.uges-isere.fr\/index.php\/proposition-30\/\"><a href=\"https:\/\/www.uges-isere.fr\/index.php\/proposition-26\/\">Permettre aux agriculteurs de reprendre en main leur production, la transformation et la commercialisation pour vivre de leur travail ;<\/a><\/a> <\/p>\n<\/div><\/div>\n<\/div>\n<\/div>\n\n\n\n<div class=\"wp-block-columns alignwide are-vertically-aligned-center is-layout-flex wp-container-core-columns-is-layout-9d6595d7 wp-block-columns-is-layout-flex\">\n<div class=\"wp-block-column is-vertically-aligned-center is-layout-flow wp-block-column-is-layout-flow\">\n<div class=\"wp-block-group has-white-background-color has-background\"><div class=\"wp-block-group__inner-container is-layout-flow wp-block-group-is-layout-flow\">\n<h4 class=\"wp-block-heading\">Proposition 31.<\/h4>\n\n\n\n<p><a rel=\"noreferrer noopener\" href=\"https:\/\/www.uges-isere.fr\/index.php\/proposition-3\/\" target=\"_blank\">Accompagner les agriculteurs dans leurs projets. Sanctuariser les terres agricoles, valoriser la fili\u00e8re bois.<\/a><\/p>\n<\/div><\/div>\n<\/div>\n\n\n\n<div class=\"wp-block-column is-vertically-aligned-center is-layout-flow wp-block-column-is-layout-flow\">\n<div class=\"wp-block-group has-white-background-color has-background\"><div class=\"wp-block-group__inner-container is-layout-flow wp-block-group-is-layout-flow\">\n<h4 class=\"wp-block-heading\">Proposition 32.<\/h4>\n\n\n\n<p><a href=\"https:\/\/www.uges-isere.fr\/index.php\/proposition-11\/\">Animer les conseils des territoires, cap \u00e0 l&rsquo;horizon 2038 et \u00ab\u00a0Pactes territoriaux\u00a0\u00bb<\/a><\/p>\n<\/div><\/div>\n<\/div>\n\n\n\n<div class=\"wp-block-column is-vertically-aligned-center is-layout-flow wp-block-column-is-layout-flow\">\n<div class=\"wp-block-group has-white-background-color has-background\"><div class=\"wp-block-group__inner-container is-layout-flow wp-block-group-is-layout-flow\">\n<h4 class=\"wp-block-heading\">Proposition 33.<\/h4>\n\n\n\n<p><a href=\"https:\/\/www.uges-isere.fr\/index.php\/proposition-24\/\">Assurer la proximit\u00e9 du service public partout en Is\u00e8re : renforcer le maillage territorial des services d\u00e9partementaux<\/a><\/p>\n<\/div><\/div>\n<\/div>\n<\/div>\n\n\n\n<div class=\"wp-block-columns alignwide are-vertically-aligned-center is-layout-flex wp-container-core-columns-is-layout-9d6595d7 wp-block-columns-is-layout-flex\">\n<div class=\"wp-block-column is-vertically-aligned-center is-layout-flow wp-block-column-is-layout-flow\">\n<div class=\"wp-block-group has-white-background-color has-background\"><div class=\"wp-block-group__inner-container is-layout-flow wp-block-group-is-layout-flow\">\n<h4 class=\"wp-block-heading\">Proposition 34.<\/h4>\n\n\n\n<p><a href=\"https:\/\/www.uges-isere.fr\/index.php\/proposition-8\/\">Agir contre la fracture num\u00e9rique en rendant le tr\u00e8s haut d\u00e9bit disponible partout en Is\u00e8re et accompagner l&rsquo;usage du num\u00e9rique.<\/a><\/p>\n<\/div><\/div>\n<\/div>\n\n\n\n<div class=\"wp-block-column is-vertically-aligned-center is-layout-flow wp-block-column-is-layout-flow\">\n<div class=\"wp-block-group has-white-background-color has-background\"><div class=\"wp-block-group__inner-container is-layout-flow wp-block-group-is-layout-flow\">\n<h4 class=\"wp-block-heading\">Proposition 35.<\/h4>\n\n\n\n<p><a href=\"https:\/\/www.uges-isere.fr\/index.php\/proposition-36\/\">Permettre l\u2019interpellation de la collectivit\u00e9 &#8211; sur les comp\u00e9tences la concernant- par voie de p\u00e9tition sur le site www.isere.fr avec deux d\u00e9bouch\u00e9s : d\u00e9bat en conseil d\u00e9partemental (au-del\u00e0 de 3000 signatures) ou convention citoyenne (au-del\u00e0 de 20 000).<\/a><\/p>\n<\/div><\/div>\n<\/div>\n\n\n\n<div class=\"wp-block-column is-vertically-aligned-center is-layout-flow wp-block-column-is-layout-flow\">\n<div class=\"wp-block-group has-white-background-color has-background\"><div class=\"wp-block-group__inner-container is-layout-flow wp-block-group-is-layout-flow\">\n<h4 class=\"wp-block-heading\">Proposition 36.<\/h4>\n\n\n\n<p><a href=\"https:\/\/www.uges-isere.fr\/index.php\/proposition-29\/\">Budget de 2 millions d&rsquo;euros pour les initiatives des Is\u00e9rois<\/a><\/p>\n<\/div><\/div>\n<\/div>\n<\/div>\n\n\n\n<div class=\"wp-block-columns alignwide are-vertically-aligned-center is-layout-flex wp-container-core-columns-is-layout-9d6595d7 wp-block-columns-is-layout-flex\">\n<div class=\"wp-block-column is-vertically-aligned-center is-layout-flow wp-block-column-is-layout-flow\">\n<div class=\"wp-block-group has-white-background-color has-background\"><div class=\"wp-block-group__inner-container is-layout-flow wp-block-group-is-layout-flow\">\n<h4 class=\"wp-block-heading\">Proposition 37.<\/h4>\n\n\n\n<p><a href=\"https:\/\/www.uges-isere.fr\/index.php\/proposition-37\/\"><a href=\"https:\/\/www.uges-isere.fr\/index.php\/proposition-20\/\">R\u00e9tablir un financement p\u00e9renne aux associations.<\/a><\/a><\/p>\n<\/div><\/div>\n<\/div>\n\n\n\n<div class=\"wp-block-column is-vertically-aligned-center is-layout-flow wp-block-column-is-layout-flow\">\n<div class=\"wp-block-group has-white-background-color has-background\"><div class=\"wp-block-group__inner-container is-layout-flow wp-block-group-is-layout-flow\">\n<h4 class=\"wp-block-heading\">Proposition 38.<\/h4>\n\n\n\n<p><a href=\"https:\/\/www.uges-isere.fr\/index.php\/proposition-38\/\"><a href=\"https:\/\/www.uges-isere.fr\/index.php\/proposition-15\/\">Mise en place d&rsquo;une convention citoyenne<\/a><\/a><\/p>\n<\/div><\/div>\n<\/div>\n\n\n\n<div class=\"wp-block-column is-vertically-aligned-center is-layout-flow wp-block-column-is-layout-flow\"><\/div>\n<\/div>\n\n\n\n<div class=\"wp-block-columns alignwide are-vertically-aligned-center is-layout-flex wp-container-core-columns-is-layout-9d6595d7 wp-block-columns-is-layout-flex\">\n<div class=\"wp-block-column is-vertically-aligned-center is-layout-flow wp-block-column-is-layout-flow\"><\/div>\n\n\n\n<div class=\"wp-block-column is-vertically-aligned-center is-layout-flow wp-block-column-is-layout-flow\"><\/div>\n\n\n\n<div class=\"wp-block-column is-vertically-aligned-center is-layout-flow wp-block-column-is-layout-flow\"><\/div>\n<\/div>\n<\/div><\/div>\n\n\n\n<div class=\"wp-block-group alignfull is-layout-flow wp-block-group-is-layout-flow\"><div class=\"wp-block-group__inner-container\"><\/div><\/div>\n\n\n\n<div class=\"wp-block-group alignfull has-background\" style=\"background-color:#f8f8fa\"><div class=\"wp-block-group__inner-container is-layout-flow wp-block-group-is-layout-flow\">\n<h2 class=\"alignfull has-text-align-center wp-block-heading\">Une question ? <\/h2>\n\n\n\n<p class=\"has-text-align-center\">Ecrivez-nous \u00e0 contact@leprintemps.org<\/p>\n\n\n\n<div class=\"wp-block-columns alignwide is-layout-flex wp-container-core-columns-is-layout-9d6595d7 wp-block-columns-is-layout-flex\">\n<div class=\"wp-block-column is-layout-flow wp-block-column-is-layout-flow\"><\/div>\n\n\n\n<div class=\"wp-block-column is-layout-flow wp-block-column-is-layout-flow\"><\/div>\n<\/div>\n\n\n\n<div class=\"wp-block-columns alignwide is-layout-flex wp-container-core-columns-is-layout-9d6595d7 wp-block-columns-is-layout-flex\">\n<div class=\"wp-block-column is-layout-flow wp-block-column-is-layout-flow\"><\/div>\n\n\n\n<div class=\"wp-block-column is-layout-flow wp-block-column-is-layout-flow\"><\/div>\n<\/div>\n<\/div><\/div>\n<\/div><\/div>\n\n\n\n<div class=\"wp-block-group alignfull is-layout-flow wp-block-group-is-layout-flow\"><div class=\"wp-block-group__inner-container\"><\/div><\/div>\n","protected":false},"excerpt":{"rendered":"<p>Nos propositions Le Printemps Is\u00e9rois d\u00e9voile ses mesures pour une Is\u00e8re solidaire et \u00e9cologique ! Proposition 1. D\u00e9velopper &hellip; <\/p>\n","protected":false},"author":8,"featured_media":0,"parent":0,"menu_order":0,"comment_status":"closed","ping_status":"closed","template":"","meta":{"_mc_calendar":[],"footnotes":""},"class_list":["post-77738","page","type-page","status-publish","hentry"],"yoast_head":"<!-- This site is optimized with the Yoast SEO plugin v27.5 - https:\/\/yoast.com\/product\/yoast-seo-wordpress\/ -->\n<title>Nos propositions, en d\u00e9tails - D\u00e9partement de l&#039;Is\u00e8re<\/title>\n<meta name=\"robots\" content=\"index, follow, max-snippet:-1, max-image-preview:large, max-video-preview:-1\" \/>\n<link rel=\"canonical\" href=\"https:\/\/www.uges-isere.fr\/index.php\/nos-propositions-2\/\" \/>\n<meta property=\"og:locale\" content=\"fr_FR\" \/>\n<meta property=\"og:type\" content=\"article\" \/>\n<meta property=\"og:title\" content=\"Nos propositions, en d\u00e9tails - D\u00e9partement de l&#039;Is\u00e8re\" \/>\n<meta property=\"og:description\" content=\"Nos propositions Le Printemps Is\u00e9rois d\u00e9voile ses mesures pour une Is\u00e8re solidaire et \u00e9cologique ! Proposition 1. D\u00e9velopper &hellip;\" \/>\n<meta property=\"og:url\" content=\"https:\/\/www.uges-isere.fr\/index.php\/nos-propositions-2\/\" \/>\n<meta property=\"og:site_name\" content=\"D\u00e9partement de l&#039;Is\u00e8re\" \/>\n<meta property=\"article:publisher\" content=\"https:\/\/www.facebook.com\/LePrintemps38\" \/>\n<meta property=\"article:modified_time\" content=\"2021-06-17T08:22:13+00:00\" \/>\n<meta property=\"og:image\" content=\"https:\/\/www.uges-isere.fr\/wp-content\/uploads\/2021\/05\/Affiche-printemps-V6-1-edited.png\" \/>\n<meta name=\"twitter:card\" content=\"summary_large_image\" \/>\n<meta name=\"twitter:site\" content=\"@GroupeUGES38\" \/>\n<meta name=\"twitter:label1\" content=\"Dur\u00e9e de lecture estim\u00e9e\" \/>\n\t<meta name=\"twitter:data1\" content=\"4 minutes\" \/>\n<script type=\"application\/ld+json\" class=\"yoast-schema-graph\">{\"@context\":\"https:\\\/\\\/schema.org\",\"@graph\":[{\"@type\":\"WebPage\",\"@id\":\"https:\\\/\\\/www.uges-isere.fr\\\/index.php\\\/nos-propositions-2\\\/\",\"url\":\"https:\\\/\\\/www.uges-isere.fr\\\/index.php\\\/nos-propositions-2\\\/\",\"name\":\"Nos propositions, en d\u00e9tails - D\u00e9partement de l&#039;Is\u00e8re\",\"isPartOf\":{\"@id\":\"https:\\\/\\\/www.uges-isere.fr\\\/#website\"},\"primaryImageOfPage\":{\"@id\":\"https:\\\/\\\/www.uges-isere.fr\\\/index.php\\\/nos-propositions-2\\\/#primaryimage\"},\"image\":{\"@id\":\"https:\\\/\\\/www.uges-isere.fr\\\/index.php\\\/nos-propositions-2\\\/#primaryimage\"},\"thumbnailUrl\":\"https:\\\/\\\/www.uges-isere.fr\\\/wp-content\\\/uploads\\\/2021\\\/05\\\/Affiche-printemps-V6-1-edited.png\",\"datePublished\":\"2021-06-11T14:54:03+00:00\",\"dateModified\":\"2021-06-17T08:22:13+00:00\",\"breadcrumb\":{\"@id\":\"https:\\\/\\\/www.uges-isere.fr\\\/index.php\\\/nos-propositions-2\\\/#breadcrumb\"},\"inLanguage\":\"fr-FR\",\"potentialAction\":[{\"@type\":\"ReadAction\",\"target\":[\"https:\\\/\\\/www.uges-isere.fr\\\/index.php\\\/nos-propositions-2\\\/\"]}]},{\"@type\":\"ImageObject\",\"inLanguage\":\"fr-FR\",\"@id\":\"https:\\\/\\\/www.uges-isere.fr\\\/index.php\\\/nos-propositions-2\\\/#primaryimage\",\"url\":\"https:\\\/\\\/www.uges-isere.fr\\\/wp-content\\\/uploads\\\/2021\\\/05\\\/Affiche-printemps-V6-1-edited.png\",\"contentUrl\":\"https:\\\/\\\/www.uges-isere.fr\\\/wp-content\\\/uploads\\\/2021\\\/05\\\/Affiche-printemps-V6-1-edited.png\",\"width\":1134,\"height\":638},{\"@type\":\"BreadcrumbList\",\"@id\":\"https:\\\/\\\/www.uges-isere.fr\\\/index.php\\\/nos-propositions-2\\\/#breadcrumb\",\"itemListElement\":[{\"@type\":\"ListItem\",\"position\":1,\"name\":\"Accueil\",\"item\":\"https:\\\/\\\/www.uges-isere.fr\\\/\"},{\"@type\":\"ListItem\",\"position\":2,\"name\":\"Nos propositions, en d\u00e9tails\"}]},{\"@type\":\"WebSite\",\"@id\":\"https:\\\/\\\/www.uges-isere.fr\\\/#website\",\"url\":\"https:\\\/\\\/www.uges-isere.fr\\\/\",\"name\":\"D\u00e9partement de l&#039;Is\u00e8re\",\"description\":\"Groupe d&#039;opposition UGES\",\"publisher\":{\"@id\":\"https:\\\/\\\/www.uges-isere.fr\\\/#organization\"},\"potentialAction\":[{\"@type\":\"SearchAction\",\"target\":{\"@type\":\"EntryPoint\",\"urlTemplate\":\"https:\\\/\\\/www.uges-isere.fr\\\/?s={search_term_string}\"},\"query-input\":{\"@type\":\"PropertyValueSpecification\",\"valueRequired\":true,\"valueName\":\"search_term_string\"}}],\"inLanguage\":\"fr-FR\"},{\"@type\":\"Organization\",\"@id\":\"https:\\\/\\\/www.uges-isere.fr\\\/#organization\",\"name\":\"D\u00e9partement de l'Is\u00e8re\",\"url\":\"https:\\\/\\\/www.uges-isere.fr\\\/\",\"logo\":{\"@type\":\"ImageObject\",\"inLanguage\":\"fr-FR\",\"@id\":\"https:\\\/\\\/www.uges-isere.fr\\\/#\\\/schema\\\/logo\\\/image\\\/\",\"url\":\"https:\\\/\\\/www.uges-isere.fr\\\/wp-content\\\/uploads\\\/2021\\\/10\\\/logo-ok.png\",\"contentUrl\":\"https:\\\/\\\/www.uges-isere.fr\\\/wp-content\\\/uploads\\\/2021\\\/10\\\/logo-ok.png\",\"width\":2859,\"height\":1816,\"caption\":\"D\u00e9partement de l'Is\u00e8re\"},\"image\":{\"@id\":\"https:\\\/\\\/www.uges-isere.fr\\\/#\\\/schema\\\/logo\\\/image\\\/\"},\"sameAs\":[\"https:\\\/\\\/www.facebook.com\\\/LePrintemps38\",\"https:\\\/\\\/x.com\\\/GroupeUGES38\"]}]}<\/script>\n<!-- \/ Yoast SEO plugin. -->","yoast_head_json":{"title":"Nos propositions, en d\u00e9tails - D\u00e9partement de l&#039;Is\u00e8re","robots":{"index":"index","follow":"follow","max-snippet":"max-snippet:-1","max-image-preview":"max-image-preview:large","max-video-preview":"max-video-preview:-1"},"canonical":"https:\/\/www.uges-isere.fr\/index.php\/nos-propositions-2\/","og_locale":"fr_FR","og_type":"article","og_title":"Nos propositions, en d\u00e9tails - D\u00e9partement de l&#039;Is\u00e8re","og_description":"Nos propositions Le Printemps Is\u00e9rois d\u00e9voile ses mesures pour une Is\u00e8re solidaire et \u00e9cologique ! Proposition 1. D\u00e9velopper &hellip;","og_url":"https:\/\/www.uges-isere.fr\/index.php\/nos-propositions-2\/","og_site_name":"D\u00e9partement de l&#039;Is\u00e8re","article_publisher":"https:\/\/www.facebook.com\/LePrintemps38","article_modified_time":"2021-06-17T08:22:13+00:00","og_image":[{"url":"https:\/\/www.uges-isere.fr\/wp-content\/uploads\/2021\/05\/Affiche-printemps-V6-1-edited.png","type":"","width":"","height":""}],"twitter_card":"summary_large_image","twitter_site":"@GroupeUGES38","twitter_misc":{"Dur\u00e9e de lecture estim\u00e9e":"4 minutes"},"schema":{"@context":"https:\/\/schema.org","@graph":[{"@type":"WebPage","@id":"https:\/\/www.uges-isere.fr\/index.php\/nos-propositions-2\/","url":"https:\/\/www.uges-isere.fr\/index.php\/nos-propositions-2\/","name":"Nos propositions, en d\u00e9tails - D\u00e9partement de l&#039;Is\u00e8re","isPartOf":{"@id":"https:\/\/www.uges-isere.fr\/#website"},"primaryImageOfPage":{"@id":"https:\/\/www.uges-isere.fr\/index.php\/nos-propositions-2\/#primaryimage"},"image":{"@id":"https:\/\/www.uges-isere.fr\/index.php\/nos-propositions-2\/#primaryimage"},"thumbnailUrl":"https:\/\/www.uges-isere.fr\/wp-content\/uploads\/2021\/05\/Affiche-printemps-V6-1-edited.png","datePublished":"2021-06-11T14:54:03+00:00","dateModified":"2021-06-17T08:22:13+00:00","breadcrumb":{"@id":"https:\/\/www.uges-isere.fr\/index.php\/nos-propositions-2\/#breadcrumb"},"inLanguage":"fr-FR","potentialAction":[{"@type":"ReadAction","target":["https:\/\/www.uges-isere.fr\/index.php\/nos-propositions-2\/"]}]},{"@type":"ImageObject","inLanguage":"fr-FR","@id":"https:\/\/www.uges-isere.fr\/index.php\/nos-propositions-2\/#primaryimage","url":"https:\/\/www.uges-isere.fr\/wp-content\/uploads\/2021\/05\/Affiche-printemps-V6-1-edited.png","contentUrl":"https:\/\/www.uges-isere.fr\/wp-content\/uploads\/2021\/05\/Affiche-printemps-V6-1-edited.png","width":1134,"height":638},{"@type":"BreadcrumbList","@id":"https:\/\/www.uges-isere.fr\/index.php\/nos-propositions-2\/#breadcrumb","itemListElement":[{"@type":"ListItem","position":1,"name":"Accueil","item":"https:\/\/www.uges-isere.fr\/"},{"@type":"ListItem","position":2,"name":"Nos propositions, en d\u00e9tails"}]},{"@type":"WebSite","@id":"https:\/\/www.uges-isere.fr\/#website","url":"https:\/\/www.uges-isere.fr\/","name":"D\u00e9partement de l&#039;Is\u00e8re","description":"Groupe d&#039;opposition UGES","publisher":{"@id":"https:\/\/www.uges-isere.fr\/#organization"},"potentialAction":[{"@type":"SearchAction","target":{"@type":"EntryPoint","urlTemplate":"https:\/\/www.uges-isere.fr\/?s={search_term_string}"},"query-input":{"@type":"PropertyValueSpecification","valueRequired":true,"valueName":"search_term_string"}}],"inLanguage":"fr-FR"},{"@type":"Organization","@id":"https:\/\/www.uges-isere.fr\/#organization","name":"D\u00e9partement de l'Is\u00e8re","url":"https:\/\/www.uges-isere.fr\/","logo":{"@type":"ImageObject","inLanguage":"fr-FR","@id":"https:\/\/www.uges-isere.fr\/#\/schema\/logo\/image\/","url":"https:\/\/www.uges-isere.fr\/wp-content\/uploads\/2021\/10\/logo-ok.png","contentUrl":"https:\/\/www.uges-isere.fr\/wp-content\/uploads\/2021\/10\/logo-ok.png","width":2859,"height":1816,"caption":"D\u00e9partement de l'Is\u00e8re"},"image":{"@id":"https:\/\/www.uges-isere.fr\/#\/schema\/logo\/image\/"},"sameAs":["https:\/\/www.facebook.com\/LePrintemps38","https:\/\/x.com\/GroupeUGES38"]}]}},"_links":{"self":[{"href":"https:\/\/www.uges-isere.fr\/index.php\/wp-json\/wp\/v2\/pages\/77738","targetHints":{"allow":["GET"]}}],"collection":[{"href":"https:\/\/www.uges-isere.fr\/index.php\/wp-json\/wp\/v2\/pages"}],"about":[{"href":"https:\/\/www.uges-isere.fr\/index.php\/wp-json\/wp\/v2\/types\/page"}],"author":[{"embeddable":true,"href":"https:\/\/www.uges-isere.fr\/index.php\/wp-json\/wp\/v2\/users\/8"}],"replies":[{"embeddable":true,"href":"https:\/\/www.uges-isere.fr\/index.php\/wp-json\/wp\/v2\/comments?post=77738"}],"version-history":[{"count":4,"href":"https:\/\/www.uges-isere.fr\/index.php\/wp-json\/wp\/v2\/pages\/77738\/revisions"}],"predecessor-version":[{"id":94197,"href":"https:\/\/www.uges-isere.fr\/index.php\/wp-json\/wp\/v2\/pages\/77738\/revisions\/94197"}],"wp:attachment":[{"href":"https:\/\/www.uges-isere.fr\/index.php\/wp-json\/wp\/v2\/media?parent=77738"}],"curies":[{"name":"wp","href":"https:\/\/api.w.org\/{rel}","templated":true}]}}