{"id":76381,"date":"2021-06-03T00:08:27","date_gmt":"2021-06-02T22:08:27","guid":{"rendered":"https:\/\/www.uges-isere.fr\/?page_id=76381"},"modified":"2021-06-11T17:20:18","modified_gmt":"2021-06-11T15:20:18","slug":"proposition-38","status":"publish","type":"page","link":"https:\/\/www.uges-isere.fr\/index.php\/proposition-38\/","title":{"rendered":"Proposition : Aides sociales"},"content":{"rendered":"\n<p><strong>Renouer avec la tradition is\u00e9roise d\u2019innovation sociale (recherche et d\u00e9veloppement en lien avec l\u2019universit\u00e9) en exp\u00e9rimentant des id\u00e9es nouvelles pour garantir le recours aux droits sociaux, telles que le revenu inconditionnel minimum pour lutter contre la pr\u00e9carit\u00e9 ;<\/strong><\/p>\n\n\n\n<div class=\"wp-block-group alignfull\"><div class=\"wp-block-group__inner-container is-layout-flow wp-block-group-is-layout-flow\">\n<h5 class=\"wp-block-heading\">           <\/h5>\n\n\n\n<div class=\"wp-block-columns is-layout-flex wp-container-core-columns-is-layout-9d6595d7 wp-block-columns-is-layout-flex\">\n<div class=\"wp-block-column is-layout-flow wp-block-column-is-layout-flow\" style=\"flex-basis:5%\"><\/div>\n\n\n\n<div class=\"wp-block-column is-layout-flow wp-block-column-is-layout-flow\">\n<p>Les d\u00e9fis auxquels sont confront\u00e9s les acteurs des politiques de solidarit\u00e9 sont immenses :&nbsp;<\/p>\n\n\n\n<ul class=\"wp-block-list\"><li>A la <strong>crise \u00e9conomique et sociale s&rsquo;ajoutent d\u00e9sormais les cons\u00e9quences de la crise sanitaires qui se traduisent par l\u2019augmentation du taux de ch\u00f4mage, du nombre d\u2019allocataires du RSA (+10% suite au premier confinement), l\u2019apparition de nouvelles formes de pauvret\u00e9, et notamment chez les jeunes qui n\u2019ont pas acc\u00e8s au RSA\u2026<\/strong><\/li><li>L\u2019empilement de dispositifs sociaux, qui ont l\u2019avantage d\u2019assurer un filet de s\u00e9curit\u00e9 contrairement \u00e0 d\u2019autres pays comparables, mais qui n\u00e9cessitent sans doute une meilleure adaptation \u00e0 la situation actuelle ;<\/li><li>La n\u00e9cessaire prise en compte du <strong>vieillissement de la population, <\/strong>et la mise en lumi\u00e8re durant cette crise sanitaire des r\u00e9alit\u00e9s, que tout le monde conna\u00eet pourtant de longue date : <strong>conditions de vie dans les \u00e9tablissements pour personnes \u00e2g\u00e9es, manque de valorisation des personnels qui oeuvrent au quotidien pour nos a\u00een\u00e9s, ph\u00e9nom\u00e8nes d\u2019isolement\u2026<\/strong><\/li><li>Les in\u00e9galit\u00e9s territoriales et sociales en mati\u00e8re de <strong>sant\u00e9<\/strong><\/li><li>La n\u00e9cessit\u00e9 de soutenir les professionnels de la protection de l\u2019enfance<\/li><\/ul>\n\n\n\n<p>.<\/p>\n\n\n\n<p><\/p>\n\n\n\n<p> <\/p>\n<\/div>\n\n\n\n<div class=\"wp-block-column is-layout-flow wp-block-column-is-layout-flow\">\n<p> &#8230;tant de sujets sur lesquels le D\u00e9partement en tant que chef de file de l\u2019action sociale <strong>doit jouer pleinement son r\u00f4le<\/strong>. Il lui revient non seulement d\u2019amortir les chocs que nous traversons afin de prot\u00e9ger et d\u2019accompagner tous les Is\u00e9rois qui ont en besoin, mais aussi d\u2019anticiper l\u2019avenir, de construire des r\u00e9ponses nouvelles et adapt\u00e9s aux d\u00e9fis qui nous traversent.&nbsp;<\/p>\n<\/div>\n<\/div>\n<\/div><\/div>\n\n\n\n<div class=\"wp-block-group alignfull\"><div class=\"wp-block-group__inner-container is-layout-flow wp-block-group-is-layout-flow\">\n<h2 class=\"wp-block-heading\">Notre proposition, en d\u00e9tail. <\/h2>\n\n\n\n<div class=\"wp-block-columns alignwide is-layout-flex wp-container-core-columns-is-layout-9d6595d7 wp-block-columns-is-layout-flex\">\n<div class=\"wp-block-column is-layout-flow wp-block-column-is-layout-flow\"><\/div>\n\n\n\n<div class=\"wp-block-column is-layout-flow wp-block-column-is-layout-flow\"><\/div>\n\n\n\n<div class=\"wp-block-column is-layout-flow wp-block-column-is-layout-flow\"><\/div>\n<\/div>\n\n\n\n<p>\u2219 Dans le champ de l\u2019<strong>action sociale encore plus qu\u2019ailleurs, l\u2019humilit\u00e9 est de mise<\/strong> : c\u2019est gr\u00e2ce \u00e0 l\u2019<strong>intelligence collective<\/strong> que nous serons en mesure de construire des <strong>r\u00e9ponses sociales adapt\u00e9es et efficaces<\/strong>. Notre D\u00e9partement a longtemps \u00e9t\u00e9 en pointe dans le domaine de l\u2019innovation, \u00e9conomique, mais aussi sociale : le Mouvement du Planning Familial est n\u00e9 \u00e0 Grenoble, les premiers centres de sant\u00e9 aussi, les dispositifs innovants pour favoriser le maintien \u00e0 domicile des personnes \u00e2g\u00e9es&#8230;Nous souhaitons renouer avec cette tradition d&rsquo;innovation sociale ! La situation le n\u00e9cessite! Aussi dans le prolongement du Printemps des Solidarit\u00e9s, nous proposons de cr\u00e9er une cellule \u00ab Innovation et Cr\u00e9ativit\u00e9 au service de l\u2019Action Sociale\u201d en lien \u00e9troit avec l\u2019Universit\u00e9 de Grenoble (\u00e9quivalent d\u2019un service de recherche et d\u00e9veloppement\u201d) et les acteurs et professionnels concern\u00e9s.<\/p>\n\n\n\n<p>Dans ce cadre nous oserons faire valoir notre droit \u00e0 l\u2019exp\u00e9rimentation locale, notamment pour d\u00e9velopper une <strong>politique efficace de lutte contre le non-recours aux droits <\/strong>ou encore pour tester le<strong> revenu inconditionnel d\u2019existence<\/strong> permettant de <strong>lutter contre la pr\u00e9carit\u00e9.<\/strong><\/p>\n<\/div><\/div>\n","protected":false},"excerpt":{"rendered":"<p>Renouer avec la tradition is\u00e9roise d\u2019innovation sociale (recherche et d\u00e9veloppement en lien avec l\u2019universit\u00e9) en exp\u00e9rimentant des id\u00e9es &hellip; <\/p>\n","protected":false},"author":8,"featured_media":0,"parent":0,"menu_order":0,"comment_status":"closed","ping_status":"closed","template":"","meta":{"_mc_calendar":[],"footnotes":""},"class_list":["post-76381","page","type-page","status-publish","hentry"],"yoast_head":"<!-- This site is optimized with the Yoast SEO plugin v27.5 - https:\/\/yoast.com\/product\/yoast-seo-wordpress\/ -->\n<title>Proposition : Aides sociales - D\u00e9partement de l&#039;Is\u00e8re<\/title>\n<meta name=\"robots\" content=\"index, follow, max-snippet:-1, max-image-preview:large, max-video-preview:-1\" \/>\n<link rel=\"canonical\" href=\"https:\/\/www.uges-isere.fr\/index.php\/proposition-38\/\" \/>\n<meta property=\"og:locale\" content=\"fr_FR\" \/>\n<meta property=\"og:type\" content=\"article\" \/>\n<meta property=\"og:title\" content=\"Proposition : Aides sociales - D\u00e9partement de l&#039;Is\u00e8re\" \/>\n<meta property=\"og:description\" content=\"Renouer avec la tradition is\u00e9roise d\u2019innovation sociale (recherche et d\u00e9veloppement en lien avec l\u2019universit\u00e9) en exp\u00e9rimentant des id\u00e9es &hellip;\" \/>\n<meta property=\"og:url\" content=\"https:\/\/www.uges-isere.fr\/index.php\/proposition-38\/\" \/>\n<meta property=\"og:site_name\" content=\"D\u00e9partement de l&#039;Is\u00e8re\" \/>\n<meta property=\"article:publisher\" content=\"https:\/\/www.facebook.com\/LePrintemps38\" \/>\n<meta property=\"article:modified_time\" content=\"2021-06-11T15:20:18+00:00\" \/>\n<meta name=\"twitter:card\" content=\"summary_large_image\" \/>\n<meta name=\"twitter:site\" content=\"@GroupeUGES38\" \/>\n<meta name=\"twitter:label1\" content=\"Dur\u00e9e de lecture estim\u00e9e\" \/>\n\t<meta name=\"twitter:data1\" content=\"3 minutes\" \/>\n<script type=\"application\/ld+json\" class=\"yoast-schema-graph\">{\"@context\":\"https:\\\/\\\/schema.org\",\"@graph\":[{\"@type\":\"WebPage\",\"@id\":\"https:\\\/\\\/www.uges-isere.fr\\\/index.php\\\/proposition-38\\\/\",\"url\":\"https:\\\/\\\/www.uges-isere.fr\\\/index.php\\\/proposition-38\\\/\",\"name\":\"Proposition : Aides sociales - D\u00e9partement de l&#039;Is\u00e8re\",\"isPartOf\":{\"@id\":\"https:\\\/\\\/www.uges-isere.fr\\\/#website\"},\"datePublished\":\"2021-06-02T22:08:27+00:00\",\"dateModified\":\"2021-06-11T15:20:18+00:00\",\"breadcrumb\":{\"@id\":\"https:\\\/\\\/www.uges-isere.fr\\\/index.php\\\/proposition-38\\\/#breadcrumb\"},\"inLanguage\":\"fr-FR\",\"potentialAction\":[{\"@type\":\"ReadAction\",\"target\":[\"https:\\\/\\\/www.uges-isere.fr\\\/index.php\\\/proposition-38\\\/\"]}]},{\"@type\":\"BreadcrumbList\",\"@id\":\"https:\\\/\\\/www.uges-isere.fr\\\/index.php\\\/proposition-38\\\/#breadcrumb\",\"itemListElement\":[{\"@type\":\"ListItem\",\"position\":1,\"name\":\"Accueil\",\"item\":\"https:\\\/\\\/www.uges-isere.fr\\\/\"},{\"@type\":\"ListItem\",\"position\":2,\"name\":\"Proposition : Aides sociales\"}]},{\"@type\":\"WebSite\",\"@id\":\"https:\\\/\\\/www.uges-isere.fr\\\/#website\",\"url\":\"https:\\\/\\\/www.uges-isere.fr\\\/\",\"name\":\"D\u00e9partement de l&#039;Is\u00e8re\",\"description\":\"Groupe d&#039;opposition UGES\",\"publisher\":{\"@id\":\"https:\\\/\\\/www.uges-isere.fr\\\/#organization\"},\"potentialAction\":[{\"@type\":\"SearchAction\",\"target\":{\"@type\":\"EntryPoint\",\"urlTemplate\":\"https:\\\/\\\/www.uges-isere.fr\\\/?s={search_term_string}\"},\"query-input\":{\"@type\":\"PropertyValueSpecification\",\"valueRequired\":true,\"valueName\":\"search_term_string\"}}],\"inLanguage\":\"fr-FR\"},{\"@type\":\"Organization\",\"@id\":\"https:\\\/\\\/www.uges-isere.fr\\\/#organization\",\"name\":\"D\u00e9partement de l'Is\u00e8re\",\"url\":\"https:\\\/\\\/www.uges-isere.fr\\\/\",\"logo\":{\"@type\":\"ImageObject\",\"inLanguage\":\"fr-FR\",\"@id\":\"https:\\\/\\\/www.uges-isere.fr\\\/#\\\/schema\\\/logo\\\/image\\\/\",\"url\":\"https:\\\/\\\/www.uges-isere.fr\\\/wp-content\\\/uploads\\\/2021\\\/10\\\/logo-ok.png\",\"contentUrl\":\"https:\\\/\\\/www.uges-isere.fr\\\/wp-content\\\/uploads\\\/2021\\\/10\\\/logo-ok.png\",\"width\":2859,\"height\":1816,\"caption\":\"D\u00e9partement de l'Is\u00e8re\"},\"image\":{\"@id\":\"https:\\\/\\\/www.uges-isere.fr\\\/#\\\/schema\\\/logo\\\/image\\\/\"},\"sameAs\":[\"https:\\\/\\\/www.facebook.com\\\/LePrintemps38\",\"https:\\\/\\\/x.com\\\/GroupeUGES38\"]}]}<\/script>\n<!-- \/ Yoast SEO plugin. -->","yoast_head_json":{"title":"Proposition : Aides sociales - D\u00e9partement de l&#039;Is\u00e8re","robots":{"index":"index","follow":"follow","max-snippet":"max-snippet:-1","max-image-preview":"max-image-preview:large","max-video-preview":"max-video-preview:-1"},"canonical":"https:\/\/www.uges-isere.fr\/index.php\/proposition-38\/","og_locale":"fr_FR","og_type":"article","og_title":"Proposition : Aides sociales - D\u00e9partement de l&#039;Is\u00e8re","og_description":"Renouer avec la tradition is\u00e9roise d\u2019innovation sociale (recherche et d\u00e9veloppement en lien avec l\u2019universit\u00e9) en exp\u00e9rimentant des id\u00e9es &hellip;","og_url":"https:\/\/www.uges-isere.fr\/index.php\/proposition-38\/","og_site_name":"D\u00e9partement de l&#039;Is\u00e8re","article_publisher":"https:\/\/www.facebook.com\/LePrintemps38","article_modified_time":"2021-06-11T15:20:18+00:00","twitter_card":"summary_large_image","twitter_site":"@GroupeUGES38","twitter_misc":{"Dur\u00e9e de lecture estim\u00e9e":"3 minutes"},"schema":{"@context":"https:\/\/schema.org","@graph":[{"@type":"WebPage","@id":"https:\/\/www.uges-isere.fr\/index.php\/proposition-38\/","url":"https:\/\/www.uges-isere.fr\/index.php\/proposition-38\/","name":"Proposition : Aides sociales - D\u00e9partement de l&#039;Is\u00e8re","isPartOf":{"@id":"https:\/\/www.uges-isere.fr\/#website"},"datePublished":"2021-06-02T22:08:27+00:00","dateModified":"2021-06-11T15:20:18+00:00","breadcrumb":{"@id":"https:\/\/www.uges-isere.fr\/index.php\/proposition-38\/#breadcrumb"},"inLanguage":"fr-FR","potentialAction":[{"@type":"ReadAction","target":["https:\/\/www.uges-isere.fr\/index.php\/proposition-38\/"]}]},{"@type":"BreadcrumbList","@id":"https:\/\/www.uges-isere.fr\/index.php\/proposition-38\/#breadcrumb","itemListElement":[{"@type":"ListItem","position":1,"name":"Accueil","item":"https:\/\/www.uges-isere.fr\/"},{"@type":"ListItem","position":2,"name":"Proposition : Aides sociales"}]},{"@type":"WebSite","@id":"https:\/\/www.uges-isere.fr\/#website","url":"https:\/\/www.uges-isere.fr\/","name":"D\u00e9partement de l&#039;Is\u00e8re","description":"Groupe d&#039;opposition UGES","publisher":{"@id":"https:\/\/www.uges-isere.fr\/#organization"},"potentialAction":[{"@type":"SearchAction","target":{"@type":"EntryPoint","urlTemplate":"https:\/\/www.uges-isere.fr\/?s={search_term_string}"},"query-input":{"@type":"PropertyValueSpecification","valueRequired":true,"valueName":"search_term_string"}}],"inLanguage":"fr-FR"},{"@type":"Organization","@id":"https:\/\/www.uges-isere.fr\/#organization","name":"D\u00e9partement de l'Is\u00e8re","url":"https:\/\/www.uges-isere.fr\/","logo":{"@type":"ImageObject","inLanguage":"fr-FR","@id":"https:\/\/www.uges-isere.fr\/#\/schema\/logo\/image\/","url":"https:\/\/www.uges-isere.fr\/wp-content\/uploads\/2021\/10\/logo-ok.png","contentUrl":"https:\/\/www.uges-isere.fr\/wp-content\/uploads\/2021\/10\/logo-ok.png","width":2859,"height":1816,"caption":"D\u00e9partement de l'Is\u00e8re"},"image":{"@id":"https:\/\/www.uges-isere.fr\/#\/schema\/logo\/image\/"},"sameAs":["https:\/\/www.facebook.com\/LePrintemps38","https:\/\/x.com\/GroupeUGES38"]}]}},"_links":{"self":[{"href":"https:\/\/www.uges-isere.fr\/index.php\/wp-json\/wp\/v2\/pages\/76381","targetHints":{"allow":["GET"]}}],"collection":[{"href":"https:\/\/www.uges-isere.fr\/index.php\/wp-json\/wp\/v2\/pages"}],"about":[{"href":"https:\/\/www.uges-isere.fr\/index.php\/wp-json\/wp\/v2\/types\/page"}],"author":[{"embeddable":true,"href":"https:\/\/www.uges-isere.fr\/index.php\/wp-json\/wp\/v2\/users\/8"}],"replies":[{"embeddable":true,"href":"https:\/\/www.uges-isere.fr\/index.php\/wp-json\/wp\/v2\/comments?post=76381"}],"version-history":[{"count":2,"href":"https:\/\/www.uges-isere.fr\/index.php\/wp-json\/wp\/v2\/pages\/76381\/revisions"}],"predecessor-version":[{"id":87561,"href":"https:\/\/www.uges-isere.fr\/index.php\/wp-json\/wp\/v2\/pages\/76381\/revisions\/87561"}],"wp:attachment":[{"href":"https:\/\/www.uges-isere.fr\/index.php\/wp-json\/wp\/v2\/media?parent=76381"}],"curies":[{"name":"wp","href":"https:\/\/api.w.org\/{rel}","templated":true}]}}