{"id":76028,"date":"2021-06-02T19:10:01","date_gmt":"2021-06-02T17:10:01","guid":{"rendered":"https:\/\/www.uges-isere.fr\/?page_id=76028"},"modified":"2021-06-11T17:18:12","modified_gmt":"2021-06-11T15:18:12","slug":"proposition-30","status":"publish","type":"page","link":"https:\/\/www.uges-isere.fr\/index.php\/proposition-30\/","title":{"rendered":"Proposition : Solidarit\u00e9"},"content":{"rendered":"\n<p> 2. <strong>Organiser le Printemps Is\u00e9rois des Solidarit\u00e9s d\u00e8s septembre 2021 : <\/strong>engager la concertation avec les Is\u00e9rois, les acteurs sociaux, les services du D\u00e9partement pour <strong>construire les outils face \u00e0 la crise actuelle<\/strong>, notamment d\u2019accompagner vers l\u2019emploi les milliers de nouveaux allocataires du RSA ;<\/p>\n\n\n\n<div class=\"wp-block-group alignfull\"><div class=\"wp-block-group__inner-container is-layout-flow wp-block-group-is-layout-flow\">\n<h5 class=\"wp-block-heading\">         <\/h5>\n\n\n\n<div class=\"wp-block-columns is-layout-flex wp-container-core-columns-is-layout-9d6595d7 wp-block-columns-is-layout-flex\">\n<div class=\"wp-block-column is-layout-flow wp-block-column-is-layout-flow\" style=\"flex-basis:5%\"><\/div>\n\n\n\n<div class=\"wp-block-column is-layout-flow wp-block-column-is-layout-flow\">\n<p>Le d\u00e9partement est \u201cchef de file de l\u2019action sociale\u201d selon la loi ;  c\u2019est donc lui qui est chef d\u2019orchestre dans l\u2019organisation des politiques sociales, qui donne le cap, qui met en lien les acteurs de la solidarit\u00e9 \u00e0 l\u2019\u00e9chelle d\u00e9partementale : <\/p>\n\n\n\n<p><\/p>\n\n\n\n<p><\/p>\n<\/div>\n\n\n\n<div class=\"wp-block-column is-layout-flow wp-block-column-is-layout-flow\">\n<p>les communes, intercommunalit\u00e9s, et leur CCAS, les associations du champ social, les travailleurs sociaux et professionnels du D\u00e9partement. Il est n\u00e9cessaire de reconstruire en Is\u00e8re le partenariat n\u00e9cessaire entre tous ces acteurs, seul garant de l&rsquo;efficacit\u00e9 de l\u2019intervention publique.<\/p>\n<\/div>\n<\/div>\n\n\n\n<h6 class=\"wp-block-heading\">Par ailleurs, le contexte de crise sanitaire in\u00e9dite que nous traversons a des r\u00e9percussions fortes dans le domaine \u00e9conomique et social et impacte l\u2019intervention du D\u00e9partement :<\/h6>\n<\/div><\/div>\n\n\n\n<div class=\"wp-block-group alignfull has-background\" style=\"background-color:#f3f2ed\"><div class=\"wp-block-group__inner-container is-layout-flow wp-block-group-is-layout-flow\">\n<div class=\"wp-block-columns are-vertically-aligned-top is-layout-flex wp-container-core-columns-is-layout-9d6595d7 wp-block-columns-is-layout-flex\">\n<div class=\"wp-block-column is-vertically-aligned-top is-layout-flow wp-block-column-is-layout-flow\">\n<h6 class=\"has-text-align-left wp-block-heading\"><span class=\"has-inline-color has-vivid-red-color\">\u25cf<\/span><span class=\"has-inline-color has-black-color\">E<\/span><span class=\"has-inline-color has-black-color\">ntre 2019 et 2020, le nombre d\u2019allocataires du RSA a augment\u00e9 de 10% (+ 2200 personnes sur un total de d\u2019environ 24000 allocataires) et de nouveaux profils sont entr\u00e9s dans ce dispositif (travailleurs ind\u00e9pendants notamment).<\/span><\/h6>\n<\/div>\n\n\n\n<div class=\"wp-block-column is-vertically-aligned-top is-layout-flow wp-block-column-is-layout-flow\">\n<h6 class=\"has-text-align-left wp-block-heading\"><span class=\"has-inline-color has-vivid-red-color\">\u25cf<\/span> <span class=\"has-inline-color has-black-color\">Il appara\u00eet urgent d\u2019inventer de nouvelles formes d\u2019accompagnement vers l\u2019emploi, tant pour ces nouveaux publics, que pour tous les allocataires du RSA.<\/span><\/h6>\n<\/div>\n\n\n\n<div class=\"wp-block-column is-vertically-aligned-top is-layout-flow wp-block-column-is-layout-flow\">\n<h6 class=\"has-text-align-left wp-block-heading\"><span class=\"has-inline-color has-vivid-red-color\">\u25cf<\/span> <span class=\"has-inline-color has-black-color\">Cette situation se double de difficult\u00e9s r\u00e9currentes rencontr\u00e9es par les travailleurs sociaux pour faire face \u00e0 des besoins sociaux croissants, dans un contexte de rationalisation et de rar\u00e9faction des moyens. Le sens de l\u2019action publique dans le champ social et le cap donn\u00e9 par le D\u00e9partement en la mati\u00e8re est trop souvent absent au profit d\u2019une vision gestionnaire des dispositifs sociaux.&nbsp;<\/span><\/h6>\n<\/div>\n\n\n\n<div class=\"wp-block-column is-vertically-aligned-top is-layout-flow wp-block-column-is-layout-flow\">\n<h6 class=\"has-text-align-left wp-block-heading\"><span class=\"has-inline-color has-vivid-red-color\">\u25cf<\/span> <span class=\"has-inline-color has-black-color\">Enfin, les nombreuses associations qui interviennent dans le champ social subissent trop souvent les contraintes d\u2019appels \u00e0 projets dont les contours restent dessin\u00e9s sans les associer, dans une consid\u00e9ration tr\u00e8s descendante. Loin d\u2019\u00eatre des prestataires de services, nous pensons au contraire que les associations comme tous les acteurs du social doivent co-construire avec le D\u00e9partement les solutions nouvelles pour sortir de la crise que nous rencontrons. Seul, le D\u00e9partement peut faire mais peu, ensemble nous pouvons faire plus et mieux.<\/span><\/h6>\n<\/div>\n<\/div>\n<\/div><\/div>\n\n\n\n<div class=\"wp-block-group alignfull\"><div class=\"wp-block-group__inner-container is-layout-flow wp-block-group-is-layout-flow\">\n<p><\/p>\n\n\n\n<h2 class=\"wp-block-heading\">Notre proposition, en d\u00e9tail. <\/h2>\n\n\n\n<div class=\"wp-block-columns alignwide is-layout-flex wp-container-core-columns-is-layout-9d6595d7 wp-block-columns-is-layout-flex\">\n<div class=\"wp-block-column is-layout-flow wp-block-column-is-layout-flow\"><\/div>\n\n\n\n<div class=\"wp-block-column is-layout-flow wp-block-column-is-layout-flow\"><\/div>\n\n\n\n<div class=\"wp-block-column is-layout-flow wp-block-column-is-layout-flow\"><\/div>\n<\/div>\n\n\n\n<p><\/p>\n\n\n\n<p>Nous proposons donc d\u2019engager la concertation d\u00e8s le d\u00e9but du mandat \u00e0 travers \u00ab\u00a0<strong>le Printemps des Solidarit\u00e9s\u00a0\u00bb <\/strong>en associant les agents du D\u00e9partement intervenant dans le champ social \u201d, les associations concern\u00e9es, les collectivit\u00e9s locales et l\u2019Universit\u00e9 pour envisager des solutions et id\u00e9es nouvelles permettant un accompagnement renforc\u00e9 et efficace des allocataires du RSA vers l\u2019emploi. Nous nous autoriserons \u00e0 r\u00e9int\u00e9rroger l\u2019organisation actuelle des politiques sociales du D\u00e9partement dans le souci d\u2019une plus grande efficacit\u00e9, intelligence collective et proximit\u00e9 avec les partenaires et les publics concern\u00e9s.&nbsp;<\/p>\n\n\n\n<p><strong>Objectifs<\/strong> :<\/p>\n\n\n\n<ul class=\"wp-block-list\"><li>inventer des solutions neuves pour accompagner vers l\u2019insertion et l\u2019emploi de mani\u00e8re renforc\u00e9e les allocataires du RSA<\/li><li>redonner de la consid\u00e9ration et prendre soin de ceux qui prennent soin<\/li><li>recr\u00e9er des r\u00e9seaux pour lutter contre l\u2019isolement<\/li><li>solidifier une culture commune dans le respect des diff\u00e9rences, favoriser les coop\u00e9rations<\/li><li>donner voix au chapitre aux personnes concern\u00e9es : elles sont les expertes de leurs besoins<\/li><li>relier praticiens et chercheurs afin d\u2019am\u00e9liorer les pratiques<\/li><\/ul>\n<\/div><\/div>\n\n\n\n<p><strong>Au 1er trimestre 2022<\/strong> : lancement de la concertation.<\/p>\n\n\n\n<p><strong>Septembre 2022<\/strong> : mise en \u0153uvre des d\u00e9cisions \u00e9labor\u00e9es.<\/p>\n","protected":false},"excerpt":{"rendered":"<p>2. Organiser le Printemps Is\u00e9rois des Solidarit\u00e9s d\u00e8s septembre 2021 : engager la concertation avec les Is\u00e9rois, les &hellip; <\/p>\n","protected":false},"author":8,"featured_media":0,"parent":0,"menu_order":0,"comment_status":"closed","ping_status":"closed","template":"","meta":{"_mc_calendar":[],"footnotes":""},"class_list":["post-76028","page","type-page","status-publish","hentry"],"yoast_head":"<!-- This site is optimized with the Yoast SEO plugin v27.5 - https:\/\/yoast.com\/product\/yoast-seo-wordpress\/ -->\n<title>Proposition : Solidarit\u00e9 - D\u00e9partement de l&#039;Is\u00e8re<\/title>\n<meta name=\"robots\" content=\"index, follow, max-snippet:-1, max-image-preview:large, max-video-preview:-1\" \/>\n<link rel=\"canonical\" href=\"https:\/\/www.uges-isere.fr\/index.php\/proposition-30\/\" \/>\n<meta property=\"og:locale\" content=\"fr_FR\" \/>\n<meta property=\"og:type\" content=\"article\" \/>\n<meta property=\"og:title\" content=\"Proposition : Solidarit\u00e9 - D\u00e9partement de l&#039;Is\u00e8re\" \/>\n<meta property=\"og:description\" content=\"2. Organiser le Printemps Is\u00e9rois des Solidarit\u00e9s d\u00e8s septembre 2021 : engager la concertation avec les Is\u00e9rois, les &hellip;\" \/>\n<meta property=\"og:url\" content=\"https:\/\/www.uges-isere.fr\/index.php\/proposition-30\/\" \/>\n<meta property=\"og:site_name\" content=\"D\u00e9partement de l&#039;Is\u00e8re\" \/>\n<meta property=\"article:publisher\" content=\"https:\/\/www.facebook.com\/LePrintemps38\" \/>\n<meta property=\"article:modified_time\" content=\"2021-06-11T15:18:12+00:00\" \/>\n<meta name=\"twitter:card\" content=\"summary_large_image\" \/>\n<meta name=\"twitter:site\" content=\"@GroupeUGES38\" \/>\n<meta name=\"twitter:label1\" content=\"Dur\u00e9e de lecture estim\u00e9e\" \/>\n\t<meta name=\"twitter:data1\" content=\"3 minutes\" \/>\n<script type=\"application\/ld+json\" class=\"yoast-schema-graph\">{\"@context\":\"https:\\\/\\\/schema.org\",\"@graph\":[{\"@type\":\"WebPage\",\"@id\":\"https:\\\/\\\/www.uges-isere.fr\\\/index.php\\\/proposition-30\\\/\",\"url\":\"https:\\\/\\\/www.uges-isere.fr\\\/index.php\\\/proposition-30\\\/\",\"name\":\"Proposition : Solidarit\u00e9 - D\u00e9partement de l&#039;Is\u00e8re\",\"isPartOf\":{\"@id\":\"https:\\\/\\\/www.uges-isere.fr\\\/#website\"},\"datePublished\":\"2021-06-02T17:10:01+00:00\",\"dateModified\":\"2021-06-11T15:18:12+00:00\",\"breadcrumb\":{\"@id\":\"https:\\\/\\\/www.uges-isere.fr\\\/index.php\\\/proposition-30\\\/#breadcrumb\"},\"inLanguage\":\"fr-FR\",\"potentialAction\":[{\"@type\":\"ReadAction\",\"target\":[\"https:\\\/\\\/www.uges-isere.fr\\\/index.php\\\/proposition-30\\\/\"]}]},{\"@type\":\"BreadcrumbList\",\"@id\":\"https:\\\/\\\/www.uges-isere.fr\\\/index.php\\\/proposition-30\\\/#breadcrumb\",\"itemListElement\":[{\"@type\":\"ListItem\",\"position\":1,\"name\":\"Accueil\",\"item\":\"https:\\\/\\\/www.uges-isere.fr\\\/\"},{\"@type\":\"ListItem\",\"position\":2,\"name\":\"Proposition : Solidarit\u00e9\"}]},{\"@type\":\"WebSite\",\"@id\":\"https:\\\/\\\/www.uges-isere.fr\\\/#website\",\"url\":\"https:\\\/\\\/www.uges-isere.fr\\\/\",\"name\":\"D\u00e9partement de l&#039;Is\u00e8re\",\"description\":\"Groupe d&#039;opposition UGES\",\"publisher\":{\"@id\":\"https:\\\/\\\/www.uges-isere.fr\\\/#organization\"},\"potentialAction\":[{\"@type\":\"SearchAction\",\"target\":{\"@type\":\"EntryPoint\",\"urlTemplate\":\"https:\\\/\\\/www.uges-isere.fr\\\/?s={search_term_string}\"},\"query-input\":{\"@type\":\"PropertyValueSpecification\",\"valueRequired\":true,\"valueName\":\"search_term_string\"}}],\"inLanguage\":\"fr-FR\"},{\"@type\":\"Organization\",\"@id\":\"https:\\\/\\\/www.uges-isere.fr\\\/#organization\",\"name\":\"D\u00e9partement de l'Is\u00e8re\",\"url\":\"https:\\\/\\\/www.uges-isere.fr\\\/\",\"logo\":{\"@type\":\"ImageObject\",\"inLanguage\":\"fr-FR\",\"@id\":\"https:\\\/\\\/www.uges-isere.fr\\\/#\\\/schema\\\/logo\\\/image\\\/\",\"url\":\"https:\\\/\\\/www.uges-isere.fr\\\/wp-content\\\/uploads\\\/2021\\\/10\\\/logo-ok.png\",\"contentUrl\":\"https:\\\/\\\/www.uges-isere.fr\\\/wp-content\\\/uploads\\\/2021\\\/10\\\/logo-ok.png\",\"width\":2859,\"height\":1816,\"caption\":\"D\u00e9partement de l'Is\u00e8re\"},\"image\":{\"@id\":\"https:\\\/\\\/www.uges-isere.fr\\\/#\\\/schema\\\/logo\\\/image\\\/\"},\"sameAs\":[\"https:\\\/\\\/www.facebook.com\\\/LePrintemps38\",\"https:\\\/\\\/x.com\\\/GroupeUGES38\"]}]}<\/script>\n<!-- \/ Yoast SEO plugin. -->","yoast_head_json":{"title":"Proposition : Solidarit\u00e9 - D\u00e9partement de l&#039;Is\u00e8re","robots":{"index":"index","follow":"follow","max-snippet":"max-snippet:-1","max-image-preview":"max-image-preview:large","max-video-preview":"max-video-preview:-1"},"canonical":"https:\/\/www.uges-isere.fr\/index.php\/proposition-30\/","og_locale":"fr_FR","og_type":"article","og_title":"Proposition : Solidarit\u00e9 - D\u00e9partement de l&#039;Is\u00e8re","og_description":"2. Organiser le Printemps Is\u00e9rois des Solidarit\u00e9s d\u00e8s septembre 2021 : engager la concertation avec les Is\u00e9rois, les &hellip;","og_url":"https:\/\/www.uges-isere.fr\/index.php\/proposition-30\/","og_site_name":"D\u00e9partement de l&#039;Is\u00e8re","article_publisher":"https:\/\/www.facebook.com\/LePrintemps38","article_modified_time":"2021-06-11T15:18:12+00:00","twitter_card":"summary_large_image","twitter_site":"@GroupeUGES38","twitter_misc":{"Dur\u00e9e de lecture estim\u00e9e":"3 minutes"},"schema":{"@context":"https:\/\/schema.org","@graph":[{"@type":"WebPage","@id":"https:\/\/www.uges-isere.fr\/index.php\/proposition-30\/","url":"https:\/\/www.uges-isere.fr\/index.php\/proposition-30\/","name":"Proposition : Solidarit\u00e9 - D\u00e9partement de l&#039;Is\u00e8re","isPartOf":{"@id":"https:\/\/www.uges-isere.fr\/#website"},"datePublished":"2021-06-02T17:10:01+00:00","dateModified":"2021-06-11T15:18:12+00:00","breadcrumb":{"@id":"https:\/\/www.uges-isere.fr\/index.php\/proposition-30\/#breadcrumb"},"inLanguage":"fr-FR","potentialAction":[{"@type":"ReadAction","target":["https:\/\/www.uges-isere.fr\/index.php\/proposition-30\/"]}]},{"@type":"BreadcrumbList","@id":"https:\/\/www.uges-isere.fr\/index.php\/proposition-30\/#breadcrumb","itemListElement":[{"@type":"ListItem","position":1,"name":"Accueil","item":"https:\/\/www.uges-isere.fr\/"},{"@type":"ListItem","position":2,"name":"Proposition : Solidarit\u00e9"}]},{"@type":"WebSite","@id":"https:\/\/www.uges-isere.fr\/#website","url":"https:\/\/www.uges-isere.fr\/","name":"D\u00e9partement de l&#039;Is\u00e8re","description":"Groupe d&#039;opposition UGES","publisher":{"@id":"https:\/\/www.uges-isere.fr\/#organization"},"potentialAction":[{"@type":"SearchAction","target":{"@type":"EntryPoint","urlTemplate":"https:\/\/www.uges-isere.fr\/?s={search_term_string}"},"query-input":{"@type":"PropertyValueSpecification","valueRequired":true,"valueName":"search_term_string"}}],"inLanguage":"fr-FR"},{"@type":"Organization","@id":"https:\/\/www.uges-isere.fr\/#organization","name":"D\u00e9partement de l'Is\u00e8re","url":"https:\/\/www.uges-isere.fr\/","logo":{"@type":"ImageObject","inLanguage":"fr-FR","@id":"https:\/\/www.uges-isere.fr\/#\/schema\/logo\/image\/","url":"https:\/\/www.uges-isere.fr\/wp-content\/uploads\/2021\/10\/logo-ok.png","contentUrl":"https:\/\/www.uges-isere.fr\/wp-content\/uploads\/2021\/10\/logo-ok.png","width":2859,"height":1816,"caption":"D\u00e9partement de l'Is\u00e8re"},"image":{"@id":"https:\/\/www.uges-isere.fr\/#\/schema\/logo\/image\/"},"sameAs":["https:\/\/www.facebook.com\/LePrintemps38","https:\/\/x.com\/GroupeUGES38"]}]}},"_links":{"self":[{"href":"https:\/\/www.uges-isere.fr\/index.php\/wp-json\/wp\/v2\/pages\/76028","targetHints":{"allow":["GET"]}}],"collection":[{"href":"https:\/\/www.uges-isere.fr\/index.php\/wp-json\/wp\/v2\/pages"}],"about":[{"href":"https:\/\/www.uges-isere.fr\/index.php\/wp-json\/wp\/v2\/types\/page"}],"author":[{"embeddable":true,"href":"https:\/\/www.uges-isere.fr\/index.php\/wp-json\/wp\/v2\/users\/8"}],"replies":[{"embeddable":true,"href":"https:\/\/www.uges-isere.fr\/index.php\/wp-json\/wp\/v2\/comments?post=76028"}],"version-history":[{"count":2,"href":"https:\/\/www.uges-isere.fr\/index.php\/wp-json\/wp\/v2\/pages\/76028\/revisions"}],"predecessor-version":[{"id":87551,"href":"https:\/\/www.uges-isere.fr\/index.php\/wp-json\/wp\/v2\/pages\/76028\/revisions\/87551"}],"wp:attachment":[{"href":"https:\/\/www.uges-isere.fr\/index.php\/wp-json\/wp\/v2\/media?parent=76028"}],"curies":[{"name":"wp","href":"https:\/\/api.w.org\/{rel}","templated":true}]}}