{"id":73524,"date":"2021-05-31T13:34:58","date_gmt":"2021-05-31T11:34:58","guid":{"rendered":"https:\/\/www.uges-isere.fr\/?page_id=73524"},"modified":"2021-06-12T12:43:40","modified_gmt":"2021-06-12T10:43:40","slug":"proposition-21","status":"publish","type":"page","link":"https:\/\/www.uges-isere.fr\/index.php\/proposition-21\/","title":{"rendered":"Proposition : Biodiversit\u00e9"},"content":{"rendered":"\n<p><strong><strong><strong><strong>\u00catre une collectivit\u00e9 exemplaire int\u00e9grant la biodiversit\u00e9 dans toutes ses politiques<\/strong>, se donnant les moyens de mettre en \u0153uvre la transition \u00e9cologique et d\u2019y engager le territoire : aider \u00e0 la restauration des corridors \u00e9cologiques, faire des Espaces Naturels Sensibles des \u00ab sentinelles de la biodiversit\u00e9 \u00bb, soutien aux Atlas de la biodiversit\u00e9<\/strong><\/strong><\/strong>.<\/p>\n\n\n\n<div class=\"wp-block-group alignfull\"><div class=\"wp-block-group__inner-container is-layout-flow wp-block-group-is-layout-flow\">\n<h5 class=\"wp-block-heading\"> <\/h5>\n\n\n\n<div class=\"wp-block-columns is-layout-flex wp-container-core-columns-is-layout-9d6595d7 wp-block-columns-is-layout-flex\">\n<div class=\"wp-block-column is-layout-flow wp-block-column-is-layout-flow\">\n<figure class=\"wp-block-image size-large\"><img loading=\"lazy\" decoding=\"async\" width=\"1024\" height=\"682\" src=\"https:\/\/www.uges-isere.fr\/wp-content\/uploads\/2021\/05\/download-1024x682.png\" alt=\"\" class=\"wp-image-73643\" srcset=\"https:\/\/www.uges-isere.fr\/wp-content\/uploads\/2021\/05\/download-1024x682.png 1024w, https:\/\/www.uges-isere.fr\/wp-content\/uploads\/2021\/05\/download-300x200.png 300w, https:\/\/www.uges-isere.fr\/wp-content\/uploads\/2021\/05\/download-768x512.png 768w, https:\/\/www.uges-isere.fr\/wp-content\/uploads\/2021\/05\/download-1536x1023.png 1536w, https:\/\/www.uges-isere.fr\/wp-content\/uploads\/2021\/05\/download-1320x879.png 1320w, https:\/\/www.uges-isere.fr\/wp-content\/uploads\/2021\/05\/download.png 2048w\" sizes=\"auto, (max-width: 1024px) 100vw, 1024px\" \/><\/figure>\n\n\n\n<p>La sixi\u00e8me extinction de masse est en-cours :<\/p>\n\n\n\n<p>\u202268% de la population des vert\u00e9br\u00e9s a disparu en 50 ans<\/p>\n\n\n\n<p>\u2022Le changement climatique va acc\u00e9l\u00e9rer le taux d\u2019extinction des esp\u00e8ces (jusqu\u2019\u00e0 10 000 fois plus rapide)<\/p>\n\n\n\n<p>Nous devons donc agir sur les causes (propositions sur l\u2019agriculture + tourisme, montagne, for\u00eat) mais aussi <strong>renforcer la r\u00e9silience des \u00e9cosyst\u00e8mes pour s\u2019adapter au changement climatique.<\/strong><\/p>\n<\/div>\n<\/div>\n<\/div><\/div>\n\n\n\n<div class=\"wp-block-group alignfull\"><div class=\"wp-block-group__inner-container is-layout-flow wp-block-group-is-layout-flow\">\n<h2 class=\"wp-block-heading\">Notre proposition, en d\u00e9tail. <\/h2>\n\n\n\n<div class=\"wp-block-columns alignwide is-layout-flex wp-container-core-columns-is-layout-9d6595d7 wp-block-columns-is-layout-flex\">\n<div class=\"wp-block-column is-layout-flow wp-block-column-is-layout-flow\"><\/div>\n\n\n\n<div class=\"wp-block-column is-layout-flow wp-block-column-is-layout-flow\"><\/div>\n\n\n\n<div class=\"wp-block-column is-layout-flow wp-block-column-is-layout-flow\"><\/div>\n<\/div>\n\n\n\n<p><\/p>\n\n\n\n<ul class=\"wp-block-list\"><li>Nommer un <strong>VP<\/strong> en charge de la biodiversit\u00e9 avec <strong>budget <\/strong>et <strong>moyens<\/strong> d\u00e9di\u00e9s pour porter et mettre en \u0153uvre le plan de transition<\/li><li>Prot\u00e9ger et restaurer la <strong>fonctionnalit\u00e9 des \u00e9cosyst\u00e8mes et la biodiversit\u00e9 <\/strong>associ\u00e9e en rem\u00e9diant aux points noirs, en identifiant les zones \u00e0 enjeux et les r\u00e9servoirs de biodiversit\u00e9 (restauration des corridors \u00e9cologiques, espaces bois\u00e9s, habitats naturels, passages d\u2019animaux).&nbsp;<\/li><li>Soutenir les communes dans leurs projets pour mieux conna\u00eetre la biodiversit\u00e9 locale (Atlas de la Biodiversit\u00e9\u2026)<\/li><\/ul>\n\n\n\n<p>Sortir de la seule animation des ENS pour en faire des <strong>observatoires de la biodiversit\u00e9<\/strong>, <strong>des lieux de conservation, de recherche et d\u2019exp\u00e9rimentation <\/strong>en leur sein mais \u00e9galement pour l\u2019ensemble du territoire ; des territoires pilotes interconnect\u00e9s aux autres espaces naturels dans une logique d\u2019<strong>\u00e9cosyst\u00e8mes<\/strong>.<\/p>\n\n\n\n<p><\/p>\n\n\n\n<p><\/p>\n<\/div><\/div>\n\n\n\n<div class=\"wp-block-uagb-content-timeline uagb-timeline__outer-wrap uagb-block-ee449709-0392-40b6-984f-e207b209d034\"><div class=\"uagb-timeline__content-wrap uagb-timeline__center-block  uagb-timeline__arrow-center uagb-timeline__responsive-tablet uagb-timeline\"><div class=\"uagb-timeline-wrapper\"><div class=\"uagb-timeline__main\"><div class=\"uagb-timeline__days\">\n<article class=\"wp-block-uagb-content-timeline-child uagb-timeline__field uagb-timeline__field-wrap uagb-timeline-child-7bd5d003-20a6-4417-9bf6-f624936015d0\"><div class=\"uagb-timeline__widget uagb-timeline__right\"><div class=\"uagb-timeline__marker out-view-uagb-timeline__icon\"><span class=\"uagb-timeline__icon-new out-view-uagb-timeline__icon \"><svg xmlns=\"http:\/\/www.w3.org\/2000\/svg\" viewbox=\"0 0 448 512\"><path d=\"M0 464c0 26.5 21.5 48 48 48h352c26.5 0 48-21.5 48-48V192H0v272zm320-196c0-6.6 5.4-12 12-12h40c6.6 0 12 5.4 12 12v40c0 6.6-5.4 12-12 12h-40c-6.6 0-12-5.4-12-12v-40zm0 128c0-6.6 5.4-12 12-12h40c6.6 0 12 5.4 12 12v40c0 6.6-5.4 12-12 12h-40c-6.6 0-12-5.4-12-12v-40zM192 268c0-6.6 5.4-12 12-12h40c6.6 0 12 5.4 12 12v40c0 6.6-5.4 12-12 12h-40c-6.6 0-12-5.4-12-12v-40zm0 128c0-6.6 5.4-12 12-12h40c6.6 0 12 5.4 12 12v40c0 6.6-5.4 12-12 12h-40c-6.6 0-12-5.4-12-12v-40zM64 268c0-6.6 5.4-12 12-12h40c6.6 0 12 5.4 12 12v40c0 6.6-5.4 12-12 12H76c-6.6 0-12-5.4-12-12v-40zm0 128c0-6.6 5.4-12 12-12h40c6.6 0 12 5.4 12 12v40c0 6.6-5.4 12-12 12H76c-6.6 0-12-5.4-12-12v-40zM400 64h-48V16c0-8.8-7.2-16-16-16h-32c-8.8 0-16 7.2-16 16v48H160V16c0-8.8-7.2-16-16-16h-32c-8.8 0-16 7.2-16 16v48H48C21.5 64 0 85.5 0 112v48h448v-48c0-26.5-21.5-48-48-48z\"><\/path><\/svg><\/span><\/div><div class=\"uagb-timeline__day-new uagb-timeline__day-right\"><div class=\"uagb-events-new\"><div class=\"uagb-timeline__events-inner-new\"><div class=\"uagb-timeline__date-hide uagb-timeline__date-inner\"><div class=\"uagb-timeline__inner-date-new\">janvier 1, 2019<\/div><\/div><div class=\"uagb-timeline-content\"><div class=\"uagb-timeline__heading-text\"><h4 class=\"uagb-timeline__heading\">Titre du fil d\u2019actualit\u00e9 1<\/h4><\/div><p class=\"uagb-timeline-desc-content\">Ceci est la description du fil d\u2019actualit\u00e9, vous pouvez me changer \u00e0 tout moment en cliquant ici <\/p><div class=\"uagb-timeline__arrow\"><\/div><\/div><\/div><\/div><\/div><div class=\"uagb-timeline__date-new\"><div class=\"uagb-timeline__date-new\">janvier 1, 2019<\/div><\/div><\/div><\/article>\n\n\n\n<article class=\"wp-block-uagb-content-timeline-child uagb-timeline__field uagb-timeline__field-wrap uagb-timeline-child-0acf4daa-2205-4c3f-88b7-4d21e2974f6a\"><div class=\"uagb-timeline__widget uagb-timeline__left\"><div class=\"uagb-timeline__marker out-view-uagb-timeline__icon\"><span class=\"uagb-timeline__icon-new out-view-uagb-timeline__icon \"><svg xmlns=\"http:\/\/www.w3.org\/2000\/svg\" viewbox=\"0 0 448 512\"><path d=\"M0 464c0 26.5 21.5 48 48 48h352c26.5 0 48-21.5 48-48V192H0v272zm320-196c0-6.6 5.4-12 12-12h40c6.6 0 12 5.4 12 12v40c0 6.6-5.4 12-12 12h-40c-6.6 0-12-5.4-12-12v-40zm0 128c0-6.6 5.4-12 12-12h40c6.6 0 12 5.4 12 12v40c0 6.6-5.4 12-12 12h-40c-6.6 0-12-5.4-12-12v-40zM192 268c0-6.6 5.4-12 12-12h40c6.6 0 12 5.4 12 12v40c0 6.6-5.4 12-12 12h-40c-6.6 0-12-5.4-12-12v-40zm0 128c0-6.6 5.4-12 12-12h40c6.6 0 12 5.4 12 12v40c0 6.6-5.4 12-12 12h-40c-6.6 0-12-5.4-12-12v-40zM64 268c0-6.6 5.4-12 12-12h40c6.6 0 12 5.4 12 12v40c0 6.6-5.4 12-12 12H76c-6.6 0-12-5.4-12-12v-40zm0 128c0-6.6 5.4-12 12-12h40c6.6 0 12 5.4 12 12v40c0 6.6-5.4 12-12 12H76c-6.6 0-12-5.4-12-12v-40zM400 64h-48V16c0-8.8-7.2-16-16-16h-32c-8.8 0-16 7.2-16 16v48H160V16c0-8.8-7.2-16-16-16h-32c-8.8 0-16 7.2-16 16v48H48C21.5 64 0 85.5 0 112v48h448v-48c0-26.5-21.5-48-48-48z\"><\/path><\/svg><\/span><\/div><div class=\"uagb-timeline__day-new uagb-timeline__day-left\"><div class=\"uagb-events-new\"><div class=\"uagb-timeline__events-inner-new\"><div class=\"uagb-timeline__date-hide uagb-timeline__date-inner\"><div class=\"uagb-timeline__inner-date-new\">janvier 1, 2019<\/div><\/div><div class=\"uagb-timeline-content\"><div class=\"uagb-timeline__heading-text\"><h4 class=\"uagb-timeline__heading\">Titre du fil d\u2019actualit\u00e9 2<\/h4><\/div><p class=\"uagb-timeline-desc-content\">Ceci est la description du fil d\u2019actualit\u00e9, vous pouvez me changer \u00e0 tout moment en cliquant ici <\/p><div class=\"uagb-timeline__arrow\"><\/div><\/div><\/div><\/div><\/div><div class=\"uagb-timeline__date-new\"><div class=\"uagb-timeline__date-new\">janvier 1, 2019<\/div><\/div><\/div><\/article>\n\n\n\n<article class=\"wp-block-uagb-content-timeline-child uagb-timeline__field uagb-timeline__field-wrap uagb-timeline-child-6261a474-468b-4b9b-a601-3dbb3c7c2965\"><div class=\"uagb-timeline__widget uagb-timeline__right\"><div class=\"uagb-timeline__marker out-view-uagb-timeline__icon\"><span class=\"uagb-timeline__icon-new out-view-uagb-timeline__icon \"><svg xmlns=\"http:\/\/www.w3.org\/2000\/svg\" viewbox=\"0 0 448 512\"><path d=\"M0 464c0 26.5 21.5 48 48 48h352c26.5 0 48-21.5 48-48V192H0v272zm320-196c0-6.6 5.4-12 12-12h40c6.6 0 12 5.4 12 12v40c0 6.6-5.4 12-12 12h-40c-6.6 0-12-5.4-12-12v-40zm0 128c0-6.6 5.4-12 12-12h40c6.6 0 12 5.4 12 12v40c0 6.6-5.4 12-12 12h-40c-6.6 0-12-5.4-12-12v-40zM192 268c0-6.6 5.4-12 12-12h40c6.6 0 12 5.4 12 12v40c0 6.6-5.4 12-12 12h-40c-6.6 0-12-5.4-12-12v-40zm0 128c0-6.6 5.4-12 12-12h40c6.6 0 12 5.4 12 12v40c0 6.6-5.4 12-12 12h-40c-6.6 0-12-5.4-12-12v-40zM64 268c0-6.6 5.4-12 12-12h40c6.6 0 12 5.4 12 12v40c0 6.6-5.4 12-12 12H76c-6.6 0-12-5.4-12-12v-40zm0 128c0-6.6 5.4-12 12-12h40c6.6 0 12 5.4 12 12v40c0 6.6-5.4 12-12 12H76c-6.6 0-12-5.4-12-12v-40zM400 64h-48V16c0-8.8-7.2-16-16-16h-32c-8.8 0-16 7.2-16 16v48H160V16c0-8.8-7.2-16-16-16h-32c-8.8 0-16 7.2-16 16v48H48C21.5 64 0 85.5 0 112v48h448v-48c0-26.5-21.5-48-48-48z\"><\/path><\/svg><\/span><\/div><div class=\"uagb-timeline__day-new uagb-timeline__day-right\"><div class=\"uagb-events-new\"><div class=\"uagb-timeline__events-inner-new\"><div class=\"uagb-timeline__date-hide uagb-timeline__date-inner\"><div class=\"uagb-timeline__inner-date-new\">janvier 1, 2019<\/div><\/div><div class=\"uagb-timeline-content\"><div class=\"uagb-timeline__heading-text\"><h4 class=\"uagb-timeline__heading\">Titre du fil d\u2019actualit\u00e9 3<\/h4><\/div><p class=\"uagb-timeline-desc-content\">Ceci est la description du fil d\u2019actualit\u00e9, vous pouvez me changer \u00e0 tout moment en cliquant ici <\/p><div class=\"uagb-timeline__arrow\"><\/div><\/div><\/div><\/div><\/div><div class=\"uagb-timeline__date-new\"><div class=\"uagb-timeline__date-new\">janvier 1, 2019<\/div><\/div><\/div><\/article>\n\n\n\n<article class=\"wp-block-uagb-content-timeline-child uagb-timeline__field uagb-timeline__field-wrap uagb-timeline-child-95cd1149-8cc2-42c0-ae78-a8b65b6d4125\"><div class=\"uagb-timeline__widget uagb-timeline__left\"><div class=\"uagb-timeline__marker out-view-uagb-timeline__icon\"><span class=\"uagb-timeline__icon-new out-view-uagb-timeline__icon \"><svg xmlns=\"http:\/\/www.w3.org\/2000\/svg\" viewbox=\"0 0 448 512\"><path d=\"M0 464c0 26.5 21.5 48 48 48h352c26.5 0 48-21.5 48-48V192H0v272zm320-196c0-6.6 5.4-12 12-12h40c6.6 0 12 5.4 12 12v40c0 6.6-5.4 12-12 12h-40c-6.6 0-12-5.4-12-12v-40zm0 128c0-6.6 5.4-12 12-12h40c6.6 0 12 5.4 12 12v40c0 6.6-5.4 12-12 12h-40c-6.6 0-12-5.4-12-12v-40zM192 268c0-6.6 5.4-12 12-12h40c6.6 0 12 5.4 12 12v40c0 6.6-5.4 12-12 12h-40c-6.6 0-12-5.4-12-12v-40zm0 128c0-6.6 5.4-12 12-12h40c6.6 0 12 5.4 12 12v40c0 6.6-5.4 12-12 12h-40c-6.6 0-12-5.4-12-12v-40zM64 268c0-6.6 5.4-12 12-12h40c6.6 0 12 5.4 12 12v40c0 6.6-5.4 12-12 12H76c-6.6 0-12-5.4-12-12v-40zm0 128c0-6.6 5.4-12 12-12h40c6.6 0 12 5.4 12 12v40c0 6.6-5.4 12-12 12H76c-6.6 0-12-5.4-12-12v-40zM400 64h-48V16c0-8.8-7.2-16-16-16h-32c-8.8 0-16 7.2-16 16v48H160V16c0-8.8-7.2-16-16-16h-32c-8.8 0-16 7.2-16 16v48H48C21.5 64 0 85.5 0 112v48h448v-48c0-26.5-21.5-48-48-48z\"><\/path><\/svg><\/span><\/div><div class=\"uagb-timeline__day-new uagb-timeline__day-left\"><div class=\"uagb-events-new\"><div class=\"uagb-timeline__events-inner-new\"><div class=\"uagb-timeline__date-hide uagb-timeline__date-inner\"><div class=\"uagb-timeline__inner-date-new\">janvier 1, 2019<\/div><\/div><div class=\"uagb-timeline-content\"><div class=\"uagb-timeline__heading-text\"><h4 class=\"uagb-timeline__heading\">Titre du fil d\u2019actualit\u00e9 4<\/h4><\/div><p class=\"uagb-timeline-desc-content\">Ceci est la description du fil d\u2019actualit\u00e9, vous pouvez me changer \u00e0 tout moment en cliquant ici <\/p><div class=\"uagb-timeline__arrow\"><\/div><\/div><\/div><\/div><\/div><div class=\"uagb-timeline__date-new\"><div class=\"uagb-timeline__date-new\">janvier 1, 2019<\/div><\/div><\/div><\/article>\n\n\n\n<article class=\"wp-block-uagb-content-timeline-child uagb-timeline__field uagb-timeline__field-wrap uagb-timeline-child-31a85259-2987-4fe6-9412-91c6e537e401\"><div class=\"uagb-timeline__widget uagb-timeline__right\"><div class=\"uagb-timeline__marker out-view-uagb-timeline__icon\"><span class=\"uagb-timeline__icon-new out-view-uagb-timeline__icon \"><svg xmlns=\"http:\/\/www.w3.org\/2000\/svg\" viewbox=\"0 0 448 512\"><path d=\"M0 464c0 26.5 21.5 48 48 48h352c26.5 0 48-21.5 48-48V192H0v272zm320-196c0-6.6 5.4-12 12-12h40c6.6 0 12 5.4 12 12v40c0 6.6-5.4 12-12 12h-40c-6.6 0-12-5.4-12-12v-40zm0 128c0-6.6 5.4-12 12-12h40c6.6 0 12 5.4 12 12v40c0 6.6-5.4 12-12 12h-40c-6.6 0-12-5.4-12-12v-40zM192 268c0-6.6 5.4-12 12-12h40c6.6 0 12 5.4 12 12v40c0 6.6-5.4 12-12 12h-40c-6.6 0-12-5.4-12-12v-40zm0 128c0-6.6 5.4-12 12-12h40c6.6 0 12 5.4 12 12v40c0 6.6-5.4 12-12 12h-40c-6.6 0-12-5.4-12-12v-40zM64 268c0-6.6 5.4-12 12-12h40c6.6 0 12 5.4 12 12v40c0 6.6-5.4 12-12 12H76c-6.6 0-12-5.4-12-12v-40zm0 128c0-6.6 5.4-12 12-12h40c6.6 0 12 5.4 12 12v40c0 6.6-5.4 12-12 12H76c-6.6 0-12-5.4-12-12v-40zM400 64h-48V16c0-8.8-7.2-16-16-16h-32c-8.8 0-16 7.2-16 16v48H160V16c0-8.8-7.2-16-16-16h-32c-8.8 0-16 7.2-16 16v48H48C21.5 64 0 85.5 0 112v48h448v-48c0-26.5-21.5-48-48-48z\"><\/path><\/svg><\/span><\/div><div class=\"uagb-timeline__day-new uagb-timeline__day-right\"><div class=\"uagb-events-new\"><div class=\"uagb-timeline__events-inner-new\"><div class=\"uagb-timeline__date-hide uagb-timeline__date-inner\"><div class=\"uagb-timeline__inner-date-new\">janvier 1, 2019<\/div><\/div><div class=\"uagb-timeline-content\"><div class=\"uagb-timeline__heading-text\"><h4 class=\"uagb-timeline__heading\">Titre du fil d\u2019actualit\u00e9 5<\/h4><\/div><p class=\"uagb-timeline-desc-content\">Ceci est la description du fil d\u2019actualit\u00e9, vous pouvez me changer \u00e0 tout moment en cliquant ici <\/p><div class=\"uagb-timeline__arrow\"><\/div><\/div><\/div><\/div><\/div><div class=\"uagb-timeline__date-new\"><div class=\"uagb-timeline__date-new\">janvier 1, 2019<\/div><\/div><\/div><\/article>\n<\/div><div class=\"uagb-timeline__line\"><div class=\"uagb-timeline__line__inner\"><\/div><\/div><\/div><\/div><\/div><\/div>\n","protected":false},"excerpt":{"rendered":"<p>\u00catre une collectivit\u00e9 exemplaire int\u00e9grant la biodiversit\u00e9 dans toutes ses politiques, se donnant les moyens de mettre en &hellip; <\/p>\n","protected":false},"author":8,"featured_media":0,"parent":0,"menu_order":0,"comment_status":"closed","ping_status":"closed","template":"","meta":{"_mc_calendar":[],"footnotes":""},"class_list":["post-73524","page","type-page","status-publish","hentry"],"yoast_head":"<!-- This site is optimized with the Yoast SEO plugin v27.5 - https:\/\/yoast.com\/product\/yoast-seo-wordpress\/ -->\n<title>Proposition : Biodiversit\u00e9 - D\u00e9partement de l&#039;Is\u00e8re<\/title>\n<meta name=\"robots\" content=\"index, follow, max-snippet:-1, max-image-preview:large, max-video-preview:-1\" \/>\n<link rel=\"canonical\" href=\"https:\/\/www.uges-isere.fr\/index.php\/proposition-21\/\" \/>\n<meta property=\"og:locale\" content=\"fr_FR\" \/>\n<meta property=\"og:type\" content=\"article\" \/>\n<meta property=\"og:title\" content=\"Proposition : Biodiversit\u00e9 - D\u00e9partement de l&#039;Is\u00e8re\" \/>\n<meta property=\"og:description\" content=\"\u00catre une collectivit\u00e9 exemplaire int\u00e9grant la biodiversit\u00e9 dans toutes ses politiques, se donnant les moyens de mettre en &hellip;\" \/>\n<meta property=\"og:url\" content=\"https:\/\/www.uges-isere.fr\/index.php\/proposition-21\/\" \/>\n<meta property=\"og:site_name\" content=\"D\u00e9partement de l&#039;Is\u00e8re\" \/>\n<meta property=\"article:publisher\" content=\"https:\/\/www.facebook.com\/LePrintemps38\" \/>\n<meta property=\"article:modified_time\" content=\"2021-06-12T10:43:40+00:00\" \/>\n<meta property=\"og:image\" content=\"https:\/\/www.uges-isere.fr\/wp-content\/uploads\/2021\/05\/download-1024x682.png\" \/>\n<meta name=\"twitter:card\" content=\"summary_large_image\" \/>\n<meta name=\"twitter:site\" content=\"@GroupeUGES38\" \/>\n<meta name=\"twitter:label1\" content=\"Dur\u00e9e de lecture estim\u00e9e\" \/>\n\t<meta name=\"twitter:data1\" content=\"2 minutes\" \/>\n<script type=\"application\/ld+json\" class=\"yoast-schema-graph\">{\"@context\":\"https:\\\/\\\/schema.org\",\"@graph\":[{\"@type\":\"WebPage\",\"@id\":\"https:\\\/\\\/www.uges-isere.fr\\\/index.php\\\/proposition-21\\\/\",\"url\":\"https:\\\/\\\/www.uges-isere.fr\\\/index.php\\\/proposition-21\\\/\",\"name\":\"Proposition : Biodiversit\u00e9 - D\u00e9partement de l&#039;Is\u00e8re\",\"isPartOf\":{\"@id\":\"https:\\\/\\\/www.uges-isere.fr\\\/#website\"},\"primaryImageOfPage\":{\"@id\":\"https:\\\/\\\/www.uges-isere.fr\\\/index.php\\\/proposition-21\\\/#primaryimage\"},\"image\":{\"@id\":\"https:\\\/\\\/www.uges-isere.fr\\\/index.php\\\/proposition-21\\\/#primaryimage\"},\"thumbnailUrl\":\"https:\\\/\\\/www.uges-isere.fr\\\/wp-content\\\/uploads\\\/2021\\\/05\\\/download-1024x682.png\",\"datePublished\":\"2021-05-31T11:34:58+00:00\",\"dateModified\":\"2021-06-12T10:43:40+00:00\",\"breadcrumb\":{\"@id\":\"https:\\\/\\\/www.uges-isere.fr\\\/index.php\\\/proposition-21\\\/#breadcrumb\"},\"inLanguage\":\"fr-FR\",\"potentialAction\":[{\"@type\":\"ReadAction\",\"target\":[\"https:\\\/\\\/www.uges-isere.fr\\\/index.php\\\/proposition-21\\\/\"]}]},{\"@type\":\"ImageObject\",\"inLanguage\":\"fr-FR\",\"@id\":\"https:\\\/\\\/www.uges-isere.fr\\\/index.php\\\/proposition-21\\\/#primaryimage\",\"url\":\"https:\\\/\\\/www.uges-isere.fr\\\/wp-content\\\/uploads\\\/2021\\\/05\\\/download.png\",\"contentUrl\":\"https:\\\/\\\/www.uges-isere.fr\\\/wp-content\\\/uploads\\\/2021\\\/05\\\/download.png\",\"width\":2048,\"height\":1364},{\"@type\":\"BreadcrumbList\",\"@id\":\"https:\\\/\\\/www.uges-isere.fr\\\/index.php\\\/proposition-21\\\/#breadcrumb\",\"itemListElement\":[{\"@type\":\"ListItem\",\"position\":1,\"name\":\"Accueil\",\"item\":\"https:\\\/\\\/www.uges-isere.fr\\\/\"},{\"@type\":\"ListItem\",\"position\":2,\"name\":\"Proposition : Biodiversit\u00e9\"}]},{\"@type\":\"WebSite\",\"@id\":\"https:\\\/\\\/www.uges-isere.fr\\\/#website\",\"url\":\"https:\\\/\\\/www.uges-isere.fr\\\/\",\"name\":\"D\u00e9partement de l&#039;Is\u00e8re\",\"description\":\"Groupe d&#039;opposition UGES\",\"publisher\":{\"@id\":\"https:\\\/\\\/www.uges-isere.fr\\\/#organization\"},\"potentialAction\":[{\"@type\":\"SearchAction\",\"target\":{\"@type\":\"EntryPoint\",\"urlTemplate\":\"https:\\\/\\\/www.uges-isere.fr\\\/?s={search_term_string}\"},\"query-input\":{\"@type\":\"PropertyValueSpecification\",\"valueRequired\":true,\"valueName\":\"search_term_string\"}}],\"inLanguage\":\"fr-FR\"},{\"@type\":\"Organization\",\"@id\":\"https:\\\/\\\/www.uges-isere.fr\\\/#organization\",\"name\":\"D\u00e9partement de l'Is\u00e8re\",\"url\":\"https:\\\/\\\/www.uges-isere.fr\\\/\",\"logo\":{\"@type\":\"ImageObject\",\"inLanguage\":\"fr-FR\",\"@id\":\"https:\\\/\\\/www.uges-isere.fr\\\/#\\\/schema\\\/logo\\\/image\\\/\",\"url\":\"https:\\\/\\\/www.uges-isere.fr\\\/wp-content\\\/uploads\\\/2021\\\/10\\\/logo-ok.png\",\"contentUrl\":\"https:\\\/\\\/www.uges-isere.fr\\\/wp-content\\\/uploads\\\/2021\\\/10\\\/logo-ok.png\",\"width\":2859,\"height\":1816,\"caption\":\"D\u00e9partement de l'Is\u00e8re\"},\"image\":{\"@id\":\"https:\\\/\\\/www.uges-isere.fr\\\/#\\\/schema\\\/logo\\\/image\\\/\"},\"sameAs\":[\"https:\\\/\\\/www.facebook.com\\\/LePrintemps38\",\"https:\\\/\\\/x.com\\\/GroupeUGES38\"]}]}<\/script>\n<!-- \/ Yoast SEO plugin. -->","yoast_head_json":{"title":"Proposition : Biodiversit\u00e9 - D\u00e9partement de l&#039;Is\u00e8re","robots":{"index":"index","follow":"follow","max-snippet":"max-snippet:-1","max-image-preview":"max-image-preview:large","max-video-preview":"max-video-preview:-1"},"canonical":"https:\/\/www.uges-isere.fr\/index.php\/proposition-21\/","og_locale":"fr_FR","og_type":"article","og_title":"Proposition : Biodiversit\u00e9 - D\u00e9partement de l&#039;Is\u00e8re","og_description":"\u00catre une collectivit\u00e9 exemplaire int\u00e9grant la biodiversit\u00e9 dans toutes ses politiques, se donnant les moyens de mettre en &hellip;","og_url":"https:\/\/www.uges-isere.fr\/index.php\/proposition-21\/","og_site_name":"D\u00e9partement de l&#039;Is\u00e8re","article_publisher":"https:\/\/www.facebook.com\/LePrintemps38","article_modified_time":"2021-06-12T10:43:40+00:00","og_image":[{"url":"https:\/\/www.uges-isere.fr\/wp-content\/uploads\/2021\/05\/download-1024x682.png","type":"","width":"","height":""}],"twitter_card":"summary_large_image","twitter_site":"@GroupeUGES38","twitter_misc":{"Dur\u00e9e de lecture estim\u00e9e":"2 minutes"},"schema":{"@context":"https:\/\/schema.org","@graph":[{"@type":"WebPage","@id":"https:\/\/www.uges-isere.fr\/index.php\/proposition-21\/","url":"https:\/\/www.uges-isere.fr\/index.php\/proposition-21\/","name":"Proposition : Biodiversit\u00e9 - D\u00e9partement de l&#039;Is\u00e8re","isPartOf":{"@id":"https:\/\/www.uges-isere.fr\/#website"},"primaryImageOfPage":{"@id":"https:\/\/www.uges-isere.fr\/index.php\/proposition-21\/#primaryimage"},"image":{"@id":"https:\/\/www.uges-isere.fr\/index.php\/proposition-21\/#primaryimage"},"thumbnailUrl":"https:\/\/www.uges-isere.fr\/wp-content\/uploads\/2021\/05\/download-1024x682.png","datePublished":"2021-05-31T11:34:58+00:00","dateModified":"2021-06-12T10:43:40+00:00","breadcrumb":{"@id":"https:\/\/www.uges-isere.fr\/index.php\/proposition-21\/#breadcrumb"},"inLanguage":"fr-FR","potentialAction":[{"@type":"ReadAction","target":["https:\/\/www.uges-isere.fr\/index.php\/proposition-21\/"]}]},{"@type":"ImageObject","inLanguage":"fr-FR","@id":"https:\/\/www.uges-isere.fr\/index.php\/proposition-21\/#primaryimage","url":"https:\/\/www.uges-isere.fr\/wp-content\/uploads\/2021\/05\/download.png","contentUrl":"https:\/\/www.uges-isere.fr\/wp-content\/uploads\/2021\/05\/download.png","width":2048,"height":1364},{"@type":"BreadcrumbList","@id":"https:\/\/www.uges-isere.fr\/index.php\/proposition-21\/#breadcrumb","itemListElement":[{"@type":"ListItem","position":1,"name":"Accueil","item":"https:\/\/www.uges-isere.fr\/"},{"@type":"ListItem","position":2,"name":"Proposition : Biodiversit\u00e9"}]},{"@type":"WebSite","@id":"https:\/\/www.uges-isere.fr\/#website","url":"https:\/\/www.uges-isere.fr\/","name":"D\u00e9partement de l&#039;Is\u00e8re","description":"Groupe d&#039;opposition UGES","publisher":{"@id":"https:\/\/www.uges-isere.fr\/#organization"},"potentialAction":[{"@type":"SearchAction","target":{"@type":"EntryPoint","urlTemplate":"https:\/\/www.uges-isere.fr\/?s={search_term_string}"},"query-input":{"@type":"PropertyValueSpecification","valueRequired":true,"valueName":"search_term_string"}}],"inLanguage":"fr-FR"},{"@type":"Organization","@id":"https:\/\/www.uges-isere.fr\/#organization","name":"D\u00e9partement de l'Is\u00e8re","url":"https:\/\/www.uges-isere.fr\/","logo":{"@type":"ImageObject","inLanguage":"fr-FR","@id":"https:\/\/www.uges-isere.fr\/#\/schema\/logo\/image\/","url":"https:\/\/www.uges-isere.fr\/wp-content\/uploads\/2021\/10\/logo-ok.png","contentUrl":"https:\/\/www.uges-isere.fr\/wp-content\/uploads\/2021\/10\/logo-ok.png","width":2859,"height":1816,"caption":"D\u00e9partement de l'Is\u00e8re"},"image":{"@id":"https:\/\/www.uges-isere.fr\/#\/schema\/logo\/image\/"},"sameAs":["https:\/\/www.facebook.com\/LePrintemps38","https:\/\/x.com\/GroupeUGES38"]}]}},"_links":{"self":[{"href":"https:\/\/www.uges-isere.fr\/index.php\/wp-json\/wp\/v2\/pages\/73524","targetHints":{"allow":["GET"]}}],"collection":[{"href":"https:\/\/www.uges-isere.fr\/index.php\/wp-json\/wp\/v2\/pages"}],"about":[{"href":"https:\/\/www.uges-isere.fr\/index.php\/wp-json\/wp\/v2\/types\/page"}],"author":[{"embeddable":true,"href":"https:\/\/www.uges-isere.fr\/index.php\/wp-json\/wp\/v2\/users\/8"}],"replies":[{"embeddable":true,"href":"https:\/\/www.uges-isere.fr\/index.php\/wp-json\/wp\/v2\/comments?post=73524"}],"version-history":[{"count":5,"href":"https:\/\/www.uges-isere.fr\/index.php\/wp-json\/wp\/v2\/pages\/73524\/revisions"}],"predecessor-version":[{"id":88711,"href":"https:\/\/www.uges-isere.fr\/index.php\/wp-json\/wp\/v2\/pages\/73524\/revisions\/88711"}],"wp:attachment":[{"href":"https:\/\/www.uges-isere.fr\/index.php\/wp-json\/wp\/v2\/media?parent=73524"}],"curies":[{"name":"wp","href":"https:\/\/api.w.org\/{rel}","templated":true}]}}