{"id":72646,"date":"2021-05-30T15:09:55","date_gmt":"2021-05-30T13:09:55","guid":{"rendered":"https:\/\/www.uges-isere.fr\/?page_id=72646"},"modified":"2021-06-11T17:15:14","modified_gmt":"2021-06-11T15:15:14","slug":"proposition-18","status":"publish","type":"page","link":"https:\/\/www.uges-isere.fr\/index.php\/proposition-18\/","title":{"rendered":"Proposition : Mus\u00e9e"},"content":{"rendered":"\n<p>Cr\u00e9er le 12\u00e8me mus\u00e9e d\u00e9partemental \u00e0 Vienne en le concevant, avec la population, comme une v\u00e9ritable cit\u00e9 des cultures ouverte sur les formes musicales et contemporaines ;<\/p>\n\n\n\n<div class=\"wp-block-group alignfull\"><div class=\"wp-block-group__inner-container is-layout-flow wp-block-group-is-layout-flow\">\n<h5 class=\"wp-block-heading\"> <\/h5>\n\n\n\n<div class=\"wp-block-columns is-layout-flex wp-container-core-columns-is-layout-9d6595d7 wp-block-columns-is-layout-flex\">\n<div class=\"wp-block-column is-layout-flow wp-block-column-is-layout-flow\" style=\"flex-basis:5%\"><\/div>\n\n\n\n<div class=\"wp-block-column is-layout-flow wp-block-column-is-layout-flow\">\n<p>L\u2019id\u00e9e d\u2019un mus\u00e9e de l\u2019histoire de Vienne est port\u00e9e depuis plusieurs ann\u00e9es par la Ville dans l\u2019id\u00e9e de rassembler les collections du mus\u00e9e des beaux-arts et d\u2019arch\u00e9ologie, du mus\u00e9e Saint-Pierre et de sortir des r\u00e9serves des pi\u00e8ces du patrimoine aujourd\u2019hui non visibles du public.<\/p>\n\n\n\n<p>Plus qu\u2019un mus\u00e9e, une v\u00e9ritable cit\u00e9 des cultures&nbsp;!<\/p>\n\n\n\n<p>Au-del\u00e0 de son patrimoine mus\u00e9al et arch\u00e9ologique, Vienne et le pays Viennois sont une v\u00e9ritable <strong>capitale culturelle <\/strong>de l\u2019Is\u00e8re. Vienne abrite un <strong>th\u00e9\u00e2tre<\/strong> du XVIIIe si\u00e8cle class\u00e9, un <strong>conservatoire de musique et de danse<\/strong>, une m\u00e9diath\u00e8que avec un fonds patrimonial important, des archives municipales dont le fonds ancien remarquable n\u2019est pas g\u00e9r\u00e9, et le<strong> festival Jazz \u00e0 Vienne<\/strong>, et nombre de compagnies :&nbsp; th\u00e9\u00e2trale, musicale, d\u2019art,&nbsp; d\u2019artistes ind\u00e9pendants. Le D\u00e9partement de l\u2019Is\u00e8re d\u00e9tient \u00e9galement une tr\u00e8s importante collection d\u2019art contemporain au sein du coll\u00e8ge Ponsard.<\/p>\n\n\n\n<p><\/p>\n\n\n\n<p> <\/p>\n<\/div>\n\n\n\n<div class=\"wp-block-column is-layout-flow wp-block-column-is-layout-flow\">\n<p>Vienne et sa r\u00e9gion&nbsp;est situ\u00e9e aux croisements de plusieurs cultures, terre d\u2019accueil de nombreuses <strong>immigrations : <\/strong>espagnole, italienne, arm\u00e9nienne, maghr\u00e9bine, turque, etc. Elle est constitu\u00e9e de \u2018\u2019<strong>nos anc\u00eatres les gaulois<\/strong>\u00a0\u00bb et de ces&nbsp; femmes et hommes arriv\u00e9es avec leurs savoirs, leurs chants, danses, musiques, cuisines, m\u00e9tiers, \u2026 peu \u00e0 peu tiss\u00e9s \u00e0 l\u2019existant.&nbsp;<\/p>\n\n\n\n<p>Vienne fut aussi terroir de syndicalisme fort , les \u00e9v\u00e9nements de 1890 en sont un exemple, un 1er mai avec plus de 2000 ouvriers dans les rues, (population viennoise : 25000),&nbsp; la venue de Louise Michel. Cette partie d\u2019histoire viennoise se doit d\u2019\u00eatre mise en valeur.&nbsp;<\/p>\n<\/div>\n<\/div>\n<\/div><\/div>\n\n\n\n<div class=\"wp-block-group alignfull\"><div class=\"wp-block-group__inner-container is-layout-flow wp-block-group-is-layout-flow\">\n<h2 class=\"wp-block-heading\">Notre proposition, en d\u00e9tail. <\/h2>\n\n\n\n<div class=\"wp-block-columns alignwide is-layout-flex wp-container-core-columns-is-layout-9d6595d7 wp-block-columns-is-layout-flex\">\n<div class=\"wp-block-column is-layout-flow wp-block-column-is-layout-flow\"><\/div>\n\n\n\n<div class=\"wp-block-column is-layout-flow wp-block-column-is-layout-flow\"><\/div>\n\n\n\n<div class=\"wp-block-column is-layout-flow wp-block-column-is-layout-flow\"><\/div>\n<\/div>\n\n\n\n<p><img loading=\"lazy\" decoding=\"async\" width=\"50\" height=\"50\" class=\"wp-image-61998\" style=\"width: 50px;\" src=\"https:\/\/www.uges-isere.fr\/wp-content\/uploads\/2021\/05\/leaf.png\" alt=\"\"><strong>Nous proposons donc :<\/strong><\/p>\n\n\n\n<p>Contrairement au projet aujourd\u2019hui annonc\u00e9 par la majorit\u00e9 d\u00e9partementale, nous n\u2019envisageons pas ce&nbsp; 12\u00e8me \u201cmus\u00e9e is\u00e9rois\u201d \u00e0 Vienne seulement comme un lieu didactique d\u2019exposition patrimoniale. Nous l\u2019envisageons comme un <strong>lieu ouvert et d\u00e9di\u00e9 \u00e0 toutes les formes de cultures et d\u2019arts. <\/strong>Un \u00e9difice sobre avec un geste architectural fort et \u00e9co-responsable sans b\u00e9ton est souhaitable afin de raccorder l&rsquo;histoire aux exigences et d\u00e9fis climatiques contemporains&nbsp; Il sera con\u00e7u avec les habitants dans le cadre d\u2019une d\u00e9marche participative pour l\u2019identifier non pas comme un lieu d\u00e9di\u00e9 aux touristes et aux scolaires mais comme <strong>une ressource culturelle pour tous les habitants.<\/strong><\/p>\n<\/div><\/div>\n","protected":false},"excerpt":{"rendered":"<p>Cr\u00e9er le 12\u00e8me mus\u00e9e d\u00e9partemental \u00e0 Vienne en le concevant, avec la population, comme une v\u00e9ritable cit\u00e9 des &hellip; <\/p>\n","protected":false},"author":8,"featured_media":0,"parent":0,"menu_order":0,"comment_status":"closed","ping_status":"closed","template":"","meta":{"_mc_calendar":[],"footnotes":""},"class_list":["post-72646","page","type-page","status-publish","hentry"],"yoast_head":"<!-- This site is optimized with the Yoast SEO plugin v27.5 - https:\/\/yoast.com\/product\/yoast-seo-wordpress\/ -->\n<title>Proposition : Mus\u00e9e - D\u00e9partement de l&#039;Is\u00e8re<\/title>\n<meta name=\"robots\" content=\"index, follow, max-snippet:-1, max-image-preview:large, max-video-preview:-1\" \/>\n<link rel=\"canonical\" href=\"https:\/\/www.uges-isere.fr\/index.php\/proposition-18\/\" \/>\n<meta property=\"og:locale\" content=\"fr_FR\" \/>\n<meta property=\"og:type\" content=\"article\" \/>\n<meta property=\"og:title\" content=\"Proposition : Mus\u00e9e - D\u00e9partement de l&#039;Is\u00e8re\" \/>\n<meta property=\"og:description\" content=\"Cr\u00e9er le 12\u00e8me mus\u00e9e d\u00e9partemental \u00e0 Vienne en le concevant, avec la population, comme une v\u00e9ritable cit\u00e9 des &hellip;\" \/>\n<meta property=\"og:url\" content=\"https:\/\/www.uges-isere.fr\/index.php\/proposition-18\/\" \/>\n<meta property=\"og:site_name\" content=\"D\u00e9partement de l&#039;Is\u00e8re\" \/>\n<meta property=\"article:publisher\" content=\"https:\/\/www.facebook.com\/LePrintemps38\" \/>\n<meta property=\"article:modified_time\" content=\"2021-06-11T15:15:14+00:00\" \/>\n<meta property=\"og:image\" content=\"https:\/\/www.uges-isere.fr\/wp-content\/uploads\/2021\/05\/leaf.png\" \/>\n<meta name=\"twitter:card\" content=\"summary_large_image\" \/>\n<meta name=\"twitter:site\" content=\"@GroupeUGES38\" \/>\n<meta name=\"twitter:label1\" content=\"Dur\u00e9e de lecture estim\u00e9e\" \/>\n\t<meta name=\"twitter:data1\" content=\"2 minutes\" \/>\n<script type=\"application\/ld+json\" class=\"yoast-schema-graph\">{\"@context\":\"https:\\\/\\\/schema.org\",\"@graph\":[{\"@type\":\"WebPage\",\"@id\":\"https:\\\/\\\/www.uges-isere.fr\\\/index.php\\\/proposition-18\\\/\",\"url\":\"https:\\\/\\\/www.uges-isere.fr\\\/index.php\\\/proposition-18\\\/\",\"name\":\"Proposition : Mus\u00e9e - D\u00e9partement de l&#039;Is\u00e8re\",\"isPartOf\":{\"@id\":\"https:\\\/\\\/www.uges-isere.fr\\\/#website\"},\"primaryImageOfPage\":{\"@id\":\"https:\\\/\\\/www.uges-isere.fr\\\/index.php\\\/proposition-18\\\/#primaryimage\"},\"image\":{\"@id\":\"https:\\\/\\\/www.uges-isere.fr\\\/index.php\\\/proposition-18\\\/#primaryimage\"},\"thumbnailUrl\":\"https:\\\/\\\/www.uges-isere.fr\\\/wp-content\\\/uploads\\\/2021\\\/05\\\/leaf.png\",\"datePublished\":\"2021-05-30T13:09:55+00:00\",\"dateModified\":\"2021-06-11T15:15:14+00:00\",\"breadcrumb\":{\"@id\":\"https:\\\/\\\/www.uges-isere.fr\\\/index.php\\\/proposition-18\\\/#breadcrumb\"},\"inLanguage\":\"fr-FR\",\"potentialAction\":[{\"@type\":\"ReadAction\",\"target\":[\"https:\\\/\\\/www.uges-isere.fr\\\/index.php\\\/proposition-18\\\/\"]}]},{\"@type\":\"ImageObject\",\"inLanguage\":\"fr-FR\",\"@id\":\"https:\\\/\\\/www.uges-isere.fr\\\/index.php\\\/proposition-18\\\/#primaryimage\",\"url\":\"https:\\\/\\\/www.uges-isere.fr\\\/wp-content\\\/uploads\\\/2021\\\/05\\\/leaf.png\",\"contentUrl\":\"https:\\\/\\\/www.uges-isere.fr\\\/wp-content\\\/uploads\\\/2021\\\/05\\\/leaf.png\",\"width\":50,\"height\":50},{\"@type\":\"BreadcrumbList\",\"@id\":\"https:\\\/\\\/www.uges-isere.fr\\\/index.php\\\/proposition-18\\\/#breadcrumb\",\"itemListElement\":[{\"@type\":\"ListItem\",\"position\":1,\"name\":\"Accueil\",\"item\":\"https:\\\/\\\/www.uges-isere.fr\\\/\"},{\"@type\":\"ListItem\",\"position\":2,\"name\":\"Proposition : Mus\u00e9e\"}]},{\"@type\":\"WebSite\",\"@id\":\"https:\\\/\\\/www.uges-isere.fr\\\/#website\",\"url\":\"https:\\\/\\\/www.uges-isere.fr\\\/\",\"name\":\"D\u00e9partement de l&#039;Is\u00e8re\",\"description\":\"Groupe d&#039;opposition UGES\",\"publisher\":{\"@id\":\"https:\\\/\\\/www.uges-isere.fr\\\/#organization\"},\"potentialAction\":[{\"@type\":\"SearchAction\",\"target\":{\"@type\":\"EntryPoint\",\"urlTemplate\":\"https:\\\/\\\/www.uges-isere.fr\\\/?s={search_term_string}\"},\"query-input\":{\"@type\":\"PropertyValueSpecification\",\"valueRequired\":true,\"valueName\":\"search_term_string\"}}],\"inLanguage\":\"fr-FR\"},{\"@type\":\"Organization\",\"@id\":\"https:\\\/\\\/www.uges-isere.fr\\\/#organization\",\"name\":\"D\u00e9partement de l'Is\u00e8re\",\"url\":\"https:\\\/\\\/www.uges-isere.fr\\\/\",\"logo\":{\"@type\":\"ImageObject\",\"inLanguage\":\"fr-FR\",\"@id\":\"https:\\\/\\\/www.uges-isere.fr\\\/#\\\/schema\\\/logo\\\/image\\\/\",\"url\":\"https:\\\/\\\/www.uges-isere.fr\\\/wp-content\\\/uploads\\\/2021\\\/10\\\/logo-ok.png\",\"contentUrl\":\"https:\\\/\\\/www.uges-isere.fr\\\/wp-content\\\/uploads\\\/2021\\\/10\\\/logo-ok.png\",\"width\":2859,\"height\":1816,\"caption\":\"D\u00e9partement de l'Is\u00e8re\"},\"image\":{\"@id\":\"https:\\\/\\\/www.uges-isere.fr\\\/#\\\/schema\\\/logo\\\/image\\\/\"},\"sameAs\":[\"https:\\\/\\\/www.facebook.com\\\/LePrintemps38\",\"https:\\\/\\\/x.com\\\/GroupeUGES38\"]}]}<\/script>\n<!-- \/ Yoast SEO plugin. -->","yoast_head_json":{"title":"Proposition : Mus\u00e9e - D\u00e9partement de l&#039;Is\u00e8re","robots":{"index":"index","follow":"follow","max-snippet":"max-snippet:-1","max-image-preview":"max-image-preview:large","max-video-preview":"max-video-preview:-1"},"canonical":"https:\/\/www.uges-isere.fr\/index.php\/proposition-18\/","og_locale":"fr_FR","og_type":"article","og_title":"Proposition : Mus\u00e9e - D\u00e9partement de l&#039;Is\u00e8re","og_description":"Cr\u00e9er le 12\u00e8me mus\u00e9e d\u00e9partemental \u00e0 Vienne en le concevant, avec la population, comme une v\u00e9ritable cit\u00e9 des &hellip;","og_url":"https:\/\/www.uges-isere.fr\/index.php\/proposition-18\/","og_site_name":"D\u00e9partement de l&#039;Is\u00e8re","article_publisher":"https:\/\/www.facebook.com\/LePrintemps38","article_modified_time":"2021-06-11T15:15:14+00:00","og_image":[{"url":"https:\/\/www.uges-isere.fr\/wp-content\/uploads\/2021\/05\/leaf.png","type":"","width":"","height":""}],"twitter_card":"summary_large_image","twitter_site":"@GroupeUGES38","twitter_misc":{"Dur\u00e9e de lecture estim\u00e9e":"2 minutes"},"schema":{"@context":"https:\/\/schema.org","@graph":[{"@type":"WebPage","@id":"https:\/\/www.uges-isere.fr\/index.php\/proposition-18\/","url":"https:\/\/www.uges-isere.fr\/index.php\/proposition-18\/","name":"Proposition : Mus\u00e9e - D\u00e9partement de l&#039;Is\u00e8re","isPartOf":{"@id":"https:\/\/www.uges-isere.fr\/#website"},"primaryImageOfPage":{"@id":"https:\/\/www.uges-isere.fr\/index.php\/proposition-18\/#primaryimage"},"image":{"@id":"https:\/\/www.uges-isere.fr\/index.php\/proposition-18\/#primaryimage"},"thumbnailUrl":"https:\/\/www.uges-isere.fr\/wp-content\/uploads\/2021\/05\/leaf.png","datePublished":"2021-05-30T13:09:55+00:00","dateModified":"2021-06-11T15:15:14+00:00","breadcrumb":{"@id":"https:\/\/www.uges-isere.fr\/index.php\/proposition-18\/#breadcrumb"},"inLanguage":"fr-FR","potentialAction":[{"@type":"ReadAction","target":["https:\/\/www.uges-isere.fr\/index.php\/proposition-18\/"]}]},{"@type":"ImageObject","inLanguage":"fr-FR","@id":"https:\/\/www.uges-isere.fr\/index.php\/proposition-18\/#primaryimage","url":"https:\/\/www.uges-isere.fr\/wp-content\/uploads\/2021\/05\/leaf.png","contentUrl":"https:\/\/www.uges-isere.fr\/wp-content\/uploads\/2021\/05\/leaf.png","width":50,"height":50},{"@type":"BreadcrumbList","@id":"https:\/\/www.uges-isere.fr\/index.php\/proposition-18\/#breadcrumb","itemListElement":[{"@type":"ListItem","position":1,"name":"Accueil","item":"https:\/\/www.uges-isere.fr\/"},{"@type":"ListItem","position":2,"name":"Proposition : Mus\u00e9e"}]},{"@type":"WebSite","@id":"https:\/\/www.uges-isere.fr\/#website","url":"https:\/\/www.uges-isere.fr\/","name":"D\u00e9partement de l&#039;Is\u00e8re","description":"Groupe d&#039;opposition UGES","publisher":{"@id":"https:\/\/www.uges-isere.fr\/#organization"},"potentialAction":[{"@type":"SearchAction","target":{"@type":"EntryPoint","urlTemplate":"https:\/\/www.uges-isere.fr\/?s={search_term_string}"},"query-input":{"@type":"PropertyValueSpecification","valueRequired":true,"valueName":"search_term_string"}}],"inLanguage":"fr-FR"},{"@type":"Organization","@id":"https:\/\/www.uges-isere.fr\/#organization","name":"D\u00e9partement de l'Is\u00e8re","url":"https:\/\/www.uges-isere.fr\/","logo":{"@type":"ImageObject","inLanguage":"fr-FR","@id":"https:\/\/www.uges-isere.fr\/#\/schema\/logo\/image\/","url":"https:\/\/www.uges-isere.fr\/wp-content\/uploads\/2021\/10\/logo-ok.png","contentUrl":"https:\/\/www.uges-isere.fr\/wp-content\/uploads\/2021\/10\/logo-ok.png","width":2859,"height":1816,"caption":"D\u00e9partement de l'Is\u00e8re"},"image":{"@id":"https:\/\/www.uges-isere.fr\/#\/schema\/logo\/image\/"},"sameAs":["https:\/\/www.facebook.com\/LePrintemps38","https:\/\/x.com\/GroupeUGES38"]}]}},"_links":{"self":[{"href":"https:\/\/www.uges-isere.fr\/index.php\/wp-json\/wp\/v2\/pages\/72646","targetHints":{"allow":["GET"]}}],"collection":[{"href":"https:\/\/www.uges-isere.fr\/index.php\/wp-json\/wp\/v2\/pages"}],"about":[{"href":"https:\/\/www.uges-isere.fr\/index.php\/wp-json\/wp\/v2\/types\/page"}],"author":[{"embeddable":true,"href":"https:\/\/www.uges-isere.fr\/index.php\/wp-json\/wp\/v2\/users\/8"}],"replies":[{"embeddable":true,"href":"https:\/\/www.uges-isere.fr\/index.php\/wp-json\/wp\/v2\/comments?post=72646"}],"version-history":[{"count":2,"href":"https:\/\/www.uges-isere.fr\/index.php\/wp-json\/wp\/v2\/pages\/72646\/revisions"}],"predecessor-version":[{"id":87538,"href":"https:\/\/www.uges-isere.fr\/index.php\/wp-json\/wp\/v2\/pages\/72646\/revisions\/87538"}],"wp:attachment":[{"href":"https:\/\/www.uges-isere.fr\/index.php\/wp-json\/wp\/v2\/media?parent=72646"}],"curies":[{"name":"wp","href":"https:\/\/api.w.org\/{rel}","templated":true}]}}