{"id":71300,"date":"2021-05-29T13:05:23","date_gmt":"2021-05-29T11:05:23","guid":{"rendered":"https:\/\/www.uges-isere.fr\/?page_id=71300"},"modified":"2021-06-11T17:15:01","modified_gmt":"2021-06-11T15:15:01","slug":"proposition-17","status":"publish","type":"page","link":"https:\/\/www.uges-isere.fr\/index.php\/proposition-17\/","title":{"rendered":"Proposition : Sant\u00e9"},"content":{"rendered":"\n<p>Lancement du dispositif \u00ab <em>mon m\u00e9decin pr\u00e8s de chez moi <\/em>\u00bb : <strong>soutien et cr\u00e9ation de centres de sant\u00e9 pluridisciplinaires, <\/strong>publics ou associatifs, dans tous les territoires de l\u2019Is\u00e8re ; <\/p>\n\n\n\n<div class=\"wp-block-group alignfull\"><div class=\"wp-block-group__inner-container is-layout-flow wp-block-group-is-layout-flow\">\n<h5 class=\"wp-block-heading\"> <\/h5>\n\n\n\n<div class=\"wp-block-columns is-layout-flex wp-container-core-columns-is-layout-9d6595d7 wp-block-columns-is-layout-flex\">\n<div class=\"wp-block-column is-layout-flow wp-block-column-is-layout-flow\" style=\"flex-basis:5%\"><\/div>\n\n\n\n<div class=\"wp-block-column is-layout-flow wp-block-column-is-layout-flow\">\n<p>La <strong>crise sanitaire <\/strong>a mis en lumi\u00e8re une r\u00e9alit\u00e9 l\u2019on connait bien dans nos territoires, qu\u2019ils soient urbains, p\u00e9ri-urbains ou ruraux : les<strong> in\u00e9galit\u00e9s dans l\u2019acc\u00e8s aux soins et \u00e0 la sant\u00e9. <\/strong>Ces in\u00e9galit\u00e9s sont dues \u00e0 deux facteurs :<\/p>\n\n\n\n<p>1\/ les <strong>d\u00e9serts m\u00e9dicaux<\/strong>, qui s\u2019inscrivent dans une d\u00e9sertification plus globale de certains territoires, qui perdent des services publics puis des activit\u00e9s \u00e9conomiques entra\u00eenant dans leur sillage le syst\u00e8me de sant\u00e9.<\/p>\n\n\n\n<p>2\/ le <strong>renoncement \u00e0 se soigner<\/strong>, qui ne rel\u00e8ve pas uniquement de questions financi\u00e8res, mais aussi d\u2019\u00e9ducation aux soins et \u00e0 la sant\u00e9.<\/p>\n\n\n\n<p><\/p>\n\n\n\n<p> <\/p>\n<\/div>\n\n\n\n<div class=\"wp-block-column is-layout-flow wp-block-column-is-layout-flow\">\n<p>Ces sujets sont au c\u0153ur des comp\u00e9tences du d\u00e9partement, puisqu\u2019il s\u2019agit \u00e0 travers l\u2019acc\u00e8s aux droits et \u00e0 la sant\u00e9 de tous, de garantir les solidarit\u00e9s humaines et les solidarit\u00e9s entre les territoires. Nous avons donc une <strong>responsabilit\u00e9 forte \u00e0 AGIR<\/strong>.SI le soutien \u00e0 l\u2019installation de m\u00e9decins lib\u00e9raux, \u00e0 travers les maisons de sant\u00e9 favorisant le regroupement de professionnels, est n\u00e9cessaire, il est toutefois loin d\u2019\u00eatre suffisant.<\/p>\n<\/div>\n<\/div>\n<\/div><\/div>\n\n\n\n<div class=\"wp-block-group alignfull\"><div class=\"wp-block-group__inner-container is-layout-flow wp-block-group-is-layout-flow\">\n<h2 class=\"wp-block-heading\">Notre proposition, en d\u00e9tail. <\/h2>\n\n\n\n<div class=\"wp-block-columns alignwide is-layout-flex wp-container-core-columns-is-layout-9d6595d7 wp-block-columns-is-layout-flex\">\n<div class=\"wp-block-column is-layout-flow wp-block-column-is-layout-flow\"><\/div>\n\n\n\n<div class=\"wp-block-column is-layout-flow wp-block-column-is-layout-flow\"><\/div>\n\n\n\n<div class=\"wp-block-column is-layout-flow wp-block-column-is-layout-flow\"><\/div>\n<\/div>\n\n\n\n<p><img loading=\"lazy\" decoding=\"async\" width=\"50\" height=\"50\" class=\"wp-image-61998\" style=\"width: 50px;\" src=\"https:\/\/www.uges-isere.fr\/wp-content\/uploads\/2021\/05\/leaf.png\" alt=\"\"><strong>Nous proposons donc :<\/strong><\/p>\n\n\n\n<p><\/p>\n\n\n\n<p>-de d\u00e9ployer des<strong> centres de sant\u00e9 publics ou associatifs partout en Is\u00e8re<\/strong>, avec l\u2019op\u00e9ration <em>\u00ab Mon m\u00e9decin pr\u00e8s de chez moi \u00bb<\/em>. Compos\u00e9s de m\u00e9decins g\u00e9n\u00e9ralistes, de sp\u00e9cialistes, d\u2019infirmiers, de professionnels param\u00e9dicaux tels que kin\u00e9sith\u00e9rapeutes, di\u00e9t\u00e9ticiens, orthophonistes etc\u2026.<\/p>\n\n\n\n<p><img loading=\"lazy\" decoding=\"async\" width=\"50\" height=\"50\" class=\"wp-image-61997\" style=\"width: 50px;\" src=\"https:\/\/www.uges-isere.fr\/wp-content\/uploads\/2021\/05\/certificate.png\" alt=\"\">L\u2019objectif est double : <\/p>\n\n\n\n<p>&#8211;<strong>A la fois assurer la pr\u00e9vention et l\u2019\u00e9ducation \u00e0 la sant\u00e9<\/strong><\/p>\n\n\n\n<p>&#8211;<strong>garantir la permanence des soins partout en Is\u00e8re, quel que soit son lieu de r\u00e9sidence.<\/strong><\/p>\n\n\n\n<p>Cela r\u00e9pond par ailleurs, aux souhaits des jeunes m\u00e9decins, qui n\u2019ont plus envie de travailler comme leurs pr\u00e9d\u00e9cesseurs et souhaitent aujourd&rsquo;hui travailler davantage en \u00e9quipe, avec un meilleur \u00e9quilibre entre leur vie personnelle et leur vie professionnelle.<\/p>\n\n\n\n<p>De tels centres de sant\u00e9 existent d\u00e9j\u00e0 dans certains d\u00e9partements en France, tels que la S\u00e2one et Loire, le Gard, la Meuse\u2026il en existe aussi \u00e0 Grenoble, en partenariat avec l\u2019Assurance Maladie et l\u2019Agence R\u00e9gionale de Sant\u00e9. Cette op\u00e9ration est donc tout \u00e0 fait cr\u00e9dible et estim\u00e9e \u00e0 environ 3 millions d\u2019euros de fonctionnement, donc absorbable par notre D\u00e9partement.<\/p>\n\n\n\n<p>D\u00e8s le d\u00e9but du mandat, nous lancerons donc une \u00e9tude pr\u00e9cise, en concertation avec les acteurs de la sant\u00e9, pour un d\u00e9ploiement pr\u00e9vu d\u00e8s janvier 2022.<\/p>\n<\/div><\/div>\n","protected":false},"excerpt":{"rendered":"<p>Lancement du dispositif \u00ab mon m\u00e9decin pr\u00e8s de chez moi \u00bb : soutien et cr\u00e9ation de centres de &hellip; <\/p>\n","protected":false},"author":8,"featured_media":0,"parent":0,"menu_order":0,"comment_status":"closed","ping_status":"closed","template":"","meta":{"_mc_calendar":[],"footnotes":""},"class_list":["post-71300","page","type-page","status-publish","hentry"],"yoast_head":"<!-- This site is optimized with the Yoast SEO plugin v27.5 - https:\/\/yoast.com\/product\/yoast-seo-wordpress\/ -->\n<title>Proposition : Sant\u00e9 - D\u00e9partement de l&#039;Is\u00e8re<\/title>\n<meta name=\"robots\" content=\"index, follow, max-snippet:-1, max-image-preview:large, max-video-preview:-1\" \/>\n<link rel=\"canonical\" href=\"https:\/\/www.uges-isere.fr\/index.php\/proposition-17\/\" \/>\n<meta property=\"og:locale\" content=\"fr_FR\" \/>\n<meta property=\"og:type\" content=\"article\" \/>\n<meta property=\"og:title\" content=\"Proposition : Sant\u00e9 - D\u00e9partement de l&#039;Is\u00e8re\" \/>\n<meta property=\"og:description\" content=\"Lancement du dispositif \u00ab mon m\u00e9decin pr\u00e8s de chez moi \u00bb : soutien et cr\u00e9ation de centres de &hellip;\" \/>\n<meta property=\"og:url\" content=\"https:\/\/www.uges-isere.fr\/index.php\/proposition-17\/\" \/>\n<meta property=\"og:site_name\" content=\"D\u00e9partement de l&#039;Is\u00e8re\" \/>\n<meta property=\"article:publisher\" content=\"https:\/\/www.facebook.com\/LePrintemps38\" \/>\n<meta property=\"article:modified_time\" content=\"2021-06-11T15:15:01+00:00\" \/>\n<meta property=\"og:image\" content=\"https:\/\/www.uges-isere.fr\/wp-content\/uploads\/2021\/05\/leaf.png\" \/>\n<meta name=\"twitter:card\" content=\"summary_large_image\" \/>\n<meta name=\"twitter:site\" content=\"@GroupeUGES38\" \/>\n<meta name=\"twitter:label1\" content=\"Dur\u00e9e de lecture estim\u00e9e\" \/>\n\t<meta name=\"twitter:data1\" content=\"2 minutes\" \/>\n<script type=\"application\/ld+json\" class=\"yoast-schema-graph\">{\"@context\":\"https:\\\/\\\/schema.org\",\"@graph\":[{\"@type\":\"WebPage\",\"@id\":\"https:\\\/\\\/www.uges-isere.fr\\\/index.php\\\/proposition-17\\\/\",\"url\":\"https:\\\/\\\/www.uges-isere.fr\\\/index.php\\\/proposition-17\\\/\",\"name\":\"Proposition : Sant\u00e9 - D\u00e9partement de l&#039;Is\u00e8re\",\"isPartOf\":{\"@id\":\"https:\\\/\\\/www.uges-isere.fr\\\/#website\"},\"primaryImageOfPage\":{\"@id\":\"https:\\\/\\\/www.uges-isere.fr\\\/index.php\\\/proposition-17\\\/#primaryimage\"},\"image\":{\"@id\":\"https:\\\/\\\/www.uges-isere.fr\\\/index.php\\\/proposition-17\\\/#primaryimage\"},\"thumbnailUrl\":\"https:\\\/\\\/www.uges-isere.fr\\\/wp-content\\\/uploads\\\/2021\\\/05\\\/leaf.png\",\"datePublished\":\"2021-05-29T11:05:23+00:00\",\"dateModified\":\"2021-06-11T15:15:01+00:00\",\"breadcrumb\":{\"@id\":\"https:\\\/\\\/www.uges-isere.fr\\\/index.php\\\/proposition-17\\\/#breadcrumb\"},\"inLanguage\":\"fr-FR\",\"potentialAction\":[{\"@type\":\"ReadAction\",\"target\":[\"https:\\\/\\\/www.uges-isere.fr\\\/index.php\\\/proposition-17\\\/\"]}]},{\"@type\":\"ImageObject\",\"inLanguage\":\"fr-FR\",\"@id\":\"https:\\\/\\\/www.uges-isere.fr\\\/index.php\\\/proposition-17\\\/#primaryimage\",\"url\":\"https:\\\/\\\/www.uges-isere.fr\\\/wp-content\\\/uploads\\\/2021\\\/05\\\/leaf.png\",\"contentUrl\":\"https:\\\/\\\/www.uges-isere.fr\\\/wp-content\\\/uploads\\\/2021\\\/05\\\/leaf.png\",\"width\":50,\"height\":50},{\"@type\":\"BreadcrumbList\",\"@id\":\"https:\\\/\\\/www.uges-isere.fr\\\/index.php\\\/proposition-17\\\/#breadcrumb\",\"itemListElement\":[{\"@type\":\"ListItem\",\"position\":1,\"name\":\"Accueil\",\"item\":\"https:\\\/\\\/www.uges-isere.fr\\\/\"},{\"@type\":\"ListItem\",\"position\":2,\"name\":\"Proposition : Sant\u00e9\"}]},{\"@type\":\"WebSite\",\"@id\":\"https:\\\/\\\/www.uges-isere.fr\\\/#website\",\"url\":\"https:\\\/\\\/www.uges-isere.fr\\\/\",\"name\":\"D\u00e9partement de l&#039;Is\u00e8re\",\"description\":\"Groupe d&#039;opposition UGES\",\"publisher\":{\"@id\":\"https:\\\/\\\/www.uges-isere.fr\\\/#organization\"},\"potentialAction\":[{\"@type\":\"SearchAction\",\"target\":{\"@type\":\"EntryPoint\",\"urlTemplate\":\"https:\\\/\\\/www.uges-isere.fr\\\/?s={search_term_string}\"},\"query-input\":{\"@type\":\"PropertyValueSpecification\",\"valueRequired\":true,\"valueName\":\"search_term_string\"}}],\"inLanguage\":\"fr-FR\"},{\"@type\":\"Organization\",\"@id\":\"https:\\\/\\\/www.uges-isere.fr\\\/#organization\",\"name\":\"D\u00e9partement de l'Is\u00e8re\",\"url\":\"https:\\\/\\\/www.uges-isere.fr\\\/\",\"logo\":{\"@type\":\"ImageObject\",\"inLanguage\":\"fr-FR\",\"@id\":\"https:\\\/\\\/www.uges-isere.fr\\\/#\\\/schema\\\/logo\\\/image\\\/\",\"url\":\"https:\\\/\\\/www.uges-isere.fr\\\/wp-content\\\/uploads\\\/2021\\\/10\\\/logo-ok.png\",\"contentUrl\":\"https:\\\/\\\/www.uges-isere.fr\\\/wp-content\\\/uploads\\\/2021\\\/10\\\/logo-ok.png\",\"width\":2859,\"height\":1816,\"caption\":\"D\u00e9partement de l'Is\u00e8re\"},\"image\":{\"@id\":\"https:\\\/\\\/www.uges-isere.fr\\\/#\\\/schema\\\/logo\\\/image\\\/\"},\"sameAs\":[\"https:\\\/\\\/www.facebook.com\\\/LePrintemps38\",\"https:\\\/\\\/x.com\\\/GroupeUGES38\"]}]}<\/script>\n<!-- \/ Yoast SEO plugin. -->","yoast_head_json":{"title":"Proposition : Sant\u00e9 - D\u00e9partement de l&#039;Is\u00e8re","robots":{"index":"index","follow":"follow","max-snippet":"max-snippet:-1","max-image-preview":"max-image-preview:large","max-video-preview":"max-video-preview:-1"},"canonical":"https:\/\/www.uges-isere.fr\/index.php\/proposition-17\/","og_locale":"fr_FR","og_type":"article","og_title":"Proposition : Sant\u00e9 - D\u00e9partement de l&#039;Is\u00e8re","og_description":"Lancement du dispositif \u00ab mon m\u00e9decin pr\u00e8s de chez moi \u00bb : soutien et cr\u00e9ation de centres de &hellip;","og_url":"https:\/\/www.uges-isere.fr\/index.php\/proposition-17\/","og_site_name":"D\u00e9partement de l&#039;Is\u00e8re","article_publisher":"https:\/\/www.facebook.com\/LePrintemps38","article_modified_time":"2021-06-11T15:15:01+00:00","og_image":[{"url":"https:\/\/www.uges-isere.fr\/wp-content\/uploads\/2021\/05\/leaf.png","type":"","width":"","height":""}],"twitter_card":"summary_large_image","twitter_site":"@GroupeUGES38","twitter_misc":{"Dur\u00e9e de lecture estim\u00e9e":"2 minutes"},"schema":{"@context":"https:\/\/schema.org","@graph":[{"@type":"WebPage","@id":"https:\/\/www.uges-isere.fr\/index.php\/proposition-17\/","url":"https:\/\/www.uges-isere.fr\/index.php\/proposition-17\/","name":"Proposition : Sant\u00e9 - D\u00e9partement de l&#039;Is\u00e8re","isPartOf":{"@id":"https:\/\/www.uges-isere.fr\/#website"},"primaryImageOfPage":{"@id":"https:\/\/www.uges-isere.fr\/index.php\/proposition-17\/#primaryimage"},"image":{"@id":"https:\/\/www.uges-isere.fr\/index.php\/proposition-17\/#primaryimage"},"thumbnailUrl":"https:\/\/www.uges-isere.fr\/wp-content\/uploads\/2021\/05\/leaf.png","datePublished":"2021-05-29T11:05:23+00:00","dateModified":"2021-06-11T15:15:01+00:00","breadcrumb":{"@id":"https:\/\/www.uges-isere.fr\/index.php\/proposition-17\/#breadcrumb"},"inLanguage":"fr-FR","potentialAction":[{"@type":"ReadAction","target":["https:\/\/www.uges-isere.fr\/index.php\/proposition-17\/"]}]},{"@type":"ImageObject","inLanguage":"fr-FR","@id":"https:\/\/www.uges-isere.fr\/index.php\/proposition-17\/#primaryimage","url":"https:\/\/www.uges-isere.fr\/wp-content\/uploads\/2021\/05\/leaf.png","contentUrl":"https:\/\/www.uges-isere.fr\/wp-content\/uploads\/2021\/05\/leaf.png","width":50,"height":50},{"@type":"BreadcrumbList","@id":"https:\/\/www.uges-isere.fr\/index.php\/proposition-17\/#breadcrumb","itemListElement":[{"@type":"ListItem","position":1,"name":"Accueil","item":"https:\/\/www.uges-isere.fr\/"},{"@type":"ListItem","position":2,"name":"Proposition : Sant\u00e9"}]},{"@type":"WebSite","@id":"https:\/\/www.uges-isere.fr\/#website","url":"https:\/\/www.uges-isere.fr\/","name":"D\u00e9partement de l&#039;Is\u00e8re","description":"Groupe d&#039;opposition UGES","publisher":{"@id":"https:\/\/www.uges-isere.fr\/#organization"},"potentialAction":[{"@type":"SearchAction","target":{"@type":"EntryPoint","urlTemplate":"https:\/\/www.uges-isere.fr\/?s={search_term_string}"},"query-input":{"@type":"PropertyValueSpecification","valueRequired":true,"valueName":"search_term_string"}}],"inLanguage":"fr-FR"},{"@type":"Organization","@id":"https:\/\/www.uges-isere.fr\/#organization","name":"D\u00e9partement de l'Is\u00e8re","url":"https:\/\/www.uges-isere.fr\/","logo":{"@type":"ImageObject","inLanguage":"fr-FR","@id":"https:\/\/www.uges-isere.fr\/#\/schema\/logo\/image\/","url":"https:\/\/www.uges-isere.fr\/wp-content\/uploads\/2021\/10\/logo-ok.png","contentUrl":"https:\/\/www.uges-isere.fr\/wp-content\/uploads\/2021\/10\/logo-ok.png","width":2859,"height":1816,"caption":"D\u00e9partement de l'Is\u00e8re"},"image":{"@id":"https:\/\/www.uges-isere.fr\/#\/schema\/logo\/image\/"},"sameAs":["https:\/\/www.facebook.com\/LePrintemps38","https:\/\/x.com\/GroupeUGES38"]}]}},"_links":{"self":[{"href":"https:\/\/www.uges-isere.fr\/index.php\/wp-json\/wp\/v2\/pages\/71300","targetHints":{"allow":["GET"]}}],"collection":[{"href":"https:\/\/www.uges-isere.fr\/index.php\/wp-json\/wp\/v2\/pages"}],"about":[{"href":"https:\/\/www.uges-isere.fr\/index.php\/wp-json\/wp\/v2\/types\/page"}],"author":[{"embeddable":true,"href":"https:\/\/www.uges-isere.fr\/index.php\/wp-json\/wp\/v2\/users\/8"}],"replies":[{"embeddable":true,"href":"https:\/\/www.uges-isere.fr\/index.php\/wp-json\/wp\/v2\/comments?post=71300"}],"version-history":[{"count":2,"href":"https:\/\/www.uges-isere.fr\/index.php\/wp-json\/wp\/v2\/pages\/71300\/revisions"}],"predecessor-version":[{"id":87537,"href":"https:\/\/www.uges-isere.fr\/index.php\/wp-json\/wp\/v2\/pages\/71300\/revisions\/87537"}],"wp:attachment":[{"href":"https:\/\/www.uges-isere.fr\/index.php\/wp-json\/wp\/v2\/media?parent=71300"}],"curies":[{"name":"wp","href":"https:\/\/api.w.org\/{rel}","templated":true}]}}