{"id":69921,"date":"2021-05-28T13:32:24","date_gmt":"2021-05-28T11:32:24","guid":{"rendered":"https:\/\/www.uges-isere.fr\/?page_id=69921"},"modified":"2021-06-11T17:14:49","modified_gmt":"2021-06-11T15:14:49","slug":"proposition-16","status":"publish","type":"page","link":"https:\/\/www.uges-isere.fr\/index.php\/proposition-16\/","title":{"rendered":"Proposition : Plan v\u00e9lo"},"content":{"rendered":"\n<p>Cr\u00e9er un plan v\u00e9lo ambitieux. <\/p>\n\n\n\n<div class=\"wp-block-group alignfull\"><div class=\"wp-block-group__inner-container is-layout-flow wp-block-group-is-layout-flow\">\n<h5 class=\"wp-block-heading\"> <\/h5>\n\n\n\n<div class=\"wp-block-columns is-layout-flex wp-container-core-columns-is-layout-9d6595d7 wp-block-columns-is-layout-flex\">\n<div class=\"wp-block-column is-layout-flow wp-block-column-is-layout-flow\" style=\"flex-basis:5%\"><\/div>\n\n\n\n<div class=\"wp-block-column is-layout-flow wp-block-column-is-layout-flow\">\n<p>Entre 2019 et 2021, l\u2019utilisation du v\u00e9lo s\u2019est fortement d\u00e9velopp\u00e9e dans tous les milieux : <a href=\"https:\/\/www.velo-territoires.org\/observatoires\/plateforme-nationale-de-frequentation\/bulletins-frequentations-velo\/\">+28% en milieu urbain, +34% dans le p\u00e9ri-urbain et +21% en milieu rural<\/a>. Cette \u00e9volution est la rencontre de la d\u00e9mocratisation du v\u00e9lo \u00e0 assistance \u00e9lectrique et la mise en place d\u2019infrastructures prot\u00e9g\u00e9es \u00e0 l\u2019issue du premier d\u00e9confinement. En refusant de mettre en place de telles \u201ccoronapistes\u201d et n\u2019adoptant pas un sch\u00e9ma de d\u00e9placements cyclables structurant, le D\u00e9partement de l\u2019Is\u00e8re a pris un tr\u00e8s grand retard.<\/p>\n\n\n\n<p> <\/p>\n<\/div>\n\n\n\n<div class=\"wp-block-column is-layout-flow wp-block-column-is-layout-flow\">\n<p>Ce d\u00e9veloppement d\u2019un r\u00e9seau cyclable continu et s\u00e9curis\u00e9 pour les d\u00e9placements domicile-travail est une priorit\u00e9 pour le mandat \u00e0 venir. Il faut aussi sensibiliser les coll\u00e9giens \u00e0 la s\u00e9curit\u00e9. Conjointement \u00e0 cela, il importe \u00e9galement de concilier l\u2019attractivit\u00e9 touristique du v\u00e9lo (voyages \u00e0 v\u00e9lo sur des itin\u00e9raires remarquables, ville et villages \u201ccamp de base\u201d pr\u00e8s des grands cols.<\/p>\n<\/div>\n<\/div>\n\n\n\n<p>Concernant le <strong>bilan de la majorit\u00e9 sortante<\/strong>, il y a un grand <strong>d\u00e9calage entre les mots et les actes<\/strong>. D\u2019un c\u00f4t\u00e9 le D\u00e9partement a (enfin !) vot\u00e9 un plan v\u00e9lo en f\u00e9vrier 2020, mais jusqu\u2019\u00e0 pr\u00e9sent les actes du pr\u00e9sident Barbier font douter sur sa volont\u00e9 d\u2019avancer :&nbsp;<\/p>\n\n\n\n<ul class=\"wp-block-list\"><li>Il a manifest\u00e9 avec la droite grenobloise contre les <em>Chronov\u00e9lo<\/em><\/li><li>Il a refus\u00e9 la mise en place de pistes cyclables temporaires ou \u201c<em>coronapistes<\/em>\u201d pendant le confinement, et a soutenu le d\u00e9mant\u00e8lement des coronapistes grenobloises en 2021.<\/li><\/ul>\n<\/div><\/div>\n\n\n\n<div class=\"wp-block-group alignfull\"><div class=\"wp-block-group__inner-container is-layout-flow wp-block-group-is-layout-flow\">\n<h2 class=\"wp-block-heading\">Notre proposition, en d\u00e9tail. <\/h2>\n\n\n\n<div class=\"wp-block-columns alignwide is-layout-flex wp-container-core-columns-is-layout-9d6595d7 wp-block-columns-is-layout-flex\">\n<div class=\"wp-block-column is-layout-flow wp-block-column-is-layout-flow\"><\/div>\n\n\n\n<div class=\"wp-block-column is-layout-flow wp-block-column-is-layout-flow\"><\/div>\n\n\n\n<div class=\"wp-block-column is-layout-flow wp-block-column-is-layout-flow\"><\/div>\n<\/div>\n\n\n\n<p><img loading=\"lazy\" decoding=\"async\" width=\"50\" height=\"50\" class=\"wp-image-61998\" style=\"width: 50px;\" src=\"https:\/\/www.uges-isere.fr\/wp-content\/uploads\/2021\/05\/leaf.png\" alt=\"\"><strong>Nous proposons d\u2019agir sur deux plans : s\u00e9curit\u00e9 des cyclistes et confort d\u2019utilisation des voies de circulation en :<\/strong><\/p>\n\n\n\n<p><\/p>\n\n\n\n<ul class=\"wp-block-list\"><li>D\u00e9finissant un r\u00e9seau de voiries d\u00e9partementales continues et s\u00e9curis\u00e9es entre les grands p\u00f4les de vie du d\u00e9partement. Nous privil\u00e9gierons privil\u00e9gier partout o\u00f9 c\u2019est possible des voies cyclables s\u00e9par\u00e9es physiquement des voies automobiles avec un traitement au cas par cas de tous les points dangereux.<\/li><li>Mettant en place avec les \u00e9quipes \u00e9ducatives un \u201cplan de mobilit\u00e9s scolaires\u201d associant les coll\u00e9giens (voir <a href=\"https:\/\/edd.ac-versailles.fr\/spip.php?article691\">l\u2019exemple de l\u2019acad\u00e9mie de Versailles<\/a>). Cela vise \u00e0 g\u00e9n\u00e9raliser l\u2019apprentissage du v\u00e9lo et la formation \u00e0 une r\u00e9elle autonomie sur la voie publique; cela sera coupl\u00e9 \u00e0 des am\u00e9nagements s\u00e9curitaires des axes d\u2019acc\u00e8s des coll\u00e8ges, quand la demande en est faite.&nbsp;&nbsp;<\/li><\/ul>\n\n\n\n<p><img loading=\"lazy\" decoding=\"async\" width=\"50\" height=\"50\" class=\"wp-image-61994\" style=\"width: 50px;\" src=\"https:\/\/www.uges-isere.fr\/wp-content\/uploads\/2021\/05\/seeding.png\" alt=\"\">Afin de poursuivre la d\u00e9mocratisation du v\u00e9lo \u00e0 assistance \u00e9lectrique, il est propos\u00e9 de financer l\u2019achat d\u2019un v\u00e9lo \u00e0 assistance \u00e9lectrique pour les foyers modestes comme le fait <a href=\"https:\/\/herault.fr\/aideProjet\/3\/321-aide-a-l-achat-d-un-velo-electrique-vae.htm\">le D\u00e9partement de l\u2019H\u00e9rault<\/a> \u00e0 hauteur de 250\u20ac (revenu fiscal de r\u00e9f\u00e9rence inf\u00e9rieur \u00e0 27 k\u20ac en H\u00e9rault).&nbsp;<\/p>\n\n\n\n<p><img loading=\"lazy\" decoding=\"async\" width=\"50\" height=\"50\" class=\"wp-image-61997\" style=\"width: 50px;\" src=\"https:\/\/www.uges-isere.fr\/wp-content\/uploads\/2021\/05\/certificate.png\" alt=\"\">Un plan de promotion du tourisme \u00e0 v\u00e9lo sera \u00e9galement port\u00e9 avec notamment une communication d\u00e9di\u00e9e et un accompagnement financier des h\u00e9bergeurs avec des projets d\u2019am\u00e9nagements d\u2019accueil.<\/p>\n\n\n\n<p><strong><em>Comment ? <\/em><\/strong><\/p>\n\n\n\n<p>-Avec un triplement de l\u2019investissement dans les am\u00e9nagements cyclables en le portant \u00e0 10M\u20ac \/ an (3.4 M\u20ac en 2021).<\/p>\n\n\n\n<p>-Un plan de mobilit\u00e9s scolaires, promotion du tourisme et aide \u00e0 l\u2019achat d\u2019un v\u00e9lo \u00e9lectrique : 1M\u20ac \/ an<\/p>\n<\/div><\/div>\n\n\n\n<div class=\"wp-block-uagb-content-timeline uagb-timeline__outer-wrap uagb-block-d2506650-53a4-4728-9a4e-39740bf38d89\"><div class=\"uagb-timeline__content-wrap uagb-timeline__center-block  uagb-timeline__arrow-center uagb-timeline__responsive-tablet uagb-timeline\"><div class=\"uagb-timeline-wrapper\"><div class=\"uagb-timeline__main\"><div class=\"uagb-timeline__days\">\n<article class=\"wp-block-uagb-content-timeline-child uagb-timeline__field uagb-timeline__field-wrap uagb-timeline-child-fc3768dd-a0af-4adb-8b47-c7de1c00ef02\"><div class=\"uagb-timeline__widget uagb-timeline__right\"><div class=\"uagb-timeline__marker out-view-uagb-timeline__icon\"><span class=\"uagb-timeline__icon-new out-view-uagb-timeline__icon \"><svg xmlns=\"http:\/\/www.w3.org\/2000\/svg\" viewbox=\"0 0 448 512\"><path d=\"M0 464c0 26.5 21.5 48 48 48h352c26.5 0 48-21.5 48-48V192H0v272zm320-196c0-6.6 5.4-12 12-12h40c6.6 0 12 5.4 12 12v40c0 6.6-5.4 12-12 12h-40c-6.6 0-12-5.4-12-12v-40zm0 128c0-6.6 5.4-12 12-12h40c6.6 0 12 5.4 12 12v40c0 6.6-5.4 12-12 12h-40c-6.6 0-12-5.4-12-12v-40zM192 268c0-6.6 5.4-12 12-12h40c6.6 0 12 5.4 12 12v40c0 6.6-5.4 12-12 12h-40c-6.6 0-12-5.4-12-12v-40zm0 128c0-6.6 5.4-12 12-12h40c6.6 0 12 5.4 12 12v40c0 6.6-5.4 12-12 12h-40c-6.6 0-12-5.4-12-12v-40zM64 268c0-6.6 5.4-12 12-12h40c6.6 0 12 5.4 12 12v40c0 6.6-5.4 12-12 12H76c-6.6 0-12-5.4-12-12v-40zm0 128c0-6.6 5.4-12 12-12h40c6.6 0 12 5.4 12 12v40c0 6.6-5.4 12-12 12H76c-6.6 0-12-5.4-12-12v-40zM400 64h-48V16c0-8.8-7.2-16-16-16h-32c-8.8 0-16 7.2-16 16v48H160V16c0-8.8-7.2-16-16-16h-32c-8.8 0-16 7.2-16 16v48H48C21.5 64 0 85.5 0 112v48h448v-48c0-26.5-21.5-48-48-48z\"><\/path><\/svg><\/span><\/div><div class=\"uagb-timeline__day-new uagb-timeline__day-right\"><div class=\"uagb-events-new\"><div class=\"uagb-timeline__events-inner-new\"><div class=\"uagb-timeline__date-hide uagb-timeline__date-inner\"><div class=\"uagb-timeline__inner-date-new\">janvier 1, 2019<\/div><\/div><div class=\"uagb-timeline-content\"><div class=\"uagb-timeline__heading-text\"><h4 class=\"uagb-timeline__heading\">Titre du fil d\u2019actualit\u00e9 1<\/h4><\/div><p class=\"uagb-timeline-desc-content\">Ceci est la description du fil d\u2019actualit\u00e9, vous pouvez me changer \u00e0 tout moment en cliquant ici <\/p><div class=\"uagb-timeline__arrow\"><\/div><\/div><\/div><\/div><\/div><div class=\"uagb-timeline__date-new\"><div class=\"uagb-timeline__date-new\">janvier 1, 2019<\/div><\/div><\/div><\/article>\n\n\n\n<article class=\"wp-block-uagb-content-timeline-child uagb-timeline__field uagb-timeline__field-wrap uagb-timeline-child-1894a2b2-4d25-4bda-ab09-5b2f1bcd415b\"><div class=\"uagb-timeline__widget uagb-timeline__left\"><div class=\"uagb-timeline__marker out-view-uagb-timeline__icon\"><span class=\"uagb-timeline__icon-new out-view-uagb-timeline__icon \"><svg xmlns=\"http:\/\/www.w3.org\/2000\/svg\" viewbox=\"0 0 448 512\"><path d=\"M0 464c0 26.5 21.5 48 48 48h352c26.5 0 48-21.5 48-48V192H0v272zm320-196c0-6.6 5.4-12 12-12h40c6.6 0 12 5.4 12 12v40c0 6.6-5.4 12-12 12h-40c-6.6 0-12-5.4-12-12v-40zm0 128c0-6.6 5.4-12 12-12h40c6.6 0 12 5.4 12 12v40c0 6.6-5.4 12-12 12h-40c-6.6 0-12-5.4-12-12v-40zM192 268c0-6.6 5.4-12 12-12h40c6.6 0 12 5.4 12 12v40c0 6.6-5.4 12-12 12h-40c-6.6 0-12-5.4-12-12v-40zm0 128c0-6.6 5.4-12 12-12h40c6.6 0 12 5.4 12 12v40c0 6.6-5.4 12-12 12h-40c-6.6 0-12-5.4-12-12v-40zM64 268c0-6.6 5.4-12 12-12h40c6.6 0 12 5.4 12 12v40c0 6.6-5.4 12-12 12H76c-6.6 0-12-5.4-12-12v-40zm0 128c0-6.6 5.4-12 12-12h40c6.6 0 12 5.4 12 12v40c0 6.6-5.4 12-12 12H76c-6.6 0-12-5.4-12-12v-40zM400 64h-48V16c0-8.8-7.2-16-16-16h-32c-8.8 0-16 7.2-16 16v48H160V16c0-8.8-7.2-16-16-16h-32c-8.8 0-16 7.2-16 16v48H48C21.5 64 0 85.5 0 112v48h448v-48c0-26.5-21.5-48-48-48z\"><\/path><\/svg><\/span><\/div><div class=\"uagb-timeline__day-new uagb-timeline__day-left\"><div class=\"uagb-events-new\"><div class=\"uagb-timeline__events-inner-new\"><div class=\"uagb-timeline__date-hide uagb-timeline__date-inner\"><div class=\"uagb-timeline__inner-date-new\">janvier 1, 2019<\/div><\/div><div class=\"uagb-timeline-content\"><div class=\"uagb-timeline__heading-text\"><h4 class=\"uagb-timeline__heading\">Titre du fil d\u2019actualit\u00e9 2<\/h4><\/div><p class=\"uagb-timeline-desc-content\">Ceci est la description du fil d\u2019actualit\u00e9, vous pouvez me changer \u00e0 tout moment en cliquant ici <\/p><div class=\"uagb-timeline__arrow\"><\/div><\/div><\/div><\/div><\/div><div class=\"uagb-timeline__date-new\"><div class=\"uagb-timeline__date-new\">janvier 1, 2019<\/div><\/div><\/div><\/article>\n\n\n\n<article class=\"wp-block-uagb-content-timeline-child uagb-timeline__field uagb-timeline__field-wrap uagb-timeline-child-09518c56-a875-4974-a59c-34d9041c2e96\"><div class=\"uagb-timeline__widget uagb-timeline__right\"><div class=\"uagb-timeline__marker out-view-uagb-timeline__icon\"><span class=\"uagb-timeline__icon-new out-view-uagb-timeline__icon \"><svg xmlns=\"http:\/\/www.w3.org\/2000\/svg\" viewbox=\"0 0 448 512\"><path d=\"M0 464c0 26.5 21.5 48 48 48h352c26.5 0 48-21.5 48-48V192H0v272zm320-196c0-6.6 5.4-12 12-12h40c6.6 0 12 5.4 12 12v40c0 6.6-5.4 12-12 12h-40c-6.6 0-12-5.4-12-12v-40zm0 128c0-6.6 5.4-12 12-12h40c6.6 0 12 5.4 12 12v40c0 6.6-5.4 12-12 12h-40c-6.6 0-12-5.4-12-12v-40zM192 268c0-6.6 5.4-12 12-12h40c6.6 0 12 5.4 12 12v40c0 6.6-5.4 12-12 12h-40c-6.6 0-12-5.4-12-12v-40zm0 128c0-6.6 5.4-12 12-12h40c6.6 0 12 5.4 12 12v40c0 6.6-5.4 12-12 12h-40c-6.6 0-12-5.4-12-12v-40zM64 268c0-6.6 5.4-12 12-12h40c6.6 0 12 5.4 12 12v40c0 6.6-5.4 12-12 12H76c-6.6 0-12-5.4-12-12v-40zm0 128c0-6.6 5.4-12 12-12h40c6.6 0 12 5.4 12 12v40c0 6.6-5.4 12-12 12H76c-6.6 0-12-5.4-12-12v-40zM400 64h-48V16c0-8.8-7.2-16-16-16h-32c-8.8 0-16 7.2-16 16v48H160V16c0-8.8-7.2-16-16-16h-32c-8.8 0-16 7.2-16 16v48H48C21.5 64 0 85.5 0 112v48h448v-48c0-26.5-21.5-48-48-48z\"><\/path><\/svg><\/span><\/div><div class=\"uagb-timeline__day-new uagb-timeline__day-right\"><div class=\"uagb-events-new\"><div class=\"uagb-timeline__events-inner-new\"><div class=\"uagb-timeline__date-hide uagb-timeline__date-inner\"><div class=\"uagb-timeline__inner-date-new\">janvier 1, 2019<\/div><\/div><div class=\"uagb-timeline-content\"><div class=\"uagb-timeline__heading-text\"><h4 class=\"uagb-timeline__heading\">Titre du fil d\u2019actualit\u00e9 3<\/h4><\/div><p class=\"uagb-timeline-desc-content\">Ceci est la description du fil d\u2019actualit\u00e9, vous pouvez me changer \u00e0 tout moment en cliquant ici <\/p><div class=\"uagb-timeline__arrow\"><\/div><\/div><\/div><\/div><\/div><div class=\"uagb-timeline__date-new\"><div class=\"uagb-timeline__date-new\">janvier 1, 2019<\/div><\/div><\/div><\/article>\n\n\n\n<article class=\"wp-block-uagb-content-timeline-child uagb-timeline__field uagb-timeline__field-wrap uagb-timeline-child-973ed62c-d9b0-42de-8e68-b931347737a1\"><div class=\"uagb-timeline__widget uagb-timeline__left\"><div class=\"uagb-timeline__marker out-view-uagb-timeline__icon\"><span class=\"uagb-timeline__icon-new out-view-uagb-timeline__icon \"><svg xmlns=\"http:\/\/www.w3.org\/2000\/svg\" viewbox=\"0 0 448 512\"><path d=\"M0 464c0 26.5 21.5 48 48 48h352c26.5 0 48-21.5 48-48V192H0v272zm320-196c0-6.6 5.4-12 12-12h40c6.6 0 12 5.4 12 12v40c0 6.6-5.4 12-12 12h-40c-6.6 0-12-5.4-12-12v-40zm0 128c0-6.6 5.4-12 12-12h40c6.6 0 12 5.4 12 12v40c0 6.6-5.4 12-12 12h-40c-6.6 0-12-5.4-12-12v-40zM192 268c0-6.6 5.4-12 12-12h40c6.6 0 12 5.4 12 12v40c0 6.6-5.4 12-12 12h-40c-6.6 0-12-5.4-12-12v-40zm0 128c0-6.6 5.4-12 12-12h40c6.6 0 12 5.4 12 12v40c0 6.6-5.4 12-12 12h-40c-6.6 0-12-5.4-12-12v-40zM64 268c0-6.6 5.4-12 12-12h40c6.6 0 12 5.4 12 12v40c0 6.6-5.4 12-12 12H76c-6.6 0-12-5.4-12-12v-40zm0 128c0-6.6 5.4-12 12-12h40c6.6 0 12 5.4 12 12v40c0 6.6-5.4 12-12 12H76c-6.6 0-12-5.4-12-12v-40zM400 64h-48V16c0-8.8-7.2-16-16-16h-32c-8.8 0-16 7.2-16 16v48H160V16c0-8.8-7.2-16-16-16h-32c-8.8 0-16 7.2-16 16v48H48C21.5 64 0 85.5 0 112v48h448v-48c0-26.5-21.5-48-48-48z\"><\/path><\/svg><\/span><\/div><div class=\"uagb-timeline__day-new uagb-timeline__day-left\"><div class=\"uagb-events-new\"><div class=\"uagb-timeline__events-inner-new\"><div class=\"uagb-timeline__date-hide uagb-timeline__date-inner\"><div class=\"uagb-timeline__inner-date-new\">janvier 1, 2019<\/div><\/div><div class=\"uagb-timeline-content\"><div class=\"uagb-timeline__heading-text\"><h4 class=\"uagb-timeline__heading\">Titre du fil d\u2019actualit\u00e9 4<\/h4><\/div><p class=\"uagb-timeline-desc-content\">Ceci est la description du fil d\u2019actualit\u00e9, vous pouvez me changer \u00e0 tout moment en cliquant ici <\/p><div class=\"uagb-timeline__arrow\"><\/div><\/div><\/div><\/div><\/div><div class=\"uagb-timeline__date-new\"><div class=\"uagb-timeline__date-new\">janvier 1, 2019<\/div><\/div><\/div><\/article>\n\n\n\n<article class=\"wp-block-uagb-content-timeline-child uagb-timeline__field uagb-timeline__field-wrap uagb-timeline-child-a50baa00-e58c-43d6-a242-60670b3195bc\"><div class=\"uagb-timeline__widget uagb-timeline__right\"><div class=\"uagb-timeline__marker out-view-uagb-timeline__icon\"><span class=\"uagb-timeline__icon-new out-view-uagb-timeline__icon \"><svg xmlns=\"http:\/\/www.w3.org\/2000\/svg\" viewbox=\"0 0 448 512\"><path d=\"M0 464c0 26.5 21.5 48 48 48h352c26.5 0 48-21.5 48-48V192H0v272zm320-196c0-6.6 5.4-12 12-12h40c6.6 0 12 5.4 12 12v40c0 6.6-5.4 12-12 12h-40c-6.6 0-12-5.4-12-12v-40zm0 128c0-6.6 5.4-12 12-12h40c6.6 0 12 5.4 12 12v40c0 6.6-5.4 12-12 12h-40c-6.6 0-12-5.4-12-12v-40zM192 268c0-6.6 5.4-12 12-12h40c6.6 0 12 5.4 12 12v40c0 6.6-5.4 12-12 12h-40c-6.6 0-12-5.4-12-12v-40zm0 128c0-6.6 5.4-12 12-12h40c6.6 0 12 5.4 12 12v40c0 6.6-5.4 12-12 12h-40c-6.6 0-12-5.4-12-12v-40zM64 268c0-6.6 5.4-12 12-12h40c6.6 0 12 5.4 12 12v40c0 6.6-5.4 12-12 12H76c-6.6 0-12-5.4-12-12v-40zm0 128c0-6.6 5.4-12 12-12h40c6.6 0 12 5.4 12 12v40c0 6.6-5.4 12-12 12H76c-6.6 0-12-5.4-12-12v-40zM400 64h-48V16c0-8.8-7.2-16-16-16h-32c-8.8 0-16 7.2-16 16v48H160V16c0-8.8-7.2-16-16-16h-32c-8.8 0-16 7.2-16 16v48H48C21.5 64 0 85.5 0 112v48h448v-48c0-26.5-21.5-48-48-48z\"><\/path><\/svg><\/span><\/div><div class=\"uagb-timeline__day-new uagb-timeline__day-right\"><div class=\"uagb-events-new\"><div class=\"uagb-timeline__events-inner-new\"><div class=\"uagb-timeline__date-hide uagb-timeline__date-inner\"><div class=\"uagb-timeline__inner-date-new\">janvier 1, 2019<\/div><\/div><div class=\"uagb-timeline-content\"><div class=\"uagb-timeline__heading-text\"><h4 class=\"uagb-timeline__heading\">Titre du fil d\u2019actualit\u00e9 5<\/h4><\/div><p class=\"uagb-timeline-desc-content\">Ceci est la description du fil d\u2019actualit\u00e9, vous pouvez me changer \u00e0 tout moment en cliquant ici <\/p><div class=\"uagb-timeline__arrow\"><\/div><\/div><\/div><\/div><\/div><div class=\"uagb-timeline__date-new\"><div class=\"uagb-timeline__date-new\">janvier 1, 2019<\/div><\/div><\/div><\/article>\n<\/div><div class=\"uagb-timeline__line\"><div class=\"uagb-timeline__line__inner\"><\/div><\/div><\/div><\/div><\/div><\/div>\n","protected":false},"excerpt":{"rendered":"<p>Cr\u00e9er un plan v\u00e9lo ambitieux. Entre 2019 et 2021, l\u2019utilisation du v\u00e9lo s\u2019est fortement d\u00e9velopp\u00e9e dans tous les &hellip; <\/p>\n","protected":false},"author":8,"featured_media":0,"parent":0,"menu_order":0,"comment_status":"closed","ping_status":"closed","template":"","meta":{"_mc_calendar":[],"footnotes":""},"class_list":["post-69921","page","type-page","status-publish","hentry"],"yoast_head":"<!-- This site is optimized with the Yoast SEO plugin v27.5 - https:\/\/yoast.com\/product\/yoast-seo-wordpress\/ -->\n<title>Proposition : Plan v\u00e9lo - D\u00e9partement de l&#039;Is\u00e8re<\/title>\n<meta name=\"robots\" content=\"index, follow, max-snippet:-1, max-image-preview:large, max-video-preview:-1\" \/>\n<link rel=\"canonical\" href=\"https:\/\/www.uges-isere.fr\/index.php\/proposition-16\/\" \/>\n<meta property=\"og:locale\" content=\"fr_FR\" \/>\n<meta property=\"og:type\" content=\"article\" \/>\n<meta property=\"og:title\" content=\"Proposition : Plan v\u00e9lo - D\u00e9partement de l&#039;Is\u00e8re\" \/>\n<meta property=\"og:description\" content=\"Cr\u00e9er un plan v\u00e9lo ambitieux. Entre 2019 et 2021, l\u2019utilisation du v\u00e9lo s\u2019est fortement d\u00e9velopp\u00e9e dans tous les &hellip;\" \/>\n<meta property=\"og:url\" content=\"https:\/\/www.uges-isere.fr\/index.php\/proposition-16\/\" \/>\n<meta property=\"og:site_name\" content=\"D\u00e9partement de l&#039;Is\u00e8re\" \/>\n<meta property=\"article:publisher\" content=\"https:\/\/www.facebook.com\/LePrintemps38\" \/>\n<meta property=\"article:modified_time\" content=\"2021-06-11T15:14:49+00:00\" \/>\n<meta property=\"og:image\" content=\"https:\/\/www.uges-isere.fr\/wp-content\/uploads\/2021\/05\/leaf.png\" \/>\n<meta name=\"twitter:card\" content=\"summary_large_image\" \/>\n<meta name=\"twitter:site\" content=\"@GroupeUGES38\" \/>\n<meta name=\"twitter:label1\" content=\"Dur\u00e9e de lecture estim\u00e9e\" \/>\n\t<meta name=\"twitter:data1\" content=\"3 minutes\" \/>\n<script type=\"application\/ld+json\" class=\"yoast-schema-graph\">{\"@context\":\"https:\\\/\\\/schema.org\",\"@graph\":[{\"@type\":\"WebPage\",\"@id\":\"https:\\\/\\\/www.uges-isere.fr\\\/index.php\\\/proposition-16\\\/\",\"url\":\"https:\\\/\\\/www.uges-isere.fr\\\/index.php\\\/proposition-16\\\/\",\"name\":\"Proposition : Plan v\u00e9lo - D\u00e9partement de l&#039;Is\u00e8re\",\"isPartOf\":{\"@id\":\"https:\\\/\\\/www.uges-isere.fr\\\/#website\"},\"primaryImageOfPage\":{\"@id\":\"https:\\\/\\\/www.uges-isere.fr\\\/index.php\\\/proposition-16\\\/#primaryimage\"},\"image\":{\"@id\":\"https:\\\/\\\/www.uges-isere.fr\\\/index.php\\\/proposition-16\\\/#primaryimage\"},\"thumbnailUrl\":\"https:\\\/\\\/www.uges-isere.fr\\\/wp-content\\\/uploads\\\/2021\\\/05\\\/leaf.png\",\"datePublished\":\"2021-05-28T11:32:24+00:00\",\"dateModified\":\"2021-06-11T15:14:49+00:00\",\"breadcrumb\":{\"@id\":\"https:\\\/\\\/www.uges-isere.fr\\\/index.php\\\/proposition-16\\\/#breadcrumb\"},\"inLanguage\":\"fr-FR\",\"potentialAction\":[{\"@type\":\"ReadAction\",\"target\":[\"https:\\\/\\\/www.uges-isere.fr\\\/index.php\\\/proposition-16\\\/\"]}]},{\"@type\":\"ImageObject\",\"inLanguage\":\"fr-FR\",\"@id\":\"https:\\\/\\\/www.uges-isere.fr\\\/index.php\\\/proposition-16\\\/#primaryimage\",\"url\":\"https:\\\/\\\/www.uges-isere.fr\\\/wp-content\\\/uploads\\\/2021\\\/05\\\/leaf.png\",\"contentUrl\":\"https:\\\/\\\/www.uges-isere.fr\\\/wp-content\\\/uploads\\\/2021\\\/05\\\/leaf.png\",\"width\":50,\"height\":50},{\"@type\":\"BreadcrumbList\",\"@id\":\"https:\\\/\\\/www.uges-isere.fr\\\/index.php\\\/proposition-16\\\/#breadcrumb\",\"itemListElement\":[{\"@type\":\"ListItem\",\"position\":1,\"name\":\"Accueil\",\"item\":\"https:\\\/\\\/www.uges-isere.fr\\\/\"},{\"@type\":\"ListItem\",\"position\":2,\"name\":\"Proposition : Plan v\u00e9lo\"}]},{\"@type\":\"WebSite\",\"@id\":\"https:\\\/\\\/www.uges-isere.fr\\\/#website\",\"url\":\"https:\\\/\\\/www.uges-isere.fr\\\/\",\"name\":\"D\u00e9partement de l&#039;Is\u00e8re\",\"description\":\"Groupe d&#039;opposition UGES\",\"publisher\":{\"@id\":\"https:\\\/\\\/www.uges-isere.fr\\\/#organization\"},\"potentialAction\":[{\"@type\":\"SearchAction\",\"target\":{\"@type\":\"EntryPoint\",\"urlTemplate\":\"https:\\\/\\\/www.uges-isere.fr\\\/?s={search_term_string}\"},\"query-input\":{\"@type\":\"PropertyValueSpecification\",\"valueRequired\":true,\"valueName\":\"search_term_string\"}}],\"inLanguage\":\"fr-FR\"},{\"@type\":\"Organization\",\"@id\":\"https:\\\/\\\/www.uges-isere.fr\\\/#organization\",\"name\":\"D\u00e9partement de l'Is\u00e8re\",\"url\":\"https:\\\/\\\/www.uges-isere.fr\\\/\",\"logo\":{\"@type\":\"ImageObject\",\"inLanguage\":\"fr-FR\",\"@id\":\"https:\\\/\\\/www.uges-isere.fr\\\/#\\\/schema\\\/logo\\\/image\\\/\",\"url\":\"https:\\\/\\\/www.uges-isere.fr\\\/wp-content\\\/uploads\\\/2021\\\/10\\\/logo-ok.png\",\"contentUrl\":\"https:\\\/\\\/www.uges-isere.fr\\\/wp-content\\\/uploads\\\/2021\\\/10\\\/logo-ok.png\",\"width\":2859,\"height\":1816,\"caption\":\"D\u00e9partement de l'Is\u00e8re\"},\"image\":{\"@id\":\"https:\\\/\\\/www.uges-isere.fr\\\/#\\\/schema\\\/logo\\\/image\\\/\"},\"sameAs\":[\"https:\\\/\\\/www.facebook.com\\\/LePrintemps38\",\"https:\\\/\\\/x.com\\\/GroupeUGES38\"]}]}<\/script>\n<!-- \/ Yoast SEO plugin. -->","yoast_head_json":{"title":"Proposition : Plan v\u00e9lo - D\u00e9partement de l&#039;Is\u00e8re","robots":{"index":"index","follow":"follow","max-snippet":"max-snippet:-1","max-image-preview":"max-image-preview:large","max-video-preview":"max-video-preview:-1"},"canonical":"https:\/\/www.uges-isere.fr\/index.php\/proposition-16\/","og_locale":"fr_FR","og_type":"article","og_title":"Proposition : Plan v\u00e9lo - D\u00e9partement de l&#039;Is\u00e8re","og_description":"Cr\u00e9er un plan v\u00e9lo ambitieux. Entre 2019 et 2021, l\u2019utilisation du v\u00e9lo s\u2019est fortement d\u00e9velopp\u00e9e dans tous les &hellip;","og_url":"https:\/\/www.uges-isere.fr\/index.php\/proposition-16\/","og_site_name":"D\u00e9partement de l&#039;Is\u00e8re","article_publisher":"https:\/\/www.facebook.com\/LePrintemps38","article_modified_time":"2021-06-11T15:14:49+00:00","og_image":[{"url":"https:\/\/www.uges-isere.fr\/wp-content\/uploads\/2021\/05\/leaf.png","type":"","width":"","height":""}],"twitter_card":"summary_large_image","twitter_site":"@GroupeUGES38","twitter_misc":{"Dur\u00e9e de lecture estim\u00e9e":"3 minutes"},"schema":{"@context":"https:\/\/schema.org","@graph":[{"@type":"WebPage","@id":"https:\/\/www.uges-isere.fr\/index.php\/proposition-16\/","url":"https:\/\/www.uges-isere.fr\/index.php\/proposition-16\/","name":"Proposition : Plan v\u00e9lo - D\u00e9partement de l&#039;Is\u00e8re","isPartOf":{"@id":"https:\/\/www.uges-isere.fr\/#website"},"primaryImageOfPage":{"@id":"https:\/\/www.uges-isere.fr\/index.php\/proposition-16\/#primaryimage"},"image":{"@id":"https:\/\/www.uges-isere.fr\/index.php\/proposition-16\/#primaryimage"},"thumbnailUrl":"https:\/\/www.uges-isere.fr\/wp-content\/uploads\/2021\/05\/leaf.png","datePublished":"2021-05-28T11:32:24+00:00","dateModified":"2021-06-11T15:14:49+00:00","breadcrumb":{"@id":"https:\/\/www.uges-isere.fr\/index.php\/proposition-16\/#breadcrumb"},"inLanguage":"fr-FR","potentialAction":[{"@type":"ReadAction","target":["https:\/\/www.uges-isere.fr\/index.php\/proposition-16\/"]}]},{"@type":"ImageObject","inLanguage":"fr-FR","@id":"https:\/\/www.uges-isere.fr\/index.php\/proposition-16\/#primaryimage","url":"https:\/\/www.uges-isere.fr\/wp-content\/uploads\/2021\/05\/leaf.png","contentUrl":"https:\/\/www.uges-isere.fr\/wp-content\/uploads\/2021\/05\/leaf.png","width":50,"height":50},{"@type":"BreadcrumbList","@id":"https:\/\/www.uges-isere.fr\/index.php\/proposition-16\/#breadcrumb","itemListElement":[{"@type":"ListItem","position":1,"name":"Accueil","item":"https:\/\/www.uges-isere.fr\/"},{"@type":"ListItem","position":2,"name":"Proposition : Plan v\u00e9lo"}]},{"@type":"WebSite","@id":"https:\/\/www.uges-isere.fr\/#website","url":"https:\/\/www.uges-isere.fr\/","name":"D\u00e9partement de l&#039;Is\u00e8re","description":"Groupe d&#039;opposition UGES","publisher":{"@id":"https:\/\/www.uges-isere.fr\/#organization"},"potentialAction":[{"@type":"SearchAction","target":{"@type":"EntryPoint","urlTemplate":"https:\/\/www.uges-isere.fr\/?s={search_term_string}"},"query-input":{"@type":"PropertyValueSpecification","valueRequired":true,"valueName":"search_term_string"}}],"inLanguage":"fr-FR"},{"@type":"Organization","@id":"https:\/\/www.uges-isere.fr\/#organization","name":"D\u00e9partement de l'Is\u00e8re","url":"https:\/\/www.uges-isere.fr\/","logo":{"@type":"ImageObject","inLanguage":"fr-FR","@id":"https:\/\/www.uges-isere.fr\/#\/schema\/logo\/image\/","url":"https:\/\/www.uges-isere.fr\/wp-content\/uploads\/2021\/10\/logo-ok.png","contentUrl":"https:\/\/www.uges-isere.fr\/wp-content\/uploads\/2021\/10\/logo-ok.png","width":2859,"height":1816,"caption":"D\u00e9partement de l'Is\u00e8re"},"image":{"@id":"https:\/\/www.uges-isere.fr\/#\/schema\/logo\/image\/"},"sameAs":["https:\/\/www.facebook.com\/LePrintemps38","https:\/\/x.com\/GroupeUGES38"]}]}},"_links":{"self":[{"href":"https:\/\/www.uges-isere.fr\/index.php\/wp-json\/wp\/v2\/pages\/69921","targetHints":{"allow":["GET"]}}],"collection":[{"href":"https:\/\/www.uges-isere.fr\/index.php\/wp-json\/wp\/v2\/pages"}],"about":[{"href":"https:\/\/www.uges-isere.fr\/index.php\/wp-json\/wp\/v2\/types\/page"}],"author":[{"embeddable":true,"href":"https:\/\/www.uges-isere.fr\/index.php\/wp-json\/wp\/v2\/users\/8"}],"replies":[{"embeddable":true,"href":"https:\/\/www.uges-isere.fr\/index.php\/wp-json\/wp\/v2\/comments?post=69921"}],"version-history":[{"count":5,"href":"https:\/\/www.uges-isere.fr\/index.php\/wp-json\/wp\/v2\/pages\/69921\/revisions"}],"predecessor-version":[{"id":87536,"href":"https:\/\/www.uges-isere.fr\/index.php\/wp-json\/wp\/v2\/pages\/69921\/revisions\/87536"}],"wp:attachment":[{"href":"https:\/\/www.uges-isere.fr\/index.php\/wp-json\/wp\/v2\/media?parent=69921"}],"curies":[{"name":"wp","href":"https:\/\/api.w.org\/{rel}","templated":true}]}}