{"id":683981,"date":"2024-03-12T15:56:10","date_gmt":"2024-03-12T14:56:10","guid":{"rendered":"https:\/\/www.uges-isere.fr\/?page_id=683981"},"modified":"2024-10-31T12:56:32","modified_gmt":"2024-10-31T11:56:32","slug":"initiatives-locales-2023-canton-de-tullins","status":"publish","type":"page","link":"https:\/\/www.uges-isere.fr\/index.php\/initiatives-locales-2023-canton-de-tullins\/","title":{"rendered":"Initiatives locales 2023 \u2013 Canton de Tullins"},"content":{"rendered":"\n<p><strong>Retrouvez ici les subventions accord\u00e9es aux associations par vos conseillers d\u00e9partementaux du canton de Tullins en 2023, dans le cadre des initiatives locales.<\/strong><\/p>\n\n\n\n<p><em>Janvier 2023<\/em><\/p>\n\n\n\n<ul class=\"wp-block-list\">\n<li>L&rsquo;association <strong>\u00ab\u00a0Les compagnons de la palette\u00a0\u00bb<\/strong> pour une aide au fonctionnement : 500,00 \u20ac<\/li>\n<\/ul>\n\n\n\n<p><em>Mars 2023<\/em><\/p>\n\n\n\n<ul class=\"wp-block-list\">\n<li>L&rsquo;association<strong> \u00ab\u00a0Les Rataffias\u00a0\u00bb<\/strong> pour une aide au fonctionnement : 750,00 \u20ac<\/li>\n\n\n\n<li>L&rsquo;association <strong>\u00ab\u00a0Histoires de\u2026\u00a0\u00bb<\/strong> pour la r\u00e9alisation du projet p\u00e9dagogique intitul\u00e9 \u00ab\u00a0Les enfants de Montaud \u00e0 la d\u00e9couverte de leur patrimoine\u00a0\u00bb : 1 000,00 \u20ac<\/li>\n\n\n\n<li>Le <strong>Sou des \u00e9coles la\u00efques de Saint-Quentin-sur-Is\u00e8re<\/strong> pour une aide au fonctionnement : 950,00 \u20ac<\/li>\n\n\n\n<li>Le <strong>Sou des \u00e9coles la\u00efques de Moirans <\/strong>pour une aide au fonctionnement : 3 000,00 \u20ac<\/li>\n\n\n\n<li>La <strong>Soci\u00e9t\u00e9 du sou des \u00e9coles communales de Poli\u00e9nas<\/strong> pour l&rsquo;organisation d&rsquo;un loto et du bal d&rsquo;Halloween 2023 : 520,00 \u20ac<\/li>\n\n\n\n<li><strong>\u00ab\u00a0Part&rsquo;\u00e2ge L&rsquo;Asso des jeunes\u00a0\u00bb<\/strong> pour l&rsquo;organisation de la 2\u00e8me \u00e9dition de la \u00ab\u00a0Rando des collines\u00a0\u00bb : 750,00 \u20ac<\/li>\n<\/ul>\n\n\n\n<p><em>Avril 2023<\/em><\/p>\n\n\n\n<ul class=\"wp-block-list\">\n<li><strong>La Maison pour tous &#8211; MJC de Rives<\/strong> pour l&rsquo;organisation du 60\u00e8me anniversaire de l&rsquo;association : 1 500,00 \u20ac<\/li>\n\n\n\n<li><strong>Le Sou des \u00e9coles la\u00efques de Rives <\/strong>pour une aide au fonctionnement : 2 860,00 \u20ac<\/li>\n\n\n\n<li><strong>Le ch\u0153ur du Val de Fure<\/strong> pour le projet \u00ab\u00a0Roman Hurko 2023\u00a0\u00bb et l&rsquo;organisation de concerts de d\u00e9couverte de la musique ukrainienne : 1 000,00 \u20ac<\/li>\n<\/ul>\n\n\n\n<p><em>Mai 2023<\/em><\/p>\n\n\n\n<ul class=\"wp-block-list\">\n<li><strong>L&rsquo;Amicale sportive de Tullins-Fures<\/strong> pour une aide au fonctionnement : 1 000,00 \u20ac<\/li>\n\n\n\n<li><strong>L&rsquo;Association des parents d&rsquo;\u00e9l\u00e8ves de Vourey <\/strong>pour une aide au fonctionnement : 990,00 \u20ac<\/li>\n\n\n\n<li><strong>Le Sou des \u00e9coles la\u00efques de Renage<\/strong> pour une aide au fonctionnement : 1 560,00 \u20ac<\/li>\n\n\n\n<li><strong>Le Sou des \u00e9coles de l&rsquo;\u00e9cole la\u00efque Vendemiaire de Saint-Jean-de-Moirans <\/strong>pour une aide au fonctionnement : 1 905,00 \u20ac<\/li>\n<\/ul>\n\n\n\n<p><em>Juin 2023<\/em><\/p>\n\n\n\n<ul class=\"wp-block-list\">\n<li><strong>L&rsquo;association \u00ab\u00a0La boule de Vourey\u00a0\u00bb<\/strong> pour l&rsquo;organisation du centenaire du club : 1 000,00 \u20ac<\/li>\n<\/ul>\n\n\n\n<p><em>Juillet 2023<\/em><\/p>\n\n\n\n<ul class=\"wp-block-list\">\n<li><strong>Le Sou des \u00e9coles publiques de Beaucroissant <\/strong>pour une aide au fonctionnement : 830,00 \u20ac<\/li>\n\n\n\n<li>L&rsquo;association<strong> \u00ab\u00a0AlterEgaux.Is\u00e8re\u00a0\u00bb <\/strong>pour l&rsquo;organisation de la comm\u00e9moration 2023 de la journ\u00e9e nationale des m\u00e9moires de la traite, de l&rsquo;esclavage et de leurs abolitions : 500,00 \u20ac<\/li>\n<\/ul>\n\n\n\n<p><em>Septembre 2023<\/em><\/p>\n\n\n\n<ul class=\"wp-block-list\">\n<li>Le<strong> Sou des \u00e9coles la\u00efques de Tullins-Fures<\/strong> pour une aide au fonctionnement : 3 400,00 \u20ac<\/li>\n\n\n\n<li>L&rsquo;<strong>Amicale boule renageoise <\/strong>pour l&rsquo;organisation de la journ\u00e9e du souvenir 2023 : 500,00 \u20ac<\/li>\n<\/ul>\n\n\n\n<p><em>Octobre 2023<\/em><\/p>\n\n\n\n<ul class=\"wp-block-list\">\n<li>L&rsquo;association <strong>\u00ab\u00a0Montaud Ubohu\u00a0\u00bb<\/strong> pour une aide au fonctionnement : 2 000,00 \u20ac<\/li>\n\n\n\n<li>Le<strong> Basket club Bavonne<\/strong> (La Murette \/ Saint-Blaise-du-Buis) pour une aide au fonctionnement : 3 500,00 \u20ac<\/li>\n<\/ul>\n\n\n\n<p>Novembre 2023<\/p>\n\n\n\n<ul class=\"wp-block-list\">\n<li>Le <strong>Sou des \u00e9coles publiques de Montaud <\/strong>pour une aide au fonctionnement : 400,00 \u20ac<\/li>\n\n\n\n<li>Le <strong>Secours populaire fran\u00e7ais &#8211; Comit\u00e9 de Saint-Jean-de-Moirans<\/strong> pour l&rsquo;organisation des festivit\u00e9s de No\u00ebl 2023 : 3 891,00 \u20ac<\/li>\n\n\n\n<li>Le<strong> Sou des \u00e9coles la\u00efques de R\u00e9aumont-Saint-Blaise-du-Buis<\/strong> pour l&rsquo;achat de friteuses pour les manifestations : 1 055,00 \u20ac<\/li>\n\n\n\n<li>L&rsquo;association <strong>\u00ab\u00a0Vourey sports\u00a0\u00bb<\/strong> pour une aide au fonctionnement : 1 000,00 \u20ac<\/li>\n\n\n\n<li>Le<strong> Sou des \u00e9coles la\u00efques de Charn\u00e8cles<\/strong> pour une aide au fonctionnement : 870,00 \u20ac<\/li>\n\n\n\n<li>L&rsquo;<strong>Union sportive Renage-Rives<\/strong> pour une aide au fonctionnement : 2 000,00 \u20ac<\/li>\n<\/ul>\n","protected":false},"excerpt":{"rendered":"<p>Retrouvez ici les subventions accord\u00e9es aux associations par vos conseillers d\u00e9partementaux du canton de Tullins en 2023, dans &hellip; <\/p>\n","protected":false},"author":8,"featured_media":0,"parent":0,"menu_order":0,"comment_status":"closed","ping_status":"closed","template":"","meta":{"_mc_calendar":[],"footnotes":""},"class_list":["post-683981","page","type-page","status-publish","hentry"],"yoast_head":"<!-- This site is optimized with the Yoast SEO plugin v27.5 - https:\/\/yoast.com\/product\/yoast-seo-wordpress\/ -->\n<title>Initiatives locales 2023 \u2013 Canton de Tullins - D\u00e9partement de l&#039;Is\u00e8re<\/title>\n<meta name=\"robots\" content=\"index, follow, max-snippet:-1, max-image-preview:large, max-video-preview:-1\" \/>\n<link rel=\"canonical\" href=\"https:\/\/www.uges-isere.fr\/index.php\/initiatives-locales-2023-canton-de-tullins\/\" \/>\n<meta property=\"og:locale\" content=\"fr_FR\" \/>\n<meta property=\"og:type\" content=\"article\" \/>\n<meta property=\"og:title\" content=\"Initiatives locales 2023 \u2013 Canton de Tullins - D\u00e9partement de l&#039;Is\u00e8re\" \/>\n<meta property=\"og:description\" content=\"Retrouvez ici les subventions accord\u00e9es aux associations par vos conseillers d\u00e9partementaux du canton de Tullins en 2023, dans &hellip;\" \/>\n<meta property=\"og:url\" content=\"https:\/\/www.uges-isere.fr\/index.php\/initiatives-locales-2023-canton-de-tullins\/\" \/>\n<meta property=\"og:site_name\" content=\"D\u00e9partement de l&#039;Is\u00e8re\" \/>\n<meta property=\"article:publisher\" content=\"https:\/\/www.facebook.com\/LePrintemps38\" \/>\n<meta property=\"article:modified_time\" content=\"2024-10-31T11:56:32+00:00\" \/>\n<meta name=\"twitter:card\" content=\"summary_large_image\" \/>\n<meta name=\"twitter:site\" content=\"@GroupeUGES38\" \/>\n<meta name=\"twitter:label1\" content=\"Dur\u00e9e de lecture estim\u00e9e\" \/>\n\t<meta name=\"twitter:data1\" content=\"3 minutes\" \/>\n<script type=\"application\/ld+json\" class=\"yoast-schema-graph\">{\"@context\":\"https:\\\/\\\/schema.org\",\"@graph\":[{\"@type\":\"WebPage\",\"@id\":\"https:\\\/\\\/www.uges-isere.fr\\\/index.php\\\/initiatives-locales-2023-canton-de-tullins\\\/\",\"url\":\"https:\\\/\\\/www.uges-isere.fr\\\/index.php\\\/initiatives-locales-2023-canton-de-tullins\\\/\",\"name\":\"Initiatives locales 2023 \u2013 Canton de Tullins - D\u00e9partement de l&#039;Is\u00e8re\",\"isPartOf\":{\"@id\":\"https:\\\/\\\/www.uges-isere.fr\\\/#website\"},\"datePublished\":\"2024-03-12T14:56:10+00:00\",\"dateModified\":\"2024-10-31T11:56:32+00:00\",\"breadcrumb\":{\"@id\":\"https:\\\/\\\/www.uges-isere.fr\\\/index.php\\\/initiatives-locales-2023-canton-de-tullins\\\/#breadcrumb\"},\"inLanguage\":\"fr-FR\",\"potentialAction\":[{\"@type\":\"ReadAction\",\"target\":[\"https:\\\/\\\/www.uges-isere.fr\\\/index.php\\\/initiatives-locales-2023-canton-de-tullins\\\/\"]}]},{\"@type\":\"BreadcrumbList\",\"@id\":\"https:\\\/\\\/www.uges-isere.fr\\\/index.php\\\/initiatives-locales-2023-canton-de-tullins\\\/#breadcrumb\",\"itemListElement\":[{\"@type\":\"ListItem\",\"position\":1,\"name\":\"Accueil\",\"item\":\"https:\\\/\\\/www.uges-isere.fr\\\/\"},{\"@type\":\"ListItem\",\"position\":2,\"name\":\"Initiatives locales 2023 \u2013 Canton de Tullins\"}]},{\"@type\":\"WebSite\",\"@id\":\"https:\\\/\\\/www.uges-isere.fr\\\/#website\",\"url\":\"https:\\\/\\\/www.uges-isere.fr\\\/\",\"name\":\"D\u00e9partement de l&#039;Is\u00e8re\",\"description\":\"Groupe d&#039;opposition UGES\",\"publisher\":{\"@id\":\"https:\\\/\\\/www.uges-isere.fr\\\/#organization\"},\"potentialAction\":[{\"@type\":\"SearchAction\",\"target\":{\"@type\":\"EntryPoint\",\"urlTemplate\":\"https:\\\/\\\/www.uges-isere.fr\\\/?s={search_term_string}\"},\"query-input\":{\"@type\":\"PropertyValueSpecification\",\"valueRequired\":true,\"valueName\":\"search_term_string\"}}],\"inLanguage\":\"fr-FR\"},{\"@type\":\"Organization\",\"@id\":\"https:\\\/\\\/www.uges-isere.fr\\\/#organization\",\"name\":\"D\u00e9partement de l'Is\u00e8re\",\"url\":\"https:\\\/\\\/www.uges-isere.fr\\\/\",\"logo\":{\"@type\":\"ImageObject\",\"inLanguage\":\"fr-FR\",\"@id\":\"https:\\\/\\\/www.uges-isere.fr\\\/#\\\/schema\\\/logo\\\/image\\\/\",\"url\":\"https:\\\/\\\/www.uges-isere.fr\\\/wp-content\\\/uploads\\\/2021\\\/10\\\/logo-ok.png\",\"contentUrl\":\"https:\\\/\\\/www.uges-isere.fr\\\/wp-content\\\/uploads\\\/2021\\\/10\\\/logo-ok.png\",\"width\":2859,\"height\":1816,\"caption\":\"D\u00e9partement de l'Is\u00e8re\"},\"image\":{\"@id\":\"https:\\\/\\\/www.uges-isere.fr\\\/#\\\/schema\\\/logo\\\/image\\\/\"},\"sameAs\":[\"https:\\\/\\\/www.facebook.com\\\/LePrintemps38\",\"https:\\\/\\\/x.com\\\/GroupeUGES38\"]}]}<\/script>\n<!-- \/ Yoast SEO plugin. -->","yoast_head_json":{"title":"Initiatives locales 2023 \u2013 Canton de Tullins - D\u00e9partement de l&#039;Is\u00e8re","robots":{"index":"index","follow":"follow","max-snippet":"max-snippet:-1","max-image-preview":"max-image-preview:large","max-video-preview":"max-video-preview:-1"},"canonical":"https:\/\/www.uges-isere.fr\/index.php\/initiatives-locales-2023-canton-de-tullins\/","og_locale":"fr_FR","og_type":"article","og_title":"Initiatives locales 2023 \u2013 Canton de Tullins - D\u00e9partement de l&#039;Is\u00e8re","og_description":"Retrouvez ici les subventions accord\u00e9es aux associations par vos conseillers d\u00e9partementaux du canton de Tullins en 2023, dans &hellip;","og_url":"https:\/\/www.uges-isere.fr\/index.php\/initiatives-locales-2023-canton-de-tullins\/","og_site_name":"D\u00e9partement de l&#039;Is\u00e8re","article_publisher":"https:\/\/www.facebook.com\/LePrintemps38","article_modified_time":"2024-10-31T11:56:32+00:00","twitter_card":"summary_large_image","twitter_site":"@GroupeUGES38","twitter_misc":{"Dur\u00e9e de lecture estim\u00e9e":"3 minutes"},"schema":{"@context":"https:\/\/schema.org","@graph":[{"@type":"WebPage","@id":"https:\/\/www.uges-isere.fr\/index.php\/initiatives-locales-2023-canton-de-tullins\/","url":"https:\/\/www.uges-isere.fr\/index.php\/initiatives-locales-2023-canton-de-tullins\/","name":"Initiatives locales 2023 \u2013 Canton de Tullins - D\u00e9partement de l&#039;Is\u00e8re","isPartOf":{"@id":"https:\/\/www.uges-isere.fr\/#website"},"datePublished":"2024-03-12T14:56:10+00:00","dateModified":"2024-10-31T11:56:32+00:00","breadcrumb":{"@id":"https:\/\/www.uges-isere.fr\/index.php\/initiatives-locales-2023-canton-de-tullins\/#breadcrumb"},"inLanguage":"fr-FR","potentialAction":[{"@type":"ReadAction","target":["https:\/\/www.uges-isere.fr\/index.php\/initiatives-locales-2023-canton-de-tullins\/"]}]},{"@type":"BreadcrumbList","@id":"https:\/\/www.uges-isere.fr\/index.php\/initiatives-locales-2023-canton-de-tullins\/#breadcrumb","itemListElement":[{"@type":"ListItem","position":1,"name":"Accueil","item":"https:\/\/www.uges-isere.fr\/"},{"@type":"ListItem","position":2,"name":"Initiatives locales 2023 \u2013 Canton de Tullins"}]},{"@type":"WebSite","@id":"https:\/\/www.uges-isere.fr\/#website","url":"https:\/\/www.uges-isere.fr\/","name":"D\u00e9partement de l&#039;Is\u00e8re","description":"Groupe d&#039;opposition UGES","publisher":{"@id":"https:\/\/www.uges-isere.fr\/#organization"},"potentialAction":[{"@type":"SearchAction","target":{"@type":"EntryPoint","urlTemplate":"https:\/\/www.uges-isere.fr\/?s={search_term_string}"},"query-input":{"@type":"PropertyValueSpecification","valueRequired":true,"valueName":"search_term_string"}}],"inLanguage":"fr-FR"},{"@type":"Organization","@id":"https:\/\/www.uges-isere.fr\/#organization","name":"D\u00e9partement de l'Is\u00e8re","url":"https:\/\/www.uges-isere.fr\/","logo":{"@type":"ImageObject","inLanguage":"fr-FR","@id":"https:\/\/www.uges-isere.fr\/#\/schema\/logo\/image\/","url":"https:\/\/www.uges-isere.fr\/wp-content\/uploads\/2021\/10\/logo-ok.png","contentUrl":"https:\/\/www.uges-isere.fr\/wp-content\/uploads\/2021\/10\/logo-ok.png","width":2859,"height":1816,"caption":"D\u00e9partement de l'Is\u00e8re"},"image":{"@id":"https:\/\/www.uges-isere.fr\/#\/schema\/logo\/image\/"},"sameAs":["https:\/\/www.facebook.com\/LePrintemps38","https:\/\/x.com\/GroupeUGES38"]}]}},"_links":{"self":[{"href":"https:\/\/www.uges-isere.fr\/index.php\/wp-json\/wp\/v2\/pages\/683981","targetHints":{"allow":["GET"]}}],"collection":[{"href":"https:\/\/www.uges-isere.fr\/index.php\/wp-json\/wp\/v2\/pages"}],"about":[{"href":"https:\/\/www.uges-isere.fr\/index.php\/wp-json\/wp\/v2\/types\/page"}],"author":[{"embeddable":true,"href":"https:\/\/www.uges-isere.fr\/index.php\/wp-json\/wp\/v2\/users\/8"}],"replies":[{"embeddable":true,"href":"https:\/\/www.uges-isere.fr\/index.php\/wp-json\/wp\/v2\/comments?post=683981"}],"version-history":[{"count":5,"href":"https:\/\/www.uges-isere.fr\/index.php\/wp-json\/wp\/v2\/pages\/683981\/revisions"}],"predecessor-version":[{"id":684214,"href":"https:\/\/www.uges-isere.fr\/index.php\/wp-json\/wp\/v2\/pages\/683981\/revisions\/684214"}],"wp:attachment":[{"href":"https:\/\/www.uges-isere.fr\/index.php\/wp-json\/wp\/v2\/media?parent=683981"}],"curies":[{"name":"wp","href":"https:\/\/api.w.org\/{rel}","templated":true}]}}