{"id":683501,"date":"2023-05-31T10:21:18","date_gmt":"2023-05-31T08:21:18","guid":{"rendered":"https:\/\/www.uges-isere.fr\/?page_id=683501"},"modified":"2023-06-01T18:07:59","modified_gmt":"2023-06-01T16:07:59","slug":"projet-la-coupe-a-la-maison-fc2a","status":"publish","type":"page","link":"https:\/\/www.uges-isere.fr\/index.php\/projet-la-coupe-a-la-maison-fc2a\/","title":{"rendered":"Projet La coupe \u00e0 la maison &#8211; FC2A"},"content":{"rendered":"\n<figure class=\"wp-block-image size-large\"><img loading=\"lazy\" decoding=\"async\" width=\"1024\" height=\"576\" src=\"https:\/\/www.uges-isere.fr\/wp-content\/uploads\/2023\/05\/FC2A-3-1024x576.jpg\" alt=\"\" class=\"wp-image-683503\" srcset=\"https:\/\/www.uges-isere.fr\/wp-content\/uploads\/2023\/05\/FC2A-3-1024x576.jpg 1024w, https:\/\/www.uges-isere.fr\/wp-content\/uploads\/2023\/05\/FC2A-3-300x169.jpg 300w, https:\/\/www.uges-isere.fr\/wp-content\/uploads\/2023\/05\/FC2A-3-768x432.jpg 768w, https:\/\/www.uges-isere.fr\/wp-content\/uploads\/2023\/05\/FC2A-3-1536x864.jpg 1536w, https:\/\/www.uges-isere.fr\/wp-content\/uploads\/2023\/05\/FC2A-3-1320x743.jpg 1320w, https:\/\/www.uges-isere.fr\/wp-content\/uploads\/2023\/05\/FC2A-3.jpg 1600w\" sizes=\"auto, (max-width: 1024px) 100vw, 1024px\" \/><\/figure>\n\n\n\n<p>Il s\u2019agit de faire prendre conscience \u00e0 nos jeunes de l\u2019importance de la <strong>lutte contre toutes les formes les discriminations<\/strong>, de faire preuve de <strong>tol\u00e9rance<\/strong>, d\u2019\u00e9coute des parcours diff\u00e9rents de personnes que nous croisons tous les jours.<\/p>\n\n\n\n<p>Permettre des \u00e9changes positifs entre des publics qui ne se croisent pas.<\/p>\n\n\n\n<p>Que ses personnes \u00ab invisibles \u00bb soient consid\u00e9r\u00e9es, <strong>changer le regard des jeunes et nos b\u00e9n\u00e9voles<\/strong> sur les personnes d\u00e9munis et ou fragiles socialement.<\/p>\n\n\n\n<p>Permettre \u00e0 des publics \u00e9loign\u00e9s des pratiques sportives et \u00e9ducatives issus des QPV de l\u2019agglom\u00e9ration grenobloise de rencontrer des publics pr\u00e9caires.<\/p>\n\n\n\n<p>Nous organisons des <strong>rencontres de foot <\/strong>avec des publics fragiles ou des publics en tr\u00e8s grande pr\u00e9carit\u00e9 et de leur faire b\u00e9n\u00e9ficier d\u2019une<strong> coupe de cheveux par un professionnel<\/strong>, d\u2019apporter un<strong> r\u00e9confort<\/strong>, une <strong>dignit\u00e9 <\/strong>et une<strong> reconnaissance par l\u2019\u00e9change<\/strong>.<\/p>\n\n\n\n<p>Nous apportons des denr\u00e9es alimentaires mais \u00e9galement des produits d\u2019hygi\u00e8ne et cela sur toute l\u2019agglom\u00e9ration et le d\u00e9partement.<\/p>\n\n\n\n<p>Ce projet que nous portons avec d\u2019autres partenaires (street coif, soccer de rue,\u2026) est l\u2019occasion d\u2019\u00e9changes int\u00e9ressants autour d\u2019un travail sur la <strong>citoyennet\u00e9<\/strong>, le <strong>refus de l\u2019exclusion sociale <\/strong>et des <strong>valeurs de la R\u00e9publique<\/strong>.<\/p>\n\n\n\n<p>Nous refusons de passer sans croiser les regards, sans un sourire, sans \u00e9couter ces situations ou ces parcours de vie qui sont plus complexes ou diff\u00e9rents que d\u2019autres.<\/p>\n\n\n\n<p>Ces femmes et ces hommes m\u00e9ritent notre respect et nous avons le devoirs de leur venir en aide par toutes les actions que nous pourrons mettre en \u0153uvre \u00e0 notre niveau, \u00e9coute, sourire, moment convivial, aide financi\u00e8re, aide administrative.<\/p>\n\n\n\n<figure class=\"wp-block-image size-large\"><img loading=\"lazy\" decoding=\"async\" width=\"1024\" height=\"768\" src=\"https:\/\/www.uges-isere.fr\/wp-content\/uploads\/2023\/05\/FC2A-1-1024x768.jpg\" alt=\"\" class=\"wp-image-683504\" srcset=\"https:\/\/www.uges-isere.fr\/wp-content\/uploads\/2023\/05\/FC2A-1-1024x768.jpg 1024w, https:\/\/www.uges-isere.fr\/wp-content\/uploads\/2023\/05\/FC2A-1-300x225.jpg 300w, https:\/\/www.uges-isere.fr\/wp-content\/uploads\/2023\/05\/FC2A-1-768x576.jpg 768w, https:\/\/www.uges-isere.fr\/wp-content\/uploads\/2023\/05\/FC2A-1-1536x1152.jpg 1536w, https:\/\/www.uges-isere.fr\/wp-content\/uploads\/2023\/05\/FC2A-1-1320x990.jpg 1320w, https:\/\/www.uges-isere.fr\/wp-content\/uploads\/2023\/05\/FC2A-1.jpg 1600w\" sizes=\"auto, (max-width: 1024px) 100vw, 1024px\" \/><\/figure>\n","protected":false},"excerpt":{"rendered":"<p>Il s\u2019agit de faire prendre conscience \u00e0 nos jeunes de l\u2019importance de la lutte contre toutes les formes &hellip; <\/p>\n","protected":false},"author":8,"featured_media":0,"parent":0,"menu_order":0,"comment_status":"closed","ping_status":"closed","template":"","meta":{"_mc_calendar":[],"footnotes":""},"class_list":["post-683501","page","type-page","status-publish","hentry"],"yoast_head":"<!-- This site is optimized with the Yoast SEO plugin v27.5 - https:\/\/yoast.com\/product\/yoast-seo-wordpress\/ -->\n<title>Projet La coupe \u00e0 la maison - FC2A - D\u00e9partement de l&#039;Is\u00e8re<\/title>\n<meta name=\"robots\" content=\"index, follow, max-snippet:-1, max-image-preview:large, max-video-preview:-1\" \/>\n<link rel=\"canonical\" href=\"https:\/\/www.uges-isere.fr\/index.php\/projet-la-coupe-a-la-maison-fc2a\/\" \/>\n<meta property=\"og:locale\" content=\"fr_FR\" \/>\n<meta property=\"og:type\" content=\"article\" \/>\n<meta property=\"og:title\" content=\"Projet La coupe \u00e0 la maison - FC2A - D\u00e9partement de l&#039;Is\u00e8re\" \/>\n<meta property=\"og:description\" content=\"Il s\u2019agit de faire prendre conscience \u00e0 nos jeunes de l\u2019importance de la lutte contre toutes les formes &hellip;\" \/>\n<meta property=\"og:url\" content=\"https:\/\/www.uges-isere.fr\/index.php\/projet-la-coupe-a-la-maison-fc2a\/\" \/>\n<meta property=\"og:site_name\" content=\"D\u00e9partement de l&#039;Is\u00e8re\" \/>\n<meta property=\"article:publisher\" content=\"https:\/\/www.facebook.com\/LePrintemps38\" \/>\n<meta property=\"article:modified_time\" content=\"2023-06-01T16:07:59+00:00\" \/>\n<meta property=\"og:image\" content=\"https:\/\/www.uges-isere.fr\/wp-content\/uploads\/2023\/05\/FC2A-3-1024x576.jpg\" \/>\n<meta name=\"twitter:card\" content=\"summary_large_image\" \/>\n<meta name=\"twitter:site\" content=\"@GroupeUGES38\" \/>\n<meta name=\"twitter:label1\" content=\"Dur\u00e9e de lecture estim\u00e9e\" \/>\n\t<meta name=\"twitter:data1\" content=\"2 minutes\" \/>\n<script type=\"application\/ld+json\" class=\"yoast-schema-graph\">{\"@context\":\"https:\\\/\\\/schema.org\",\"@graph\":[{\"@type\":\"WebPage\",\"@id\":\"https:\\\/\\\/www.uges-isere.fr\\\/index.php\\\/projet-la-coupe-a-la-maison-fc2a\\\/\",\"url\":\"https:\\\/\\\/www.uges-isere.fr\\\/index.php\\\/projet-la-coupe-a-la-maison-fc2a\\\/\",\"name\":\"Projet La coupe \u00e0 la maison - FC2A - D\u00e9partement de l&#039;Is\u00e8re\",\"isPartOf\":{\"@id\":\"https:\\\/\\\/www.uges-isere.fr\\\/#website\"},\"primaryImageOfPage\":{\"@id\":\"https:\\\/\\\/www.uges-isere.fr\\\/index.php\\\/projet-la-coupe-a-la-maison-fc2a\\\/#primaryimage\"},\"image\":{\"@id\":\"https:\\\/\\\/www.uges-isere.fr\\\/index.php\\\/projet-la-coupe-a-la-maison-fc2a\\\/#primaryimage\"},\"thumbnailUrl\":\"https:\\\/\\\/www.uges-isere.fr\\\/wp-content\\\/uploads\\\/2023\\\/05\\\/FC2A-3-1024x576.jpg\",\"datePublished\":\"2023-05-31T08:21:18+00:00\",\"dateModified\":\"2023-06-01T16:07:59+00:00\",\"breadcrumb\":{\"@id\":\"https:\\\/\\\/www.uges-isere.fr\\\/index.php\\\/projet-la-coupe-a-la-maison-fc2a\\\/#breadcrumb\"},\"inLanguage\":\"fr-FR\",\"potentialAction\":[{\"@type\":\"ReadAction\",\"target\":[\"https:\\\/\\\/www.uges-isere.fr\\\/index.php\\\/projet-la-coupe-a-la-maison-fc2a\\\/\"]}]},{\"@type\":\"ImageObject\",\"inLanguage\":\"fr-FR\",\"@id\":\"https:\\\/\\\/www.uges-isere.fr\\\/index.php\\\/projet-la-coupe-a-la-maison-fc2a\\\/#primaryimage\",\"url\":\"https:\\\/\\\/www.uges-isere.fr\\\/wp-content\\\/uploads\\\/2023\\\/05\\\/FC2A-3.jpg\",\"contentUrl\":\"https:\\\/\\\/www.uges-isere.fr\\\/wp-content\\\/uploads\\\/2023\\\/05\\\/FC2A-3.jpg\",\"width\":1600,\"height\":900},{\"@type\":\"BreadcrumbList\",\"@id\":\"https:\\\/\\\/www.uges-isere.fr\\\/index.php\\\/projet-la-coupe-a-la-maison-fc2a\\\/#breadcrumb\",\"itemListElement\":[{\"@type\":\"ListItem\",\"position\":1,\"name\":\"Accueil\",\"item\":\"https:\\\/\\\/www.uges-isere.fr\\\/\"},{\"@type\":\"ListItem\",\"position\":2,\"name\":\"Projet La coupe \u00e0 la maison &#8211; FC2A\"}]},{\"@type\":\"WebSite\",\"@id\":\"https:\\\/\\\/www.uges-isere.fr\\\/#website\",\"url\":\"https:\\\/\\\/www.uges-isere.fr\\\/\",\"name\":\"D\u00e9partement de l&#039;Is\u00e8re\",\"description\":\"Groupe d&#039;opposition UGES\",\"publisher\":{\"@id\":\"https:\\\/\\\/www.uges-isere.fr\\\/#organization\"},\"potentialAction\":[{\"@type\":\"SearchAction\",\"target\":{\"@type\":\"EntryPoint\",\"urlTemplate\":\"https:\\\/\\\/www.uges-isere.fr\\\/?s={search_term_string}\"},\"query-input\":{\"@type\":\"PropertyValueSpecification\",\"valueRequired\":true,\"valueName\":\"search_term_string\"}}],\"inLanguage\":\"fr-FR\"},{\"@type\":\"Organization\",\"@id\":\"https:\\\/\\\/www.uges-isere.fr\\\/#organization\",\"name\":\"D\u00e9partement de l'Is\u00e8re\",\"url\":\"https:\\\/\\\/www.uges-isere.fr\\\/\",\"logo\":{\"@type\":\"ImageObject\",\"inLanguage\":\"fr-FR\",\"@id\":\"https:\\\/\\\/www.uges-isere.fr\\\/#\\\/schema\\\/logo\\\/image\\\/\",\"url\":\"https:\\\/\\\/www.uges-isere.fr\\\/wp-content\\\/uploads\\\/2021\\\/10\\\/logo-ok.png\",\"contentUrl\":\"https:\\\/\\\/www.uges-isere.fr\\\/wp-content\\\/uploads\\\/2021\\\/10\\\/logo-ok.png\",\"width\":2859,\"height\":1816,\"caption\":\"D\u00e9partement de l'Is\u00e8re\"},\"image\":{\"@id\":\"https:\\\/\\\/www.uges-isere.fr\\\/#\\\/schema\\\/logo\\\/image\\\/\"},\"sameAs\":[\"https:\\\/\\\/www.facebook.com\\\/LePrintemps38\",\"https:\\\/\\\/x.com\\\/GroupeUGES38\"]}]}<\/script>\n<!-- \/ Yoast SEO plugin. -->","yoast_head_json":{"title":"Projet La coupe \u00e0 la maison - FC2A - D\u00e9partement de l&#039;Is\u00e8re","robots":{"index":"index","follow":"follow","max-snippet":"max-snippet:-1","max-image-preview":"max-image-preview:large","max-video-preview":"max-video-preview:-1"},"canonical":"https:\/\/www.uges-isere.fr\/index.php\/projet-la-coupe-a-la-maison-fc2a\/","og_locale":"fr_FR","og_type":"article","og_title":"Projet La coupe \u00e0 la maison - FC2A - D\u00e9partement de l&#039;Is\u00e8re","og_description":"Il s\u2019agit de faire prendre conscience \u00e0 nos jeunes de l\u2019importance de la lutte contre toutes les formes &hellip;","og_url":"https:\/\/www.uges-isere.fr\/index.php\/projet-la-coupe-a-la-maison-fc2a\/","og_site_name":"D\u00e9partement de l&#039;Is\u00e8re","article_publisher":"https:\/\/www.facebook.com\/LePrintemps38","article_modified_time":"2023-06-01T16:07:59+00:00","og_image":[{"url":"https:\/\/www.uges-isere.fr\/wp-content\/uploads\/2023\/05\/FC2A-3-1024x576.jpg","type":"","width":"","height":""}],"twitter_card":"summary_large_image","twitter_site":"@GroupeUGES38","twitter_misc":{"Dur\u00e9e de lecture estim\u00e9e":"2 minutes"},"schema":{"@context":"https:\/\/schema.org","@graph":[{"@type":"WebPage","@id":"https:\/\/www.uges-isere.fr\/index.php\/projet-la-coupe-a-la-maison-fc2a\/","url":"https:\/\/www.uges-isere.fr\/index.php\/projet-la-coupe-a-la-maison-fc2a\/","name":"Projet La coupe \u00e0 la maison - FC2A - D\u00e9partement de l&#039;Is\u00e8re","isPartOf":{"@id":"https:\/\/www.uges-isere.fr\/#website"},"primaryImageOfPage":{"@id":"https:\/\/www.uges-isere.fr\/index.php\/projet-la-coupe-a-la-maison-fc2a\/#primaryimage"},"image":{"@id":"https:\/\/www.uges-isere.fr\/index.php\/projet-la-coupe-a-la-maison-fc2a\/#primaryimage"},"thumbnailUrl":"https:\/\/www.uges-isere.fr\/wp-content\/uploads\/2023\/05\/FC2A-3-1024x576.jpg","datePublished":"2023-05-31T08:21:18+00:00","dateModified":"2023-06-01T16:07:59+00:00","breadcrumb":{"@id":"https:\/\/www.uges-isere.fr\/index.php\/projet-la-coupe-a-la-maison-fc2a\/#breadcrumb"},"inLanguage":"fr-FR","potentialAction":[{"@type":"ReadAction","target":["https:\/\/www.uges-isere.fr\/index.php\/projet-la-coupe-a-la-maison-fc2a\/"]}]},{"@type":"ImageObject","inLanguage":"fr-FR","@id":"https:\/\/www.uges-isere.fr\/index.php\/projet-la-coupe-a-la-maison-fc2a\/#primaryimage","url":"https:\/\/www.uges-isere.fr\/wp-content\/uploads\/2023\/05\/FC2A-3.jpg","contentUrl":"https:\/\/www.uges-isere.fr\/wp-content\/uploads\/2023\/05\/FC2A-3.jpg","width":1600,"height":900},{"@type":"BreadcrumbList","@id":"https:\/\/www.uges-isere.fr\/index.php\/projet-la-coupe-a-la-maison-fc2a\/#breadcrumb","itemListElement":[{"@type":"ListItem","position":1,"name":"Accueil","item":"https:\/\/www.uges-isere.fr\/"},{"@type":"ListItem","position":2,"name":"Projet La coupe \u00e0 la maison &#8211; FC2A"}]},{"@type":"WebSite","@id":"https:\/\/www.uges-isere.fr\/#website","url":"https:\/\/www.uges-isere.fr\/","name":"D\u00e9partement de l&#039;Is\u00e8re","description":"Groupe d&#039;opposition UGES","publisher":{"@id":"https:\/\/www.uges-isere.fr\/#organization"},"potentialAction":[{"@type":"SearchAction","target":{"@type":"EntryPoint","urlTemplate":"https:\/\/www.uges-isere.fr\/?s={search_term_string}"},"query-input":{"@type":"PropertyValueSpecification","valueRequired":true,"valueName":"search_term_string"}}],"inLanguage":"fr-FR"},{"@type":"Organization","@id":"https:\/\/www.uges-isere.fr\/#organization","name":"D\u00e9partement de l'Is\u00e8re","url":"https:\/\/www.uges-isere.fr\/","logo":{"@type":"ImageObject","inLanguage":"fr-FR","@id":"https:\/\/www.uges-isere.fr\/#\/schema\/logo\/image\/","url":"https:\/\/www.uges-isere.fr\/wp-content\/uploads\/2021\/10\/logo-ok.png","contentUrl":"https:\/\/www.uges-isere.fr\/wp-content\/uploads\/2021\/10\/logo-ok.png","width":2859,"height":1816,"caption":"D\u00e9partement de l'Is\u00e8re"},"image":{"@id":"https:\/\/www.uges-isere.fr\/#\/schema\/logo\/image\/"},"sameAs":["https:\/\/www.facebook.com\/LePrintemps38","https:\/\/x.com\/GroupeUGES38"]}]}},"_links":{"self":[{"href":"https:\/\/www.uges-isere.fr\/index.php\/wp-json\/wp\/v2\/pages\/683501","targetHints":{"allow":["GET"]}}],"collection":[{"href":"https:\/\/www.uges-isere.fr\/index.php\/wp-json\/wp\/v2\/pages"}],"about":[{"href":"https:\/\/www.uges-isere.fr\/index.php\/wp-json\/wp\/v2\/types\/page"}],"author":[{"embeddable":true,"href":"https:\/\/www.uges-isere.fr\/index.php\/wp-json\/wp\/v2\/users\/8"}],"replies":[{"embeddable":true,"href":"https:\/\/www.uges-isere.fr\/index.php\/wp-json\/wp\/v2\/comments?post=683501"}],"version-history":[{"count":1,"href":"https:\/\/www.uges-isere.fr\/index.php\/wp-json\/wp\/v2\/pages\/683501\/revisions"}],"predecessor-version":[{"id":683505,"href":"https:\/\/www.uges-isere.fr\/index.php\/wp-json\/wp\/v2\/pages\/683501\/revisions\/683505"}],"wp:attachment":[{"href":"https:\/\/www.uges-isere.fr\/index.php\/wp-json\/wp\/v2\/media?parent=683501"}],"curies":[{"name":"wp","href":"https:\/\/api.w.org\/{rel}","templated":true}]}}