{"id":683471,"date":"2023-05-26T10:42:04","date_gmt":"2023-05-26T08:42:04","guid":{"rendered":"https:\/\/www.uges-isere.fr\/?page_id=683471"},"modified":"2023-06-12T16:51:44","modified_gmt":"2023-06-12T14:51:44","slug":"projet-sport-et-seconde-main-changeons-de-braquet-recyclerie-sportive","status":"publish","type":"page","link":"https:\/\/www.uges-isere.fr\/index.php\/projet-sport-et-seconde-main-changeons-de-braquet-recyclerie-sportive\/","title":{"rendered":"Projet Sport et Seconde Main : changeons de braquet &#8211; Recyclerie sportive"},"content":{"rendered":"\n<figure class=\"wp-block-image size-full\"><img loading=\"lazy\" decoding=\"async\" width=\"641\" height=\"423\" src=\"https:\/\/www.uges-isere.fr\/wp-content\/uploads\/2023\/05\/recyclerie-2.png\" alt=\"\" class=\"wp-image-683473\" srcset=\"https:\/\/www.uges-isere.fr\/wp-content\/uploads\/2023\/05\/recyclerie-2.png 641w, https:\/\/www.uges-isere.fr\/wp-content\/uploads\/2023\/05\/recyclerie-2-300x198.png 300w\" sizes=\"auto, (max-width: 641px) 100vw, 641px\" \/><\/figure>\n\n\n\n<p>Ce projet est co-port\u00e9 par l\u2019Office Municipal des Sports de Grenoble (OMS) et la Recyclerie Sportive de Grenoble. Ces 2 acteurs ont fait le choix de s\u2019engager ensemble pour <strong>promouvoir une consommation sportive raisonn\u00e9e et accessible \u00e0 tous et toutes <\/strong>et accompagner les clubs sportifs grenoblois dans <strong>une d\u00e9marche de transition \u00e9cologique<\/strong>.<\/p>\n\n\n\n<p><br>L\u2019<strong>OMS<\/strong> est une association au service des clubs sportifs et des grenoblois.es, qui :<\/p>\n\n\n\n<ul class=\"wp-block-list\">\n<li><strong>Promeut la pratique d\u2019activit\u00e9s physiques et sportives<\/strong><\/li>\n\n\n\n<li>D\u00e9veloppe u<strong>n espace ressources <\/strong>pour ses 130 clubs adh\u00e9rents<\/li>\n\n\n\n<li>Agit en faveur d&rsquo;un <strong>sport engag\u00e9<\/strong> pour la transition \u00e9cologique, la sant\u00e9, la mixit\u00e9\u2026<\/li>\n<\/ul>\n\n\n\n<p><\/p>\n\n\n\n<p>La <strong>Recyclerie Sportive <\/strong>est une association qui s\u2019engage pour <strong>r\u00e9duire les d\u00e9chets <\/strong>dans le sport, tout en <strong>promouvant \u00e0 sa pratique<\/strong>, en :<\/p>\n\n\n\n<ul class=\"wp-block-list\">\n<li><strong>Collectant <\/strong>des \u00e9quipements de sport<\/li>\n\n\n\n<li>Les <strong>valorisant <\/strong>via la r\u00e9paration, le surcyclage et la co-r\u00e9paration<\/li>\n\n\n\n<li>Les <strong>redistribuant <\/strong>dans sa boutique solidaire<\/li>\n\n\n\n<li><strong>Sensibilisant <\/strong>\u00e0 l\u2019\u00e9conomie circulaire<br><\/li>\n<\/ul>\n\n\n\n<p>La transition \u00e9cologique est une question vive dans le monde sportif associatif. D\u2019apr\u00e8s l\u2019ADEME, en France, 70 000t d\u2019articles de sport et 30 000t de cycles et trottinettes sont jet\u00e9es chaque ann\u00e9e et finissent souvent enfouies ou incin\u00e9r\u00e9es. Parmi ces \u00e9quipements, 90% pourraient \u00eatre r\u00e9employ\u00e9s.<br>L\u2019OMS et la Recyclerie Sportive cherchent \u00e0 r\u00e9pondre \u00e0 cette probl\u00e9matique, par 3 grandes actions :<\/p>\n\n\n\n<ul class=\"wp-block-list\">\n<li>Organiser des <strong>Collectes \u00e9ph\u00e9m\u00e8res<\/strong> au cours d\u2019\u00e9v\u00e8nements sportifs grenoblois, pour permettre au grand public de donner plus facilement ses \u00e9quipements de sport inutilis\u00e9s, en allant \u00e0 leur rencontre.<\/li>\n\n\n\n<li>Animer des <strong>Ateliers de sensibilisation<\/strong> sur l\u2019\u00e9conomie circulaire dans le sport, pour les clubs de sport et leurs licenci\u00e9.es, afin de changer notre regard sur les d\u00e9chets et les voir comme de potentielles ressources.<\/li>\n\n\n\n<li>Produire des <strong>Outils d\u2019accompagnement et d\u2019essaimage<\/strong>, dont un guide num\u00e9rique et papier, pour rendre visible les initiatives locales en faveur de pratiques sportives plus \u00e9cologiques.<\/li>\n<\/ul>\n\n\n\n<figure class=\"wp-block-image size-large\"><img loading=\"lazy\" decoding=\"async\" width=\"1024\" height=\"683\" src=\"https:\/\/www.uges-isere.fr\/wp-content\/uploads\/2023\/05\/recyclerie-1-1024x683.jpg\" alt=\"\" class=\"wp-image-683474\" srcset=\"https:\/\/www.uges-isere.fr\/wp-content\/uploads\/2023\/05\/recyclerie-1-1024x683.jpg 1024w, https:\/\/www.uges-isere.fr\/wp-content\/uploads\/2023\/05\/recyclerie-1-300x200.jpg 300w, https:\/\/www.uges-isere.fr\/wp-content\/uploads\/2023\/05\/recyclerie-1-768x512.jpg 768w, https:\/\/www.uges-isere.fr\/wp-content\/uploads\/2023\/05\/recyclerie-1-1536x1024.jpg 1536w, https:\/\/www.uges-isere.fr\/wp-content\/uploads\/2023\/05\/recyclerie-1-2048x1365.jpg 2048w, https:\/\/www.uges-isere.fr\/wp-content\/uploads\/2023\/05\/recyclerie-1-1320x880.jpg 1320w\" sizes=\"auto, (max-width: 1024px) 100vw, 1024px\" \/><\/figure>\n","protected":false},"excerpt":{"rendered":"<p>Ce projet est co-port\u00e9 par l\u2019Office Municipal des Sports de Grenoble (OMS) et la Recyclerie Sportive de Grenoble. &hellip; <\/p>\n","protected":false},"author":8,"featured_media":0,"parent":0,"menu_order":0,"comment_status":"closed","ping_status":"closed","template":"","meta":{"_mc_calendar":[],"footnotes":""},"class_list":["post-683471","page","type-page","status-publish","hentry"],"yoast_head":"<!-- This site is optimized with the Yoast SEO plugin v27.5 - https:\/\/yoast.com\/product\/yoast-seo-wordpress\/ -->\n<title>Projet Sport et Seconde Main : changeons de braquet - Recyclerie sportive - D\u00e9partement de l&#039;Is\u00e8re<\/title>\n<meta name=\"robots\" content=\"index, follow, max-snippet:-1, max-image-preview:large, max-video-preview:-1\" \/>\n<link rel=\"canonical\" href=\"https:\/\/www.uges-isere.fr\/index.php\/projet-sport-et-seconde-main-changeons-de-braquet-recyclerie-sportive\/\" \/>\n<meta property=\"og:locale\" content=\"fr_FR\" \/>\n<meta property=\"og:type\" content=\"article\" \/>\n<meta property=\"og:title\" content=\"Projet Sport et Seconde Main : changeons de braquet - Recyclerie sportive - D\u00e9partement de l&#039;Is\u00e8re\" \/>\n<meta property=\"og:description\" content=\"Ce projet est co-port\u00e9 par l\u2019Office Municipal des Sports de Grenoble (OMS) et la Recyclerie Sportive de Grenoble. &hellip;\" \/>\n<meta property=\"og:url\" content=\"https:\/\/www.uges-isere.fr\/index.php\/projet-sport-et-seconde-main-changeons-de-braquet-recyclerie-sportive\/\" \/>\n<meta property=\"og:site_name\" content=\"D\u00e9partement de l&#039;Is\u00e8re\" \/>\n<meta property=\"article:publisher\" content=\"https:\/\/www.facebook.com\/LePrintemps38\" \/>\n<meta property=\"article:modified_time\" content=\"2023-06-12T14:51:44+00:00\" \/>\n<meta property=\"og:image\" content=\"https:\/\/www.uges-isere.fr\/wp-content\/uploads\/2023\/05\/recyclerie-2.png\" \/>\n<meta name=\"twitter:card\" content=\"summary_large_image\" \/>\n<meta name=\"twitter:site\" content=\"@GroupeUGES38\" \/>\n<meta name=\"twitter:label1\" content=\"Dur\u00e9e de lecture estim\u00e9e\" \/>\n\t<meta name=\"twitter:data1\" content=\"2 minutes\" \/>\n<script type=\"application\/ld+json\" class=\"yoast-schema-graph\">{\"@context\":\"https:\\\/\\\/schema.org\",\"@graph\":[{\"@type\":\"WebPage\",\"@id\":\"https:\\\/\\\/www.uges-isere.fr\\\/index.php\\\/projet-sport-et-seconde-main-changeons-de-braquet-recyclerie-sportive\\\/\",\"url\":\"https:\\\/\\\/www.uges-isere.fr\\\/index.php\\\/projet-sport-et-seconde-main-changeons-de-braquet-recyclerie-sportive\\\/\",\"name\":\"Projet Sport et Seconde Main : changeons de braquet - Recyclerie sportive - D\u00e9partement de l&#039;Is\u00e8re\",\"isPartOf\":{\"@id\":\"https:\\\/\\\/www.uges-isere.fr\\\/#website\"},\"primaryImageOfPage\":{\"@id\":\"https:\\\/\\\/www.uges-isere.fr\\\/index.php\\\/projet-sport-et-seconde-main-changeons-de-braquet-recyclerie-sportive\\\/#primaryimage\"},\"image\":{\"@id\":\"https:\\\/\\\/www.uges-isere.fr\\\/index.php\\\/projet-sport-et-seconde-main-changeons-de-braquet-recyclerie-sportive\\\/#primaryimage\"},\"thumbnailUrl\":\"https:\\\/\\\/www.uges-isere.fr\\\/wp-content\\\/uploads\\\/2023\\\/05\\\/recyclerie-2.png\",\"datePublished\":\"2023-05-26T08:42:04+00:00\",\"dateModified\":\"2023-06-12T14:51:44+00:00\",\"breadcrumb\":{\"@id\":\"https:\\\/\\\/www.uges-isere.fr\\\/index.php\\\/projet-sport-et-seconde-main-changeons-de-braquet-recyclerie-sportive\\\/#breadcrumb\"},\"inLanguage\":\"fr-FR\",\"potentialAction\":[{\"@type\":\"ReadAction\",\"target\":[\"https:\\\/\\\/www.uges-isere.fr\\\/index.php\\\/projet-sport-et-seconde-main-changeons-de-braquet-recyclerie-sportive\\\/\"]}]},{\"@type\":\"ImageObject\",\"inLanguage\":\"fr-FR\",\"@id\":\"https:\\\/\\\/www.uges-isere.fr\\\/index.php\\\/projet-sport-et-seconde-main-changeons-de-braquet-recyclerie-sportive\\\/#primaryimage\",\"url\":\"https:\\\/\\\/www.uges-isere.fr\\\/wp-content\\\/uploads\\\/2023\\\/05\\\/recyclerie-2.png\",\"contentUrl\":\"https:\\\/\\\/www.uges-isere.fr\\\/wp-content\\\/uploads\\\/2023\\\/05\\\/recyclerie-2.png\",\"width\":641,\"height\":423},{\"@type\":\"BreadcrumbList\",\"@id\":\"https:\\\/\\\/www.uges-isere.fr\\\/index.php\\\/projet-sport-et-seconde-main-changeons-de-braquet-recyclerie-sportive\\\/#breadcrumb\",\"itemListElement\":[{\"@type\":\"ListItem\",\"position\":1,\"name\":\"Accueil\",\"item\":\"https:\\\/\\\/www.uges-isere.fr\\\/\"},{\"@type\":\"ListItem\",\"position\":2,\"name\":\"Projet Sport et Seconde Main : changeons de braquet &#8211; Recyclerie sportive\"}]},{\"@type\":\"WebSite\",\"@id\":\"https:\\\/\\\/www.uges-isere.fr\\\/#website\",\"url\":\"https:\\\/\\\/www.uges-isere.fr\\\/\",\"name\":\"D\u00e9partement de l&#039;Is\u00e8re\",\"description\":\"Groupe d&#039;opposition UGES\",\"publisher\":{\"@id\":\"https:\\\/\\\/www.uges-isere.fr\\\/#organization\"},\"potentialAction\":[{\"@type\":\"SearchAction\",\"target\":{\"@type\":\"EntryPoint\",\"urlTemplate\":\"https:\\\/\\\/www.uges-isere.fr\\\/?s={search_term_string}\"},\"query-input\":{\"@type\":\"PropertyValueSpecification\",\"valueRequired\":true,\"valueName\":\"search_term_string\"}}],\"inLanguage\":\"fr-FR\"},{\"@type\":\"Organization\",\"@id\":\"https:\\\/\\\/www.uges-isere.fr\\\/#organization\",\"name\":\"D\u00e9partement de l'Is\u00e8re\",\"url\":\"https:\\\/\\\/www.uges-isere.fr\\\/\",\"logo\":{\"@type\":\"ImageObject\",\"inLanguage\":\"fr-FR\",\"@id\":\"https:\\\/\\\/www.uges-isere.fr\\\/#\\\/schema\\\/logo\\\/image\\\/\",\"url\":\"https:\\\/\\\/www.uges-isere.fr\\\/wp-content\\\/uploads\\\/2021\\\/10\\\/logo-ok.png\",\"contentUrl\":\"https:\\\/\\\/www.uges-isere.fr\\\/wp-content\\\/uploads\\\/2021\\\/10\\\/logo-ok.png\",\"width\":2859,\"height\":1816,\"caption\":\"D\u00e9partement de l'Is\u00e8re\"},\"image\":{\"@id\":\"https:\\\/\\\/www.uges-isere.fr\\\/#\\\/schema\\\/logo\\\/image\\\/\"},\"sameAs\":[\"https:\\\/\\\/www.facebook.com\\\/LePrintemps38\",\"https:\\\/\\\/x.com\\\/GroupeUGES38\"]}]}<\/script>\n<!-- \/ Yoast SEO plugin. -->","yoast_head_json":{"title":"Projet Sport et Seconde Main : changeons de braquet - Recyclerie sportive - D\u00e9partement de l&#039;Is\u00e8re","robots":{"index":"index","follow":"follow","max-snippet":"max-snippet:-1","max-image-preview":"max-image-preview:large","max-video-preview":"max-video-preview:-1"},"canonical":"https:\/\/www.uges-isere.fr\/index.php\/projet-sport-et-seconde-main-changeons-de-braquet-recyclerie-sportive\/","og_locale":"fr_FR","og_type":"article","og_title":"Projet Sport et Seconde Main : changeons de braquet - Recyclerie sportive - D\u00e9partement de l&#039;Is\u00e8re","og_description":"Ce projet est co-port\u00e9 par l\u2019Office Municipal des Sports de Grenoble (OMS) et la Recyclerie Sportive de Grenoble. &hellip;","og_url":"https:\/\/www.uges-isere.fr\/index.php\/projet-sport-et-seconde-main-changeons-de-braquet-recyclerie-sportive\/","og_site_name":"D\u00e9partement de l&#039;Is\u00e8re","article_publisher":"https:\/\/www.facebook.com\/LePrintemps38","article_modified_time":"2023-06-12T14:51:44+00:00","og_image":[{"url":"https:\/\/www.uges-isere.fr\/wp-content\/uploads\/2023\/05\/recyclerie-2.png","type":"","width":"","height":""}],"twitter_card":"summary_large_image","twitter_site":"@GroupeUGES38","twitter_misc":{"Dur\u00e9e de lecture estim\u00e9e":"2 minutes"},"schema":{"@context":"https:\/\/schema.org","@graph":[{"@type":"WebPage","@id":"https:\/\/www.uges-isere.fr\/index.php\/projet-sport-et-seconde-main-changeons-de-braquet-recyclerie-sportive\/","url":"https:\/\/www.uges-isere.fr\/index.php\/projet-sport-et-seconde-main-changeons-de-braquet-recyclerie-sportive\/","name":"Projet Sport et Seconde Main : changeons de braquet - Recyclerie sportive - D\u00e9partement de l&#039;Is\u00e8re","isPartOf":{"@id":"https:\/\/www.uges-isere.fr\/#website"},"primaryImageOfPage":{"@id":"https:\/\/www.uges-isere.fr\/index.php\/projet-sport-et-seconde-main-changeons-de-braquet-recyclerie-sportive\/#primaryimage"},"image":{"@id":"https:\/\/www.uges-isere.fr\/index.php\/projet-sport-et-seconde-main-changeons-de-braquet-recyclerie-sportive\/#primaryimage"},"thumbnailUrl":"https:\/\/www.uges-isere.fr\/wp-content\/uploads\/2023\/05\/recyclerie-2.png","datePublished":"2023-05-26T08:42:04+00:00","dateModified":"2023-06-12T14:51:44+00:00","breadcrumb":{"@id":"https:\/\/www.uges-isere.fr\/index.php\/projet-sport-et-seconde-main-changeons-de-braquet-recyclerie-sportive\/#breadcrumb"},"inLanguage":"fr-FR","potentialAction":[{"@type":"ReadAction","target":["https:\/\/www.uges-isere.fr\/index.php\/projet-sport-et-seconde-main-changeons-de-braquet-recyclerie-sportive\/"]}]},{"@type":"ImageObject","inLanguage":"fr-FR","@id":"https:\/\/www.uges-isere.fr\/index.php\/projet-sport-et-seconde-main-changeons-de-braquet-recyclerie-sportive\/#primaryimage","url":"https:\/\/www.uges-isere.fr\/wp-content\/uploads\/2023\/05\/recyclerie-2.png","contentUrl":"https:\/\/www.uges-isere.fr\/wp-content\/uploads\/2023\/05\/recyclerie-2.png","width":641,"height":423},{"@type":"BreadcrumbList","@id":"https:\/\/www.uges-isere.fr\/index.php\/projet-sport-et-seconde-main-changeons-de-braquet-recyclerie-sportive\/#breadcrumb","itemListElement":[{"@type":"ListItem","position":1,"name":"Accueil","item":"https:\/\/www.uges-isere.fr\/"},{"@type":"ListItem","position":2,"name":"Projet Sport et Seconde Main : changeons de braquet &#8211; Recyclerie sportive"}]},{"@type":"WebSite","@id":"https:\/\/www.uges-isere.fr\/#website","url":"https:\/\/www.uges-isere.fr\/","name":"D\u00e9partement de l&#039;Is\u00e8re","description":"Groupe d&#039;opposition UGES","publisher":{"@id":"https:\/\/www.uges-isere.fr\/#organization"},"potentialAction":[{"@type":"SearchAction","target":{"@type":"EntryPoint","urlTemplate":"https:\/\/www.uges-isere.fr\/?s={search_term_string}"},"query-input":{"@type":"PropertyValueSpecification","valueRequired":true,"valueName":"search_term_string"}}],"inLanguage":"fr-FR"},{"@type":"Organization","@id":"https:\/\/www.uges-isere.fr\/#organization","name":"D\u00e9partement de l'Is\u00e8re","url":"https:\/\/www.uges-isere.fr\/","logo":{"@type":"ImageObject","inLanguage":"fr-FR","@id":"https:\/\/www.uges-isere.fr\/#\/schema\/logo\/image\/","url":"https:\/\/www.uges-isere.fr\/wp-content\/uploads\/2021\/10\/logo-ok.png","contentUrl":"https:\/\/www.uges-isere.fr\/wp-content\/uploads\/2021\/10\/logo-ok.png","width":2859,"height":1816,"caption":"D\u00e9partement de l'Is\u00e8re"},"image":{"@id":"https:\/\/www.uges-isere.fr\/#\/schema\/logo\/image\/"},"sameAs":["https:\/\/www.facebook.com\/LePrintemps38","https:\/\/x.com\/GroupeUGES38"]}]}},"_links":{"self":[{"href":"https:\/\/www.uges-isere.fr\/index.php\/wp-json\/wp\/v2\/pages\/683471","targetHints":{"allow":["GET"]}}],"collection":[{"href":"https:\/\/www.uges-isere.fr\/index.php\/wp-json\/wp\/v2\/pages"}],"about":[{"href":"https:\/\/www.uges-isere.fr\/index.php\/wp-json\/wp\/v2\/types\/page"}],"author":[{"embeddable":true,"href":"https:\/\/www.uges-isere.fr\/index.php\/wp-json\/wp\/v2\/users\/8"}],"replies":[{"embeddable":true,"href":"https:\/\/www.uges-isere.fr\/index.php\/wp-json\/wp\/v2\/comments?post=683471"}],"version-history":[{"count":6,"href":"https:\/\/www.uges-isere.fr\/index.php\/wp-json\/wp\/v2\/pages\/683471\/revisions"}],"predecessor-version":[{"id":683676,"href":"https:\/\/www.uges-isere.fr\/index.php\/wp-json\/wp\/v2\/pages\/683471\/revisions\/683676"}],"wp:attachment":[{"href":"https:\/\/www.uges-isere.fr\/index.php\/wp-json\/wp\/v2\/media?parent=683471"}],"curies":[{"name":"wp","href":"https:\/\/api.w.org\/{rel}","templated":true}]}}