{"id":683421,"date":"2023-05-23T15:51:45","date_gmt":"2023-05-23T13:51:45","guid":{"rendered":"https:\/\/www.uges-isere.fr\/?page_id=683421"},"modified":"2023-06-01T18:06:10","modified_gmt":"2023-06-01T16:06:10","slug":"projet-ateliers-artistiques-solexine","status":"publish","type":"page","link":"https:\/\/www.uges-isere.fr\/index.php\/projet-ateliers-artistiques-solexine\/","title":{"rendered":"Projet Ateliers artistiques &#8211; Solexine"},"content":{"rendered":"\n<figure class=\"wp-block-image size-large\"><img loading=\"lazy\" decoding=\"async\" width=\"1024\" height=\"768\" src=\"https:\/\/www.uges-isere.fr\/wp-content\/uploads\/2023\/05\/Solexinep3-1024x768.jpg\" alt=\"\" class=\"wp-image-683423\" srcset=\"https:\/\/www.uges-isere.fr\/wp-content\/uploads\/2023\/05\/Solexinep3-1024x768.jpg 1024w, https:\/\/www.uges-isere.fr\/wp-content\/uploads\/2023\/05\/Solexinep3-300x225.jpg 300w, https:\/\/www.uges-isere.fr\/wp-content\/uploads\/2023\/05\/Solexinep3-768x576.jpg 768w, https:\/\/www.uges-isere.fr\/wp-content\/uploads\/2023\/05\/Solexinep3-1536x1152.jpg 1536w, https:\/\/www.uges-isere.fr\/wp-content\/uploads\/2023\/05\/Solexinep3-1320x990.jpg 1320w, https:\/\/www.uges-isere.fr\/wp-content\/uploads\/2023\/05\/Solexinep3.jpg 2000w\" sizes=\"auto, (max-width: 1024px) 100vw, 1024px\" \/><\/figure>\n\n\n\n<p><strong>L\u2019association Solexine&nbsp;<\/strong>agit dans les champs de l\u2019\u00e9ducation populaire, de l\u2019accompagnement vers l\u2019insertion sociale et professionnelle et du d\u00e9veloppement culturel. Chaque semaine, <strong>Solexine propose sept ateliers artistiques anim\u00e9s par des artistes professionnels<\/strong> : deux heures en apr\u00e8s-midi de cr\u00e9ation, de plaisir. <\/p>\n\n\n\n<ul class=\"wp-block-list\">\n<li>Terre<\/li>\n<\/ul>\n\n\n\n<p>Un mot, des images et sur les indications de Marie-Odile nos mains s\u2019emparent de la terre. La terre glisse entre nos doigts et parfois r\u00e9siste. Un peu de barbotine, un peigne qui grigne la paroi pour rajouter une feuille, un pic ou quelque chose d\u2019autres. Toutes les 2 ou 3 s\u00e9ances, nous changeons de th\u00e8me.<\/p>\n\n\n\n<ul class=\"wp-block-list\">\n<li>\u00c9criture<\/li>\n<\/ul>\n\n\n\n<p>\u00c9lisabeth fait fleurir individuellement les participant.es de l\u2019atelier. <em>&nbsp;\u00ab&nbsp;Et, si moi, je m\u2019autorisais \u00e0 dire, \u00e0 raconter, \u00e0 \u00e9crire sur une feuille blanche&nbsp;\u00bb<\/em>. D\u2019autres personnes ont eu cette pens\u00e9e et ont rejoint l\u2019atelier.<\/p>\n\n\n\n<ul class=\"wp-block-list\">\n<li>Th\u00e9\u00e2tre<\/li>\n<\/ul>\n\n\n\n<p>Notre envie de partager une repr\u00e9sentation avec les spectateur.ices\u2026 &nbsp;<em>\u00ab&nbsp;Qu\u2019est-ce que c\u2019est agr\u00e9able de se sentir soutenu sans jugement&nbsp;\u00bb<\/em><\/p>\n\n\n\n<ul class=\"wp-block-list\">\n<li>Clown<\/li>\n<\/ul>\n\n\n\n<p>Figure attrayante et original du monde du spectacle qui nous oblige \u00e0 exprimer individuellement sa personnalit\u00e9. Parfois, on cherche son \u00ab&nbsp;clown&nbsp;\u00bb puis on le trouve.<\/p>\n\n\n\n<ul class=\"wp-block-list\">\n<li>Arts plastiques<\/li>\n<\/ul>\n\n\n\n<p>\u00ab&nbsp;<em>Je ne sais pas dessiner<\/em>&nbsp;\u00bb Viens et tu verras. On exp\u00e9rimente diff\u00e9rentes techniques. En plusieurs s\u00e9ances, mon poisson est devenu f\u00e9erique.<\/p>\n\n\n\n<ul class=\"wp-block-list\">\n<li>Lecture \u00e0 voix haute<\/li>\n<\/ul>\n\n\n\n<p>Le livre lu est choisi dans la liste propos\u00e9e par l\u2019\u00e9quipe du printemps du livre. Il nous est offert la possibilit\u00e9 de rencontrer l\u2019auteur dans des conditions particuli\u00e8res.<\/p>\n\n\n\n<ul class=\"wp-block-list\">\n<li>Chant<\/li>\n<\/ul>\n\n\n\n<p>Quelques chansons d\u00e9j\u00e0 travaill\u00e9es l\u2019an dernier, nous rassurent. Mais on a aussi d\u00e9couvert un r\u00e9pertoire diff\u00e9rent. Nous chanterons avec plaisir pour nos voisin.es.<\/p>\n\n\n\n<p><strong>Parall\u00e8lement aux ateliers artistiques, Solexine poursuit les r\u00e9sidences de cr\u00e9ation.<\/strong><\/p>\n\n\n\n<p>Apr\u00e8s la r\u00e9sidence \u00ab&nbsp;Chante&nbsp;\u00bb renouveler l\u2019aventure collective de cr\u00e9ation artistique. Pour la deuxi\u00e8me ann\u00e9e, Christiane Blaise nous propose de bouger ensemble. Quand une chor\u00e9graphe vous propose de danser deux week-ends de suite, on se demande si on va pouvoir participer&nbsp;; et comme \u00e0 chaque fois \u00e0 Solexine on s\u2019\u00e9tonne de d\u00e9couvrir nos possibilit\u00e9s. On a m\u00eame cr\u00e9\u00e9, nous-m\u00eame, une dizaine de minutes d\u2019un spectacle collectif.<\/p>\n\n\n\n<p><strong>La vie de l&rsquo;association Solexine s&rsquo;inscrit dans le territoire avec d&rsquo;autres structures :<\/strong><\/p>\n\n\n\n<ul class=\"wp-block-list\">\n<li>\u00c0 la salle noire \u00e0 deux pas de nos locaux, nous avons chant\u00e9 nos chansons du CD \u00c9pic\u00e9a devant pr\u00e8s d\u2019une centaine de personnes. C\u2019\u00e9tait <strong>Notre Concert<\/strong>. Pour certain.es adh\u00e9rent.es, c\u2019\u00e9tait la premi\u00e8re fois qu\u2019ils \u00e9coutaient des chants en direct.<\/li>\n\n\n\n<li>Au sein de la Maison Des Habitants, des adh\u00e9rent.es participent au bistro culture.<\/li>\n\n\n\n<li>Le Centre d\u2019Art Contemporain \u00ab&nbsp;le magasin&nbsp;\u00bb rouvre ses portes. Nous poursuivrons les liens que nous avions, auparavant, d\u00e9j\u00e0 tiss\u00e9s.<\/li>\n\n\n\n<li>Avec le mus\u00e9e d\u2019art moderne de Grenoble visite des expositions temporaires.<\/li>\n\n\n\n<li>\u00c0 St Egr\u00e8ve avec l\u2019association les CE tissent la toile, nous avons expos\u00e9 les statues issues d\u2019une r\u00e9sidence de cr\u00e9ation terre.<\/li>\n<\/ul>\n\n\n\n<p>Solexine c&rsquo;est \u00e9galement trois temps forts pour la participation des adh\u00e9rent.es \u00e0 la vie de l&rsquo;association : repas partag\u00e9, conseil de maison, conseil d\u2019administration.<\/p>\n\n\n\n<figure class=\"wp-block-image size-large\"><img loading=\"lazy\" decoding=\"async\" width=\"1024\" height=\"684\" src=\"https:\/\/www.uges-isere.fr\/wp-content\/uploads\/2023\/05\/Solexinep2-1024x684.jpg\" alt=\"\" class=\"wp-image-683424\" srcset=\"https:\/\/www.uges-isere.fr\/wp-content\/uploads\/2023\/05\/Solexinep2-1024x684.jpg 1024w, https:\/\/www.uges-isere.fr\/wp-content\/uploads\/2023\/05\/Solexinep2-300x200.jpg 300w, https:\/\/www.uges-isere.fr\/wp-content\/uploads\/2023\/05\/Solexinep2-768x513.jpg 768w, https:\/\/www.uges-isere.fr\/wp-content\/uploads\/2023\/05\/Solexinep2-1536x1025.jpg 1536w, https:\/\/www.uges-isere.fr\/wp-content\/uploads\/2023\/05\/Solexinep2-2048x1367.jpg 2048w, https:\/\/www.uges-isere.fr\/wp-content\/uploads\/2023\/05\/Solexinep2-1320x881.jpg 1320w\" sizes=\"auto, (max-width: 1024px) 100vw, 1024px\" \/><\/figure>\n","protected":false},"excerpt":{"rendered":"<p>L\u2019association Solexine&nbsp;agit dans les champs de l\u2019\u00e9ducation populaire, de l\u2019accompagnement vers l\u2019insertion sociale et professionnelle et du d\u00e9veloppement &hellip; <\/p>\n","protected":false},"author":8,"featured_media":0,"parent":0,"menu_order":0,"comment_status":"closed","ping_status":"closed","template":"","meta":{"_mc_calendar":[],"footnotes":""},"class_list":["post-683421","page","type-page","status-publish","hentry"],"yoast_head":"<!-- This site is optimized with the Yoast SEO plugin v27.5 - https:\/\/yoast.com\/product\/yoast-seo-wordpress\/ -->\n<title>Projet Ateliers artistiques - Solexine - D\u00e9partement de l&#039;Is\u00e8re<\/title>\n<meta name=\"robots\" content=\"index, follow, max-snippet:-1, max-image-preview:large, max-video-preview:-1\" \/>\n<link rel=\"canonical\" href=\"https:\/\/www.uges-isere.fr\/index.php\/projet-ateliers-artistiques-solexine\/\" \/>\n<meta property=\"og:locale\" content=\"fr_FR\" \/>\n<meta property=\"og:type\" content=\"article\" \/>\n<meta property=\"og:title\" content=\"Projet Ateliers artistiques - Solexine - D\u00e9partement de l&#039;Is\u00e8re\" \/>\n<meta property=\"og:description\" content=\"L\u2019association Solexine&nbsp;agit dans les champs de l\u2019\u00e9ducation populaire, de l\u2019accompagnement vers l\u2019insertion sociale et professionnelle et du d\u00e9veloppement &hellip;\" \/>\n<meta property=\"og:url\" content=\"https:\/\/www.uges-isere.fr\/index.php\/projet-ateliers-artistiques-solexine\/\" \/>\n<meta property=\"og:site_name\" content=\"D\u00e9partement de l&#039;Is\u00e8re\" \/>\n<meta property=\"article:publisher\" content=\"https:\/\/www.facebook.com\/LePrintemps38\" \/>\n<meta property=\"article:modified_time\" content=\"2023-06-01T16:06:10+00:00\" \/>\n<meta property=\"og:image\" content=\"https:\/\/www.uges-isere.fr\/wp-content\/uploads\/2023\/05\/Solexinep3-1024x768.jpg\" \/>\n<meta name=\"twitter:card\" content=\"summary_large_image\" \/>\n<meta name=\"twitter:site\" content=\"@GroupeUGES38\" \/>\n<meta name=\"twitter:label1\" content=\"Dur\u00e9e de lecture estim\u00e9e\" \/>\n\t<meta name=\"twitter:data1\" content=\"3 minutes\" \/>\n<script type=\"application\/ld+json\" class=\"yoast-schema-graph\">{\"@context\":\"https:\\\/\\\/schema.org\",\"@graph\":[{\"@type\":\"WebPage\",\"@id\":\"https:\\\/\\\/www.uges-isere.fr\\\/index.php\\\/projet-ateliers-artistiques-solexine\\\/\",\"url\":\"https:\\\/\\\/www.uges-isere.fr\\\/index.php\\\/projet-ateliers-artistiques-solexine\\\/\",\"name\":\"Projet Ateliers artistiques - Solexine - D\u00e9partement de l&#039;Is\u00e8re\",\"isPartOf\":{\"@id\":\"https:\\\/\\\/www.uges-isere.fr\\\/#website\"},\"primaryImageOfPage\":{\"@id\":\"https:\\\/\\\/www.uges-isere.fr\\\/index.php\\\/projet-ateliers-artistiques-solexine\\\/#primaryimage\"},\"image\":{\"@id\":\"https:\\\/\\\/www.uges-isere.fr\\\/index.php\\\/projet-ateliers-artistiques-solexine\\\/#primaryimage\"},\"thumbnailUrl\":\"https:\\\/\\\/www.uges-isere.fr\\\/wp-content\\\/uploads\\\/2023\\\/05\\\/Solexinep3-1024x768.jpg\",\"datePublished\":\"2023-05-23T13:51:45+00:00\",\"dateModified\":\"2023-06-01T16:06:10+00:00\",\"breadcrumb\":{\"@id\":\"https:\\\/\\\/www.uges-isere.fr\\\/index.php\\\/projet-ateliers-artistiques-solexine\\\/#breadcrumb\"},\"inLanguage\":\"fr-FR\",\"potentialAction\":[{\"@type\":\"ReadAction\",\"target\":[\"https:\\\/\\\/www.uges-isere.fr\\\/index.php\\\/projet-ateliers-artistiques-solexine\\\/\"]}]},{\"@type\":\"ImageObject\",\"inLanguage\":\"fr-FR\",\"@id\":\"https:\\\/\\\/www.uges-isere.fr\\\/index.php\\\/projet-ateliers-artistiques-solexine\\\/#primaryimage\",\"url\":\"https:\\\/\\\/www.uges-isere.fr\\\/wp-content\\\/uploads\\\/2023\\\/05\\\/Solexinep3.jpg\",\"contentUrl\":\"https:\\\/\\\/www.uges-isere.fr\\\/wp-content\\\/uploads\\\/2023\\\/05\\\/Solexinep3.jpg\",\"width\":2000,\"height\":1500},{\"@type\":\"BreadcrumbList\",\"@id\":\"https:\\\/\\\/www.uges-isere.fr\\\/index.php\\\/projet-ateliers-artistiques-solexine\\\/#breadcrumb\",\"itemListElement\":[{\"@type\":\"ListItem\",\"position\":1,\"name\":\"Accueil\",\"item\":\"https:\\\/\\\/www.uges-isere.fr\\\/\"},{\"@type\":\"ListItem\",\"position\":2,\"name\":\"Projet Ateliers artistiques &#8211; Solexine\"}]},{\"@type\":\"WebSite\",\"@id\":\"https:\\\/\\\/www.uges-isere.fr\\\/#website\",\"url\":\"https:\\\/\\\/www.uges-isere.fr\\\/\",\"name\":\"D\u00e9partement de l&#039;Is\u00e8re\",\"description\":\"Groupe d&#039;opposition UGES\",\"publisher\":{\"@id\":\"https:\\\/\\\/www.uges-isere.fr\\\/#organization\"},\"potentialAction\":[{\"@type\":\"SearchAction\",\"target\":{\"@type\":\"EntryPoint\",\"urlTemplate\":\"https:\\\/\\\/www.uges-isere.fr\\\/?s={search_term_string}\"},\"query-input\":{\"@type\":\"PropertyValueSpecification\",\"valueRequired\":true,\"valueName\":\"search_term_string\"}}],\"inLanguage\":\"fr-FR\"},{\"@type\":\"Organization\",\"@id\":\"https:\\\/\\\/www.uges-isere.fr\\\/#organization\",\"name\":\"D\u00e9partement de l'Is\u00e8re\",\"url\":\"https:\\\/\\\/www.uges-isere.fr\\\/\",\"logo\":{\"@type\":\"ImageObject\",\"inLanguage\":\"fr-FR\",\"@id\":\"https:\\\/\\\/www.uges-isere.fr\\\/#\\\/schema\\\/logo\\\/image\\\/\",\"url\":\"https:\\\/\\\/www.uges-isere.fr\\\/wp-content\\\/uploads\\\/2021\\\/10\\\/logo-ok.png\",\"contentUrl\":\"https:\\\/\\\/www.uges-isere.fr\\\/wp-content\\\/uploads\\\/2021\\\/10\\\/logo-ok.png\",\"width\":2859,\"height\":1816,\"caption\":\"D\u00e9partement de l'Is\u00e8re\"},\"image\":{\"@id\":\"https:\\\/\\\/www.uges-isere.fr\\\/#\\\/schema\\\/logo\\\/image\\\/\"},\"sameAs\":[\"https:\\\/\\\/www.facebook.com\\\/LePrintemps38\",\"https:\\\/\\\/x.com\\\/GroupeUGES38\"]}]}<\/script>\n<!-- \/ Yoast SEO plugin. -->","yoast_head_json":{"title":"Projet Ateliers artistiques - Solexine - D\u00e9partement de l&#039;Is\u00e8re","robots":{"index":"index","follow":"follow","max-snippet":"max-snippet:-1","max-image-preview":"max-image-preview:large","max-video-preview":"max-video-preview:-1"},"canonical":"https:\/\/www.uges-isere.fr\/index.php\/projet-ateliers-artistiques-solexine\/","og_locale":"fr_FR","og_type":"article","og_title":"Projet Ateliers artistiques - Solexine - D\u00e9partement de l&#039;Is\u00e8re","og_description":"L\u2019association Solexine&nbsp;agit dans les champs de l\u2019\u00e9ducation populaire, de l\u2019accompagnement vers l\u2019insertion sociale et professionnelle et du d\u00e9veloppement &hellip;","og_url":"https:\/\/www.uges-isere.fr\/index.php\/projet-ateliers-artistiques-solexine\/","og_site_name":"D\u00e9partement de l&#039;Is\u00e8re","article_publisher":"https:\/\/www.facebook.com\/LePrintemps38","article_modified_time":"2023-06-01T16:06:10+00:00","og_image":[{"url":"https:\/\/www.uges-isere.fr\/wp-content\/uploads\/2023\/05\/Solexinep3-1024x768.jpg","type":"","width":"","height":""}],"twitter_card":"summary_large_image","twitter_site":"@GroupeUGES38","twitter_misc":{"Dur\u00e9e de lecture estim\u00e9e":"3 minutes"},"schema":{"@context":"https:\/\/schema.org","@graph":[{"@type":"WebPage","@id":"https:\/\/www.uges-isere.fr\/index.php\/projet-ateliers-artistiques-solexine\/","url":"https:\/\/www.uges-isere.fr\/index.php\/projet-ateliers-artistiques-solexine\/","name":"Projet Ateliers artistiques - Solexine - D\u00e9partement de l&#039;Is\u00e8re","isPartOf":{"@id":"https:\/\/www.uges-isere.fr\/#website"},"primaryImageOfPage":{"@id":"https:\/\/www.uges-isere.fr\/index.php\/projet-ateliers-artistiques-solexine\/#primaryimage"},"image":{"@id":"https:\/\/www.uges-isere.fr\/index.php\/projet-ateliers-artistiques-solexine\/#primaryimage"},"thumbnailUrl":"https:\/\/www.uges-isere.fr\/wp-content\/uploads\/2023\/05\/Solexinep3-1024x768.jpg","datePublished":"2023-05-23T13:51:45+00:00","dateModified":"2023-06-01T16:06:10+00:00","breadcrumb":{"@id":"https:\/\/www.uges-isere.fr\/index.php\/projet-ateliers-artistiques-solexine\/#breadcrumb"},"inLanguage":"fr-FR","potentialAction":[{"@type":"ReadAction","target":["https:\/\/www.uges-isere.fr\/index.php\/projet-ateliers-artistiques-solexine\/"]}]},{"@type":"ImageObject","inLanguage":"fr-FR","@id":"https:\/\/www.uges-isere.fr\/index.php\/projet-ateliers-artistiques-solexine\/#primaryimage","url":"https:\/\/www.uges-isere.fr\/wp-content\/uploads\/2023\/05\/Solexinep3.jpg","contentUrl":"https:\/\/www.uges-isere.fr\/wp-content\/uploads\/2023\/05\/Solexinep3.jpg","width":2000,"height":1500},{"@type":"BreadcrumbList","@id":"https:\/\/www.uges-isere.fr\/index.php\/projet-ateliers-artistiques-solexine\/#breadcrumb","itemListElement":[{"@type":"ListItem","position":1,"name":"Accueil","item":"https:\/\/www.uges-isere.fr\/"},{"@type":"ListItem","position":2,"name":"Projet Ateliers artistiques &#8211; Solexine"}]},{"@type":"WebSite","@id":"https:\/\/www.uges-isere.fr\/#website","url":"https:\/\/www.uges-isere.fr\/","name":"D\u00e9partement de l&#039;Is\u00e8re","description":"Groupe d&#039;opposition UGES","publisher":{"@id":"https:\/\/www.uges-isere.fr\/#organization"},"potentialAction":[{"@type":"SearchAction","target":{"@type":"EntryPoint","urlTemplate":"https:\/\/www.uges-isere.fr\/?s={search_term_string}"},"query-input":{"@type":"PropertyValueSpecification","valueRequired":true,"valueName":"search_term_string"}}],"inLanguage":"fr-FR"},{"@type":"Organization","@id":"https:\/\/www.uges-isere.fr\/#organization","name":"D\u00e9partement de l'Is\u00e8re","url":"https:\/\/www.uges-isere.fr\/","logo":{"@type":"ImageObject","inLanguage":"fr-FR","@id":"https:\/\/www.uges-isere.fr\/#\/schema\/logo\/image\/","url":"https:\/\/www.uges-isere.fr\/wp-content\/uploads\/2021\/10\/logo-ok.png","contentUrl":"https:\/\/www.uges-isere.fr\/wp-content\/uploads\/2021\/10\/logo-ok.png","width":2859,"height":1816,"caption":"D\u00e9partement de l'Is\u00e8re"},"image":{"@id":"https:\/\/www.uges-isere.fr\/#\/schema\/logo\/image\/"},"sameAs":["https:\/\/www.facebook.com\/LePrintemps38","https:\/\/x.com\/GroupeUGES38"]}]}},"_links":{"self":[{"href":"https:\/\/www.uges-isere.fr\/index.php\/wp-json\/wp\/v2\/pages\/683421","targetHints":{"allow":["GET"]}}],"collection":[{"href":"https:\/\/www.uges-isere.fr\/index.php\/wp-json\/wp\/v2\/pages"}],"about":[{"href":"https:\/\/www.uges-isere.fr\/index.php\/wp-json\/wp\/v2\/types\/page"}],"author":[{"embeddable":true,"href":"https:\/\/www.uges-isere.fr\/index.php\/wp-json\/wp\/v2\/users\/8"}],"replies":[{"embeddable":true,"href":"https:\/\/www.uges-isere.fr\/index.php\/wp-json\/wp\/v2\/comments?post=683421"}],"version-history":[{"count":2,"href":"https:\/\/www.uges-isere.fr\/index.php\/wp-json\/wp\/v2\/pages\/683421\/revisions"}],"predecessor-version":[{"id":683646,"href":"https:\/\/www.uges-isere.fr\/index.php\/wp-json\/wp\/v2\/pages\/683421\/revisions\/683646"}],"wp:attachment":[{"href":"https:\/\/www.uges-isere.fr\/index.php\/wp-json\/wp\/v2\/media?parent=683421"}],"curies":[{"name":"wp","href":"https:\/\/api.w.org\/{rel}","templated":true}]}}