{"id":683408,"date":"2023-05-22T14:32:17","date_gmt":"2023-05-22T12:32:17","guid":{"rendered":"https:\/\/www.uges-isere.fr\/?page_id=683408"},"modified":"2023-06-01T18:07:12","modified_gmt":"2023-06-01T16:07:12","slug":"projet-espace-photographique-a-la-villeneuve-la-maison-de-limage","status":"publish","type":"page","link":"https:\/\/www.uges-isere.fr\/index.php\/projet-espace-photographique-a-la-villeneuve-la-maison-de-limage\/","title":{"rendered":"Projet Espace photographique \u00e0 la Villeneuve &#8211; La Maison de l&rsquo;image"},"content":{"rendered":"\n<figure class=\"wp-block-image size-large\"><img loading=\"lazy\" decoding=\"async\" width=\"1024\" height=\"576\" src=\"https:\/\/www.uges-isere.fr\/wp-content\/uploads\/2023\/05\/Espace-photo-2-1024x576.jpg\" alt=\"\" class=\"wp-image-683409\" srcset=\"https:\/\/www.uges-isere.fr\/wp-content\/uploads\/2023\/05\/Espace-photo-2-1024x576.jpg 1024w, https:\/\/www.uges-isere.fr\/wp-content\/uploads\/2023\/05\/Espace-photo-2-300x169.jpg 300w, https:\/\/www.uges-isere.fr\/wp-content\/uploads\/2023\/05\/Espace-photo-2-768x432.jpg 768w, https:\/\/www.uges-isere.fr\/wp-content\/uploads\/2023\/05\/Espace-photo-2-1536x864.jpg 1536w, https:\/\/www.uges-isere.fr\/wp-content\/uploads\/2023\/05\/Espace-photo-2-2048x1152.jpg 2048w, https:\/\/www.uges-isere.fr\/wp-content\/uploads\/2023\/05\/Espace-photo-2-1320x743.jpg 1320w\" sizes=\"auto, (max-width: 1024px) 100vw, 1024px\" \/><\/figure>\n\n\n\n<p>Organisatrice d\u2019\u00e9v\u00e9nements (<em>Le Mois de la Photo<\/em>, <em>Les Rendez-vous de l\u2019Image<\/em>), d\u2019expositions photographiques, de r\u00e9sidences d\u2019artistes, d\u2019ateliers et de formations, La Maison de l\u2019Image d\u00e9veloppe depuis 1972 un savoir-faire et une expertise reconnue en mati\u00e8re de <strong>photographie, d\u2019audiovisuel et d\u2019\u00e9ducation aux images<\/strong>. L\u2019association intervient aupr\u00e8s de nombreux publics pour d\u00e9couvrir la cr\u00e9ation artistique, se former aux techniques et accompagner des projets. Implant\u00e9e \u00e0 la Villeneuve de Grenoble, elle accueille gratuitement tous les publics au <em>Studio 97<\/em>, m\u00e9dialab d\u00e9di\u00e9 \u00e0 la cr\u00e9ation et \u00e0 l\u2019acquisition de cl\u00e9s de lecture et fabrique de l\u2019image.<\/p>\n\n\n\n<p>Dans le cadre du r\u00e9am\u00e9nagement du parc Jean Verlhac \u00e0 la Villeneuve de Grenoble et en lien avec les habitant.es et les associations du quartier, la Maison de l\u2019Image propose de pr\u00e9figurer la<strong> cr\u00e9ation d\u2019un espace d\u2019exposition photographique dans l\u2019espace public <\/strong>\u00e0 la Villeneuve.<\/p>\n\n\n\n<p>De l\u2019\u00e9t\u00e9 2023 \u00e0 l\u2019\u00e9t\u00e9 2024, ce lieu d\u2019exposition exp\u00e9rimentera une pr\u00e9sence artistique photographique <em>hors les murs<\/em> pour aller \u00e0 la rencontre de tous les publics. Des expositions seront r\u00e9alis\u00e9es par la Maison de l\u2019Image et aussi par des associations et habitant.es avec la coordination de la Maison de l\u2019Image.<\/p>\n\n\n\n<p>Afin d\u2019accompagner les visites et recueillir les impressions, les expositions seront accompagn\u00e9es d\u2019un <strong>programme de rencontres avec les artistes, de visites guid\u00e9es, d\u2019ateliers photographiques et de livrets \u00e0 lire ou dessiner<\/strong> con\u00e7us pour tous les publics. Un travail de m\u00e9diation sera r\u00e9alis\u00e9 avec les \u00e9tablissements scolaires voisins et la r\u00e9sidence de personnes \u00e2g\u00e9es.<\/p>\n\n\n\n<p>La Maison de l\u2019Image montera trois expositions&nbsp;durant la p\u00e9riode et accueillera les propositions des associations qui souhaiteront y valoriser leurs projets.<\/p>\n\n\n\n<p>Le lieu sera entretenu pour lui permettre d\u2019exister de la fa\u00e7on la plus qualitative possible.<\/p>\n\n\n\n<p>Au terme de cette premi\u00e8re ann\u00e9e d\u2019exp\u00e9rimentation, un bilan sera r\u00e9alis\u00e9 afin de voir quelles adaptations et modifications apporter.<\/p>\n\n\n\n<figure class=\"wp-block-image size-large\"><img loading=\"lazy\" decoding=\"async\" width=\"933\" height=\"1024\" src=\"https:\/\/www.uges-isere.fr\/wp-content\/uploads\/2023\/05\/Espace-photo-1-933x1024.jpg\" alt=\"\" class=\"wp-image-683410\" srcset=\"https:\/\/www.uges-isere.fr\/wp-content\/uploads\/2023\/05\/Espace-photo-1-933x1024.jpg 933w, https:\/\/www.uges-isere.fr\/wp-content\/uploads\/2023\/05\/Espace-photo-1-273x300.jpg 273w, https:\/\/www.uges-isere.fr\/wp-content\/uploads\/2023\/05\/Espace-photo-1-768x843.jpg 768w, https:\/\/www.uges-isere.fr\/wp-content\/uploads\/2023\/05\/Espace-photo-1-1320x1449.jpg 1320w, https:\/\/www.uges-isere.fr\/wp-content\/uploads\/2023\/05\/Espace-photo-1.jpg 1366w\" sizes=\"auto, (max-width: 933px) 100vw, 933px\" \/><\/figure>\n","protected":false},"excerpt":{"rendered":"<p>Organisatrice d\u2019\u00e9v\u00e9nements (Le Mois de la Photo, Les Rendez-vous de l\u2019Image), d\u2019expositions photographiques, de r\u00e9sidences d\u2019artistes, d\u2019ateliers et &hellip; <\/p>\n","protected":false},"author":8,"featured_media":0,"parent":0,"menu_order":0,"comment_status":"closed","ping_status":"closed","template":"","meta":{"_mc_calendar":[],"footnotes":""},"class_list":["post-683408","page","type-page","status-publish","hentry"],"yoast_head":"<!-- This site is optimized with the Yoast SEO plugin v27.5 - https:\/\/yoast.com\/product\/yoast-seo-wordpress\/ -->\n<title>Projet Espace photographique \u00e0 la Villeneuve - La Maison de l&#039;image - D\u00e9partement de l&#039;Is\u00e8re<\/title>\n<meta name=\"robots\" content=\"index, follow, max-snippet:-1, max-image-preview:large, max-video-preview:-1\" \/>\n<link rel=\"canonical\" href=\"https:\/\/www.uges-isere.fr\/index.php\/projet-espace-photographique-a-la-villeneuve-la-maison-de-limage\/\" \/>\n<meta property=\"og:locale\" content=\"fr_FR\" \/>\n<meta property=\"og:type\" content=\"article\" \/>\n<meta property=\"og:title\" content=\"Projet Espace photographique \u00e0 la Villeneuve - La Maison de l&#039;image - D\u00e9partement de l&#039;Is\u00e8re\" \/>\n<meta property=\"og:description\" content=\"Organisatrice d\u2019\u00e9v\u00e9nements (Le Mois de la Photo, Les Rendez-vous de l\u2019Image), d\u2019expositions photographiques, de r\u00e9sidences d\u2019artistes, d\u2019ateliers et &hellip;\" \/>\n<meta property=\"og:url\" content=\"https:\/\/www.uges-isere.fr\/index.php\/projet-espace-photographique-a-la-villeneuve-la-maison-de-limage\/\" \/>\n<meta property=\"og:site_name\" content=\"D\u00e9partement de l&#039;Is\u00e8re\" \/>\n<meta property=\"article:publisher\" content=\"https:\/\/www.facebook.com\/LePrintemps38\" \/>\n<meta property=\"article:modified_time\" content=\"2023-06-01T16:07:12+00:00\" \/>\n<meta property=\"og:image\" content=\"https:\/\/www.uges-isere.fr\/wp-content\/uploads\/2023\/05\/Espace-photo-2-1024x576.jpg\" \/>\n<meta name=\"twitter:card\" content=\"summary_large_image\" \/>\n<meta name=\"twitter:site\" content=\"@GroupeUGES38\" \/>\n<meta name=\"twitter:label1\" content=\"Dur\u00e9e de lecture estim\u00e9e\" \/>\n\t<meta name=\"twitter:data1\" content=\"2 minutes\" \/>\n<script type=\"application\/ld+json\" class=\"yoast-schema-graph\">{\"@context\":\"https:\\\/\\\/schema.org\",\"@graph\":[{\"@type\":\"WebPage\",\"@id\":\"https:\\\/\\\/www.uges-isere.fr\\\/index.php\\\/projet-espace-photographique-a-la-villeneuve-la-maison-de-limage\\\/\",\"url\":\"https:\\\/\\\/www.uges-isere.fr\\\/index.php\\\/projet-espace-photographique-a-la-villeneuve-la-maison-de-limage\\\/\",\"name\":\"Projet Espace photographique \u00e0 la Villeneuve - La Maison de l'image - D\u00e9partement de l&#039;Is\u00e8re\",\"isPartOf\":{\"@id\":\"https:\\\/\\\/www.uges-isere.fr\\\/#website\"},\"primaryImageOfPage\":{\"@id\":\"https:\\\/\\\/www.uges-isere.fr\\\/index.php\\\/projet-espace-photographique-a-la-villeneuve-la-maison-de-limage\\\/#primaryimage\"},\"image\":{\"@id\":\"https:\\\/\\\/www.uges-isere.fr\\\/index.php\\\/projet-espace-photographique-a-la-villeneuve-la-maison-de-limage\\\/#primaryimage\"},\"thumbnailUrl\":\"https:\\\/\\\/www.uges-isere.fr\\\/wp-content\\\/uploads\\\/2023\\\/05\\\/Espace-photo-2-1024x576.jpg\",\"datePublished\":\"2023-05-22T12:32:17+00:00\",\"dateModified\":\"2023-06-01T16:07:12+00:00\",\"breadcrumb\":{\"@id\":\"https:\\\/\\\/www.uges-isere.fr\\\/index.php\\\/projet-espace-photographique-a-la-villeneuve-la-maison-de-limage\\\/#breadcrumb\"},\"inLanguage\":\"fr-FR\",\"potentialAction\":[{\"@type\":\"ReadAction\",\"target\":[\"https:\\\/\\\/www.uges-isere.fr\\\/index.php\\\/projet-espace-photographique-a-la-villeneuve-la-maison-de-limage\\\/\"]}]},{\"@type\":\"ImageObject\",\"inLanguage\":\"fr-FR\",\"@id\":\"https:\\\/\\\/www.uges-isere.fr\\\/index.php\\\/projet-espace-photographique-a-la-villeneuve-la-maison-de-limage\\\/#primaryimage\",\"url\":\"https:\\\/\\\/www.uges-isere.fr\\\/wp-content\\\/uploads\\\/2023\\\/05\\\/Espace-photo-2-scaled.jpg\",\"contentUrl\":\"https:\\\/\\\/www.uges-isere.fr\\\/wp-content\\\/uploads\\\/2023\\\/05\\\/Espace-photo-2-scaled.jpg\",\"width\":2560,\"height\":1440},{\"@type\":\"BreadcrumbList\",\"@id\":\"https:\\\/\\\/www.uges-isere.fr\\\/index.php\\\/projet-espace-photographique-a-la-villeneuve-la-maison-de-limage\\\/#breadcrumb\",\"itemListElement\":[{\"@type\":\"ListItem\",\"position\":1,\"name\":\"Accueil\",\"item\":\"https:\\\/\\\/www.uges-isere.fr\\\/\"},{\"@type\":\"ListItem\",\"position\":2,\"name\":\"Projet Espace photographique \u00e0 la Villeneuve &#8211; La Maison de l&rsquo;image\"}]},{\"@type\":\"WebSite\",\"@id\":\"https:\\\/\\\/www.uges-isere.fr\\\/#website\",\"url\":\"https:\\\/\\\/www.uges-isere.fr\\\/\",\"name\":\"D\u00e9partement de l&#039;Is\u00e8re\",\"description\":\"Groupe d&#039;opposition UGES\",\"publisher\":{\"@id\":\"https:\\\/\\\/www.uges-isere.fr\\\/#organization\"},\"potentialAction\":[{\"@type\":\"SearchAction\",\"target\":{\"@type\":\"EntryPoint\",\"urlTemplate\":\"https:\\\/\\\/www.uges-isere.fr\\\/?s={search_term_string}\"},\"query-input\":{\"@type\":\"PropertyValueSpecification\",\"valueRequired\":true,\"valueName\":\"search_term_string\"}}],\"inLanguage\":\"fr-FR\"},{\"@type\":\"Organization\",\"@id\":\"https:\\\/\\\/www.uges-isere.fr\\\/#organization\",\"name\":\"D\u00e9partement de l'Is\u00e8re\",\"url\":\"https:\\\/\\\/www.uges-isere.fr\\\/\",\"logo\":{\"@type\":\"ImageObject\",\"inLanguage\":\"fr-FR\",\"@id\":\"https:\\\/\\\/www.uges-isere.fr\\\/#\\\/schema\\\/logo\\\/image\\\/\",\"url\":\"https:\\\/\\\/www.uges-isere.fr\\\/wp-content\\\/uploads\\\/2021\\\/10\\\/logo-ok.png\",\"contentUrl\":\"https:\\\/\\\/www.uges-isere.fr\\\/wp-content\\\/uploads\\\/2021\\\/10\\\/logo-ok.png\",\"width\":2859,\"height\":1816,\"caption\":\"D\u00e9partement de l'Is\u00e8re\"},\"image\":{\"@id\":\"https:\\\/\\\/www.uges-isere.fr\\\/#\\\/schema\\\/logo\\\/image\\\/\"},\"sameAs\":[\"https:\\\/\\\/www.facebook.com\\\/LePrintemps38\",\"https:\\\/\\\/x.com\\\/GroupeUGES38\"]}]}<\/script>\n<!-- \/ Yoast SEO plugin. -->","yoast_head_json":{"title":"Projet Espace photographique \u00e0 la Villeneuve - La Maison de l'image - D\u00e9partement de l&#039;Is\u00e8re","robots":{"index":"index","follow":"follow","max-snippet":"max-snippet:-1","max-image-preview":"max-image-preview:large","max-video-preview":"max-video-preview:-1"},"canonical":"https:\/\/www.uges-isere.fr\/index.php\/projet-espace-photographique-a-la-villeneuve-la-maison-de-limage\/","og_locale":"fr_FR","og_type":"article","og_title":"Projet Espace photographique \u00e0 la Villeneuve - La Maison de l'image - D\u00e9partement de l&#039;Is\u00e8re","og_description":"Organisatrice d\u2019\u00e9v\u00e9nements (Le Mois de la Photo, Les Rendez-vous de l\u2019Image), d\u2019expositions photographiques, de r\u00e9sidences d\u2019artistes, d\u2019ateliers et &hellip;","og_url":"https:\/\/www.uges-isere.fr\/index.php\/projet-espace-photographique-a-la-villeneuve-la-maison-de-limage\/","og_site_name":"D\u00e9partement de l&#039;Is\u00e8re","article_publisher":"https:\/\/www.facebook.com\/LePrintemps38","article_modified_time":"2023-06-01T16:07:12+00:00","og_image":[{"url":"https:\/\/www.uges-isere.fr\/wp-content\/uploads\/2023\/05\/Espace-photo-2-1024x576.jpg","type":"","width":"","height":""}],"twitter_card":"summary_large_image","twitter_site":"@GroupeUGES38","twitter_misc":{"Dur\u00e9e de lecture estim\u00e9e":"2 minutes"},"schema":{"@context":"https:\/\/schema.org","@graph":[{"@type":"WebPage","@id":"https:\/\/www.uges-isere.fr\/index.php\/projet-espace-photographique-a-la-villeneuve-la-maison-de-limage\/","url":"https:\/\/www.uges-isere.fr\/index.php\/projet-espace-photographique-a-la-villeneuve-la-maison-de-limage\/","name":"Projet Espace photographique \u00e0 la Villeneuve - La Maison de l'image - D\u00e9partement de l&#039;Is\u00e8re","isPartOf":{"@id":"https:\/\/www.uges-isere.fr\/#website"},"primaryImageOfPage":{"@id":"https:\/\/www.uges-isere.fr\/index.php\/projet-espace-photographique-a-la-villeneuve-la-maison-de-limage\/#primaryimage"},"image":{"@id":"https:\/\/www.uges-isere.fr\/index.php\/projet-espace-photographique-a-la-villeneuve-la-maison-de-limage\/#primaryimage"},"thumbnailUrl":"https:\/\/www.uges-isere.fr\/wp-content\/uploads\/2023\/05\/Espace-photo-2-1024x576.jpg","datePublished":"2023-05-22T12:32:17+00:00","dateModified":"2023-06-01T16:07:12+00:00","breadcrumb":{"@id":"https:\/\/www.uges-isere.fr\/index.php\/projet-espace-photographique-a-la-villeneuve-la-maison-de-limage\/#breadcrumb"},"inLanguage":"fr-FR","potentialAction":[{"@type":"ReadAction","target":["https:\/\/www.uges-isere.fr\/index.php\/projet-espace-photographique-a-la-villeneuve-la-maison-de-limage\/"]}]},{"@type":"ImageObject","inLanguage":"fr-FR","@id":"https:\/\/www.uges-isere.fr\/index.php\/projet-espace-photographique-a-la-villeneuve-la-maison-de-limage\/#primaryimage","url":"https:\/\/www.uges-isere.fr\/wp-content\/uploads\/2023\/05\/Espace-photo-2-scaled.jpg","contentUrl":"https:\/\/www.uges-isere.fr\/wp-content\/uploads\/2023\/05\/Espace-photo-2-scaled.jpg","width":2560,"height":1440},{"@type":"BreadcrumbList","@id":"https:\/\/www.uges-isere.fr\/index.php\/projet-espace-photographique-a-la-villeneuve-la-maison-de-limage\/#breadcrumb","itemListElement":[{"@type":"ListItem","position":1,"name":"Accueil","item":"https:\/\/www.uges-isere.fr\/"},{"@type":"ListItem","position":2,"name":"Projet Espace photographique \u00e0 la Villeneuve &#8211; La Maison de l&rsquo;image"}]},{"@type":"WebSite","@id":"https:\/\/www.uges-isere.fr\/#website","url":"https:\/\/www.uges-isere.fr\/","name":"D\u00e9partement de l&#039;Is\u00e8re","description":"Groupe d&#039;opposition UGES","publisher":{"@id":"https:\/\/www.uges-isere.fr\/#organization"},"potentialAction":[{"@type":"SearchAction","target":{"@type":"EntryPoint","urlTemplate":"https:\/\/www.uges-isere.fr\/?s={search_term_string}"},"query-input":{"@type":"PropertyValueSpecification","valueRequired":true,"valueName":"search_term_string"}}],"inLanguage":"fr-FR"},{"@type":"Organization","@id":"https:\/\/www.uges-isere.fr\/#organization","name":"D\u00e9partement de l'Is\u00e8re","url":"https:\/\/www.uges-isere.fr\/","logo":{"@type":"ImageObject","inLanguage":"fr-FR","@id":"https:\/\/www.uges-isere.fr\/#\/schema\/logo\/image\/","url":"https:\/\/www.uges-isere.fr\/wp-content\/uploads\/2021\/10\/logo-ok.png","contentUrl":"https:\/\/www.uges-isere.fr\/wp-content\/uploads\/2021\/10\/logo-ok.png","width":2859,"height":1816,"caption":"D\u00e9partement de l'Is\u00e8re"},"image":{"@id":"https:\/\/www.uges-isere.fr\/#\/schema\/logo\/image\/"},"sameAs":["https:\/\/www.facebook.com\/LePrintemps38","https:\/\/x.com\/GroupeUGES38"]}]}},"_links":{"self":[{"href":"https:\/\/www.uges-isere.fr\/index.php\/wp-json\/wp\/v2\/pages\/683408","targetHints":{"allow":["GET"]}}],"collection":[{"href":"https:\/\/www.uges-isere.fr\/index.php\/wp-json\/wp\/v2\/pages"}],"about":[{"href":"https:\/\/www.uges-isere.fr\/index.php\/wp-json\/wp\/v2\/types\/page"}],"author":[{"embeddable":true,"href":"https:\/\/www.uges-isere.fr\/index.php\/wp-json\/wp\/v2\/users\/8"}],"replies":[{"embeddable":true,"href":"https:\/\/www.uges-isere.fr\/index.php\/wp-json\/wp\/v2\/comments?post=683408"}],"version-history":[{"count":1,"href":"https:\/\/www.uges-isere.fr\/index.php\/wp-json\/wp\/v2\/pages\/683408\/revisions"}],"predecessor-version":[{"id":683411,"href":"https:\/\/www.uges-isere.fr\/index.php\/wp-json\/wp\/v2\/pages\/683408\/revisions\/683411"}],"wp:attachment":[{"href":"https:\/\/www.uges-isere.fr\/index.php\/wp-json\/wp\/v2\/media?parent=683408"}],"curies":[{"name":"wp","href":"https:\/\/api.w.org\/{rel}","templated":true}]}}