{"id":683369,"date":"2023-05-17T12:05:15","date_gmt":"2023-05-17T10:05:15","guid":{"rendered":"https:\/\/www.uges-isere.fr\/?page_id=683369"},"modified":"2023-06-01T18:08:11","modified_gmt":"2023-06-01T16:08:11","slug":"projet-mon-ptit-concert-la-fabrique-opera","status":"publish","type":"page","link":"https:\/\/www.uges-isere.fr\/index.php\/projet-mon-ptit-concert-la-fabrique-opera\/","title":{"rendered":"Projet Mon P&rsquo;tit Concert &#8211; La Fabrique Op\u00e9ra"},"content":{"rendered":"\n<figure class=\"wp-block-image size-large\"><img loading=\"lazy\" decoding=\"async\" width=\"1024\" height=\"577\" src=\"https:\/\/www.uges-isere.fr\/wp-content\/uploads\/2023\/05\/La-Fabrique-Opera-1-1024x577.jpg\" alt=\"\" class=\"wp-image-683370\" srcset=\"https:\/\/www.uges-isere.fr\/wp-content\/uploads\/2023\/05\/La-Fabrique-Opera-1-1024x577.jpg 1024w, https:\/\/www.uges-isere.fr\/wp-content\/uploads\/2023\/05\/La-Fabrique-Opera-1-300x169.jpg 300w, https:\/\/www.uges-isere.fr\/wp-content\/uploads\/2023\/05\/La-Fabrique-Opera-1-768x432.jpg 768w, https:\/\/www.uges-isere.fr\/wp-content\/uploads\/2023\/05\/La-Fabrique-Opera-1-1536x865.jpg 1536w, https:\/\/www.uges-isere.fr\/wp-content\/uploads\/2023\/05\/La-Fabrique-Opera-1-2048x1153.jpg 2048w, https:\/\/www.uges-isere.fr\/wp-content\/uploads\/2023\/05\/La-Fabrique-Opera-1-1320x743.jpg 1320w\" sizes=\"auto, (max-width: 1024px) 100vw, 1024px\" \/><\/figure>\n\n\n\n<p><strong>La Fabrique Op\u00e9ra<\/strong> est une association grenobloise cr\u00e9\u00e9e en 2006 par Patrick Souillot, chef d\u2019orchestre. L&rsquo;originalit\u00e9 du concept de la Fabrique Op\u00e9ra est de faire appel \u00e0 des <strong>\u00e9tablissements d\u2019enseignements technique et professionnel pour participer \u00e0 la conception et \u00e0 la r\u00e9alisation d\u2019op\u00e9ras coop\u00e9ratifs<\/strong>. Le but est de rendre l\u2019art lyrique accessible \u00e0 toutes et tous, notamment aux publics les plus isol\u00e9s. <\/p>\n\n\n\n<p>Notre strat\u00e9gie consiste \u00e0 int\u00e9grer dans la conception et la r\u00e9alisation des \u00e9l\u00e9ments de mise en sc\u00e8ne, notamment, des jeunes en formations dans des lyc\u00e9es techniques, professionnels ou CFA. V\u00e9ritable projet de territoire, il permet de <strong>mettre en lumi\u00e8re tous les talents de ces jeunes et l\u2019excellence des fili\u00e8res professionnelles.<\/strong><\/p>\n\n\n\n<p>Afin de rendre la musique classique encore plus accessible aux plus jeunes, l\u2019association a cr\u00e9\u00e9 en 2017 <strong>des concerts \u00e0 destination des 4-11 ans : Mon P&rsquo;tit Concert<\/strong>. Ces concerts p\u00e9dagogiques, parfois participatifs selon la th\u00e9matique, de 45 minutes avec une narration en fran\u00e7ais permettent aux spectateur.ices de s\u2019immerger dans le fil de l\u2019histoire musicale. Mettant en avant des \u0153uvres, des th\u00e9matiques ou des compositeurs connus, <strong>les concerts permettent aux enfants de d\u00e9couvrir les instruments, les esth\u00e9tiques, l\u2019histoire de la musique, en immersion dans un spectacle vivant<\/strong>. Les concerts scolaires ont g\u00e9n\u00e9ralement lieu un vendredi par mois, pendant le temps scolaire, \u00e0 Grenoble, salle Olivier Messiaen. Une s\u00e9ance \u201ctous publics\u201d est propos\u00e9e le soir \u00e0 un public plus familial et de n\u00e9ophytes. <\/p>\n\n\n\n<p>Programme d\u2019\u00e9ducation artistique ambitieux et exigeant, Mon P\u2019tit Concert souhaite toucher tous les enfants de notre territoire. L\u2019orchestre, compos\u00e9 de musiciens et professeurs, a \u00e0 c\u0153ur de transmettre notre passion aux enfants, en se rendant disponible et en permettant aux enfants d\u2019approcher, toucher les instruments de l\u2019orchestre. <strong>Rien de mieux que le spectacle vivant pour d\u00e9couvrir la richesse des timbres d\u2019une formation orchestrale<\/strong>.<\/p>\n\n\n\n<figure class=\"wp-block-image size-large\"><img loading=\"lazy\" decoding=\"async\" width=\"1024\" height=\"683\" src=\"https:\/\/www.uges-isere.fr\/wp-content\/uploads\/2023\/05\/La-Fabrique-Opera-2-1024x683.jpg\" alt=\"\" class=\"wp-image-683371\" srcset=\"https:\/\/www.uges-isere.fr\/wp-content\/uploads\/2023\/05\/La-Fabrique-Opera-2-1024x683.jpg 1024w, https:\/\/www.uges-isere.fr\/wp-content\/uploads\/2023\/05\/La-Fabrique-Opera-2-300x200.jpg 300w, https:\/\/www.uges-isere.fr\/wp-content\/uploads\/2023\/05\/La-Fabrique-Opera-2-768x512.jpg 768w, https:\/\/www.uges-isere.fr\/wp-content\/uploads\/2023\/05\/La-Fabrique-Opera-2.jpg 1200w\" sizes=\"auto, (max-width: 1024px) 100vw, 1024px\" \/><\/figure>\n","protected":false},"excerpt":{"rendered":"<p>La Fabrique Op\u00e9ra est une association grenobloise cr\u00e9\u00e9e en 2006 par Patrick Souillot, chef d\u2019orchestre. L&rsquo;originalit\u00e9 du concept &hellip; <\/p>\n","protected":false},"author":8,"featured_media":0,"parent":0,"menu_order":0,"comment_status":"closed","ping_status":"closed","template":"","meta":{"_mc_calendar":[],"footnotes":""},"class_list":["post-683369","page","type-page","status-publish","hentry"],"yoast_head":"<!-- This site is optimized with the Yoast SEO plugin v27.5 - https:\/\/yoast.com\/product\/yoast-seo-wordpress\/ -->\n<title>Projet Mon P&#039;tit Concert - La Fabrique Op\u00e9ra - D\u00e9partement de l&#039;Is\u00e8re<\/title>\n<meta name=\"robots\" content=\"index, follow, max-snippet:-1, max-image-preview:large, max-video-preview:-1\" \/>\n<link rel=\"canonical\" href=\"https:\/\/www.uges-isere.fr\/index.php\/projet-mon-ptit-concert-la-fabrique-opera\/\" \/>\n<meta property=\"og:locale\" content=\"fr_FR\" \/>\n<meta property=\"og:type\" content=\"article\" \/>\n<meta property=\"og:title\" content=\"Projet Mon P&#039;tit Concert - La Fabrique Op\u00e9ra - D\u00e9partement de l&#039;Is\u00e8re\" \/>\n<meta property=\"og:description\" content=\"La Fabrique Op\u00e9ra est une association grenobloise cr\u00e9\u00e9e en 2006 par Patrick Souillot, chef d\u2019orchestre. L&rsquo;originalit\u00e9 du concept &hellip;\" \/>\n<meta property=\"og:url\" content=\"https:\/\/www.uges-isere.fr\/index.php\/projet-mon-ptit-concert-la-fabrique-opera\/\" \/>\n<meta property=\"og:site_name\" content=\"D\u00e9partement de l&#039;Is\u00e8re\" \/>\n<meta property=\"article:publisher\" content=\"https:\/\/www.facebook.com\/LePrintemps38\" \/>\n<meta property=\"article:modified_time\" content=\"2023-06-01T16:08:11+00:00\" \/>\n<meta property=\"og:image\" content=\"https:\/\/www.uges-isere.fr\/wp-content\/uploads\/2023\/05\/La-Fabrique-Opera-1-1024x577.jpg\" \/>\n<meta name=\"twitter:card\" content=\"summary_large_image\" \/>\n<meta name=\"twitter:site\" content=\"@GroupeUGES38\" \/>\n<meta name=\"twitter:label1\" content=\"Dur\u00e9e de lecture estim\u00e9e\" \/>\n\t<meta name=\"twitter:data1\" content=\"2 minutes\" \/>\n<script type=\"application\/ld+json\" class=\"yoast-schema-graph\">{\"@context\":\"https:\\\/\\\/schema.org\",\"@graph\":[{\"@type\":\"WebPage\",\"@id\":\"https:\\\/\\\/www.uges-isere.fr\\\/index.php\\\/projet-mon-ptit-concert-la-fabrique-opera\\\/\",\"url\":\"https:\\\/\\\/www.uges-isere.fr\\\/index.php\\\/projet-mon-ptit-concert-la-fabrique-opera\\\/\",\"name\":\"Projet Mon P'tit Concert - La Fabrique Op\u00e9ra - D\u00e9partement de l&#039;Is\u00e8re\",\"isPartOf\":{\"@id\":\"https:\\\/\\\/www.uges-isere.fr\\\/#website\"},\"primaryImageOfPage\":{\"@id\":\"https:\\\/\\\/www.uges-isere.fr\\\/index.php\\\/projet-mon-ptit-concert-la-fabrique-opera\\\/#primaryimage\"},\"image\":{\"@id\":\"https:\\\/\\\/www.uges-isere.fr\\\/index.php\\\/projet-mon-ptit-concert-la-fabrique-opera\\\/#primaryimage\"},\"thumbnailUrl\":\"https:\\\/\\\/www.uges-isere.fr\\\/wp-content\\\/uploads\\\/2023\\\/05\\\/La-Fabrique-Opera-1-1024x577.jpg\",\"datePublished\":\"2023-05-17T10:05:15+00:00\",\"dateModified\":\"2023-06-01T16:08:11+00:00\",\"breadcrumb\":{\"@id\":\"https:\\\/\\\/www.uges-isere.fr\\\/index.php\\\/projet-mon-ptit-concert-la-fabrique-opera\\\/#breadcrumb\"},\"inLanguage\":\"fr-FR\",\"potentialAction\":[{\"@type\":\"ReadAction\",\"target\":[\"https:\\\/\\\/www.uges-isere.fr\\\/index.php\\\/projet-mon-ptit-concert-la-fabrique-opera\\\/\"]}]},{\"@type\":\"ImageObject\",\"inLanguage\":\"fr-FR\",\"@id\":\"https:\\\/\\\/www.uges-isere.fr\\\/index.php\\\/projet-mon-ptit-concert-la-fabrique-opera\\\/#primaryimage\",\"url\":\"https:\\\/\\\/www.uges-isere.fr\\\/wp-content\\\/uploads\\\/2023\\\/05\\\/La-Fabrique-Opera-1-scaled.jpg\",\"contentUrl\":\"https:\\\/\\\/www.uges-isere.fr\\\/wp-content\\\/uploads\\\/2023\\\/05\\\/La-Fabrique-Opera-1-scaled.jpg\",\"width\":2560,\"height\":1441},{\"@type\":\"BreadcrumbList\",\"@id\":\"https:\\\/\\\/www.uges-isere.fr\\\/index.php\\\/projet-mon-ptit-concert-la-fabrique-opera\\\/#breadcrumb\",\"itemListElement\":[{\"@type\":\"ListItem\",\"position\":1,\"name\":\"Accueil\",\"item\":\"https:\\\/\\\/www.uges-isere.fr\\\/\"},{\"@type\":\"ListItem\",\"position\":2,\"name\":\"Projet Mon P&rsquo;tit Concert &#8211; La Fabrique Op\u00e9ra\"}]},{\"@type\":\"WebSite\",\"@id\":\"https:\\\/\\\/www.uges-isere.fr\\\/#website\",\"url\":\"https:\\\/\\\/www.uges-isere.fr\\\/\",\"name\":\"D\u00e9partement de l&#039;Is\u00e8re\",\"description\":\"Groupe d&#039;opposition UGES\",\"publisher\":{\"@id\":\"https:\\\/\\\/www.uges-isere.fr\\\/#organization\"},\"potentialAction\":[{\"@type\":\"SearchAction\",\"target\":{\"@type\":\"EntryPoint\",\"urlTemplate\":\"https:\\\/\\\/www.uges-isere.fr\\\/?s={search_term_string}\"},\"query-input\":{\"@type\":\"PropertyValueSpecification\",\"valueRequired\":true,\"valueName\":\"search_term_string\"}}],\"inLanguage\":\"fr-FR\"},{\"@type\":\"Organization\",\"@id\":\"https:\\\/\\\/www.uges-isere.fr\\\/#organization\",\"name\":\"D\u00e9partement de l'Is\u00e8re\",\"url\":\"https:\\\/\\\/www.uges-isere.fr\\\/\",\"logo\":{\"@type\":\"ImageObject\",\"inLanguage\":\"fr-FR\",\"@id\":\"https:\\\/\\\/www.uges-isere.fr\\\/#\\\/schema\\\/logo\\\/image\\\/\",\"url\":\"https:\\\/\\\/www.uges-isere.fr\\\/wp-content\\\/uploads\\\/2021\\\/10\\\/logo-ok.png\",\"contentUrl\":\"https:\\\/\\\/www.uges-isere.fr\\\/wp-content\\\/uploads\\\/2021\\\/10\\\/logo-ok.png\",\"width\":2859,\"height\":1816,\"caption\":\"D\u00e9partement de l'Is\u00e8re\"},\"image\":{\"@id\":\"https:\\\/\\\/www.uges-isere.fr\\\/#\\\/schema\\\/logo\\\/image\\\/\"},\"sameAs\":[\"https:\\\/\\\/www.facebook.com\\\/LePrintemps38\",\"https:\\\/\\\/x.com\\\/GroupeUGES38\"]}]}<\/script>\n<!-- \/ Yoast SEO plugin. -->","yoast_head_json":{"title":"Projet Mon P'tit Concert - La Fabrique Op\u00e9ra - D\u00e9partement de l&#039;Is\u00e8re","robots":{"index":"index","follow":"follow","max-snippet":"max-snippet:-1","max-image-preview":"max-image-preview:large","max-video-preview":"max-video-preview:-1"},"canonical":"https:\/\/www.uges-isere.fr\/index.php\/projet-mon-ptit-concert-la-fabrique-opera\/","og_locale":"fr_FR","og_type":"article","og_title":"Projet Mon P'tit Concert - La Fabrique Op\u00e9ra - D\u00e9partement de l&#039;Is\u00e8re","og_description":"La Fabrique Op\u00e9ra est une association grenobloise cr\u00e9\u00e9e en 2006 par Patrick Souillot, chef d\u2019orchestre. L&rsquo;originalit\u00e9 du concept &hellip;","og_url":"https:\/\/www.uges-isere.fr\/index.php\/projet-mon-ptit-concert-la-fabrique-opera\/","og_site_name":"D\u00e9partement de l&#039;Is\u00e8re","article_publisher":"https:\/\/www.facebook.com\/LePrintemps38","article_modified_time":"2023-06-01T16:08:11+00:00","og_image":[{"url":"https:\/\/www.uges-isere.fr\/wp-content\/uploads\/2023\/05\/La-Fabrique-Opera-1-1024x577.jpg","type":"","width":"","height":""}],"twitter_card":"summary_large_image","twitter_site":"@GroupeUGES38","twitter_misc":{"Dur\u00e9e de lecture estim\u00e9e":"2 minutes"},"schema":{"@context":"https:\/\/schema.org","@graph":[{"@type":"WebPage","@id":"https:\/\/www.uges-isere.fr\/index.php\/projet-mon-ptit-concert-la-fabrique-opera\/","url":"https:\/\/www.uges-isere.fr\/index.php\/projet-mon-ptit-concert-la-fabrique-opera\/","name":"Projet Mon P'tit Concert - La Fabrique Op\u00e9ra - D\u00e9partement de l&#039;Is\u00e8re","isPartOf":{"@id":"https:\/\/www.uges-isere.fr\/#website"},"primaryImageOfPage":{"@id":"https:\/\/www.uges-isere.fr\/index.php\/projet-mon-ptit-concert-la-fabrique-opera\/#primaryimage"},"image":{"@id":"https:\/\/www.uges-isere.fr\/index.php\/projet-mon-ptit-concert-la-fabrique-opera\/#primaryimage"},"thumbnailUrl":"https:\/\/www.uges-isere.fr\/wp-content\/uploads\/2023\/05\/La-Fabrique-Opera-1-1024x577.jpg","datePublished":"2023-05-17T10:05:15+00:00","dateModified":"2023-06-01T16:08:11+00:00","breadcrumb":{"@id":"https:\/\/www.uges-isere.fr\/index.php\/projet-mon-ptit-concert-la-fabrique-opera\/#breadcrumb"},"inLanguage":"fr-FR","potentialAction":[{"@type":"ReadAction","target":["https:\/\/www.uges-isere.fr\/index.php\/projet-mon-ptit-concert-la-fabrique-opera\/"]}]},{"@type":"ImageObject","inLanguage":"fr-FR","@id":"https:\/\/www.uges-isere.fr\/index.php\/projet-mon-ptit-concert-la-fabrique-opera\/#primaryimage","url":"https:\/\/www.uges-isere.fr\/wp-content\/uploads\/2023\/05\/La-Fabrique-Opera-1-scaled.jpg","contentUrl":"https:\/\/www.uges-isere.fr\/wp-content\/uploads\/2023\/05\/La-Fabrique-Opera-1-scaled.jpg","width":2560,"height":1441},{"@type":"BreadcrumbList","@id":"https:\/\/www.uges-isere.fr\/index.php\/projet-mon-ptit-concert-la-fabrique-opera\/#breadcrumb","itemListElement":[{"@type":"ListItem","position":1,"name":"Accueil","item":"https:\/\/www.uges-isere.fr\/"},{"@type":"ListItem","position":2,"name":"Projet Mon P&rsquo;tit Concert &#8211; La Fabrique Op\u00e9ra"}]},{"@type":"WebSite","@id":"https:\/\/www.uges-isere.fr\/#website","url":"https:\/\/www.uges-isere.fr\/","name":"D\u00e9partement de l&#039;Is\u00e8re","description":"Groupe d&#039;opposition UGES","publisher":{"@id":"https:\/\/www.uges-isere.fr\/#organization"},"potentialAction":[{"@type":"SearchAction","target":{"@type":"EntryPoint","urlTemplate":"https:\/\/www.uges-isere.fr\/?s={search_term_string}"},"query-input":{"@type":"PropertyValueSpecification","valueRequired":true,"valueName":"search_term_string"}}],"inLanguage":"fr-FR"},{"@type":"Organization","@id":"https:\/\/www.uges-isere.fr\/#organization","name":"D\u00e9partement de l'Is\u00e8re","url":"https:\/\/www.uges-isere.fr\/","logo":{"@type":"ImageObject","inLanguage":"fr-FR","@id":"https:\/\/www.uges-isere.fr\/#\/schema\/logo\/image\/","url":"https:\/\/www.uges-isere.fr\/wp-content\/uploads\/2021\/10\/logo-ok.png","contentUrl":"https:\/\/www.uges-isere.fr\/wp-content\/uploads\/2021\/10\/logo-ok.png","width":2859,"height":1816,"caption":"D\u00e9partement de l'Is\u00e8re"},"image":{"@id":"https:\/\/www.uges-isere.fr\/#\/schema\/logo\/image\/"},"sameAs":["https:\/\/www.facebook.com\/LePrintemps38","https:\/\/x.com\/GroupeUGES38"]}]}},"_links":{"self":[{"href":"https:\/\/www.uges-isere.fr\/index.php\/wp-json\/wp\/v2\/pages\/683369","targetHints":{"allow":["GET"]}}],"collection":[{"href":"https:\/\/www.uges-isere.fr\/index.php\/wp-json\/wp\/v2\/pages"}],"about":[{"href":"https:\/\/www.uges-isere.fr\/index.php\/wp-json\/wp\/v2\/types\/page"}],"author":[{"embeddable":true,"href":"https:\/\/www.uges-isere.fr\/index.php\/wp-json\/wp\/v2\/users\/8"}],"replies":[{"embeddable":true,"href":"https:\/\/www.uges-isere.fr\/index.php\/wp-json\/wp\/v2\/comments?post=683369"}],"version-history":[{"count":2,"href":"https:\/\/www.uges-isere.fr\/index.php\/wp-json\/wp\/v2\/pages\/683369\/revisions"}],"predecessor-version":[{"id":683382,"href":"https:\/\/www.uges-isere.fr\/index.php\/wp-json\/wp\/v2\/pages\/683369\/revisions\/683382"}],"wp:attachment":[{"href":"https:\/\/www.uges-isere.fr\/index.php\/wp-json\/wp\/v2\/media?parent=683369"}],"curies":[{"name":"wp","href":"https:\/\/api.w.org\/{rel}","templated":true}]}}