{"id":683182,"date":"2023-05-10T09:26:57","date_gmt":"2023-05-10T07:26:57","guid":{"rendered":"https:\/\/www.uges-isere.fr\/?page_id=683182"},"modified":"2023-05-10T16:33:37","modified_gmt":"2023-05-10T14:33:37","slug":"ressources-environnement-transition-ecologique","status":"publish","type":"page","link":"https:\/\/www.uges-isere.fr\/index.php\/ressources-environnement-transition-ecologique\/","title":{"rendered":"Ressources environnement &#038; transition \u00e9cologique"},"content":{"rendered":"\n<ul class=\"wp-block-list\">\n<li><strong>ADEME<\/strong>, Les Fran\u00e7ais aspirent \u00e0 changer de mod\u00e8le de soci\u00e9t\u00e9 mais sont pris dans des injonctions contradictoires, 2023.<\/li>\n<\/ul>\n\n\n\n<div class=\"wp-block-file\"><a id=\"wp-block-file--media-53f4c9fb-6856-4a13-acda-940fd07edafc\" href=\"https:\/\/www.uges-isere.fr\/wp-content\/uploads\/2023\/05\/Les-Francais-aspirent-a-changer-de-modele-de-societe-mais-sont-pris-dans-des-injonctions-contradictoires.pdf\">Les-Francais-aspirent-a-changer-de-modele-de-societe-mais-sont-pris-dans-des-injonctions-contradictoires<\/a><a href=\"https:\/\/www.uges-isere.fr\/wp-content\/uploads\/2023\/05\/Les-Francais-aspirent-a-changer-de-modele-de-societe-mais-sont-pris-dans-des-injonctions-contradictoires.pdf\" class=\"wp-block-file__button wp-element-button\" download aria-describedby=\"wp-block-file--media-53f4c9fb-6856-4a13-acda-940fd07edafc\">T\u00e9l\u00e9charger<\/a><\/div>\n\n\n\n<ul class=\"wp-block-list\">\n<li><strong>ADEME<\/strong>, Transitions 20250, Choisir maintenant, Agir pour le climat, 2021.<\/li>\n<\/ul>\n\n\n\n<div class=\"wp-block-file\"><a id=\"wp-block-file--media-32542c32-e71c-4901-b9aa-79ab4cd3598b\" href=\"https:\/\/www.uges-isere.fr\/wp-content\/uploads\/2023\/05\/Transitions-2050.pdf\">Transitions-2050<\/a><a href=\"https:\/\/www.uges-isere.fr\/wp-content\/uploads\/2023\/05\/Transitions-2050.pdf\" class=\"wp-block-file__button wp-element-button\" download aria-describedby=\"wp-block-file--media-32542c32-e71c-4901-b9aa-79ab4cd3598b\">T\u00e9l\u00e9charger<\/a><\/div>\n\n\n\n<ul class=\"wp-block-list\">\n<li><strong>Cerema<\/strong>, Climat, l&rsquo;urgence \u00e0 s&rsquo;adapter, 2022.<\/li>\n<\/ul>\n\n\n\n<div class=\"wp-block-file\"><a id=\"wp-block-file--media-54d94294-f198-494d-9b57-73dd8d37ec0e\" href=\"https:\/\/www.uges-isere.fr\/wp-content\/uploads\/2023\/05\/Climat-lurgence-a-sadapter.pdf\">Climat-lurgence-a-sadapter<\/a><a href=\"https:\/\/www.uges-isere.fr\/wp-content\/uploads\/2023\/05\/Climat-lurgence-a-sadapter.pdf\" class=\"wp-block-file__button wp-element-button\" download aria-describedby=\"wp-block-file--media-54d94294-f198-494d-9b57-73dd8d37ec0e\">T\u00e9l\u00e9charger<\/a><\/div>\n\n\n\n<ul class=\"wp-block-list\">\n<li><strong>D\u00e9partement de l&rsquo;Is\u00e8re<\/strong>, Strat\u00e9gie Air Climat Energie, 2018. <\/li>\n<\/ul>\n\n\n\n<div class=\"wp-block-file\"><a id=\"wp-block-file--media-cc131eb6-c302-4e0b-85a3-d27a9cfe095b\" href=\"https:\/\/www.uges-isere.fr\/wp-content\/uploads\/2023\/05\/Strategie-air-climat-energie-2018.pdf\">Strategie-air-climat-energie-2018<\/a><a href=\"https:\/\/www.uges-isere.fr\/wp-content\/uploads\/2023\/05\/Strategie-air-climat-energie-2018.pdf\" class=\"wp-block-file__button wp-element-button\" download aria-describedby=\"wp-block-file--media-cc131eb6-c302-4e0b-85a3-d27a9cfe095b\">T\u00e9l\u00e9charger<\/a><\/div>\n\n\n\n<ul class=\"wp-block-list\">\n<li>Le D\u00e9partement de l&rsquo;Is\u00e8re n&rsquo;a \u00e9labor\u00e9 aucune nouvelle strat\u00e9gie air climat \u00e9nergie depuis 2018. Les derniers r\u00e9sultats communiqu\u00e9s datent de 2020 et sont \u00e0 retrouver ci-dessous.<\/li>\n<\/ul>\n\n\n\n<div class=\"wp-block-file\"><a id=\"wp-block-file--media-4b96b4da-d1ec-48ed-a4b1-3d45cf178792\" href=\"https:\/\/www.uges-isere.fr\/wp-content\/uploads\/2023\/05\/Strategie-air-climat-energie-2020.pdf\">Strategie-air-climat-energie-2020<\/a><a href=\"https:\/\/www.uges-isere.fr\/wp-content\/uploads\/2023\/05\/Strategie-air-climat-energie-2020.pdf\" class=\"wp-block-file__button wp-element-button\" download aria-describedby=\"wp-block-file--media-4b96b4da-d1ec-48ed-a4b1-3d45cf178792\">T\u00e9l\u00e9charger<\/a><\/div>\n\n\n\n<ul class=\"wp-block-list\">\n<li><strong>Greenpeace<\/strong>, Comprendre le dernier rapport en 5 points cl\u00e9s, 2023. <\/li>\n<\/ul>\n\n\n\n<div class=\"wp-block-file\"><a id=\"wp-block-file--media-e2823963-129e-4f1a-8321-08ae43fe2df4\" href=\"https:\/\/www.uges-isere.fr\/wp-content\/uploads\/2023\/05\/Le-dernier-rapport-du-GIEC-en-5-points.pdf\">Le-dernier-rapport-du-GIEC-en-5-points<\/a><a href=\"https:\/\/www.uges-isere.fr\/wp-content\/uploads\/2023\/05\/Le-dernier-rapport-du-GIEC-en-5-points.pdf\" class=\"wp-block-file__button wp-element-button\" download aria-describedby=\"wp-block-file--media-e2823963-129e-4f1a-8321-08ae43fe2df4\">T\u00e9l\u00e9charger<\/a><\/div>\n\n\n\n<ul class=\"wp-block-list\">\n<li><strong>Institut de l&rsquo;Economie pour le Climat<\/strong>, Climat : comment les collectivit\u00e9s financent leurs investissements, 2022. <\/li>\n<\/ul>\n\n\n\n<div class=\"wp-block-file\"><a id=\"wp-block-file--media-be118239-1bc6-42cf-a8b0-6948f9ac78ab\" href=\"https:\/\/www.uges-isere.fr\/wp-content\/uploads\/2023\/05\/Comment-les-collectivites-financent-leurs-investissements-climat.pdf\">Comment-les-collectivites-financent-leurs-investissements-climat<\/a><a href=\"https:\/\/www.uges-isere.fr\/wp-content\/uploads\/2023\/05\/Comment-les-collectivites-financent-leurs-investissements-climat.pdf\" class=\"wp-block-file__button wp-element-button\" download aria-describedby=\"wp-block-file--media-be118239-1bc6-42cf-a8b0-6948f9ac78ab\">T\u00e9l\u00e9charger<\/a><\/div>\n\n\n\n<ul class=\"wp-block-list\">\n<li><strong>N\u00e9gawatt<\/strong>, La transition \u00e9nerg\u00e9tique au c\u0153ur d\u2019une transition soci\u00e9tale, <\/li>\n<\/ul>\n\n\n\n<div class=\"wp-block-file\"><a id=\"wp-block-file--media-ce0ef98e-824c-4fa0-be85-14cf2d48ad21\" href=\"https:\/\/www.uges-isere.fr\/wp-content\/uploads\/2023\/05\/La-transition-energetique-au-coeur-dune-transition-societale.pdf\">La-transition-energetique-au-coeur-dune-transition-societale<\/a><a href=\"https:\/\/www.uges-isere.fr\/wp-content\/uploads\/2023\/05\/La-transition-energetique-au-coeur-dune-transition-societale.pdf\" class=\"wp-block-file__button wp-element-button\" download aria-describedby=\"wp-block-file--media-ce0ef98e-824c-4fa0-be85-14cf2d48ad21\">T\u00e9l\u00e9charger<\/a><\/div>\n\n\n\n<ul class=\"wp-block-list\">\n<li><strong>R\u00e9seau Action Climat<\/strong>, Les 10 points cl\u00e9s du rapport du GIEC, 2023. <\/li>\n<\/ul>\n\n\n\n<div class=\"wp-block-file\"><a id=\"wp-block-file--media-a7fb9064-d861-4f45-95a9-6994621251b5\" href=\"https:\/\/www.uges-isere.fr\/wp-content\/uploads\/2023\/05\/Les-10-points-cles-du-rapport-du-GIEC.pdf\">Les-10-points-cles-du-rapport-du-GIEC<\/a><a href=\"https:\/\/www.uges-isere.fr\/wp-content\/uploads\/2023\/05\/Les-10-points-cles-du-rapport-du-GIEC.pdf\" class=\"wp-block-file__button wp-element-button\" download aria-describedby=\"wp-block-file--media-a7fb9064-d861-4f45-95a9-6994621251b5\">T\u00e9l\u00e9charger<\/a><\/div>\n\n\n\n<ul class=\"wp-block-list\">\n<li><strong>R\u00e9seau Action Climat<\/strong>, <a href=\"https:\/\/reseauactionclimat.org\/synthese-du-rapport-du-giec-lurgence-climatique-est-la-les-solutions-aussi\/?gclid=CjwKCAjwge2iBhBBEiwAfXDBR58yimF57AkAuIlbwaXip5ZcDDVnCPcaCwhs72uDhPUGuDV_hNLQhhoCeDIQAvD_BwE\">Synth\u00e8se du rapport du GIEC : l\u2019urgence climatique est l\u00e0, les solutions aussi<\/a>, 2023. <\/li>\n<\/ul>\n\n\n\n<p><\/p>\n","protected":false},"excerpt":{"rendered":"","protected":false},"author":8,"featured_media":0,"parent":0,"menu_order":0,"comment_status":"closed","ping_status":"closed","template":"","meta":{"_mc_calendar":[],"footnotes":""},"class_list":["post-683182","page","type-page","status-publish","hentry"],"yoast_head":"<!-- This site is optimized with the Yoast SEO plugin v27.5 - https:\/\/yoast.com\/product\/yoast-seo-wordpress\/ -->\n<title>Ressources environnement &amp; transition \u00e9cologique - D\u00e9partement de l&#039;Is\u00e8re<\/title>\n<meta name=\"robots\" content=\"index, follow, max-snippet:-1, max-image-preview:large, max-video-preview:-1\" \/>\n<link rel=\"canonical\" href=\"https:\/\/www.uges-isere.fr\/index.php\/ressources-environnement-transition-ecologique\/\" \/>\n<meta property=\"og:locale\" content=\"fr_FR\" \/>\n<meta property=\"og:type\" content=\"article\" \/>\n<meta property=\"og:title\" content=\"Ressources environnement &amp; transition \u00e9cologique - D\u00e9partement de l&#039;Is\u00e8re\" \/>\n<meta property=\"og:url\" content=\"https:\/\/www.uges-isere.fr\/index.php\/ressources-environnement-transition-ecologique\/\" \/>\n<meta property=\"og:site_name\" content=\"D\u00e9partement de l&#039;Is\u00e8re\" \/>\n<meta property=\"article:publisher\" content=\"https:\/\/www.facebook.com\/LePrintemps38\" \/>\n<meta property=\"article:modified_time\" content=\"2023-05-10T14:33:37+00:00\" \/>\n<meta name=\"twitter:card\" content=\"summary_large_image\" \/>\n<meta name=\"twitter:site\" content=\"@GroupeUGES38\" \/>\n<meta name=\"twitter:label1\" content=\"Dur\u00e9e de lecture estim\u00e9e\" \/>\n\t<meta name=\"twitter:data1\" content=\"1 minute\" \/>\n<script type=\"application\/ld+json\" class=\"yoast-schema-graph\">{\"@context\":\"https:\\\/\\\/schema.org\",\"@graph\":[{\"@type\":\"WebPage\",\"@id\":\"https:\\\/\\\/www.uges-isere.fr\\\/index.php\\\/ressources-environnement-transition-ecologique\\\/\",\"url\":\"https:\\\/\\\/www.uges-isere.fr\\\/index.php\\\/ressources-environnement-transition-ecologique\\\/\",\"name\":\"Ressources environnement & transition \u00e9cologique - D\u00e9partement de l&#039;Is\u00e8re\",\"isPartOf\":{\"@id\":\"https:\\\/\\\/www.uges-isere.fr\\\/#website\"},\"datePublished\":\"2023-05-10T07:26:57+00:00\",\"dateModified\":\"2023-05-10T14:33:37+00:00\",\"breadcrumb\":{\"@id\":\"https:\\\/\\\/www.uges-isere.fr\\\/index.php\\\/ressources-environnement-transition-ecologique\\\/#breadcrumb\"},\"inLanguage\":\"fr-FR\",\"potentialAction\":[{\"@type\":\"ReadAction\",\"target\":[\"https:\\\/\\\/www.uges-isere.fr\\\/index.php\\\/ressources-environnement-transition-ecologique\\\/\"]}]},{\"@type\":\"BreadcrumbList\",\"@id\":\"https:\\\/\\\/www.uges-isere.fr\\\/index.php\\\/ressources-environnement-transition-ecologique\\\/#breadcrumb\",\"itemListElement\":[{\"@type\":\"ListItem\",\"position\":1,\"name\":\"Accueil\",\"item\":\"https:\\\/\\\/www.uges-isere.fr\\\/\"},{\"@type\":\"ListItem\",\"position\":2,\"name\":\"Ressources environnement &#038; transition \u00e9cologique\"}]},{\"@type\":\"WebSite\",\"@id\":\"https:\\\/\\\/www.uges-isere.fr\\\/#website\",\"url\":\"https:\\\/\\\/www.uges-isere.fr\\\/\",\"name\":\"D\u00e9partement de l&#039;Is\u00e8re\",\"description\":\"Groupe d&#039;opposition UGES\",\"publisher\":{\"@id\":\"https:\\\/\\\/www.uges-isere.fr\\\/#organization\"},\"potentialAction\":[{\"@type\":\"SearchAction\",\"target\":{\"@type\":\"EntryPoint\",\"urlTemplate\":\"https:\\\/\\\/www.uges-isere.fr\\\/?s={search_term_string}\"},\"query-input\":{\"@type\":\"PropertyValueSpecification\",\"valueRequired\":true,\"valueName\":\"search_term_string\"}}],\"inLanguage\":\"fr-FR\"},{\"@type\":\"Organization\",\"@id\":\"https:\\\/\\\/www.uges-isere.fr\\\/#organization\",\"name\":\"D\u00e9partement de l'Is\u00e8re\",\"url\":\"https:\\\/\\\/www.uges-isere.fr\\\/\",\"logo\":{\"@type\":\"ImageObject\",\"inLanguage\":\"fr-FR\",\"@id\":\"https:\\\/\\\/www.uges-isere.fr\\\/#\\\/schema\\\/logo\\\/image\\\/\",\"url\":\"https:\\\/\\\/www.uges-isere.fr\\\/wp-content\\\/uploads\\\/2021\\\/10\\\/logo-ok.png\",\"contentUrl\":\"https:\\\/\\\/www.uges-isere.fr\\\/wp-content\\\/uploads\\\/2021\\\/10\\\/logo-ok.png\",\"width\":2859,\"height\":1816,\"caption\":\"D\u00e9partement de l'Is\u00e8re\"},\"image\":{\"@id\":\"https:\\\/\\\/www.uges-isere.fr\\\/#\\\/schema\\\/logo\\\/image\\\/\"},\"sameAs\":[\"https:\\\/\\\/www.facebook.com\\\/LePrintemps38\",\"https:\\\/\\\/x.com\\\/GroupeUGES38\"]}]}<\/script>\n<!-- \/ Yoast SEO plugin. -->","yoast_head_json":{"title":"Ressources environnement & transition \u00e9cologique - D\u00e9partement de l&#039;Is\u00e8re","robots":{"index":"index","follow":"follow","max-snippet":"max-snippet:-1","max-image-preview":"max-image-preview:large","max-video-preview":"max-video-preview:-1"},"canonical":"https:\/\/www.uges-isere.fr\/index.php\/ressources-environnement-transition-ecologique\/","og_locale":"fr_FR","og_type":"article","og_title":"Ressources environnement & transition \u00e9cologique - D\u00e9partement de l&#039;Is\u00e8re","og_url":"https:\/\/www.uges-isere.fr\/index.php\/ressources-environnement-transition-ecologique\/","og_site_name":"D\u00e9partement de l&#039;Is\u00e8re","article_publisher":"https:\/\/www.facebook.com\/LePrintemps38","article_modified_time":"2023-05-10T14:33:37+00:00","twitter_card":"summary_large_image","twitter_site":"@GroupeUGES38","twitter_misc":{"Dur\u00e9e de lecture estim\u00e9e":"1 minute"},"schema":{"@context":"https:\/\/schema.org","@graph":[{"@type":"WebPage","@id":"https:\/\/www.uges-isere.fr\/index.php\/ressources-environnement-transition-ecologique\/","url":"https:\/\/www.uges-isere.fr\/index.php\/ressources-environnement-transition-ecologique\/","name":"Ressources environnement & transition \u00e9cologique - D\u00e9partement de l&#039;Is\u00e8re","isPartOf":{"@id":"https:\/\/www.uges-isere.fr\/#website"},"datePublished":"2023-05-10T07:26:57+00:00","dateModified":"2023-05-10T14:33:37+00:00","breadcrumb":{"@id":"https:\/\/www.uges-isere.fr\/index.php\/ressources-environnement-transition-ecologique\/#breadcrumb"},"inLanguage":"fr-FR","potentialAction":[{"@type":"ReadAction","target":["https:\/\/www.uges-isere.fr\/index.php\/ressources-environnement-transition-ecologique\/"]}]},{"@type":"BreadcrumbList","@id":"https:\/\/www.uges-isere.fr\/index.php\/ressources-environnement-transition-ecologique\/#breadcrumb","itemListElement":[{"@type":"ListItem","position":1,"name":"Accueil","item":"https:\/\/www.uges-isere.fr\/"},{"@type":"ListItem","position":2,"name":"Ressources environnement &#038; transition \u00e9cologique"}]},{"@type":"WebSite","@id":"https:\/\/www.uges-isere.fr\/#website","url":"https:\/\/www.uges-isere.fr\/","name":"D\u00e9partement de l&#039;Is\u00e8re","description":"Groupe d&#039;opposition UGES","publisher":{"@id":"https:\/\/www.uges-isere.fr\/#organization"},"potentialAction":[{"@type":"SearchAction","target":{"@type":"EntryPoint","urlTemplate":"https:\/\/www.uges-isere.fr\/?s={search_term_string}"},"query-input":{"@type":"PropertyValueSpecification","valueRequired":true,"valueName":"search_term_string"}}],"inLanguage":"fr-FR"},{"@type":"Organization","@id":"https:\/\/www.uges-isere.fr\/#organization","name":"D\u00e9partement de l'Is\u00e8re","url":"https:\/\/www.uges-isere.fr\/","logo":{"@type":"ImageObject","inLanguage":"fr-FR","@id":"https:\/\/www.uges-isere.fr\/#\/schema\/logo\/image\/","url":"https:\/\/www.uges-isere.fr\/wp-content\/uploads\/2021\/10\/logo-ok.png","contentUrl":"https:\/\/www.uges-isere.fr\/wp-content\/uploads\/2021\/10\/logo-ok.png","width":2859,"height":1816,"caption":"D\u00e9partement de l'Is\u00e8re"},"image":{"@id":"https:\/\/www.uges-isere.fr\/#\/schema\/logo\/image\/"},"sameAs":["https:\/\/www.facebook.com\/LePrintemps38","https:\/\/x.com\/GroupeUGES38"]}]}},"_links":{"self":[{"href":"https:\/\/www.uges-isere.fr\/index.php\/wp-json\/wp\/v2\/pages\/683182","targetHints":{"allow":["GET"]}}],"collection":[{"href":"https:\/\/www.uges-isere.fr\/index.php\/wp-json\/wp\/v2\/pages"}],"about":[{"href":"https:\/\/www.uges-isere.fr\/index.php\/wp-json\/wp\/v2\/types\/page"}],"author":[{"embeddable":true,"href":"https:\/\/www.uges-isere.fr\/index.php\/wp-json\/wp\/v2\/users\/8"}],"replies":[{"embeddable":true,"href":"https:\/\/www.uges-isere.fr\/index.php\/wp-json\/wp\/v2\/comments?post=683182"}],"version-history":[{"count":11,"href":"https:\/\/www.uges-isere.fr\/index.php\/wp-json\/wp\/v2\/pages\/683182\/revisions"}],"predecessor-version":[{"id":683287,"href":"https:\/\/www.uges-isere.fr\/index.php\/wp-json\/wp\/v2\/pages\/683182\/revisions\/683287"}],"wp:attachment":[{"href":"https:\/\/www.uges-isere.fr\/index.php\/wp-json\/wp\/v2\/media?parent=683182"}],"curies":[{"name":"wp","href":"https:\/\/api.w.org\/{rel}","templated":true}]}}