{"id":683149,"date":"2023-05-09T14:57:35","date_gmt":"2023-05-09T12:57:35","guid":{"rendered":"https:\/\/www.uges-isere.fr\/?page_id=683149"},"modified":"2023-05-10T15:46:31","modified_gmt":"2023-05-10T13:46:31","slug":"ressources-agriculture","status":"publish","type":"page","link":"https:\/\/www.uges-isere.fr\/index.php\/ressources-agriculture\/","title":{"rendered":"Ressources agriculture"},"content":{"rendered":"\n<ul class=\"wp-block-list\">\n<li><strong>Agence Bio \/ Agreste<\/strong>, L&rsquo;agriculture biologique en Is\u00e8re, 2021. <\/li>\n<\/ul>\n\n\n\n<div class=\"wp-block-file\"><a id=\"wp-block-file--media-d8026508-2f37-412b-a6dd-e7d2fe611fbd\" href=\"https:\/\/www.uges-isere.fr\/wp-content\/uploads\/2023\/05\/Agriculture-bio-en-Isere.pdf\">Agriculture-bio-en-Isere<\/a><a href=\"https:\/\/www.uges-isere.fr\/wp-content\/uploads\/2023\/05\/Agriculture-bio-en-Isere.pdf\" class=\"wp-block-file__button wp-element-button\" download aria-describedby=\"wp-block-file--media-d8026508-2f37-412b-a6dd-e7d2fe611fbd\">T\u00e9l\u00e9charger<\/a><\/div>\n\n\n\n<ul class=\"wp-block-list\">\n<li><strong>Agreste<\/strong>, Memento 2020, Auvergne-Rh\u00f4ne-Alpes, 2020. <\/li>\n<\/ul>\n\n\n\n<div class=\"wp-block-file\"><a id=\"wp-block-file--media-72030334-35ae-4b91-a562-167d3e4ecb62\" href=\"https:\/\/www.uges-isere.fr\/wp-content\/uploads\/2023\/05\/Memento-2020.pdf\">Memento-2020<\/a><a href=\"https:\/\/www.uges-isere.fr\/wp-content\/uploads\/2023\/05\/Memento-2020.pdf\" class=\"wp-block-file__button wp-element-button\" download aria-describedby=\"wp-block-file--media-72030334-35ae-4b91-a562-167d3e4ecb62\">T\u00e9l\u00e9charger<\/a><\/div>\n\n\n\n<ul class=\"wp-block-list\">\n<li><strong>Conseil National de l&rsquo;Alimentation<\/strong>, r\u00e9sum\u00e9 de l\u2019avis 91 <a href=\"https:\/\/cna-alimentation.fr\/wp-content\/uploads\/2022\/10\/CNA_Avis-91_Resume-4-pages-1.pdf\">Pr\u00e9venir et lutter contre la pr\u00e9carit\u00e9 alimentaire<\/a>,\u00a0 2022.<\/li>\n<\/ul>\n\n\n\n<div class=\"wp-block-file\"><a id=\"wp-block-file--media-0e4395b6-cf3a-40e8-aa3a-73a987719258\" href=\"https:\/\/www.uges-isere.fr\/wp-content\/uploads\/2023\/05\/Prevenir-et-lutter-contre-la-precarite-alimentaire.pdf\">Prevenir-et-lutter-contre-la-precarite-alimentaire<\/a><a href=\"https:\/\/www.uges-isere.fr\/wp-content\/uploads\/2023\/05\/Prevenir-et-lutter-contre-la-precarite-alimentaire.pdf\" class=\"wp-block-file__button wp-element-button\" download aria-describedby=\"wp-block-file--media-0e4395b6-cf3a-40e8-aa3a-73a987719258\">T\u00e9l\u00e9charger<\/a><\/div>\n\n\n\n<ul class=\"wp-block-list\">\n<li><a href=\"https:\/\/securite-sociale-alimentation.org\/\">Collectif pour une s\u00e9curit\u00e9 sociale de l\u2019alimentation<\/a><\/li>\n\n\n\n<li><strong>Cour des Comptes<\/strong>, Le soutien \u00e0 l&rsquo;agriculture biologique, 2022. <\/li>\n<\/ul>\n\n\n\n<div class=\"wp-block-file\"><a id=\"wp-block-file--media-0cfcb543-052f-4fb0-a19d-cc596aed502b\" href=\"https:\/\/www.uges-isere.fr\/wp-content\/uploads\/2023\/05\/Le-soutien-a-lagriculture-biologique.pdf\">Le-soutien-a-lagriculture-biologique<\/a><a href=\"https:\/\/www.uges-isere.fr\/wp-content\/uploads\/2023\/05\/Le-soutien-a-lagriculture-biologique.pdf\" class=\"wp-block-file__button wp-element-button\" download aria-describedby=\"wp-block-file--media-0cfcb543-052f-4fb0-a19d-cc596aed502b\">T\u00e9l\u00e9charger<\/a><\/div>\n\n\n\n<ul class=\"wp-block-list\">\n<li><strong>Direction R\u00e9gionale de l&rsquo;Alimentation, de l&rsquo;Agriculture et de la For\u00eat Auvergne-Rh\u00f4ne-Alpes<\/strong>, <a href=\"https:\/\/draaf.auvergne-rhone-alpes.agriculture.gouv.fr\/IMG\/html\/fiche_territoriale_isere_cle841b11.html\">Fiche territoriale \u00ab&nbsp;Is\u00e8re&nbsp;\u00bb<\/a>, 2021.<\/li>\n\n\n\n<li><strong>Institut du d\u00e9veloppement durable et des relations internationales<\/strong>, Une Europe agro\u00e9cologique en 2050 ; une agriculture multifonctionnelle pour une alimentation saine, 2018. <\/li>\n<\/ul>\n\n\n\n<div class=\"wp-block-file\"><a id=\"wp-block-file--media-34f4738d-24ce-418e-a1f6-a3c4d5bfc69a\" href=\"https:\/\/www.uges-isere.fr\/wp-content\/uploads\/2023\/05\/Une-Europe-agroecologique-en-2050.pdf\">Une-Europe-agroecologique-en-2050<\/a><a href=\"https:\/\/www.uges-isere.fr\/wp-content\/uploads\/2023\/05\/Une-Europe-agroecologique-en-2050.pdf\" class=\"wp-block-file__button wp-element-button\" download aria-describedby=\"wp-block-file--media-34f4738d-24ce-418e-a1f6-a3c4d5bfc69a\">T\u00e9l\u00e9charger<\/a><\/div>\n\n\n\n<ul class=\"wp-block-list\">\n<li><strong>IPES FOOD<\/strong>, Rompre le cycle des syst\u00e8mes alimentaires non durables, de la faim et de la dette, 2023.<\/li>\n<\/ul>\n\n\n\n<div class=\"wp-block-file\"><a id=\"wp-block-file--media-94f95336-a320-4a3d-bb44-4b13f62e5568\" href=\"https:\/\/www.uges-isere.fr\/wp-content\/uploads\/2023\/05\/Rompre-le-cycle-des-systemes-alimentaires-non-durables-de-la-faim-et-de-la-dette.pdf\">Rompre-le-cycle-des-systemes-alimentaires-non-durables-de-la-faim-et-de-la-dette<\/a><a href=\"https:\/\/www.uges-isere.fr\/wp-content\/uploads\/2023\/05\/Rompre-le-cycle-des-systemes-alimentaires-non-durables-de-la-faim-et-de-la-dette.pdf\" class=\"wp-block-file__button wp-element-button\" download aria-describedby=\"wp-block-file--media-94f95336-a320-4a3d-bb44-4b13f62e5568\">T\u00e9l\u00e9charger<\/a><\/div>\n\n\n\n<ul class=\"wp-block-list\">\n<li><strong>Le labo ESS<\/strong>, Agir contre la pr\u00e9carit\u00e9 alimentaire en favorisant l\u2019acc\u00e8s de toustes \u00e0 une alimentation de qualit\u00e9, 2020.<\/li>\n<\/ul>\n\n\n\n<div class=\"wp-block-file\"><a id=\"wp-block-file--media-d77c9da0-8a22-408e-8450-3f4e95e576ea\" href=\"https:\/\/www.uges-isere.fr\/wp-content\/uploads\/2023\/05\/Agir-contre-la-precarite-alimentaire.pdf\">Agir-contre-la-precarite-alimentaire<\/a><a href=\"https:\/\/www.uges-isere.fr\/wp-content\/uploads\/2023\/05\/Agir-contre-la-precarite-alimentaire.pdf\" class=\"wp-block-file__button wp-element-button\" download aria-describedby=\"wp-block-file--media-d77c9da0-8a22-408e-8450-3f4e95e576ea\">T\u00e9l\u00e9charger<\/a><\/div>\n\n\n\n<ul class=\"wp-block-list\">\n<li><strong>Les Greniers d&rsquo;abondance<\/strong>, Vers la r\u00e9silience alimentaire, faire face aux menaces globales \u00e0 l&rsquo;\u00e9chelle des territoires, 2020.<\/li>\n<\/ul>\n\n\n\n<div class=\"wp-block-file\"><a id=\"wp-block-file--media-ee458f26-bf4f-4786-a5fb-08a44f988983\" href=\"https:\/\/www.uges-isere.fr\/wp-content\/uploads\/2023\/05\/Vers-la-resilience-alimentaire.pdf\">Vers-la-resilience-alimentaire<\/a><a href=\"https:\/\/www.uges-isere.fr\/wp-content\/uploads\/2023\/05\/Vers-la-resilience-alimentaire.pdf\" class=\"wp-block-file__button wp-element-button\" download aria-describedby=\"wp-block-file--media-ee458f26-bf4f-4786-a5fb-08a44f988983\">T\u00e9l\u00e9charger<\/a><\/div>\n\n\n\n<ul class=\"wp-block-list\">\n<li><strong>Les Greniers d&rsquo;Abondance<\/strong>, outil <a href=\"https:\/\/crater.resiliencealimentaire.org\/accueil\">CRATER<\/a> pour \u00e9valuer le diagnostic alimentaire du territoire.<\/li>\n\n\n\n<li><strong>Solagro<\/strong>, Afterres 2050 : un horizon pour l&rsquo;agriculture et l&rsquo;alimentation, 2016.<\/li>\n<\/ul>\n\n\n\n<div class=\"wp-block-file\"><a id=\"wp-block-file--media-d74c1fd9-0f6f-4dae-8f69-90b5896e7dfc\" href=\"https:\/\/www.uges-isere.fr\/wp-content\/uploads\/2023\/05\/Afterres-2050.pdf\">Afterres-2050<\/a><a href=\"https:\/\/www.uges-isere.fr\/wp-content\/uploads\/2023\/05\/Afterres-2050.pdf\" class=\"wp-block-file__button wp-element-button\" download aria-describedby=\"wp-block-file--media-d74c1fd9-0f6f-4dae-8f69-90b5896e7dfc\">T\u00e9l\u00e9charger<\/a><\/div>\n\n\n\n<ul class=\"wp-block-list\">\n<li><strong>Terra Nova<\/strong>, Comment r\u00e9ussir la transition agro-\u00e9cologique ? 2023.<\/li>\n<\/ul>\n\n\n\n<div class=\"wp-block-file\"><a id=\"wp-block-file--media-a14ac24e-e95f-4085-91c2-ccda4f913f70\" href=\"https:\/\/www.uges-isere.fr\/wp-content\/uploads\/2023\/05\/Comment-reussir-la-transition-agro-ecologique.pdf\">Comment-reussir-la-transition-agro-ecologique<\/a><a href=\"https:\/\/www.uges-isere.fr\/wp-content\/uploads\/2023\/05\/Comment-reussir-la-transition-agro-ecologique.pdf\" class=\"wp-block-file__button wp-element-button\" download aria-describedby=\"wp-block-file--media-a14ac24e-e95f-4085-91c2-ccda4f913f70\">T\u00e9l\u00e9charger<\/a><\/div>\n\n\n\n<ul class=\"wp-block-list\">\n<li><strong>Terra Nova<\/strong>, Vers une s\u00e9curit\u00e9 alimentaire durable : enjeux, initiatives et principes directeurs, 2021.<\/li>\n<\/ul>\n\n\n\n<div class=\"wp-block-file\"><a id=\"wp-block-file--media-17779a07-4bc6-40c8-b30b-e5fbe03a1c1c\" href=\"https:\/\/www.uges-isere.fr\/wp-content\/uploads\/2023\/05\/Vers-une-securite-alimentaire-durable.pdf\">Vers-une-securite-alimentaire-durable<\/a><a href=\"https:\/\/www.uges-isere.fr\/wp-content\/uploads\/2023\/05\/Vers-une-securite-alimentaire-durable.pdf\" class=\"wp-block-file__button wp-element-button\" download aria-describedby=\"wp-block-file--media-17779a07-4bc6-40c8-b30b-e5fbe03a1c1c\">T\u00e9l\u00e9charger<\/a><\/div>\n\n\n\n<ul class=\"wp-block-list\">\n<li><strong>Terre de Liens<\/strong>, Etat des terres agricoles en France, 2022.<\/li>\n<\/ul>\n\n\n\n<div class=\"wp-block-file\"><a id=\"wp-block-file--media-ea0528d1-d229-490c-b734-4ebfcd4dcbbf\" href=\"https:\/\/www.uges-isere.fr\/wp-content\/uploads\/2023\/05\/Letat-des-terres-agricoles-en-France.pdf\">Letat-des-terres-agricoles-en-France<\/a><a href=\"https:\/\/www.uges-isere.fr\/wp-content\/uploads\/2023\/05\/Letat-des-terres-agricoles-en-France.pdf\" class=\"wp-block-file__button wp-element-button\" download aria-describedby=\"wp-block-file--media-ea0528d1-d229-490c-b734-4ebfcd4dcbbf\">T\u00e9l\u00e9charger<\/a><\/div>\n","protected":false},"excerpt":{"rendered":"","protected":false},"author":8,"featured_media":0,"parent":0,"menu_order":0,"comment_status":"closed","ping_status":"closed","template":"","meta":{"_mc_calendar":[],"footnotes":""},"class_list":["post-683149","page","type-page","status-publish","hentry"],"yoast_head":"<!-- This site is optimized with the Yoast SEO plugin v27.5 - https:\/\/yoast.com\/product\/yoast-seo-wordpress\/ -->\n<title>Ressources agriculture - D\u00e9partement de l&#039;Is\u00e8re<\/title>\n<meta name=\"robots\" content=\"index, follow, max-snippet:-1, max-image-preview:large, max-video-preview:-1\" \/>\n<link rel=\"canonical\" href=\"https:\/\/www.uges-isere.fr\/index.php\/ressources-agriculture\/\" \/>\n<meta property=\"og:locale\" content=\"fr_FR\" \/>\n<meta property=\"og:type\" content=\"article\" \/>\n<meta property=\"og:title\" content=\"Ressources agriculture - D\u00e9partement de l&#039;Is\u00e8re\" \/>\n<meta property=\"og:url\" content=\"https:\/\/www.uges-isere.fr\/index.php\/ressources-agriculture\/\" \/>\n<meta property=\"og:site_name\" content=\"D\u00e9partement de l&#039;Is\u00e8re\" \/>\n<meta property=\"article:publisher\" content=\"https:\/\/www.facebook.com\/LePrintemps38\" \/>\n<meta property=\"article:modified_time\" content=\"2023-05-10T13:46:31+00:00\" \/>\n<meta name=\"twitter:card\" content=\"summary_large_image\" \/>\n<meta name=\"twitter:site\" content=\"@GroupeUGES38\" \/>\n<meta name=\"twitter:label1\" content=\"Dur\u00e9e de lecture estim\u00e9e\" \/>\n\t<meta name=\"twitter:data1\" content=\"2 minutes\" \/>\n<script type=\"application\/ld+json\" class=\"yoast-schema-graph\">{\"@context\":\"https:\\\/\\\/schema.org\",\"@graph\":[{\"@type\":\"WebPage\",\"@id\":\"https:\\\/\\\/www.uges-isere.fr\\\/index.php\\\/ressources-agriculture\\\/\",\"url\":\"https:\\\/\\\/www.uges-isere.fr\\\/index.php\\\/ressources-agriculture\\\/\",\"name\":\"Ressources agriculture - D\u00e9partement de l&#039;Is\u00e8re\",\"isPartOf\":{\"@id\":\"https:\\\/\\\/www.uges-isere.fr\\\/#website\"},\"datePublished\":\"2023-05-09T12:57:35+00:00\",\"dateModified\":\"2023-05-10T13:46:31+00:00\",\"breadcrumb\":{\"@id\":\"https:\\\/\\\/www.uges-isere.fr\\\/index.php\\\/ressources-agriculture\\\/#breadcrumb\"},\"inLanguage\":\"fr-FR\",\"potentialAction\":[{\"@type\":\"ReadAction\",\"target\":[\"https:\\\/\\\/www.uges-isere.fr\\\/index.php\\\/ressources-agriculture\\\/\"]}]},{\"@type\":\"BreadcrumbList\",\"@id\":\"https:\\\/\\\/www.uges-isere.fr\\\/index.php\\\/ressources-agriculture\\\/#breadcrumb\",\"itemListElement\":[{\"@type\":\"ListItem\",\"position\":1,\"name\":\"Accueil\",\"item\":\"https:\\\/\\\/www.uges-isere.fr\\\/\"},{\"@type\":\"ListItem\",\"position\":2,\"name\":\"Ressources agriculture\"}]},{\"@type\":\"WebSite\",\"@id\":\"https:\\\/\\\/www.uges-isere.fr\\\/#website\",\"url\":\"https:\\\/\\\/www.uges-isere.fr\\\/\",\"name\":\"D\u00e9partement de l&#039;Is\u00e8re\",\"description\":\"Groupe d&#039;opposition UGES\",\"publisher\":{\"@id\":\"https:\\\/\\\/www.uges-isere.fr\\\/#organization\"},\"potentialAction\":[{\"@type\":\"SearchAction\",\"target\":{\"@type\":\"EntryPoint\",\"urlTemplate\":\"https:\\\/\\\/www.uges-isere.fr\\\/?s={search_term_string}\"},\"query-input\":{\"@type\":\"PropertyValueSpecification\",\"valueRequired\":true,\"valueName\":\"search_term_string\"}}],\"inLanguage\":\"fr-FR\"},{\"@type\":\"Organization\",\"@id\":\"https:\\\/\\\/www.uges-isere.fr\\\/#organization\",\"name\":\"D\u00e9partement de l'Is\u00e8re\",\"url\":\"https:\\\/\\\/www.uges-isere.fr\\\/\",\"logo\":{\"@type\":\"ImageObject\",\"inLanguage\":\"fr-FR\",\"@id\":\"https:\\\/\\\/www.uges-isere.fr\\\/#\\\/schema\\\/logo\\\/image\\\/\",\"url\":\"https:\\\/\\\/www.uges-isere.fr\\\/wp-content\\\/uploads\\\/2021\\\/10\\\/logo-ok.png\",\"contentUrl\":\"https:\\\/\\\/www.uges-isere.fr\\\/wp-content\\\/uploads\\\/2021\\\/10\\\/logo-ok.png\",\"width\":2859,\"height\":1816,\"caption\":\"D\u00e9partement de l'Is\u00e8re\"},\"image\":{\"@id\":\"https:\\\/\\\/www.uges-isere.fr\\\/#\\\/schema\\\/logo\\\/image\\\/\"},\"sameAs\":[\"https:\\\/\\\/www.facebook.com\\\/LePrintemps38\",\"https:\\\/\\\/x.com\\\/GroupeUGES38\"]}]}<\/script>\n<!-- \/ Yoast SEO plugin. -->","yoast_head_json":{"title":"Ressources agriculture - D\u00e9partement de l&#039;Is\u00e8re","robots":{"index":"index","follow":"follow","max-snippet":"max-snippet:-1","max-image-preview":"max-image-preview:large","max-video-preview":"max-video-preview:-1"},"canonical":"https:\/\/www.uges-isere.fr\/index.php\/ressources-agriculture\/","og_locale":"fr_FR","og_type":"article","og_title":"Ressources agriculture - D\u00e9partement de l&#039;Is\u00e8re","og_url":"https:\/\/www.uges-isere.fr\/index.php\/ressources-agriculture\/","og_site_name":"D\u00e9partement de l&#039;Is\u00e8re","article_publisher":"https:\/\/www.facebook.com\/LePrintemps38","article_modified_time":"2023-05-10T13:46:31+00:00","twitter_card":"summary_large_image","twitter_site":"@GroupeUGES38","twitter_misc":{"Dur\u00e9e de lecture estim\u00e9e":"2 minutes"},"schema":{"@context":"https:\/\/schema.org","@graph":[{"@type":"WebPage","@id":"https:\/\/www.uges-isere.fr\/index.php\/ressources-agriculture\/","url":"https:\/\/www.uges-isere.fr\/index.php\/ressources-agriculture\/","name":"Ressources agriculture - D\u00e9partement de l&#039;Is\u00e8re","isPartOf":{"@id":"https:\/\/www.uges-isere.fr\/#website"},"datePublished":"2023-05-09T12:57:35+00:00","dateModified":"2023-05-10T13:46:31+00:00","breadcrumb":{"@id":"https:\/\/www.uges-isere.fr\/index.php\/ressources-agriculture\/#breadcrumb"},"inLanguage":"fr-FR","potentialAction":[{"@type":"ReadAction","target":["https:\/\/www.uges-isere.fr\/index.php\/ressources-agriculture\/"]}]},{"@type":"BreadcrumbList","@id":"https:\/\/www.uges-isere.fr\/index.php\/ressources-agriculture\/#breadcrumb","itemListElement":[{"@type":"ListItem","position":1,"name":"Accueil","item":"https:\/\/www.uges-isere.fr\/"},{"@type":"ListItem","position":2,"name":"Ressources agriculture"}]},{"@type":"WebSite","@id":"https:\/\/www.uges-isere.fr\/#website","url":"https:\/\/www.uges-isere.fr\/","name":"D\u00e9partement de l&#039;Is\u00e8re","description":"Groupe d&#039;opposition UGES","publisher":{"@id":"https:\/\/www.uges-isere.fr\/#organization"},"potentialAction":[{"@type":"SearchAction","target":{"@type":"EntryPoint","urlTemplate":"https:\/\/www.uges-isere.fr\/?s={search_term_string}"},"query-input":{"@type":"PropertyValueSpecification","valueRequired":true,"valueName":"search_term_string"}}],"inLanguage":"fr-FR"},{"@type":"Organization","@id":"https:\/\/www.uges-isere.fr\/#organization","name":"D\u00e9partement de l'Is\u00e8re","url":"https:\/\/www.uges-isere.fr\/","logo":{"@type":"ImageObject","inLanguage":"fr-FR","@id":"https:\/\/www.uges-isere.fr\/#\/schema\/logo\/image\/","url":"https:\/\/www.uges-isere.fr\/wp-content\/uploads\/2021\/10\/logo-ok.png","contentUrl":"https:\/\/www.uges-isere.fr\/wp-content\/uploads\/2021\/10\/logo-ok.png","width":2859,"height":1816,"caption":"D\u00e9partement de l'Is\u00e8re"},"image":{"@id":"https:\/\/www.uges-isere.fr\/#\/schema\/logo\/image\/"},"sameAs":["https:\/\/www.facebook.com\/LePrintemps38","https:\/\/x.com\/GroupeUGES38"]}]}},"_links":{"self":[{"href":"https:\/\/www.uges-isere.fr\/index.php\/wp-json\/wp\/v2\/pages\/683149","targetHints":{"allow":["GET"]}}],"collection":[{"href":"https:\/\/www.uges-isere.fr\/index.php\/wp-json\/wp\/v2\/pages"}],"about":[{"href":"https:\/\/www.uges-isere.fr\/index.php\/wp-json\/wp\/v2\/types\/page"}],"author":[{"embeddable":true,"href":"https:\/\/www.uges-isere.fr\/index.php\/wp-json\/wp\/v2\/users\/8"}],"replies":[{"embeddable":true,"href":"https:\/\/www.uges-isere.fr\/index.php\/wp-json\/wp\/v2\/comments?post=683149"}],"version-history":[{"count":15,"href":"https:\/\/www.uges-isere.fr\/index.php\/wp-json\/wp\/v2\/pages\/683149\/revisions"}],"predecessor-version":[{"id":683253,"href":"https:\/\/www.uges-isere.fr\/index.php\/wp-json\/wp\/v2\/pages\/683149\/revisions\/683253"}],"wp:attachment":[{"href":"https:\/\/www.uges-isere.fr\/index.php\/wp-json\/wp\/v2\/media?parent=683149"}],"curies":[{"name":"wp","href":"https:\/\/api.w.org\/{rel}","templated":true}]}}