{"id":682926,"date":"2023-02-15T16:00:00","date_gmt":"2023-02-15T15:00:00","guid":{"rendered":"https:\/\/www.uges-isere.fr\/?page_id=682926"},"modified":"2023-04-12T11:33:52","modified_gmt":"2023-04-12T09:33:52","slug":"une-deuxieme-edition-pour-les-initiatives-grenobloises","status":"publish","type":"page","link":"https:\/\/www.uges-isere.fr\/index.php\/une-deuxieme-edition-pour-les-initiatives-grenobloises\/","title":{"rendered":"Deuxi\u00e8me \u00e9dition des Initiatives Grenobloises !"},"content":{"rendered":"\n<p>Le dispositif \u00ab\u00a0initiatives grenobloises\u00a0\u00bb a vu le jour en 2022 et s&rsquo;inscrit dans une d\u00e9marche d\u2019<strong>association des citoyen.ne.s&nbsp;&nbsp;aux d\u00e9cisions des \u00e9lu.e.s, promesse de campagne du Printemps Is\u00e9rois<\/strong>. <\/p>\n\n\n\n<p>Les conseill\u00e8res et conseillers d\u00e9partementaux des 4 cantons grenoblois (Sophie Romera &amp; Thierry Badouard \u2013 Grenoble 1; \u00c9l\u00e9onore Kazazian-Balestas &amp; J\u00e9r\u00f4me Cucarollo \u2013 Grenoble 2; Pauline Couvent &amp; Simon Billouet \u2013 Grenoble 3; Amandine Germain &amp; Pierre-Didier Tch\u00e9tch\u00e9 \u2013 Grenoble 4<strong>)<\/strong>&nbsp;ont mutualis\u00e9 une partie de leur enveloppe d\u00e9di\u00e9e aux <a href=\"https:\/\/www.uges-isere.fr\/index.php\/dispositif-initiatives-locales\/\">\u00ab Initiatives locales \u00bb <\/a>pour atteindre la somme de 20 000 euros.<\/p>\n\n\n\n<p>En 2022, \u00e0 l\u2019issue d&rsquo;un <strong>vote num\u00e9rique<\/strong> ayant r\u00e9uni plus de 1200 participant.e.s, les associations <strong>Mix\u2019Art et le Prunier Sauvage<\/strong> ont emport\u00e9 la premi\u00e8re \u00e9dition pour leur <strong>festival \u00ab&nbsp;Merci Bonsoir&nbsp;\u00bb<\/strong>. <\/p>\n\n\n\n<p>Parce que cr\u00e9er des espaces de participation citoyenne est essentiel, <strong><mark style=\"background-color:rgba(0, 0, 0, 0)\" class=\"has-inline-color has-vivid-red-color\">le dispositif des \u00ab&nbsp;Initiatives Grenobloises&nbsp;\u00bb est renouvel\u00e9 en 2023<\/mark><\/strong>. <\/p>\n\n\n<div class=\"wp-block-image\">\n<figure class=\"aligncenter size-full is-resized\"><img loading=\"lazy\" decoding=\"async\" src=\"https:\/\/www.uges-isere.fr\/wp-content\/uploads\/2023\/03\/Vert-et-Dore-Simple-et-Circulaire-en-ligne-Evenement-Logo-edited.png\" alt=\"\" class=\"wp-image-682963\" width=\"257\" height=\"257\" srcset=\"https:\/\/www.uges-isere.fr\/wp-content\/uploads\/2023\/03\/Vert-et-Dore-Simple-et-Circulaire-en-ligne-Evenement-Logo-edited.png 343w, https:\/\/www.uges-isere.fr\/wp-content\/uploads\/2023\/03\/Vert-et-Dore-Simple-et-Circulaire-en-ligne-Evenement-Logo-edited-300x300.png 300w, https:\/\/www.uges-isere.fr\/wp-content\/uploads\/2023\/03\/Vert-et-Dore-Simple-et-Circulaire-en-ligne-Evenement-Logo-edited-150x150.png 150w\" sizes=\"auto, (max-width: 257px) 100vw, 257px\" \/><\/figure>\n<\/div>\n\n\n<h2 class=\"wp-block-heading\">En 2023: deux laur\u00e9ats subventionn\u00e9s jusqu&rsquo;\u00e0 10 000 \u20ac chacun !<\/h2>\n\n\n\n<p>L\u2019objectif cette ann\u00e9e est de <strong>soutenir le d\u00e9veloppement de nouveaux projets <\/strong>port\u00e9s par une ou plusieurs associations et collectifs. En 2023, ce sont <strong>deux laur\u00e9ats <\/strong>qui pourront obtenir une <strong>subvention de 10 000 \u20ac<\/strong> maximum par projet, dont le budget global ne pourra pas d\u00e9passer  50&nbsp;000 \u20ac. <\/p>\n\n\n\n<p>Le projet pourra consister en un \u00e9v\u00e9nement ponctuel (festival, f\u00eate, manifestation sportive\u2026) ou pourra se d\u00e9rouler sur un temps plus long. Les th\u00e9matiques devront r\u00e9pondre \u00e0 des enjeux de solidarit\u00e9 et coh\u00e9sion sociale, culture, sport, environnement, \u00e9ducation populaire ou lutte contre les discriminations. Le projet pourra \u00eatre localis\u00e9 sur un quartier de Grenoble ou sur toute la ville.<\/p>\n\n\n\n<p>Enfin, un <strong>vote num\u00e9rique et papier <\/strong>sera organis\u00e9 pour que les grenoblois.e.s puissent choisir leurs deux projets pr\u00e9f\u00e9r\u00e9s.<\/p>\n\n\n\n<p><strong>Le calendrier de la proc\u00e9dure <\/strong><\/p>\n\n\n\n<ul class=\"wp-block-list\">\n<li class=\"has-medium-font-size\"><strong>Avant le 24 avril : les associations grenobloises candidatent et d\u00e9posent leur projet en ligne<\/strong><\/li>\n\n\n\n<li>Du 17 avril au 21 mai : \u00e9tude et validation des dossiers \u00e9ligibles par les conseill\u00e8res et conseillers d\u00e9partementaux <\/li>\n\n\n\n<li>DU 21 mai au 3 juin : \u00e9change avec les porteurs de projets pour pr\u00e9senter le projet sur le site internet du groupe<\/li>\n\n\n\n<li>Du 3 juin au 18 juin : vote pr\u00e9f\u00e9rentiel citoyen pour les Grenobloises et Grenoblois \u00e2g\u00e9.e.s de plus de 16 ans<\/li>\n\n\n\n<li>Septembre : proposition au vote de l\u2019assembl\u00e9e d\u00e9partementale des subventions pour un paiement au cours de l\u2019automne 2023<\/li>\n<\/ul>\n\n\n\n<h2 class=\"wp-block-heading\">Candidatez via le formulaire ci-dessous !<\/h2>\n\n\n<div class=\"frm_forms  with_frm_style frm_style_style-formidable\" id=\"frm_form_4_container\" data-token=\"6b80a73758540431879d0aaa52ab3520\">\n<form enctype=\"multipart\/form-data\" method=\"post\" class=\"frm-show-form \" id=\"form_ig2023\" data-token=\"6b80a73758540431879d0aaa52ab3520\">\n<div class=\"frm_form_fields \">\n<fieldset>\n<legend class=\"frm_screen_reader\">IG 2023<\/legend>\r\n\r\n<div class=\"frm_fields_container\">\n<input type=\"hidden\" name=\"frm_action\" value=\"create\" \/>\n<input type=\"hidden\" name=\"form_id\" value=\"4\" \/>\n<input type=\"hidden\" name=\"frm_hide_fields_4\" id=\"frm_hide_fields_4\" value=\"\" \/>\n<input type=\"hidden\" name=\"form_key\" value=\"ig2023\" \/>\n<input type=\"hidden\" name=\"item_meta[0]\" value=\"\" \/>\n<input type=\"hidden\" id=\"frm_submit_entry_4\" name=\"frm_submit_entry_4\" value=\"71d1e0694a\" \/><input type=\"hidden\" name=\"_wp_http_referer\" value=\"\/index.php\/wp-json\/wp\/v2\/pages\/682926\" \/><div id=\"frm_field_22_container\" class=\"frm_form_field form-field  frm_required_field frm_top_container\">\r\n    <label for=\"field_8tz8a\" id=\"field_8tz8a_label\" class=\"frm_primary_label\">Titre du projet\r\n        <span class=\"frm_required\" aria-hidden=\"true\">*<\/span>\r\n    <\/label>\r\n    <input type=\"text\" id=\"field_8tz8a\" name=\"item_meta[22]\" value=\"\"  data-reqmsg=\"Titre du projet ne peut pas \u00eatre vide.\" aria-required=\"true\" data-invmsg=\"texte est non valide\" aria-invalid=\"false\"  \/>\r\n    \r\n    \r\n<\/div>\n<div id=\"frm_field_23_container\" class=\"frm_form_field form-field  frm_top_container\">\r\n    <label for=\"field_tb2ha\" id=\"field_tb2ha_label\" class=\"frm_primary_label\">Associations impliqu\u00e9es dans le projet\r\n        <span class=\"frm_required\" aria-hidden=\"true\"><\/span>\r\n    <\/label>\r\n    <input type=\"text\" id=\"field_tb2ha\" name=\"item_meta[23]\" value=\"\"  data-invmsg=\"texte est non valide\" aria-invalid=\"false\"  \/>\r\n    \r\n    \r\n<\/div>\n<div id=\"frm_field_24_container\" class=\"frm_form_field form-field  frm_top_container\">\r\n    <div  id=\"field_8jwk0_label\" class=\"frm_primary_label\">Nom de la personne contact\r\n        <span class=\"frm_required\" aria-hidden=\"true\"><\/span>\r\n    <\/div>\r\n    <fieldset aria-labelledby=\"field_8jwk0_label\">\n\t<legend class=\"frm_screen_reader frm_hidden\">\n\t\tNom de la personne contact\t<\/legend>\n\n\t<div  class=\"frm_combo_inputs_container\" id=\"frm_combo_inputs_container_24\" data-name-layout=\"first_last\">\n\t\t\t\t\t<div\n\t\t\t\tid=\"frm_field_24-first_container\"\n\t\t\t\tclass=\"frm_form_field form-field frm_form_subfield-first  frm6\"\n\t\t\t\tdata-sub-field-name=\"first\"\n\t\t\t>\n\t\t\t\t<label for=\"field_8jwk0_first\" class=\"frm_screen_reader frm_hidden\">\n\t\t\t\t\tPremier\t\t\t\t<\/label>\n\n\t\t\t\t<input  type=\"text\" id=\"field_8jwk0_first\" value=\"\" name=\"item_meta[24][first]\" autocomplete=\"given-name\" data-invmsg=\"Nom de la personne contact est non valide\" aria-invalid=\"false\"  \/><div class=\"frm_description\" id=\"frm_field_24_first_desc\">Premier<\/div>\t\t\t<\/div>\n\t\t\t\t\t\t<div\n\t\t\t\tid=\"frm_field_24-last_container\"\n\t\t\t\tclass=\"frm_form_field form-field frm_form_subfield-last  frm6\"\n\t\t\t\tdata-sub-field-name=\"last\"\n\t\t\t>\n\t\t\t\t<label for=\"field_8jwk0_last\" class=\"frm_screen_reader frm_hidden\">\n\t\t\t\t\tDernier\t\t\t\t<\/label>\n\n\t\t\t\t<input  type=\"text\" id=\"field_8jwk0_last\" value=\"\" name=\"item_meta[24][last]\" autocomplete=\"family-name\" data-invmsg=\"Nom de la personne contact est non valide\" aria-invalid=\"false\"  \/><div class=\"frm_description\" id=\"frm_field_24_last_desc\">Dernier<\/div>\t\t\t<\/div>\n\t\t\t\t<\/div>\n<\/fieldset>\n\r\n    \r\n    \r\n<\/div>\n<div id=\"frm_field_25_container\" class=\"frm_form_field form-field  frm_top_container\">\r\n    <label for=\"field_45arb\" id=\"field_45arb_label\" class=\"frm_primary_label\">Email\r\n        <span class=\"frm_required\" aria-hidden=\"true\"><\/span>\r\n    <\/label>\r\n    <input type=\"email\" id=\"field_45arb\" name=\"item_meta[25]\" value=\"\"  data-invmsg=\"Email est non valide\" aria-invalid=\"false\"  \/>\r\n    \r\n    \r\n<\/div>\n<div id=\"frm_field_26_container\" class=\"frm_form_field form-field  frm_top_container\">\r\n    <label for=\"field_amurp\" id=\"field_amurp_label\" class=\"frm_primary_label\">T\u00e9l\u00e9phone\r\n        <span class=\"frm_required\" aria-hidden=\"true\"><\/span>\r\n    <\/label>\r\n    <input type=\"tel\" id=\"field_amurp\" name=\"item_meta[26]\" value=\"\"  data-invmsg=\"T\u00e9l\u00e9phone est non valide\" aria-invalid=\"false\" pattern=\"((\\+\\d{1,3}(-|.| )?\\(?\\d\\)?(-| |.)?\\d{1,5})|(\\(?\\d{2,6}\\)?))(-|.| )?(\\d{3,4})(-|.| )?(\\d{4})(( x| ext)\\d{1,5}){0,1}$\"  \/>\r\n    \r\n    \r\n<\/div>\n<div id=\"frm_field_27_container\" class=\"frm_form_field form-field  frm_top_container\">\r\n    <label for=\"field_5x5nm\" id=\"field_5x5nm_label\" class=\"frm_primary_label\">Description du projet\r\n        <span class=\"frm_required\" aria-hidden=\"true\"><\/span>\r\n    <\/label>\r\n    <textarea name=\"item_meta[27]\" id=\"field_5x5nm\" rows=\"5\"  data-invmsg=\"Description du projet est non valide\" aria-invalid=\"false\"  ><\/textarea>\r\n    \r\n    \r\n<\/div>\n<div id=\"frm_field_28_container\" class=\"frm_form_field form-field  frm_top_container frm12 vertical_radio\">\r\n    <div  id=\"field_8keez_label\" class=\"frm_primary_label\">Champs d&rsquo;intervention\r\n        <span class=\"frm_required\" aria-hidden=\"true\"><\/span>\r\n    <\/div>\r\n    <div class=\"frm_opt_container\" aria-labelledby=\"field_8keez_label\" role=\"group\">\t\t<div class=\"frm_checkbox\" id=\"frm_checkbox_28-0\">\t\t\t<label  for=\"field_8keez-0\">\n\t\t\t<input type=\"checkbox\" name=\"item_meta[28][]\" id=\"field_8keez-0\" value=\"Solidarit\u00e9-Coh\u00e9sion sociale\"  data-invmsg=\"Champs d&#039;intervention est non valide\"   \/> Solidarit\u00e9-Coh\u00e9sion sociale<\/label><\/div>\n\t\t<div class=\"frm_checkbox\" id=\"frm_checkbox_28-1\">\t\t\t<label  for=\"field_8keez-1\">\n\t\t\t<input type=\"checkbox\" name=\"item_meta[28][]\" id=\"field_8keez-1\" value=\"Culture\"  data-invmsg=\"Champs d&#039;intervention est non valide\"   \/> Culture<\/label><\/div>\n\t\t<div class=\"frm_checkbox\" id=\"frm_checkbox_28-2\">\t\t\t<label  for=\"field_8keez-2\">\n\t\t\t<input type=\"checkbox\" name=\"item_meta[28][]\" id=\"field_8keez-2\" value=\"Education populaire\"  data-invmsg=\"Champs d&#039;intervention est non valide\"   \/> Education populaire<\/label><\/div>\n\t\t<div class=\"frm_checkbox\" id=\"frm_checkbox_28-3\">\t\t\t<label  for=\"field_8keez-3\">\n\t\t\t<input type=\"checkbox\" name=\"item_meta[28][]\" id=\"field_8keez-3\" value=\"Solidarit\u00e9 internationale\"  data-invmsg=\"Champs d&#039;intervention est non valide\"   \/> Solidarit\u00e9 internationale<\/label><\/div>\n\t\t<div class=\"frm_checkbox\" id=\"frm_checkbox_28-4\">\t\t\t<label  for=\"field_8keez-4\">\n\t\t\t<input type=\"checkbox\" name=\"item_meta[28][]\" id=\"field_8keez-4\" value=\"Environnement\"  data-invmsg=\"Champs d&#039;intervention est non valide\"   \/> Environnement<\/label><\/div>\n\t\t<div class=\"frm_checkbox\" id=\"frm_checkbox_28-5\">\t\t\t<label  for=\"field_8keez-5\">\n\t\t\t<input type=\"checkbox\" name=\"item_meta[28][]\" id=\"field_8keez-5\" value=\"Sport\"  data-invmsg=\"Champs d&#039;intervention est non valide\"   \/> Sport<\/label><\/div>\n\t\t<div class=\"frm_checkbox\" id=\"frm_checkbox_28-6\">\t\t\t<label  for=\"field_8keez-6\">\n\t\t\t<input type=\"checkbox\" name=\"item_meta[28][]\" id=\"field_8keez-6\" value=\"Lutte contre les descriminations\"  data-invmsg=\"Champs d&#039;intervention est non valide\"   \/> Lutte contre les descriminations<\/label><\/div>\n\t\t<div class=\"frm_checkbox\" id=\"frm_checkbox_28-7\">\t\t\t<label  for=\"field_8keez-7\">\n\t\t\t<input type=\"checkbox\" name=\"item_meta[28][]\" id=\"field_8keez-7\" value=\"Sant\u00e9\"  data-invmsg=\"Champs d&#039;intervention est non valide\"   \/> Sant\u00e9<\/label><\/div>\n\t\t<div class=\"frm_checkbox\" id=\"frm_checkbox_28-8\">\t\t\t<label  for=\"field_8keez-8\">\n\t\t\t<input type=\"checkbox\" name=\"item_meta[28][]\" id=\"field_8keez-8\" value=\"Autre\"  data-invmsg=\"Champs d&#039;intervention est non valide\"   \/> Autre<\/label><\/div>\n<\/div>\r\n    \r\n    \r\n<\/div>\n<div id=\"frm_field_30_container\" class=\"frm_form_field form-field  frm_top_container\">\r\n    <label for=\"field_xrwij\" id=\"field_xrwij_label\" class=\"frm_primary_label\">Localisation et public touch\u00e9\r\n        <span class=\"frm_required\" aria-hidden=\"true\"><\/span>\r\n    <\/label>\r\n    <input type=\"text\" id=\"field_xrwij\" name=\"item_meta[30]\" value=\"\"  data-invmsg=\"texte est non valide\" aria-invalid=\"false\"  \/>\r\n    \r\n    \r\n<\/div>\n<div id=\"frm_field_29_container\" class=\"frm_form_field form-field  frm_top_container\">\r\n    <label for=\"field_r4o8k\" id=\"field_r4o8k_label\" class=\"frm_primary_label\">Budget et financements\r\n        <span class=\"frm_required\" aria-hidden=\"true\"><\/span>\r\n    <\/label>\r\n    <textarea name=\"item_meta[29]\" id=\"field_r4o8k\" rows=\"5\"  data-invmsg=\"Budget et financements est non valide\" aria-invalid=\"false\"  ><\/textarea>\r\n    \r\n    \r\n<\/div>\n\t<input type=\"hidden\" name=\"item_key\" value=\"\" \/>\n\t\t\t<div id=\"frm_field_33_container\">\n\t\t\t<label for=\"field_223e0\" >\n\t\t\t\tSi vous \u00eates un humain, ne remplissez pas ce champ.\t\t\t<\/label>\n\t\t\t<input  id=\"field_223e0\" type=\"text\" class=\"frm_form_field form-field frm_verify\" name=\"item_meta[33]\" value=\"\"  \/>\n\t\t<\/div>\n\t\t<input name=\"frm_state\" type=\"hidden\" value=\"MDZmJ6elgNizHM3CbHJIPAsad3I66z27oF+zVY8Fny8=\" \/><div class=\"frm_submit\">\r\n\r\n<button class=\"frm_button_submit\" type=\"submit\"  >Envoyer<\/button>\r\n\r\n\r\n<\/div><\/div>\n<\/fieldset>\n<\/div>\n\n<\/form>\n<\/div>\n","protected":false},"excerpt":{"rendered":"<p>Le dispositif \u00ab\u00a0initiatives grenobloises\u00a0\u00bb a vu le jour en 2022 et s&rsquo;inscrit dans une d\u00e9marche d\u2019association des citoyen.ne.s&nbsp;&nbsp;aux &hellip; <\/p>\n","protected":false},"author":8,"featured_media":0,"parent":0,"menu_order":0,"comment_status":"closed","ping_status":"closed","template":"","meta":{"_mc_calendar":[],"footnotes":""},"class_list":["post-682926","page","type-page","status-publish","hentry"],"yoast_head":"<!-- This site is optimized with the Yoast SEO plugin v27.5 - https:\/\/yoast.com\/product\/yoast-seo-wordpress\/ -->\n<title>Deuxi\u00e8me \u00e9dition des Initiatives Grenobloises ! - D\u00e9partement de l&#039;Is\u00e8re<\/title>\n<meta name=\"robots\" content=\"index, follow, max-snippet:-1, max-image-preview:large, max-video-preview:-1\" \/>\n<link rel=\"canonical\" href=\"https:\/\/www.uges-isere.fr\/index.php\/une-deuxieme-edition-pour-les-initiatives-grenobloises\/\" \/>\n<meta property=\"og:locale\" content=\"fr_FR\" \/>\n<meta property=\"og:type\" content=\"article\" \/>\n<meta property=\"og:title\" content=\"Deuxi\u00e8me \u00e9dition des Initiatives Grenobloises ! - D\u00e9partement de l&#039;Is\u00e8re\" \/>\n<meta property=\"og:description\" content=\"Le dispositif \u00ab\u00a0initiatives grenobloises\u00a0\u00bb a vu le jour en 2022 et s&rsquo;inscrit dans une d\u00e9marche d\u2019association des citoyen.ne.s&nbsp;&nbsp;aux &hellip;\" \/>\n<meta property=\"og:url\" content=\"https:\/\/www.uges-isere.fr\/index.php\/une-deuxieme-edition-pour-les-initiatives-grenobloises\/\" \/>\n<meta property=\"og:site_name\" content=\"D\u00e9partement de l&#039;Is\u00e8re\" \/>\n<meta property=\"article:publisher\" content=\"https:\/\/www.facebook.com\/LePrintemps38\" \/>\n<meta property=\"article:modified_time\" content=\"2023-04-12T09:33:52+00:00\" \/>\n<meta property=\"og:image\" content=\"https:\/\/www.uges-isere.fr\/wp-content\/uploads\/2023\/03\/Vert-et-Dore-Simple-et-Circulaire-en-ligne-Evenement-Logo-edited.png\" \/>\n<meta name=\"twitter:card\" content=\"summary_large_image\" \/>\n<meta name=\"twitter:site\" content=\"@GroupeUGES38\" \/>\n<meta name=\"twitter:label1\" content=\"Dur\u00e9e de lecture estim\u00e9e\" \/>\n\t<meta name=\"twitter:data1\" content=\"3 minutes\" \/>\n<script type=\"application\/ld+json\" class=\"yoast-schema-graph\">{\"@context\":\"https:\\\/\\\/schema.org\",\"@graph\":[{\"@type\":\"WebPage\",\"@id\":\"https:\\\/\\\/www.uges-isere.fr\\\/index.php\\\/une-deuxieme-edition-pour-les-initiatives-grenobloises\\\/\",\"url\":\"https:\\\/\\\/www.uges-isere.fr\\\/index.php\\\/une-deuxieme-edition-pour-les-initiatives-grenobloises\\\/\",\"name\":\"Deuxi\u00e8me \u00e9dition des Initiatives Grenobloises ! - D\u00e9partement de l&#039;Is\u00e8re\",\"isPartOf\":{\"@id\":\"https:\\\/\\\/www.uges-isere.fr\\\/#website\"},\"primaryImageOfPage\":{\"@id\":\"https:\\\/\\\/www.uges-isere.fr\\\/index.php\\\/une-deuxieme-edition-pour-les-initiatives-grenobloises\\\/#primaryimage\"},\"image\":{\"@id\":\"https:\\\/\\\/www.uges-isere.fr\\\/index.php\\\/une-deuxieme-edition-pour-les-initiatives-grenobloises\\\/#primaryimage\"},\"thumbnailUrl\":\"https:\\\/\\\/www.uges-isere.fr\\\/wp-content\\\/uploads\\\/2023\\\/03\\\/Vert-et-Dore-Simple-et-Circulaire-en-ligne-Evenement-Logo-edited.png\",\"datePublished\":\"2023-02-15T15:00:00+00:00\",\"dateModified\":\"2023-04-12T09:33:52+00:00\",\"breadcrumb\":{\"@id\":\"https:\\\/\\\/www.uges-isere.fr\\\/index.php\\\/une-deuxieme-edition-pour-les-initiatives-grenobloises\\\/#breadcrumb\"},\"inLanguage\":\"fr-FR\",\"potentialAction\":[{\"@type\":\"ReadAction\",\"target\":[\"https:\\\/\\\/www.uges-isere.fr\\\/index.php\\\/une-deuxieme-edition-pour-les-initiatives-grenobloises\\\/\"]}]},{\"@type\":\"ImageObject\",\"inLanguage\":\"fr-FR\",\"@id\":\"https:\\\/\\\/www.uges-isere.fr\\\/index.php\\\/une-deuxieme-edition-pour-les-initiatives-grenobloises\\\/#primaryimage\",\"url\":\"https:\\\/\\\/www.uges-isere.fr\\\/wp-content\\\/uploads\\\/2023\\\/03\\\/Vert-et-Dore-Simple-et-Circulaire-en-ligne-Evenement-Logo-edited.png\",\"contentUrl\":\"https:\\\/\\\/www.uges-isere.fr\\\/wp-content\\\/uploads\\\/2023\\\/03\\\/Vert-et-Dore-Simple-et-Circulaire-en-ligne-Evenement-Logo-edited.png\",\"width\":343,\"height\":343},{\"@type\":\"BreadcrumbList\",\"@id\":\"https:\\\/\\\/www.uges-isere.fr\\\/index.php\\\/une-deuxieme-edition-pour-les-initiatives-grenobloises\\\/#breadcrumb\",\"itemListElement\":[{\"@type\":\"ListItem\",\"position\":1,\"name\":\"Accueil\",\"item\":\"https:\\\/\\\/www.uges-isere.fr\\\/\"},{\"@type\":\"ListItem\",\"position\":2,\"name\":\"Deuxi\u00e8me \u00e9dition des Initiatives Grenobloises !\"}]},{\"@type\":\"WebSite\",\"@id\":\"https:\\\/\\\/www.uges-isere.fr\\\/#website\",\"url\":\"https:\\\/\\\/www.uges-isere.fr\\\/\",\"name\":\"D\u00e9partement de l&#039;Is\u00e8re\",\"description\":\"Groupe d&#039;opposition UGES\",\"publisher\":{\"@id\":\"https:\\\/\\\/www.uges-isere.fr\\\/#organization\"},\"potentialAction\":[{\"@type\":\"SearchAction\",\"target\":{\"@type\":\"EntryPoint\",\"urlTemplate\":\"https:\\\/\\\/www.uges-isere.fr\\\/?s={search_term_string}\"},\"query-input\":{\"@type\":\"PropertyValueSpecification\",\"valueRequired\":true,\"valueName\":\"search_term_string\"}}],\"inLanguage\":\"fr-FR\"},{\"@type\":\"Organization\",\"@id\":\"https:\\\/\\\/www.uges-isere.fr\\\/#organization\",\"name\":\"D\u00e9partement de l'Is\u00e8re\",\"url\":\"https:\\\/\\\/www.uges-isere.fr\\\/\",\"logo\":{\"@type\":\"ImageObject\",\"inLanguage\":\"fr-FR\",\"@id\":\"https:\\\/\\\/www.uges-isere.fr\\\/#\\\/schema\\\/logo\\\/image\\\/\",\"url\":\"https:\\\/\\\/www.uges-isere.fr\\\/wp-content\\\/uploads\\\/2021\\\/10\\\/logo-ok.png\",\"contentUrl\":\"https:\\\/\\\/www.uges-isere.fr\\\/wp-content\\\/uploads\\\/2021\\\/10\\\/logo-ok.png\",\"width\":2859,\"height\":1816,\"caption\":\"D\u00e9partement de l'Is\u00e8re\"},\"image\":{\"@id\":\"https:\\\/\\\/www.uges-isere.fr\\\/#\\\/schema\\\/logo\\\/image\\\/\"},\"sameAs\":[\"https:\\\/\\\/www.facebook.com\\\/LePrintemps38\",\"https:\\\/\\\/x.com\\\/GroupeUGES38\"]}]}<\/script>\n<!-- \/ Yoast SEO plugin. -->","yoast_head_json":{"title":"Deuxi\u00e8me \u00e9dition des Initiatives Grenobloises ! - D\u00e9partement de l&#039;Is\u00e8re","robots":{"index":"index","follow":"follow","max-snippet":"max-snippet:-1","max-image-preview":"max-image-preview:large","max-video-preview":"max-video-preview:-1"},"canonical":"https:\/\/www.uges-isere.fr\/index.php\/une-deuxieme-edition-pour-les-initiatives-grenobloises\/","og_locale":"fr_FR","og_type":"article","og_title":"Deuxi\u00e8me \u00e9dition des Initiatives Grenobloises ! - D\u00e9partement de l&#039;Is\u00e8re","og_description":"Le dispositif \u00ab\u00a0initiatives grenobloises\u00a0\u00bb a vu le jour en 2022 et s&rsquo;inscrit dans une d\u00e9marche d\u2019association des citoyen.ne.s&nbsp;&nbsp;aux &hellip;","og_url":"https:\/\/www.uges-isere.fr\/index.php\/une-deuxieme-edition-pour-les-initiatives-grenobloises\/","og_site_name":"D\u00e9partement de l&#039;Is\u00e8re","article_publisher":"https:\/\/www.facebook.com\/LePrintemps38","article_modified_time":"2023-04-12T09:33:52+00:00","og_image":[{"url":"https:\/\/www.uges-isere.fr\/wp-content\/uploads\/2023\/03\/Vert-et-Dore-Simple-et-Circulaire-en-ligne-Evenement-Logo-edited.png","type":"","width":"","height":""}],"twitter_card":"summary_large_image","twitter_site":"@GroupeUGES38","twitter_misc":{"Dur\u00e9e de lecture estim\u00e9e":"3 minutes"},"schema":{"@context":"https:\/\/schema.org","@graph":[{"@type":"WebPage","@id":"https:\/\/www.uges-isere.fr\/index.php\/une-deuxieme-edition-pour-les-initiatives-grenobloises\/","url":"https:\/\/www.uges-isere.fr\/index.php\/une-deuxieme-edition-pour-les-initiatives-grenobloises\/","name":"Deuxi\u00e8me \u00e9dition des Initiatives Grenobloises ! - D\u00e9partement de l&#039;Is\u00e8re","isPartOf":{"@id":"https:\/\/www.uges-isere.fr\/#website"},"primaryImageOfPage":{"@id":"https:\/\/www.uges-isere.fr\/index.php\/une-deuxieme-edition-pour-les-initiatives-grenobloises\/#primaryimage"},"image":{"@id":"https:\/\/www.uges-isere.fr\/index.php\/une-deuxieme-edition-pour-les-initiatives-grenobloises\/#primaryimage"},"thumbnailUrl":"https:\/\/www.uges-isere.fr\/wp-content\/uploads\/2023\/03\/Vert-et-Dore-Simple-et-Circulaire-en-ligne-Evenement-Logo-edited.png","datePublished":"2023-02-15T15:00:00+00:00","dateModified":"2023-04-12T09:33:52+00:00","breadcrumb":{"@id":"https:\/\/www.uges-isere.fr\/index.php\/une-deuxieme-edition-pour-les-initiatives-grenobloises\/#breadcrumb"},"inLanguage":"fr-FR","potentialAction":[{"@type":"ReadAction","target":["https:\/\/www.uges-isere.fr\/index.php\/une-deuxieme-edition-pour-les-initiatives-grenobloises\/"]}]},{"@type":"ImageObject","inLanguage":"fr-FR","@id":"https:\/\/www.uges-isere.fr\/index.php\/une-deuxieme-edition-pour-les-initiatives-grenobloises\/#primaryimage","url":"https:\/\/www.uges-isere.fr\/wp-content\/uploads\/2023\/03\/Vert-et-Dore-Simple-et-Circulaire-en-ligne-Evenement-Logo-edited.png","contentUrl":"https:\/\/www.uges-isere.fr\/wp-content\/uploads\/2023\/03\/Vert-et-Dore-Simple-et-Circulaire-en-ligne-Evenement-Logo-edited.png","width":343,"height":343},{"@type":"BreadcrumbList","@id":"https:\/\/www.uges-isere.fr\/index.php\/une-deuxieme-edition-pour-les-initiatives-grenobloises\/#breadcrumb","itemListElement":[{"@type":"ListItem","position":1,"name":"Accueil","item":"https:\/\/www.uges-isere.fr\/"},{"@type":"ListItem","position":2,"name":"Deuxi\u00e8me \u00e9dition des Initiatives Grenobloises !"}]},{"@type":"WebSite","@id":"https:\/\/www.uges-isere.fr\/#website","url":"https:\/\/www.uges-isere.fr\/","name":"D\u00e9partement de l&#039;Is\u00e8re","description":"Groupe d&#039;opposition UGES","publisher":{"@id":"https:\/\/www.uges-isere.fr\/#organization"},"potentialAction":[{"@type":"SearchAction","target":{"@type":"EntryPoint","urlTemplate":"https:\/\/www.uges-isere.fr\/?s={search_term_string}"},"query-input":{"@type":"PropertyValueSpecification","valueRequired":true,"valueName":"search_term_string"}}],"inLanguage":"fr-FR"},{"@type":"Organization","@id":"https:\/\/www.uges-isere.fr\/#organization","name":"D\u00e9partement de l'Is\u00e8re","url":"https:\/\/www.uges-isere.fr\/","logo":{"@type":"ImageObject","inLanguage":"fr-FR","@id":"https:\/\/www.uges-isere.fr\/#\/schema\/logo\/image\/","url":"https:\/\/www.uges-isere.fr\/wp-content\/uploads\/2021\/10\/logo-ok.png","contentUrl":"https:\/\/www.uges-isere.fr\/wp-content\/uploads\/2021\/10\/logo-ok.png","width":2859,"height":1816,"caption":"D\u00e9partement de l'Is\u00e8re"},"image":{"@id":"https:\/\/www.uges-isere.fr\/#\/schema\/logo\/image\/"},"sameAs":["https:\/\/www.facebook.com\/LePrintemps38","https:\/\/x.com\/GroupeUGES38"]}]}},"_links":{"self":[{"href":"https:\/\/www.uges-isere.fr\/index.php\/wp-json\/wp\/v2\/pages\/682926","targetHints":{"allow":["GET"]}}],"collection":[{"href":"https:\/\/www.uges-isere.fr\/index.php\/wp-json\/wp\/v2\/pages"}],"about":[{"href":"https:\/\/www.uges-isere.fr\/index.php\/wp-json\/wp\/v2\/types\/page"}],"author":[{"embeddable":true,"href":"https:\/\/www.uges-isere.fr\/index.php\/wp-json\/wp\/v2\/users\/8"}],"replies":[{"embeddable":true,"href":"https:\/\/www.uges-isere.fr\/index.php\/wp-json\/wp\/v2\/comments?post=682926"}],"version-history":[{"count":13,"href":"https:\/\/www.uges-isere.fr\/index.php\/wp-json\/wp\/v2\/pages\/682926\/revisions"}],"predecessor-version":[{"id":683047,"href":"https:\/\/www.uges-isere.fr\/index.php\/wp-json\/wp\/v2\/pages\/682926\/revisions\/683047"}],"wp:attachment":[{"href":"https:\/\/www.uges-isere.fr\/index.php\/wp-json\/wp\/v2\/media?parent=682926"}],"curies":[{"name":"wp","href":"https:\/\/api.w.org\/{rel}","templated":true}]}}