{"id":63800,"date":"2021-05-22T13:58:17","date_gmt":"2021-05-22T11:58:17","guid":{"rendered":"https:\/\/www.uges-isere.fr\/?page_id=63800"},"modified":"2021-05-22T13:58:17","modified_gmt":"2021-05-22T11:58:17","slug":"proposition-11","status":"publish","type":"page","link":"https:\/\/www.uges-isere.fr\/index.php\/proposition-11\/","title":{"rendered":"Proposition 11."},"content":{"rendered":"\n<p>Animer des conseils de territoire avec les acteurs du d\u00e9partement et construire ensemble les priorit\u00e9s et le cap \u00e0 l&rsquo;horizon 2018. Contractualiser sous la forme de \u00ab\u00a0Pactes territoriaux\u00a0\u00bb. <\/p>\n\n\n\n<figure class=\"wp-block-image size-large\"><img loading=\"lazy\" decoding=\"async\" width=\"940\" height=\"788\" src=\"https:\/\/www.uges-isere.fr\/wp-content\/uploads\/2021\/05\/defile\u0301propt11.png\" alt=\"\" class=\"wp-image-63806\" srcset=\"https:\/\/www.uges-isere.fr\/wp-content\/uploads\/2021\/05\/defile\u0301propt11.png 940w, https:\/\/www.uges-isere.fr\/wp-content\/uploads\/2021\/05\/defile\u0301propt11-300x251.png 300w, https:\/\/www.uges-isere.fr\/wp-content\/uploads\/2021\/05\/defile\u0301propt11-768x644.png 768w\" sizes=\"auto, (max-width: 940px) 100vw, 940px\" \/><\/figure>\n\n\n\n<div class=\"wp-block-group alignfull\"><div class=\"wp-block-group__inner-container is-layout-flow wp-block-group-is-layout-flow\">\n<h5 class=\"wp-block-heading\">           <strong><em>Is\u00e8re 2038, construire ensemble le D\u00e9partement de demain<\/em><\/strong> ! <\/h5>\n\n\n\n<div class=\"wp-block-columns is-layout-flex wp-container-core-columns-is-layout-9d6595d7 wp-block-columns-is-layout-flex\">\n<div class=\"wp-block-column is-layout-flow wp-block-column-is-layout-flow\" style=\"flex-basis:5%\"><\/div>\n\n\n\n<div class=\"wp-block-column is-layout-flow wp-block-column-is-layout-flow\">\n<p>D\u00e9partement dynamique, l\u2019Is\u00e8re poss\u00e8de de nombreux <strong>atouts:<\/strong> population jeune, tissu \u00e9conomique actif, excellence scientifique, destination touristique \u2026 Notre soci\u00e9t\u00e9 est en perp\u00e9tuelle <strong>mutation<\/strong>, les territoires \u00e9voluent, les modes de vie des Is\u00e9rois \u00e9galement. <strong>Le r\u00e9chauffement climatique frappe de plein fouet nos vies, nos glaciers et nos habitudes<\/strong>. <\/p>\n\n\n\n<p><\/p>\n\n\n\n<p> <\/p>\n<\/div>\n\n\n\n<div class=\"wp-block-column is-layout-flow wp-block-column-is-layout-flow\">\n<p> Notre collectivit\u00e9 doit avoir un temps d\u2019avance, <strong>anticiper<\/strong> les changements et les chocs comme nous vivons depuis plus d\u2019un an avec la <strong>crise<\/strong>. Anticiper c\u2019est penser nos politiques \u00e0 venir, penser un D\u00e9partement plus <strong>r\u00e9silient<\/strong>, retrouver le sens de l\u2019<strong>innovation <\/strong>qui a toujours fait notre force par le pass\u00e9. Penser l\u2019<strong>avenir<\/strong> ne peut s\u2019envisager seul, sans concertation avec les diff\u00e9rents territoires, les acteurs qui font notre D\u00e9partement.<\/p>\n<\/div>\n<\/div>\n<\/div><\/div>\n\n\n\n<div class=\"wp-block-group has-background\" style=\"background-color:#f3f2ed\"><div class=\"wp-block-group__inner-container is-layout-flow wp-block-group-is-layout-flow\">\n<div class=\"wp-block-columns alignfull are-vertically-aligned-top is-layout-flex wp-container-core-columns-is-layout-9d6595d7 wp-block-columns-is-layout-flex\">\n<div class=\"wp-block-column is-vertically-aligned-top is-layout-flow wp-block-column-is-layout-flow\">\n<h6 class=\"has-text-align-left wp-block-heading\"><span class=\"has-inline-color has-vivid-red-color\">\u25cf<\/span><span class=\"has-inline-color has-black-color\"> D\u00e8s l\u2019\u00e9t\u00e9 2021, nous lancerons un grand plan \u201cIs\u00e8re 2038\u201d pour penser le D\u00e9partement<\/span><\/h6>\n<\/div>\n\n\n\n<div class=\"wp-block-column is-vertically-aligned-top is-layout-flow wp-block-column-is-layout-flow\">\n<h6 class=\"has-text-align-left wp-block-heading\"><span class=\"has-inline-color has-vivid-red-color\">\u25cf<\/span> <span class=\"has-inline-color has-black-color\">Fixer les grands enjeux de demain en lien avec les territoires, les acteurs \u00e9conomiques, les associations, les collectivit\u00e9s locales et les citoyens.<\/span><\/h6>\n<\/div>\n<\/div>\n<\/div><\/div>\n\n\n\n<div class=\"wp-block-group alignfull\"><div class=\"wp-block-group__inner-container is-layout-flow wp-block-group-is-layout-flow\">\n<h2 class=\"wp-block-heading\">Notre proposition, en d\u00e9tail. <\/h2>\n\n\n\n<div class=\"wp-block-columns alignwide is-layout-flex wp-container-core-columns-is-layout-9d6595d7 wp-block-columns-is-layout-flex\">\n<div class=\"wp-block-column is-layout-flow wp-block-column-is-layout-flow\"><\/div>\n\n\n\n<div class=\"wp-block-column is-layout-flow wp-block-column-is-layout-flow\"><\/div>\n\n\n\n<div class=\"wp-block-column is-layout-flow wp-block-column-is-layout-flow\"><\/div>\n<\/div>\n\n\n\n<p><img loading=\"lazy\" decoding=\"async\" width=\"50\" height=\"50\" class=\"wp-image-61998\" style=\"width: 50px;\" src=\"https:\/\/www.uges-isere.fr\/wp-content\/uploads\/2021\/05\/leaf.png\" alt=\"\">Premi\u00e8re \u00e9tape : <strong>la concertation.<\/strong><\/p>\n\n\n\n<p>\u2219 Nous mettrons en place d\u00e8s la rentr\u00e9e 2021 des <strong>conseils des territoires, <\/strong><span class=\"has-inline-color has-vivid-red-color\">13<\/span> premi\u00e8res rencontres sur les <span class=\"has-inline-color has-vivid-red-color\">13 <\/span>territoires de l\u2019Is\u00e8re\u00a0 avec les \u00e9lus locaux, citoyens, responsables associatifs, repr\u00e9sentants du monde \u00e9conomique, de la sant\u00e9, de la culture, du sport pour r\u00e9fl\u00e9chir \u00e0 une vision commune des territoires et de leur devenir. Le D\u00e9partement mobilisera ses comp\u00e9tences et sa capacit\u00e9 \u00e0 accompagner les territoires pour r\u00e9pondre aux enjeux actuels et futurs.<\/p>\n\n\n\n<p><img loading=\"lazy\" decoding=\"async\" width=\"50\" height=\"50\" class=\"wp-image-61998\" style=\"width: 50px;\" src=\"https:\/\/www.uges-isere.fr\/wp-content\/uploads\/2021\/05\/leaf.png\" alt=\"\">Deuxi\u00e8me \u00e9tape: <strong>mise en place des plans d\u2019actions (Pactes territoriaux)<\/strong><\/p>\n\n\n\n<p>\u2219 D\u00e9but 2022, nous d\u00e9finirons avec l\u2019appui de ces conseils un projet partag\u00e9 pour l\u2019Is\u00e8re et ses territoires, avec <strong>un plan d\u2019actions adapt\u00e9 sous la forme de \u201cPactes territoriaux\u201d, qui contractualiseront les engagements de chacun \u00e0 partir des priorit\u00e9s territoriales d\u00e9finies ensemble. <\/strong>Le pacte et ses actions traduiront le rassemblement des acteurs publics, \u00e9conomiques et associatifs dans un but commun : apporter des r\u00e9ponses concr\u00e8tes aux enjeux actuels et futurs de chaque territoire.<\/p>\n\n\n\n<p><img loading=\"lazy\" decoding=\"async\" width=\"50\" height=\"50\" class=\"wp-image-61994\" style=\"width: 50px;\" src=\"https:\/\/www.uges-isere.fr\/wp-content\/uploads\/2021\/05\/seeding.png\" alt=\"\"><strong>Objectif des Pactes Territoriaux<\/strong><\/p>\n\n\n\n<p>\u2219 Les pactes viseront \u00e0 mettre en avant les territoires, <strong>cr\u00e9er un lien<\/strong> entre proximit\u00e9 et besoins ainsi que concr\u00e9tiser un accord collectif sur des enjeux, des orientations et des actions propres \u00e0 chaque territoire. Ces pactes sont pr\u00e9vus pour <strong>5 ans (2027)<\/strong>, ils se d\u00e9finissent comme une projection pour l\u2019avenir.\u00a0<\/p>\n\n\n\n<p>\u2219 Les Pactes territoriaux permettront la mise en place d\u2019une <strong>nouvelle strat\u00e9gie de solidarit\u00e9 d\u00e9partementale<\/strong>. Ils viseront une meilleure <strong>\u00e9quit\u00e9 <\/strong>sociale et territoriale, la lutte contre le non recours aux droits, une meilleure proximit\u00e9 des Is\u00e9rois, une innovation permettant de relever les <strong>grands d\u00e9fis d\u2019avenir<\/strong> (urgence climatique, num\u00e9rique\u2026). Chaque territoire est diff\u00e9rent, le D\u00e9partement doit donc moduler ses politiques et la territorialisation de son action au regard des <strong>sp\u00e9cificit\u00e9s<\/strong>, des besoins et des ressources pour lutter contre le risque d\u2019un \u201cD\u00e9partement \u00e0 2 vitesses\u201d et s\u2019adapter aux besoins des territoires.<\/p>\n<\/div><\/div>\n\n\n\n<div class=\"wp-block-uagb-content-timeline uagb-timeline__outer-wrap uagb-block-f6a88de7-5bd6-4d71-954e-e05ae72f7906\"><div class=\"uagb-timeline__content-wrap uagb-timeline__center-block  uagb-timeline__arrow-center uagb-timeline__responsive-tablet uagb-timeline\"><div class=\"uagb-timeline-wrapper\"><div class=\"uagb-timeline__main\"><div class=\"uagb-timeline__days\"><\/div><div class=\"uagb-timeline__line\"><div class=\"uagb-timeline__line__inner\"><\/div><\/div><\/div><\/div><\/div><\/div>\n","protected":false},"excerpt":{"rendered":"<p>Animer des conseils de territoire avec les acteurs du d\u00e9partement et construire ensemble les priorit\u00e9s et le cap &hellip; <\/p>\n","protected":false},"author":8,"featured_media":0,"parent":0,"menu_order":0,"comment_status":"closed","ping_status":"closed","template":"","meta":{"_mc_calendar":[],"footnotes":""},"class_list":["post-63800","page","type-page","status-publish","hentry"],"yoast_head":"<!-- This site is optimized with the Yoast SEO plugin v27.5 - https:\/\/yoast.com\/product\/yoast-seo-wordpress\/ -->\n<title>Proposition 11. - D\u00e9partement de l&#039;Is\u00e8re<\/title>\n<meta name=\"robots\" content=\"index, follow, max-snippet:-1, max-image-preview:large, max-video-preview:-1\" \/>\n<link rel=\"canonical\" href=\"https:\/\/www.uges-isere.fr\/index.php\/proposition-11\/\" \/>\n<meta property=\"og:locale\" content=\"fr_FR\" \/>\n<meta property=\"og:type\" content=\"article\" \/>\n<meta property=\"og:title\" content=\"Proposition 11. - D\u00e9partement de l&#039;Is\u00e8re\" \/>\n<meta property=\"og:description\" content=\"Animer des conseils de territoire avec les acteurs du d\u00e9partement et construire ensemble les priorit\u00e9s et le cap &hellip;\" \/>\n<meta property=\"og:url\" content=\"https:\/\/www.uges-isere.fr\/index.php\/proposition-11\/\" \/>\n<meta property=\"og:site_name\" content=\"D\u00e9partement de l&#039;Is\u00e8re\" \/>\n<meta property=\"article:publisher\" content=\"https:\/\/www.facebook.com\/LePrintemps38\" \/>\n<meta property=\"og:image\" content=\"https:\/\/www.uges-isere.fr\/wp-content\/uploads\/2021\/05\/leaf.png\" \/>\n<meta name=\"twitter:card\" content=\"summary_large_image\" \/>\n<meta name=\"twitter:site\" content=\"@GroupeUGES38\" \/>\n<meta name=\"twitter:label1\" content=\"Dur\u00e9e de lecture estim\u00e9e\" \/>\n\t<meta name=\"twitter:data1\" content=\"3 minutes\" \/>\n<script type=\"application\/ld+json\" class=\"yoast-schema-graph\">{\"@context\":\"https:\\\/\\\/schema.org\",\"@graph\":[{\"@type\":\"WebPage\",\"@id\":\"https:\\\/\\\/www.uges-isere.fr\\\/index.php\\\/proposition-11\\\/\",\"url\":\"https:\\\/\\\/www.uges-isere.fr\\\/index.php\\\/proposition-11\\\/\",\"name\":\"Proposition 11. - D\u00e9partement de l&#039;Is\u00e8re\",\"isPartOf\":{\"@id\":\"https:\\\/\\\/www.uges-isere.fr\\\/#website\"},\"primaryImageOfPage\":{\"@id\":\"https:\\\/\\\/www.uges-isere.fr\\\/index.php\\\/proposition-11\\\/#primaryimage\"},\"image\":{\"@id\":\"https:\\\/\\\/www.uges-isere.fr\\\/index.php\\\/proposition-11\\\/#primaryimage\"},\"thumbnailUrl\":\"https:\\\/\\\/www.uges-isere.fr\\\/wp-content\\\/uploads\\\/2021\\\/05\\\/leaf.png\",\"datePublished\":\"2021-05-22T11:58:17+00:00\",\"breadcrumb\":{\"@id\":\"https:\\\/\\\/www.uges-isere.fr\\\/index.php\\\/proposition-11\\\/#breadcrumb\"},\"inLanguage\":\"fr-FR\",\"potentialAction\":[{\"@type\":\"ReadAction\",\"target\":[\"https:\\\/\\\/www.uges-isere.fr\\\/index.php\\\/proposition-11\\\/\"]}]},{\"@type\":\"ImageObject\",\"inLanguage\":\"fr-FR\",\"@id\":\"https:\\\/\\\/www.uges-isere.fr\\\/index.php\\\/proposition-11\\\/#primaryimage\",\"url\":\"https:\\\/\\\/www.uges-isere.fr\\\/wp-content\\\/uploads\\\/2021\\\/05\\\/leaf.png\",\"contentUrl\":\"https:\\\/\\\/www.uges-isere.fr\\\/wp-content\\\/uploads\\\/2021\\\/05\\\/leaf.png\",\"width\":50,\"height\":50},{\"@type\":\"BreadcrumbList\",\"@id\":\"https:\\\/\\\/www.uges-isere.fr\\\/index.php\\\/proposition-11\\\/#breadcrumb\",\"itemListElement\":[{\"@type\":\"ListItem\",\"position\":1,\"name\":\"Accueil\",\"item\":\"https:\\\/\\\/www.uges-isere.fr\\\/\"},{\"@type\":\"ListItem\",\"position\":2,\"name\":\"Proposition 11.\"}]},{\"@type\":\"WebSite\",\"@id\":\"https:\\\/\\\/www.uges-isere.fr\\\/#website\",\"url\":\"https:\\\/\\\/www.uges-isere.fr\\\/\",\"name\":\"D\u00e9partement de l&#039;Is\u00e8re\",\"description\":\"Groupe d&#039;opposition UGES\",\"publisher\":{\"@id\":\"https:\\\/\\\/www.uges-isere.fr\\\/#organization\"},\"potentialAction\":[{\"@type\":\"SearchAction\",\"target\":{\"@type\":\"EntryPoint\",\"urlTemplate\":\"https:\\\/\\\/www.uges-isere.fr\\\/?s={search_term_string}\"},\"query-input\":{\"@type\":\"PropertyValueSpecification\",\"valueRequired\":true,\"valueName\":\"search_term_string\"}}],\"inLanguage\":\"fr-FR\"},{\"@type\":\"Organization\",\"@id\":\"https:\\\/\\\/www.uges-isere.fr\\\/#organization\",\"name\":\"D\u00e9partement de l'Is\u00e8re\",\"url\":\"https:\\\/\\\/www.uges-isere.fr\\\/\",\"logo\":{\"@type\":\"ImageObject\",\"inLanguage\":\"fr-FR\",\"@id\":\"https:\\\/\\\/www.uges-isere.fr\\\/#\\\/schema\\\/logo\\\/image\\\/\",\"url\":\"https:\\\/\\\/www.uges-isere.fr\\\/wp-content\\\/uploads\\\/2021\\\/10\\\/logo-ok.png\",\"contentUrl\":\"https:\\\/\\\/www.uges-isere.fr\\\/wp-content\\\/uploads\\\/2021\\\/10\\\/logo-ok.png\",\"width\":2859,\"height\":1816,\"caption\":\"D\u00e9partement de l'Is\u00e8re\"},\"image\":{\"@id\":\"https:\\\/\\\/www.uges-isere.fr\\\/#\\\/schema\\\/logo\\\/image\\\/\"},\"sameAs\":[\"https:\\\/\\\/www.facebook.com\\\/LePrintemps38\",\"https:\\\/\\\/x.com\\\/GroupeUGES38\"]}]}<\/script>\n<!-- \/ Yoast SEO plugin. -->","yoast_head_json":{"title":"Proposition 11. - D\u00e9partement de l&#039;Is\u00e8re","robots":{"index":"index","follow":"follow","max-snippet":"max-snippet:-1","max-image-preview":"max-image-preview:large","max-video-preview":"max-video-preview:-1"},"canonical":"https:\/\/www.uges-isere.fr\/index.php\/proposition-11\/","og_locale":"fr_FR","og_type":"article","og_title":"Proposition 11. - D\u00e9partement de l&#039;Is\u00e8re","og_description":"Animer des conseils de territoire avec les acteurs du d\u00e9partement et construire ensemble les priorit\u00e9s et le cap &hellip;","og_url":"https:\/\/www.uges-isere.fr\/index.php\/proposition-11\/","og_site_name":"D\u00e9partement de l&#039;Is\u00e8re","article_publisher":"https:\/\/www.facebook.com\/LePrintemps38","og_image":[{"url":"https:\/\/www.uges-isere.fr\/wp-content\/uploads\/2021\/05\/leaf.png","type":"","width":"","height":""}],"twitter_card":"summary_large_image","twitter_site":"@GroupeUGES38","twitter_misc":{"Dur\u00e9e de lecture estim\u00e9e":"3 minutes"},"schema":{"@context":"https:\/\/schema.org","@graph":[{"@type":"WebPage","@id":"https:\/\/www.uges-isere.fr\/index.php\/proposition-11\/","url":"https:\/\/www.uges-isere.fr\/index.php\/proposition-11\/","name":"Proposition 11. - D\u00e9partement de l&#039;Is\u00e8re","isPartOf":{"@id":"https:\/\/www.uges-isere.fr\/#website"},"primaryImageOfPage":{"@id":"https:\/\/www.uges-isere.fr\/index.php\/proposition-11\/#primaryimage"},"image":{"@id":"https:\/\/www.uges-isere.fr\/index.php\/proposition-11\/#primaryimage"},"thumbnailUrl":"https:\/\/www.uges-isere.fr\/wp-content\/uploads\/2021\/05\/leaf.png","datePublished":"2021-05-22T11:58:17+00:00","breadcrumb":{"@id":"https:\/\/www.uges-isere.fr\/index.php\/proposition-11\/#breadcrumb"},"inLanguage":"fr-FR","potentialAction":[{"@type":"ReadAction","target":["https:\/\/www.uges-isere.fr\/index.php\/proposition-11\/"]}]},{"@type":"ImageObject","inLanguage":"fr-FR","@id":"https:\/\/www.uges-isere.fr\/index.php\/proposition-11\/#primaryimage","url":"https:\/\/www.uges-isere.fr\/wp-content\/uploads\/2021\/05\/leaf.png","contentUrl":"https:\/\/www.uges-isere.fr\/wp-content\/uploads\/2021\/05\/leaf.png","width":50,"height":50},{"@type":"BreadcrumbList","@id":"https:\/\/www.uges-isere.fr\/index.php\/proposition-11\/#breadcrumb","itemListElement":[{"@type":"ListItem","position":1,"name":"Accueil","item":"https:\/\/www.uges-isere.fr\/"},{"@type":"ListItem","position":2,"name":"Proposition 11."}]},{"@type":"WebSite","@id":"https:\/\/www.uges-isere.fr\/#website","url":"https:\/\/www.uges-isere.fr\/","name":"D\u00e9partement de l&#039;Is\u00e8re","description":"Groupe d&#039;opposition UGES","publisher":{"@id":"https:\/\/www.uges-isere.fr\/#organization"},"potentialAction":[{"@type":"SearchAction","target":{"@type":"EntryPoint","urlTemplate":"https:\/\/www.uges-isere.fr\/?s={search_term_string}"},"query-input":{"@type":"PropertyValueSpecification","valueRequired":true,"valueName":"search_term_string"}}],"inLanguage":"fr-FR"},{"@type":"Organization","@id":"https:\/\/www.uges-isere.fr\/#organization","name":"D\u00e9partement de l'Is\u00e8re","url":"https:\/\/www.uges-isere.fr\/","logo":{"@type":"ImageObject","inLanguage":"fr-FR","@id":"https:\/\/www.uges-isere.fr\/#\/schema\/logo\/image\/","url":"https:\/\/www.uges-isere.fr\/wp-content\/uploads\/2021\/10\/logo-ok.png","contentUrl":"https:\/\/www.uges-isere.fr\/wp-content\/uploads\/2021\/10\/logo-ok.png","width":2859,"height":1816,"caption":"D\u00e9partement de l'Is\u00e8re"},"image":{"@id":"https:\/\/www.uges-isere.fr\/#\/schema\/logo\/image\/"},"sameAs":["https:\/\/www.facebook.com\/LePrintemps38","https:\/\/x.com\/GroupeUGES38"]}]}},"_links":{"self":[{"href":"https:\/\/www.uges-isere.fr\/index.php\/wp-json\/wp\/v2\/pages\/63800","targetHints":{"allow":["GET"]}}],"collection":[{"href":"https:\/\/www.uges-isere.fr\/index.php\/wp-json\/wp\/v2\/pages"}],"about":[{"href":"https:\/\/www.uges-isere.fr\/index.php\/wp-json\/wp\/v2\/types\/page"}],"author":[{"embeddable":true,"href":"https:\/\/www.uges-isere.fr\/index.php\/wp-json\/wp\/v2\/users\/8"}],"replies":[{"embeddable":true,"href":"https:\/\/www.uges-isere.fr\/index.php\/wp-json\/wp\/v2\/comments?post=63800"}],"version-history":[{"count":3,"href":"https:\/\/www.uges-isere.fr\/index.php\/wp-json\/wp\/v2\/pages\/63800\/revisions"}],"predecessor-version":[{"id":65927,"href":"https:\/\/www.uges-isere.fr\/index.php\/wp-json\/wp\/v2\/pages\/63800\/revisions\/65927"}],"wp:attachment":[{"href":"https:\/\/www.uges-isere.fr\/index.php\/wp-json\/wp\/v2\/media?parent=63800"}],"curies":[{"name":"wp","href":"https:\/\/api.w.org\/{rel}","templated":true}]}}