{"id":62598,"date":"2021-05-21T14:37:29","date_gmt":"2021-05-21T12:37:29","guid":{"rendered":"https:\/\/www.uges-isere.fr\/?page_id=62598"},"modified":"2021-06-11T17:20:40","modified_gmt":"2021-06-11T15:20:40","slug":"proposition-9","status":"publish","type":"page","link":"https:\/\/www.uges-isere.fr\/index.php\/proposition-9\/","title":{"rendered":"Proposition : Egalit\u00e9s"},"content":{"rendered":"\n<p>D\u00e9velopper un plan massif de lutte contre les discriminations et de promotion de l&rsquo;\u00e9galit\u00e9.  <\/p>\n\n\n\n<div class=\"wp-block-group alignfull\"><div class=\"wp-block-group__inner-container is-layout-flow wp-block-group-is-layout-flow\">\n<h5 class=\"wp-block-heading\">           <\/h5>\n\n\n\n<div class=\"wp-block-columns is-layout-flex wp-container-core-columns-is-layout-9d6595d7 wp-block-columns-is-layout-flex\">\n<div class=\"wp-block-column is-layout-flow wp-block-column-is-layout-flow\" style=\"flex-basis:5%\"><\/div>\n\n\n\n<div class=\"wp-block-column is-layout-flow wp-block-column-is-layout-flow\">\n<p>Tout au long de la formation des citoyens, il est n\u00e9cessaire de rappeler les <strong>valeurs<\/strong> qui fondent la r\u00e9publique et le <strong>bien vivre ensemble<\/strong> dans le respect de l\u2019autre. La <strong>libert\u00e9 d\u2019expression <\/strong>doit \u00eatre ardemment d\u00e9fendue et aussi la libert\u00e9 d\u2019\u00eatre et d\u2019agir quels que soient son sexe, sa couleur de peau, son orientation sexuelle, sa religion ou sa position sociale. Il est primordial, aussi difficiles que soient les sujets \u00e0 aborder, que nous les mettions au <strong>centre de nos apprentissages<\/strong>.<\/p>\n\n\n\n<p><\/p>\n\n\n\n<p> <\/p>\n<\/div>\n\n\n\n<div class=\"wp-block-column is-layout-flow wp-block-column-is-layout-flow\">\n<p> L\u2019expression de ces valeurs collectives exclut toute discrimination arbitraire, toute violence syst\u00e9mique et porte au contraire des projets pour l\u2019<strong>\u00e9galit\u00e9 des chances<\/strong>. Travailler sur les discriminations de mani\u00e8re syst\u00e9mique implique de prendre en compte ce qui est en amont des discriminations, \u00e0 savoir : les repr\u00e9sentations sociales et les pr\u00e9jug\u00e9s qui pr\u00e9parent souvent le passage \u00e0 l\u2019acte.<\/p>\n<\/div>\n<\/div>\n<\/div><\/div>\n\n\n\n<div class=\"wp-block-group has-background\" style=\"background-color:#f3f2ed\"><div class=\"wp-block-group__inner-container is-layout-flow wp-block-group-is-layout-flow\">\n<div class=\"wp-block-columns alignfull are-vertically-aligned-top is-layout-flex wp-container-core-columns-is-layout-9d6595d7 wp-block-columns-is-layout-flex\">\n<div class=\"wp-block-column is-vertically-aligned-top is-layout-flow wp-block-column-is-layout-flow\">\n<h6 class=\"has-text-align-left wp-block-heading\"><span class=\"has-inline-color has-vivid-red-color\">\u25cf<\/span><span class=\"has-inline-color has-black-color\"> 86% des 10-24 ans en situation de handicap ont d\u00e9j\u00e0 \u00e9t\u00e9 moqu\u00e9s ou insult\u00e9s (chiffres 2008)<\/span>.<\/h6>\n<\/div>\n\n\n\n<div class=\"wp-block-column is-vertically-aligned-top is-layout-flow wp-block-column-is-layout-flow\">\n<h6 class=\"has-text-align-left wp-block-heading\"><span class=\"has-inline-color has-vivid-red-color\">\u25cf<\/span> <span class=\"has-inline-color has-black-color\">28% des Fran\u00e7aises ont d\u00e9j\u00e0 \u00e9t\u00e9 harcel\u00e9e sexuellement (chiffres 2016)<\/span>.<\/h6>\n<\/div>\n\n\n\n<div class=\"wp-block-column is-vertically-aligned-top is-layout-flow wp-block-column-is-layout-flow\">\n<h6 class=\"has-text-align-left wp-block-heading\"><span class=\"has-inline-color has-vivid-red-color\">\u25cf<\/span> <span class=\"has-inline-color has-black-color\">14% des personnes LGBT+ ont d\u00e9j\u00e0 \u00e9t\u00e9 agress\u00e9es par leur famille ou leur entourage (chiffres 2019)<\/span>.<\/h6>\n<\/div>\n\n\n\n<div class=\"wp-block-column is-vertically-aligned-top is-layout-flow wp-block-column-is-layout-flow\">\n<h6 class=\"has-text-align-left wp-block-heading\"><span class=\"has-inline-color has-vivid-red-color\">\u25cf<\/span> <span class=\"has-inline-color has-black-color\">11% des individus d\u00e9clarent avoir \u00e9t\u00e9 discrimin\u00e9s en fonction de leur origine<\/span><\/h6>\n<\/div>\n\n\n\n<div class=\"wp-block-column is-vertically-aligned-top is-layout-flow wp-block-column-is-layout-flow\">\n<h6 class=\"has-text-align-left wp-block-heading\"><span class=\"has-inline-color has-vivid-red-color\">\u25cf<\/span> <span class=\"has-inline-color has-black-color\">Les actes anti-religieux en 2019 : 687 faits \u00e0 caract\u00e8re antis\u00e9mite (+ 27% par rapport \u00e0 2018), 1052 faits antichr\u00e9tiens (stable vs 2018), 154 faits antimusulmans (+ 35% par rapport \u00e0 2018)<\/span><\/h6>\n\n\n\n<p><\/p>\n<\/div>\n<\/div>\n<\/div><\/div>\n\n\n\n<div class=\"wp-block-group alignfull\"><div class=\"wp-block-group__inner-container is-layout-flow wp-block-group-is-layout-flow\">\n<h2 class=\"wp-block-heading\">Notre proposition, en d\u00e9tail. <\/h2>\n\n\n\n<div class=\"wp-block-columns alignwide is-layout-flex wp-container-core-columns-is-layout-9d6595d7 wp-block-columns-is-layout-flex\">\n<div class=\"wp-block-column is-layout-flow wp-block-column-is-layout-flow\"><\/div>\n\n\n\n<div class=\"wp-block-column is-layout-flow wp-block-column-is-layout-flow\"><\/div>\n\n\n\n<div class=\"wp-block-column is-layout-flow wp-block-column-is-layout-flow\"><\/div>\n<\/div>\n\n\n\n<p>\u2219 Nous soutiendrons les associations et les enseignants volontaires qui aideront les coll\u00e9giennes et les <strong>coll\u00e9giens volontaires <\/strong>pour travailler sur un type de discrimination (genre, origine, orientation sexuelle, religion, position sociale, handicap etc\u2026). <\/p>\n\n\n\n<p>\u2219 Ces \u00e9l\u00e8ves seront accompagn\u00e9\u00b7es par les associations dans leurs recherches sur un <strong>th\u00e8me de discrimination<\/strong> en \u00e9tudiant des ouvrages de r\u00e9f\u00e9rence et en d\u00e9battant des repr\u00e9sentations sociales dans notre soci\u00e9t\u00e9. <\/p>\n\n\n\n<p>\u2219Les \u00e9l\u00e8ves volontaires feront ensuite la restitution de leurs apprentissages devant les autres \u00e9l\u00e8ves du coll\u00e8ge. Ils et elles seront ensuite des <strong>\u00ab ambassadeurs et ambassadrices \u00bb<\/strong> de cette lutte pour veiller dans la dur\u00e9e \u00e0 identifier des actes discriminatoires et expliquer aux auteurs et autrices de violences les fondements et les cons\u00e9quences de ces discriminations. <\/p>\n\n\n\n<p>\u2219L\u2019objectif est de rendre acteurs et actrices les \u00e9l\u00e8ves dans la d\u00e9finition et la mise-en-\u0153uvre des <strong>valeurs communes<\/strong> qui fondent notre r\u00e9publique.<\/p>\n<\/div><\/div>\n\n\n\n<div class=\"wp-block-uagb-content-timeline uagb-timeline__outer-wrap uagb-block-c4009e98-5af8-4a08-9464-6631fac6cb93\"><div class=\"uagb-timeline__content-wrap uagb-timeline__center-block  uagb-timeline__arrow-center uagb-timeline__responsive-tablet uagb-timeline\"><div class=\"uagb-timeline-wrapper\"><div class=\"uagb-timeline__main\"><div class=\"uagb-timeline__days\">\n<article class=\"wp-block-uagb-content-timeline-child uagb-timeline__field uagb-timeline__field-wrap uagb-timeline-child-311c7f3e-f3ac-40d2-b995-5abc5ede06a0\"><div class=\"uagb-timeline__widget uagb-timeline__right\"><div class=\"uagb-timeline__marker out-view-uagb-timeline__icon\"><span class=\"uagb-timeline__icon-new out-view-uagb-timeline__icon \"><svg xmlns=\"http:\/\/www.w3.org\/2000\/svg\" viewbox=\"0 0 448 512\"><path d=\"M0 464c0 26.5 21.5 48 48 48h352c26.5 0 48-21.5 48-48V192H0v272zm320-196c0-6.6 5.4-12 12-12h40c6.6 0 12 5.4 12 12v40c0 6.6-5.4 12-12 12h-40c-6.6 0-12-5.4-12-12v-40zm0 128c0-6.6 5.4-12 12-12h40c6.6 0 12 5.4 12 12v40c0 6.6-5.4 12-12 12h-40c-6.6 0-12-5.4-12-12v-40zM192 268c0-6.6 5.4-12 12-12h40c6.6 0 12 5.4 12 12v40c0 6.6-5.4 12-12 12h-40c-6.6 0-12-5.4-12-12v-40zm0 128c0-6.6 5.4-12 12-12h40c6.6 0 12 5.4 12 12v40c0 6.6-5.4 12-12 12h-40c-6.6 0-12-5.4-12-12v-40zM64 268c0-6.6 5.4-12 12-12h40c6.6 0 12 5.4 12 12v40c0 6.6-5.4 12-12 12H76c-6.6 0-12-5.4-12-12v-40zm0 128c0-6.6 5.4-12 12-12h40c6.6 0 12 5.4 12 12v40c0 6.6-5.4 12-12 12H76c-6.6 0-12-5.4-12-12v-40zM400 64h-48V16c0-8.8-7.2-16-16-16h-32c-8.8 0-16 7.2-16 16v48H160V16c0-8.8-7.2-16-16-16h-32c-8.8 0-16 7.2-16 16v48H48C21.5 64 0 85.5 0 112v48h448v-48c0-26.5-21.5-48-48-48z\"><\/path><\/svg><\/span><\/div><div class=\"uagb-timeline__day-new uagb-timeline__day-right\"><div class=\"uagb-events-new\"><div class=\"uagb-timeline__events-inner-new\"><div class=\"uagb-timeline__date-hide uagb-timeline__date-inner\"><div class=\"uagb-timeline__inner-date-new\">janvier 1, 2019<\/div><\/div><div class=\"uagb-timeline-content\"><div class=\"uagb-timeline__heading-text\"><h4 class=\"uagb-timeline__heading\">Titre du fil d\u2019actualit\u00e9 1<\/h4><\/div><p class=\"uagb-timeline-desc-content\">Ceci est la description du fil d\u2019actualit\u00e9, vous pouvez me changer \u00e0 tout moment en cliquant ici <\/p><div class=\"uagb-timeline__arrow\"><\/div><\/div><\/div><\/div><\/div><div class=\"uagb-timeline__date-new\"><div class=\"uagb-timeline__date-new\">janvier 1, 2019<\/div><\/div><\/div><\/article>\n\n\n\n<article class=\"wp-block-uagb-content-timeline-child uagb-timeline__field uagb-timeline__field-wrap uagb-timeline-child-f085416e-aba3-4933-ae76-dc9e11e17ae7\"><div class=\"uagb-timeline__widget uagb-timeline__left\"><div class=\"uagb-timeline__marker out-view-uagb-timeline__icon\"><span class=\"uagb-timeline__icon-new out-view-uagb-timeline__icon \"><svg xmlns=\"http:\/\/www.w3.org\/2000\/svg\" viewbox=\"0 0 448 512\"><path d=\"M0 464c0 26.5 21.5 48 48 48h352c26.5 0 48-21.5 48-48V192H0v272zm320-196c0-6.6 5.4-12 12-12h40c6.6 0 12 5.4 12 12v40c0 6.6-5.4 12-12 12h-40c-6.6 0-12-5.4-12-12v-40zm0 128c0-6.6 5.4-12 12-12h40c6.6 0 12 5.4 12 12v40c0 6.6-5.4 12-12 12h-40c-6.6 0-12-5.4-12-12v-40zM192 268c0-6.6 5.4-12 12-12h40c6.6 0 12 5.4 12 12v40c0 6.6-5.4 12-12 12h-40c-6.6 0-12-5.4-12-12v-40zm0 128c0-6.6 5.4-12 12-12h40c6.6 0 12 5.4 12 12v40c0 6.6-5.4 12-12 12h-40c-6.6 0-12-5.4-12-12v-40zM64 268c0-6.6 5.4-12 12-12h40c6.6 0 12 5.4 12 12v40c0 6.6-5.4 12-12 12H76c-6.6 0-12-5.4-12-12v-40zm0 128c0-6.6 5.4-12 12-12h40c6.6 0 12 5.4 12 12v40c0 6.6-5.4 12-12 12H76c-6.6 0-12-5.4-12-12v-40zM400 64h-48V16c0-8.8-7.2-16-16-16h-32c-8.8 0-16 7.2-16 16v48H160V16c0-8.8-7.2-16-16-16h-32c-8.8 0-16 7.2-16 16v48H48C21.5 64 0 85.5 0 112v48h448v-48c0-26.5-21.5-48-48-48z\"><\/path><\/svg><\/span><\/div><div class=\"uagb-timeline__day-new uagb-timeline__day-left\"><div class=\"uagb-events-new\"><div class=\"uagb-timeline__events-inner-new\"><div class=\"uagb-timeline__date-hide uagb-timeline__date-inner\"><div class=\"uagb-timeline__inner-date-new\">janvier 1, 2019<\/div><\/div><div class=\"uagb-timeline-content\"><div class=\"uagb-timeline__heading-text\"><h4 class=\"uagb-timeline__heading\">Titre du fil d\u2019actualit\u00e9 2<\/h4><\/div><p class=\"uagb-timeline-desc-content\">Ceci est la description du fil d\u2019actualit\u00e9, vous pouvez me changer \u00e0 tout moment en cliquant ici <\/p><div class=\"uagb-timeline__arrow\"><\/div><\/div><\/div><\/div><\/div><div class=\"uagb-timeline__date-new\"><div class=\"uagb-timeline__date-new\">janvier 1, 2019<\/div><\/div><\/div><\/article>\n\n\n\n<article class=\"wp-block-uagb-content-timeline-child uagb-timeline__field uagb-timeline__field-wrap uagb-timeline-child-404303a4-465e-49f1-a40b-ec16163008be\"><div class=\"uagb-timeline__widget uagb-timeline__right\"><div class=\"uagb-timeline__marker out-view-uagb-timeline__icon\"><span class=\"uagb-timeline__icon-new out-view-uagb-timeline__icon \"><svg xmlns=\"http:\/\/www.w3.org\/2000\/svg\" viewbox=\"0 0 448 512\"><path d=\"M0 464c0 26.5 21.5 48 48 48h352c26.5 0 48-21.5 48-48V192H0v272zm320-196c0-6.6 5.4-12 12-12h40c6.6 0 12 5.4 12 12v40c0 6.6-5.4 12-12 12h-40c-6.6 0-12-5.4-12-12v-40zm0 128c0-6.6 5.4-12 12-12h40c6.6 0 12 5.4 12 12v40c0 6.6-5.4 12-12 12h-40c-6.6 0-12-5.4-12-12v-40zM192 268c0-6.6 5.4-12 12-12h40c6.6 0 12 5.4 12 12v40c0 6.6-5.4 12-12 12h-40c-6.6 0-12-5.4-12-12v-40zm0 128c0-6.6 5.4-12 12-12h40c6.6 0 12 5.4 12 12v40c0 6.6-5.4 12-12 12h-40c-6.6 0-12-5.4-12-12v-40zM64 268c0-6.6 5.4-12 12-12h40c6.6 0 12 5.4 12 12v40c0 6.6-5.4 12-12 12H76c-6.6 0-12-5.4-12-12v-40zm0 128c0-6.6 5.4-12 12-12h40c6.6 0 12 5.4 12 12v40c0 6.6-5.4 12-12 12H76c-6.6 0-12-5.4-12-12v-40zM400 64h-48V16c0-8.8-7.2-16-16-16h-32c-8.8 0-16 7.2-16 16v48H160V16c0-8.8-7.2-16-16-16h-32c-8.8 0-16 7.2-16 16v48H48C21.5 64 0 85.5 0 112v48h448v-48c0-26.5-21.5-48-48-48z\"><\/path><\/svg><\/span><\/div><div class=\"uagb-timeline__day-new uagb-timeline__day-right\"><div class=\"uagb-events-new\"><div class=\"uagb-timeline__events-inner-new\"><div class=\"uagb-timeline__date-hide uagb-timeline__date-inner\"><div class=\"uagb-timeline__inner-date-new\">janvier 1, 2019<\/div><\/div><div class=\"uagb-timeline-content\"><div class=\"uagb-timeline__heading-text\"><h4 class=\"uagb-timeline__heading\">Titre du fil d\u2019actualit\u00e9 3<\/h4><\/div><p class=\"uagb-timeline-desc-content\">Ceci est la description du fil d\u2019actualit\u00e9, vous pouvez me changer \u00e0 tout moment en cliquant ici <\/p><div class=\"uagb-timeline__arrow\"><\/div><\/div><\/div><\/div><\/div><div class=\"uagb-timeline__date-new\"><div class=\"uagb-timeline__date-new\">janvier 1, 2019<\/div><\/div><\/div><\/article>\n\n\n\n<article class=\"wp-block-uagb-content-timeline-child uagb-timeline__field uagb-timeline__field-wrap uagb-timeline-child-ff7e2c07-b771-4829-8997-12682d64d388\"><div class=\"uagb-timeline__widget uagb-timeline__left\"><div class=\"uagb-timeline__marker out-view-uagb-timeline__icon\"><span class=\"uagb-timeline__icon-new out-view-uagb-timeline__icon \"><svg xmlns=\"http:\/\/www.w3.org\/2000\/svg\" viewbox=\"0 0 448 512\"><path d=\"M0 464c0 26.5 21.5 48 48 48h352c26.5 0 48-21.5 48-48V192H0v272zm320-196c0-6.6 5.4-12 12-12h40c6.6 0 12 5.4 12 12v40c0 6.6-5.4 12-12 12h-40c-6.6 0-12-5.4-12-12v-40zm0 128c0-6.6 5.4-12 12-12h40c6.6 0 12 5.4 12 12v40c0 6.6-5.4 12-12 12h-40c-6.6 0-12-5.4-12-12v-40zM192 268c0-6.6 5.4-12 12-12h40c6.6 0 12 5.4 12 12v40c0 6.6-5.4 12-12 12h-40c-6.6 0-12-5.4-12-12v-40zm0 128c0-6.6 5.4-12 12-12h40c6.6 0 12 5.4 12 12v40c0 6.6-5.4 12-12 12h-40c-6.6 0-12-5.4-12-12v-40zM64 268c0-6.6 5.4-12 12-12h40c6.6 0 12 5.4 12 12v40c0 6.6-5.4 12-12 12H76c-6.6 0-12-5.4-12-12v-40zm0 128c0-6.6 5.4-12 12-12h40c6.6 0 12 5.4 12 12v40c0 6.6-5.4 12-12 12H76c-6.6 0-12-5.4-12-12v-40zM400 64h-48V16c0-8.8-7.2-16-16-16h-32c-8.8 0-16 7.2-16 16v48H160V16c0-8.8-7.2-16-16-16h-32c-8.8 0-16 7.2-16 16v48H48C21.5 64 0 85.5 0 112v48h448v-48c0-26.5-21.5-48-48-48z\"><\/path><\/svg><\/span><\/div><div class=\"uagb-timeline__day-new uagb-timeline__day-left\"><div class=\"uagb-events-new\"><div class=\"uagb-timeline__events-inner-new\"><div class=\"uagb-timeline__date-hide uagb-timeline__date-inner\"><div class=\"uagb-timeline__inner-date-new\">janvier 1, 2019<\/div><\/div><div class=\"uagb-timeline-content\"><div class=\"uagb-timeline__heading-text\"><h4 class=\"uagb-timeline__heading\">Titre du fil d\u2019actualit\u00e9 4<\/h4><\/div><p class=\"uagb-timeline-desc-content\">Ceci est la description du fil d\u2019actualit\u00e9, vous pouvez me changer \u00e0 tout moment en cliquant ici <\/p><div class=\"uagb-timeline__arrow\"><\/div><\/div><\/div><\/div><\/div><div class=\"uagb-timeline__date-new\"><div class=\"uagb-timeline__date-new\">janvier 1, 2019<\/div><\/div><\/div><\/article>\n\n\n\n<article class=\"wp-block-uagb-content-timeline-child uagb-timeline__field uagb-timeline__field-wrap uagb-timeline-child-d154ef21-cec1-4355-96e0-54fa8058746f\"><div class=\"uagb-timeline__widget uagb-timeline__right\"><div class=\"uagb-timeline__marker out-view-uagb-timeline__icon\"><span class=\"uagb-timeline__icon-new out-view-uagb-timeline__icon \"><svg xmlns=\"http:\/\/www.w3.org\/2000\/svg\" viewbox=\"0 0 448 512\"><path d=\"M0 464c0 26.5 21.5 48 48 48h352c26.5 0 48-21.5 48-48V192H0v272zm320-196c0-6.6 5.4-12 12-12h40c6.6 0 12 5.4 12 12v40c0 6.6-5.4 12-12 12h-40c-6.6 0-12-5.4-12-12v-40zm0 128c0-6.6 5.4-12 12-12h40c6.6 0 12 5.4 12 12v40c0 6.6-5.4 12-12 12h-40c-6.6 0-12-5.4-12-12v-40zM192 268c0-6.6 5.4-12 12-12h40c6.6 0 12 5.4 12 12v40c0 6.6-5.4 12-12 12h-40c-6.6 0-12-5.4-12-12v-40zm0 128c0-6.6 5.4-12 12-12h40c6.6 0 12 5.4 12 12v40c0 6.6-5.4 12-12 12h-40c-6.6 0-12-5.4-12-12v-40zM64 268c0-6.6 5.4-12 12-12h40c6.6 0 12 5.4 12 12v40c0 6.6-5.4 12-12 12H76c-6.6 0-12-5.4-12-12v-40zm0 128c0-6.6 5.4-12 12-12h40c6.6 0 12 5.4 12 12v40c0 6.6-5.4 12-12 12H76c-6.6 0-12-5.4-12-12v-40zM400 64h-48V16c0-8.8-7.2-16-16-16h-32c-8.8 0-16 7.2-16 16v48H160V16c0-8.8-7.2-16-16-16h-32c-8.8 0-16 7.2-16 16v48H48C21.5 64 0 85.5 0 112v48h448v-48c0-26.5-21.5-48-48-48z\"><\/path><\/svg><\/span><\/div><div class=\"uagb-timeline__day-new uagb-timeline__day-right\"><div class=\"uagb-events-new\"><div class=\"uagb-timeline__events-inner-new\"><div class=\"uagb-timeline__date-hide uagb-timeline__date-inner\"><div class=\"uagb-timeline__inner-date-new\">janvier 1, 2019<\/div><\/div><div class=\"uagb-timeline-content\"><div class=\"uagb-timeline__heading-text\"><h4 class=\"uagb-timeline__heading\">Titre du fil d\u2019actualit\u00e9 5<\/h4><\/div><p class=\"uagb-timeline-desc-content\">Ceci est la description du fil d\u2019actualit\u00e9, vous pouvez me changer \u00e0 tout moment en cliquant ici <\/p><div class=\"uagb-timeline__arrow\"><\/div><\/div><\/div><\/div><\/div><div class=\"uagb-timeline__date-new\"><div class=\"uagb-timeline__date-new\">janvier 1, 2019<\/div><\/div><\/div><\/article>\n<\/div><div class=\"uagb-timeline__line\"><div class=\"uagb-timeline__line__inner\"><\/div><\/div><\/div><\/div><\/div><\/div>\n","protected":false},"excerpt":{"rendered":"<p>D\u00e9velopper un plan massif de lutte contre les discriminations et de promotion de l&rsquo;\u00e9galit\u00e9. Tout au long de &hellip; <\/p>\n","protected":false},"author":8,"featured_media":0,"parent":0,"menu_order":0,"comment_status":"closed","ping_status":"closed","template":"","meta":{"_mc_calendar":[],"footnotes":""},"class_list":["post-62598","page","type-page","status-publish","hentry"],"yoast_head":"<!-- This site is optimized with the Yoast SEO plugin v27.5 - https:\/\/yoast.com\/product\/yoast-seo-wordpress\/ -->\n<title>Proposition : Egalit\u00e9s - D\u00e9partement de l&#039;Is\u00e8re<\/title>\n<meta name=\"robots\" content=\"index, follow, max-snippet:-1, max-image-preview:large, max-video-preview:-1\" \/>\n<link rel=\"canonical\" href=\"https:\/\/www.uges-isere.fr\/index.php\/proposition-9\/\" \/>\n<meta property=\"og:locale\" content=\"fr_FR\" \/>\n<meta property=\"og:type\" content=\"article\" \/>\n<meta property=\"og:title\" content=\"Proposition : Egalit\u00e9s - D\u00e9partement de l&#039;Is\u00e8re\" \/>\n<meta property=\"og:description\" content=\"D\u00e9velopper un plan massif de lutte contre les discriminations et de promotion de l&rsquo;\u00e9galit\u00e9. Tout au long de &hellip;\" \/>\n<meta property=\"og:url\" content=\"https:\/\/www.uges-isere.fr\/index.php\/proposition-9\/\" \/>\n<meta property=\"og:site_name\" content=\"D\u00e9partement de l&#039;Is\u00e8re\" \/>\n<meta property=\"article:publisher\" content=\"https:\/\/www.facebook.com\/LePrintemps38\" \/>\n<meta property=\"article:modified_time\" content=\"2021-06-11T15:20:40+00:00\" \/>\n<meta name=\"twitter:card\" content=\"summary_large_image\" \/>\n<meta name=\"twitter:site\" content=\"@GroupeUGES38\" \/>\n<meta name=\"twitter:label1\" content=\"Dur\u00e9e de lecture estim\u00e9e\" \/>\n\t<meta name=\"twitter:data1\" content=\"3 minutes\" \/>\n<script type=\"application\/ld+json\" class=\"yoast-schema-graph\">{\"@context\":\"https:\\\/\\\/schema.org\",\"@graph\":[{\"@type\":\"WebPage\",\"@id\":\"https:\\\/\\\/www.uges-isere.fr\\\/index.php\\\/proposition-9\\\/\",\"url\":\"https:\\\/\\\/www.uges-isere.fr\\\/index.php\\\/proposition-9\\\/\",\"name\":\"Proposition : Egalit\u00e9s - D\u00e9partement de l&#039;Is\u00e8re\",\"isPartOf\":{\"@id\":\"https:\\\/\\\/www.uges-isere.fr\\\/#website\"},\"datePublished\":\"2021-05-21T12:37:29+00:00\",\"dateModified\":\"2021-06-11T15:20:40+00:00\",\"breadcrumb\":{\"@id\":\"https:\\\/\\\/www.uges-isere.fr\\\/index.php\\\/proposition-9\\\/#breadcrumb\"},\"inLanguage\":\"fr-FR\",\"potentialAction\":[{\"@type\":\"ReadAction\",\"target\":[\"https:\\\/\\\/www.uges-isere.fr\\\/index.php\\\/proposition-9\\\/\"]}]},{\"@type\":\"BreadcrumbList\",\"@id\":\"https:\\\/\\\/www.uges-isere.fr\\\/index.php\\\/proposition-9\\\/#breadcrumb\",\"itemListElement\":[{\"@type\":\"ListItem\",\"position\":1,\"name\":\"Accueil\",\"item\":\"https:\\\/\\\/www.uges-isere.fr\\\/\"},{\"@type\":\"ListItem\",\"position\":2,\"name\":\"Proposition : Egalit\u00e9s\"}]},{\"@type\":\"WebSite\",\"@id\":\"https:\\\/\\\/www.uges-isere.fr\\\/#website\",\"url\":\"https:\\\/\\\/www.uges-isere.fr\\\/\",\"name\":\"D\u00e9partement de l&#039;Is\u00e8re\",\"description\":\"Groupe d&#039;opposition UGES\",\"publisher\":{\"@id\":\"https:\\\/\\\/www.uges-isere.fr\\\/#organization\"},\"potentialAction\":[{\"@type\":\"SearchAction\",\"target\":{\"@type\":\"EntryPoint\",\"urlTemplate\":\"https:\\\/\\\/www.uges-isere.fr\\\/?s={search_term_string}\"},\"query-input\":{\"@type\":\"PropertyValueSpecification\",\"valueRequired\":true,\"valueName\":\"search_term_string\"}}],\"inLanguage\":\"fr-FR\"},{\"@type\":\"Organization\",\"@id\":\"https:\\\/\\\/www.uges-isere.fr\\\/#organization\",\"name\":\"D\u00e9partement de l'Is\u00e8re\",\"url\":\"https:\\\/\\\/www.uges-isere.fr\\\/\",\"logo\":{\"@type\":\"ImageObject\",\"inLanguage\":\"fr-FR\",\"@id\":\"https:\\\/\\\/www.uges-isere.fr\\\/#\\\/schema\\\/logo\\\/image\\\/\",\"url\":\"https:\\\/\\\/www.uges-isere.fr\\\/wp-content\\\/uploads\\\/2021\\\/10\\\/logo-ok.png\",\"contentUrl\":\"https:\\\/\\\/www.uges-isere.fr\\\/wp-content\\\/uploads\\\/2021\\\/10\\\/logo-ok.png\",\"width\":2859,\"height\":1816,\"caption\":\"D\u00e9partement de l'Is\u00e8re\"},\"image\":{\"@id\":\"https:\\\/\\\/www.uges-isere.fr\\\/#\\\/schema\\\/logo\\\/image\\\/\"},\"sameAs\":[\"https:\\\/\\\/www.facebook.com\\\/LePrintemps38\",\"https:\\\/\\\/x.com\\\/GroupeUGES38\"]}]}<\/script>\n<!-- \/ Yoast SEO plugin. -->","yoast_head_json":{"title":"Proposition : Egalit\u00e9s - D\u00e9partement de l&#039;Is\u00e8re","robots":{"index":"index","follow":"follow","max-snippet":"max-snippet:-1","max-image-preview":"max-image-preview:large","max-video-preview":"max-video-preview:-1"},"canonical":"https:\/\/www.uges-isere.fr\/index.php\/proposition-9\/","og_locale":"fr_FR","og_type":"article","og_title":"Proposition : Egalit\u00e9s - D\u00e9partement de l&#039;Is\u00e8re","og_description":"D\u00e9velopper un plan massif de lutte contre les discriminations et de promotion de l&rsquo;\u00e9galit\u00e9. Tout au long de &hellip;","og_url":"https:\/\/www.uges-isere.fr\/index.php\/proposition-9\/","og_site_name":"D\u00e9partement de l&#039;Is\u00e8re","article_publisher":"https:\/\/www.facebook.com\/LePrintemps38","article_modified_time":"2021-06-11T15:20:40+00:00","twitter_card":"summary_large_image","twitter_site":"@GroupeUGES38","twitter_misc":{"Dur\u00e9e de lecture estim\u00e9e":"3 minutes"},"schema":{"@context":"https:\/\/schema.org","@graph":[{"@type":"WebPage","@id":"https:\/\/www.uges-isere.fr\/index.php\/proposition-9\/","url":"https:\/\/www.uges-isere.fr\/index.php\/proposition-9\/","name":"Proposition : Egalit\u00e9s - D\u00e9partement de l&#039;Is\u00e8re","isPartOf":{"@id":"https:\/\/www.uges-isere.fr\/#website"},"datePublished":"2021-05-21T12:37:29+00:00","dateModified":"2021-06-11T15:20:40+00:00","breadcrumb":{"@id":"https:\/\/www.uges-isere.fr\/index.php\/proposition-9\/#breadcrumb"},"inLanguage":"fr-FR","potentialAction":[{"@type":"ReadAction","target":["https:\/\/www.uges-isere.fr\/index.php\/proposition-9\/"]}]},{"@type":"BreadcrumbList","@id":"https:\/\/www.uges-isere.fr\/index.php\/proposition-9\/#breadcrumb","itemListElement":[{"@type":"ListItem","position":1,"name":"Accueil","item":"https:\/\/www.uges-isere.fr\/"},{"@type":"ListItem","position":2,"name":"Proposition : Egalit\u00e9s"}]},{"@type":"WebSite","@id":"https:\/\/www.uges-isere.fr\/#website","url":"https:\/\/www.uges-isere.fr\/","name":"D\u00e9partement de l&#039;Is\u00e8re","description":"Groupe d&#039;opposition UGES","publisher":{"@id":"https:\/\/www.uges-isere.fr\/#organization"},"potentialAction":[{"@type":"SearchAction","target":{"@type":"EntryPoint","urlTemplate":"https:\/\/www.uges-isere.fr\/?s={search_term_string}"},"query-input":{"@type":"PropertyValueSpecification","valueRequired":true,"valueName":"search_term_string"}}],"inLanguage":"fr-FR"},{"@type":"Organization","@id":"https:\/\/www.uges-isere.fr\/#organization","name":"D\u00e9partement de l'Is\u00e8re","url":"https:\/\/www.uges-isere.fr\/","logo":{"@type":"ImageObject","inLanguage":"fr-FR","@id":"https:\/\/www.uges-isere.fr\/#\/schema\/logo\/image\/","url":"https:\/\/www.uges-isere.fr\/wp-content\/uploads\/2021\/10\/logo-ok.png","contentUrl":"https:\/\/www.uges-isere.fr\/wp-content\/uploads\/2021\/10\/logo-ok.png","width":2859,"height":1816,"caption":"D\u00e9partement de l'Is\u00e8re"},"image":{"@id":"https:\/\/www.uges-isere.fr\/#\/schema\/logo\/image\/"},"sameAs":["https:\/\/www.facebook.com\/LePrintemps38","https:\/\/x.com\/GroupeUGES38"]}]}},"_links":{"self":[{"href":"https:\/\/www.uges-isere.fr\/index.php\/wp-json\/wp\/v2\/pages\/62598","targetHints":{"allow":["GET"]}}],"collection":[{"href":"https:\/\/www.uges-isere.fr\/index.php\/wp-json\/wp\/v2\/pages"}],"about":[{"href":"https:\/\/www.uges-isere.fr\/index.php\/wp-json\/wp\/v2\/types\/page"}],"author":[{"embeddable":true,"href":"https:\/\/www.uges-isere.fr\/index.php\/wp-json\/wp\/v2\/users\/8"}],"replies":[{"embeddable":true,"href":"https:\/\/www.uges-isere.fr\/index.php\/wp-json\/wp\/v2\/comments?post=62598"}],"version-history":[{"count":4,"href":"https:\/\/www.uges-isere.fr\/index.php\/wp-json\/wp\/v2\/pages\/62598\/revisions"}],"predecessor-version":[{"id":87564,"href":"https:\/\/www.uges-isere.fr\/index.php\/wp-json\/wp\/v2\/pages\/62598\/revisions\/87564"}],"wp:attachment":[{"href":"https:\/\/www.uges-isere.fr\/index.php\/wp-json\/wp\/v2\/media?parent=62598"}],"curies":[{"name":"wp","href":"https:\/\/api.w.org\/{rel}","templated":true}]}}