{"id":603174,"date":"2022-09-13T11:37:27","date_gmt":"2022-09-13T09:37:27","guid":{"rendered":"https:\/\/www.uges-isere.fr\/?page_id=603174"},"modified":"2023-02-15T12:16:27","modified_gmt":"2023-02-15T11:16:27","slug":"initiatives-locales-2022-canton-de-grenoble-3","status":"publish","type":"page","link":"https:\/\/www.uges-isere.fr\/index.php\/initiatives-locales-2022-canton-de-grenoble-3\/","title":{"rendered":"Initiatives locales 2022 &#8211; Canton de Grenoble 3"},"content":{"rendered":"\n<p><strong>Retrouvez ici les subventions accord\u00e9es aux associations par vos conseillers d\u00e9partementaux du canton de Grenoble 3 en 2022, dans le cadre des initiatives locales.<\/strong><\/p>\n\n\n\n<h4 class=\"wp-block-heading\"><strong><a href=\"https:\/\/www.uges-isere.fr\/index.php\/initiatives-locales-canton-de-grenoble-3\/\" target=\"_blank\" rel=\"noreferrer noopener\">Archives 2021<\/a><\/strong><\/h4>\n\n\n<p><em>Mars 2022<\/em><\/p>\n<ul>\n<li><strong>L&rsquo;association \u00ab\u00a0Arc en Ciel France Maghreb\u00a0\u00bb<\/strong> pour l&rsquo;organisation d&rsquo;un s\u00e9jour \u00e0 la montagne : 1 000,00 \u20ac<\/li>\n<li><strong>Le Conseil d\u00e9partemental des parents d&rsquo;\u00e9l\u00e8ves FCPE Is\u00e8re<\/strong> pour leur projet \u00a0\u00bb Etude et M\u00e9moire de la Shoah\u00a0\u00bb : 480,00 \u20ac<\/li>\n<\/ul>\n<p><em>Avril 2022<\/em><\/p>\n<ul>\n<li><strong>L&rsquo;association \u00ab\u00a0Cultivons nos toits\u00a0\u00bb<\/strong> pour l&rsquo;organisation des 48h de l&rsquo;Agriculture Urbaine : 1 250,00 \u20ac<\/li>\n<li><strong>Les \u00ab\u00a0Amis de la nature &#8211; section de Grenoble\u00a0\u00bb<\/strong> pour l&rsquo;achat d&rsquo;un d\u00e9fibrillateur : 2 000,00 \u20ac<\/li>\n<\/ul>\n<p><em>Juin 2022<\/em><\/p>\n<ul>\n<li><strong>L&rsquo;association \u00ab\u00a0Histoires de\u2026 \u00ab\u00a0<\/strong> pour le projet \u00ab\u00a0Valorisation de l&rsquo;histoire et du patrimoine : Se prendre au jeu du quartier\u00a0\u00bb :\u00a0 500,00 \u20ac<\/li>\n<li><strong>L&rsquo;association \u00ab\u00a0Histoires de\u2026\u00a0\u00bb<\/strong> pour le projet \u00a0\u00bb Valorisation de l&rsquo;histoire et du patrimoine : Ma ville d\u00e9cod\u00e9e en images (<br \/>La Villeneuve\/Village olympique)\u00a0\u00bb : 1 000,00 \u20ac<\/li>\n<li>Le tennis club Villeneuve pour leur projet \u00ab\u00a0Cit\u00e9 Cap Tennis\u00a0\u00bb : 800,00 \u20ac<\/li>\n<li><strong>L&rsquo;association \u00ab\u00a0ADA &#8211; Accueil demandeurs d&rsquo;Asile\u00a0\u00bb<\/strong> pour le d\u00e9veloppement de l&rsquo;observatoire de l&rsquo;Asile en Is\u00e8re : 1 500,00 \u20ac<\/li>\n<li><strong>L&rsquo;association \u00ab\u00a0La coque d&rsquo;une \u00e9toile\u00a0\u00bb<\/strong> pour une aide au fonctionnement : 1 000,00 \u20ac<\/li>\n<li><strong>L&rsquo;Association \u00ab\u00a0La Baja\u00a0\u00bb<\/strong> pour l&rsquo;organisation des 50 ans de l&rsquo;association : 1 500,00 \u20ac<\/li>\n<\/ul>\n<p><em>Juillet 2022<\/em><\/p>\n<ul>\n<li><strong>L&rsquo;association \u00ab\u00a0Retour de Sc\u00e8ne\u00a0\u00bb<\/strong> pour l&rsquo;organisation du Festival Magic Bus 2022 : 500,00 \u20ac<\/li>\n<li><strong>Le Centre loisirs Jeunes 38 ( Police Nationale)<\/strong> pour l&rsquo;achat d&rsquo;un v\u00e9hicule 9 places : 1 000,00 \u20ac<\/li>\n<\/ul>\n<p><em>Septembre 2022\u00a0<\/em><\/p>\n<ul>\n<li>L&rsquo;association <strong>\u00ab\u00a0Domicile interg\u00e9n\u00e9rations Is\u00e9rois\u00a0\u00bb<\/strong> pour la valorisation des seniors : 1 000,00 \u20ac<\/li>\n<li>L&rsquo;association <strong>\u00ab\u00a0RbGp\u00a0\u00bb<\/strong> pour l&rsquo;organisation de la 1\u00e8re \u00e9dition du festival jeune public \u00ab\u00a0vomi-paillettes\u00a0\u00bb en 2022 : 2 000,00 \u20ac<\/li>\n<li>L&rsquo;association <strong>\u00ab\u00a0l&rsquo;Age d&rsquo;or\u00a0\u00bb<\/strong> pour une aide au fonctionnement : 1 000,00 \u20ac<\/li>\n<li>L&rsquo;association <strong>\u00ab\u00a0Nous\u00a0\u00bb<\/strong> (association pour la promotion de la culture hip hop) pour une aide au fonctionnement : 2 000,00 \u20ac<\/li>\n<li>Le <strong>Collectif d&rsquo;associations et d&rsquo;habitants Villeneuve debout<\/strong> pour l&rsquo;organisation de la f\u00eate de quartier 2022 : 1 000,00 \u20ac<\/li>\n<li>L&rsquo;association <strong>\u00ab\u00a0AlterEgaux.Is\u00e8re\u00a0\u00bb<\/strong> pour une aide au fonctionnement : 950,00 \u20ac<\/li>\n<\/ul>\n<p><em>Novembre 2022\u00a0<\/em><\/p>\n<ul>\n<li>La <strong>Maison de la nature et de l&rsquo;environnement de l&rsquo;Is\u00e8re<\/strong> (M.N.E.I) pour une aide au fonctionnement : 2 000,00 \u20ac<\/li>\n<li>L&rsquo;association <strong>\u00ab\u00a0Yeti&rsquo;s roller in line hockey Grenoble\u00a0\u00bb<\/strong> pour l&rsquo;achat de maillots de matchs : 1 500,00 \u20ac<\/li>\n<li>L&rsquo;association <strong>\u00ab\u00a0Les ami.e.s. du bar Radis\u00a0\u00bb<\/strong> pour la mise en place d&rsquo;un cycle d&rsquo;ateliers autour de l&rsquo;alimentation et de la sant\u00e9<br \/>(2022-2023) : 1 500,00 \u20ac<\/li>\n<li>L&rsquo;association <strong>\u00ab\u00a0Le Prunier sauvage\u00a0\u00bb<\/strong> pour l&rsquo;organisation du festival \u00ab\u00a0Merci, Bonsoir !\u00a0\u00bb 2022 : 5 350,00 \u20ac<\/li>\n<li>L&rsquo;association \u00ab\u00a0Amiti\u00e9 &#8211; loisirs &#8211; d\u00e9couvertes\u00a0\u00bb pour l&rsquo;organisation d&rsquo;une sortie \u00e0 l&rsquo;occasion du 20\u00e8me anniversaire de<br \/>l&rsquo;association : 500,00 \u20ac<\/li>\n<li>L&rsquo;<strong>Association sportive du coll\u00e8ge d&rsquo;enseignement secondaire Charles Munch<\/strong> pour des frais de d\u00e9placement li\u00e9s aux championnats de France UNSS en 2023\u00a0 : 1 500,00 \u20ac<\/li>\n<li><strong>L&rsquo;Association sportive du coll\u00e8ge Vercors<\/strong> pour la poursuite du projet \u00ab\u00a0Graines de cyclo\u00a0\u00bb : 1 500,00 \u20ac<\/li>\n<li>L&rsquo;association <strong>\u00ab\u00a0La Pirogue\u00a0\u00bb<\/strong> pour une aide au fonctionnement : 701,00 \u20ac<\/li>\n<li>L&rsquo;association <strong>\u00ab\u00a0Low-Tech lab Grenoble\u00a0\u00bb<\/strong> pour l&rsquo;organisation d&rsquo;une s\u00e9rie d&rsquo;ateliers autour de la th\u00e9matique \u00ab\u00a0Ensemble,<br \/>faire des \u00e9conomies d&rsquo;eau et d&rsquo;\u00e9nergie dans l&rsquo;habitat\u00a0\u00bb : 700,00 \u20ac<\/li>\n<li>La <strong>R\u00e9gie de quartier Villeneuve &#8211; Village Olympique<\/strong> pour l&rsquo;organisation de l&rsquo;\u00e9v\u00e8nement \u00ab\u00a0R\u00e9inventer demain ! &#8211; acc\u00e9l\u00e9rons les transitions\u00a0\u00bb : 2 000,00 \u20ac<\/li>\n<li>L&rsquo;<strong>Association de solidarit\u00e9 des Alg\u00e9riens de l&rsquo;Is\u00e8re<\/strong> (ASALI) pour la r\u00e9alisation du projet 2022 \u00ab\u00a0La litt\u00e9rature alg\u00e9rienne de langue fran\u00e7aise, une histoire \u00e0 suivre\u2026\u00a0\u00bb : 1 500,00 \u20ac<\/li>\n<\/ul>","protected":false},"excerpt":{"rendered":"<p>Retrouvez ici les subventions accord\u00e9es aux associations par vos conseillers d\u00e9partementaux du canton de Grenoble 3 en 2022, &hellip; <\/p>\n","protected":false},"author":8,"featured_media":0,"parent":0,"menu_order":0,"comment_status":"closed","ping_status":"closed","template":"","meta":{"_mc_calendar":[],"footnotes":""},"class_list":["post-603174","page","type-page","status-publish","hentry"],"yoast_head":"<!-- This site is optimized with the Yoast SEO plugin v27.5 - https:\/\/yoast.com\/product\/yoast-seo-wordpress\/ -->\n<title>Initiatives locales 2022 - Canton de Grenoble 3 - D\u00e9partement de l&#039;Is\u00e8re<\/title>\n<meta name=\"robots\" content=\"index, follow, max-snippet:-1, max-image-preview:large, max-video-preview:-1\" \/>\n<link rel=\"canonical\" href=\"https:\/\/www.uges-isere.fr\/index.php\/initiatives-locales-2022-canton-de-grenoble-3\/\" \/>\n<meta property=\"og:locale\" content=\"fr_FR\" \/>\n<meta property=\"og:type\" content=\"article\" \/>\n<meta property=\"og:title\" content=\"Initiatives locales 2022 - Canton de Grenoble 3 - D\u00e9partement de l&#039;Is\u00e8re\" \/>\n<meta property=\"og:description\" content=\"Retrouvez ici les subventions accord\u00e9es aux associations par vos conseillers d\u00e9partementaux du canton de Grenoble 3 en 2022, &hellip;\" \/>\n<meta property=\"og:url\" content=\"https:\/\/www.uges-isere.fr\/index.php\/initiatives-locales-2022-canton-de-grenoble-3\/\" \/>\n<meta property=\"og:site_name\" content=\"D\u00e9partement de l&#039;Is\u00e8re\" \/>\n<meta property=\"article:publisher\" content=\"https:\/\/www.facebook.com\/LePrintemps38\" \/>\n<meta property=\"article:modified_time\" content=\"2023-02-15T11:16:27+00:00\" \/>\n<meta name=\"twitter:card\" content=\"summary_large_image\" \/>\n<meta name=\"twitter:site\" content=\"@GroupeUGES38\" \/>\n<meta name=\"twitter:label1\" content=\"Dur\u00e9e de lecture estim\u00e9e\" \/>\n\t<meta name=\"twitter:data1\" content=\"3 minutes\" \/>\n<script type=\"application\/ld+json\" class=\"yoast-schema-graph\">{\"@context\":\"https:\\\/\\\/schema.org\",\"@graph\":[{\"@type\":\"WebPage\",\"@id\":\"https:\\\/\\\/www.uges-isere.fr\\\/index.php\\\/initiatives-locales-2022-canton-de-grenoble-3\\\/\",\"url\":\"https:\\\/\\\/www.uges-isere.fr\\\/index.php\\\/initiatives-locales-2022-canton-de-grenoble-3\\\/\",\"name\":\"Initiatives locales 2022 - Canton de Grenoble 3 - D\u00e9partement de l&#039;Is\u00e8re\",\"isPartOf\":{\"@id\":\"https:\\\/\\\/www.uges-isere.fr\\\/#website\"},\"datePublished\":\"2022-09-13T09:37:27+00:00\",\"dateModified\":\"2023-02-15T11:16:27+00:00\",\"breadcrumb\":{\"@id\":\"https:\\\/\\\/www.uges-isere.fr\\\/index.php\\\/initiatives-locales-2022-canton-de-grenoble-3\\\/#breadcrumb\"},\"inLanguage\":\"fr-FR\",\"potentialAction\":[{\"@type\":\"ReadAction\",\"target\":[\"https:\\\/\\\/www.uges-isere.fr\\\/index.php\\\/initiatives-locales-2022-canton-de-grenoble-3\\\/\"]}]},{\"@type\":\"BreadcrumbList\",\"@id\":\"https:\\\/\\\/www.uges-isere.fr\\\/index.php\\\/initiatives-locales-2022-canton-de-grenoble-3\\\/#breadcrumb\",\"itemListElement\":[{\"@type\":\"ListItem\",\"position\":1,\"name\":\"Accueil\",\"item\":\"https:\\\/\\\/www.uges-isere.fr\\\/\"},{\"@type\":\"ListItem\",\"position\":2,\"name\":\"Initiatives locales 2022 &#8211; Canton de Grenoble 3\"}]},{\"@type\":\"WebSite\",\"@id\":\"https:\\\/\\\/www.uges-isere.fr\\\/#website\",\"url\":\"https:\\\/\\\/www.uges-isere.fr\\\/\",\"name\":\"D\u00e9partement de l&#039;Is\u00e8re\",\"description\":\"Groupe d&#039;opposition UGES\",\"publisher\":{\"@id\":\"https:\\\/\\\/www.uges-isere.fr\\\/#organization\"},\"potentialAction\":[{\"@type\":\"SearchAction\",\"target\":{\"@type\":\"EntryPoint\",\"urlTemplate\":\"https:\\\/\\\/www.uges-isere.fr\\\/?s={search_term_string}\"},\"query-input\":{\"@type\":\"PropertyValueSpecification\",\"valueRequired\":true,\"valueName\":\"search_term_string\"}}],\"inLanguage\":\"fr-FR\"},{\"@type\":\"Organization\",\"@id\":\"https:\\\/\\\/www.uges-isere.fr\\\/#organization\",\"name\":\"D\u00e9partement de l'Is\u00e8re\",\"url\":\"https:\\\/\\\/www.uges-isere.fr\\\/\",\"logo\":{\"@type\":\"ImageObject\",\"inLanguage\":\"fr-FR\",\"@id\":\"https:\\\/\\\/www.uges-isere.fr\\\/#\\\/schema\\\/logo\\\/image\\\/\",\"url\":\"https:\\\/\\\/www.uges-isere.fr\\\/wp-content\\\/uploads\\\/2021\\\/10\\\/logo-ok.png\",\"contentUrl\":\"https:\\\/\\\/www.uges-isere.fr\\\/wp-content\\\/uploads\\\/2021\\\/10\\\/logo-ok.png\",\"width\":2859,\"height\":1816,\"caption\":\"D\u00e9partement de l'Is\u00e8re\"},\"image\":{\"@id\":\"https:\\\/\\\/www.uges-isere.fr\\\/#\\\/schema\\\/logo\\\/image\\\/\"},\"sameAs\":[\"https:\\\/\\\/www.facebook.com\\\/LePrintemps38\",\"https:\\\/\\\/x.com\\\/GroupeUGES38\"]}]}<\/script>\n<!-- \/ Yoast SEO plugin. -->","yoast_head_json":{"title":"Initiatives locales 2022 - Canton de Grenoble 3 - D\u00e9partement de l&#039;Is\u00e8re","robots":{"index":"index","follow":"follow","max-snippet":"max-snippet:-1","max-image-preview":"max-image-preview:large","max-video-preview":"max-video-preview:-1"},"canonical":"https:\/\/www.uges-isere.fr\/index.php\/initiatives-locales-2022-canton-de-grenoble-3\/","og_locale":"fr_FR","og_type":"article","og_title":"Initiatives locales 2022 - Canton de Grenoble 3 - D\u00e9partement de l&#039;Is\u00e8re","og_description":"Retrouvez ici les subventions accord\u00e9es aux associations par vos conseillers d\u00e9partementaux du canton de Grenoble 3 en 2022, &hellip;","og_url":"https:\/\/www.uges-isere.fr\/index.php\/initiatives-locales-2022-canton-de-grenoble-3\/","og_site_name":"D\u00e9partement de l&#039;Is\u00e8re","article_publisher":"https:\/\/www.facebook.com\/LePrintemps38","article_modified_time":"2023-02-15T11:16:27+00:00","twitter_card":"summary_large_image","twitter_site":"@GroupeUGES38","twitter_misc":{"Dur\u00e9e de lecture estim\u00e9e":"3 minutes"},"schema":{"@context":"https:\/\/schema.org","@graph":[{"@type":"WebPage","@id":"https:\/\/www.uges-isere.fr\/index.php\/initiatives-locales-2022-canton-de-grenoble-3\/","url":"https:\/\/www.uges-isere.fr\/index.php\/initiatives-locales-2022-canton-de-grenoble-3\/","name":"Initiatives locales 2022 - Canton de Grenoble 3 - D\u00e9partement de l&#039;Is\u00e8re","isPartOf":{"@id":"https:\/\/www.uges-isere.fr\/#website"},"datePublished":"2022-09-13T09:37:27+00:00","dateModified":"2023-02-15T11:16:27+00:00","breadcrumb":{"@id":"https:\/\/www.uges-isere.fr\/index.php\/initiatives-locales-2022-canton-de-grenoble-3\/#breadcrumb"},"inLanguage":"fr-FR","potentialAction":[{"@type":"ReadAction","target":["https:\/\/www.uges-isere.fr\/index.php\/initiatives-locales-2022-canton-de-grenoble-3\/"]}]},{"@type":"BreadcrumbList","@id":"https:\/\/www.uges-isere.fr\/index.php\/initiatives-locales-2022-canton-de-grenoble-3\/#breadcrumb","itemListElement":[{"@type":"ListItem","position":1,"name":"Accueil","item":"https:\/\/www.uges-isere.fr\/"},{"@type":"ListItem","position":2,"name":"Initiatives locales 2022 &#8211; Canton de Grenoble 3"}]},{"@type":"WebSite","@id":"https:\/\/www.uges-isere.fr\/#website","url":"https:\/\/www.uges-isere.fr\/","name":"D\u00e9partement de l&#039;Is\u00e8re","description":"Groupe d&#039;opposition UGES","publisher":{"@id":"https:\/\/www.uges-isere.fr\/#organization"},"potentialAction":[{"@type":"SearchAction","target":{"@type":"EntryPoint","urlTemplate":"https:\/\/www.uges-isere.fr\/?s={search_term_string}"},"query-input":{"@type":"PropertyValueSpecification","valueRequired":true,"valueName":"search_term_string"}}],"inLanguage":"fr-FR"},{"@type":"Organization","@id":"https:\/\/www.uges-isere.fr\/#organization","name":"D\u00e9partement de l'Is\u00e8re","url":"https:\/\/www.uges-isere.fr\/","logo":{"@type":"ImageObject","inLanguage":"fr-FR","@id":"https:\/\/www.uges-isere.fr\/#\/schema\/logo\/image\/","url":"https:\/\/www.uges-isere.fr\/wp-content\/uploads\/2021\/10\/logo-ok.png","contentUrl":"https:\/\/www.uges-isere.fr\/wp-content\/uploads\/2021\/10\/logo-ok.png","width":2859,"height":1816,"caption":"D\u00e9partement de l'Is\u00e8re"},"image":{"@id":"https:\/\/www.uges-isere.fr\/#\/schema\/logo\/image\/"},"sameAs":["https:\/\/www.facebook.com\/LePrintemps38","https:\/\/x.com\/GroupeUGES38"]}]}},"_links":{"self":[{"href":"https:\/\/www.uges-isere.fr\/index.php\/wp-json\/wp\/v2\/pages\/603174","targetHints":{"allow":["GET"]}}],"collection":[{"href":"https:\/\/www.uges-isere.fr\/index.php\/wp-json\/wp\/v2\/pages"}],"about":[{"href":"https:\/\/www.uges-isere.fr\/index.php\/wp-json\/wp\/v2\/types\/page"}],"author":[{"embeddable":true,"href":"https:\/\/www.uges-isere.fr\/index.php\/wp-json\/wp\/v2\/users\/8"}],"replies":[{"embeddable":true,"href":"https:\/\/www.uges-isere.fr\/index.php\/wp-json\/wp\/v2\/comments?post=603174"}],"version-history":[{"count":3,"href":"https:\/\/www.uges-isere.fr\/index.php\/wp-json\/wp\/v2\/pages\/603174\/revisions"}],"predecessor-version":[{"id":682895,"href":"https:\/\/www.uges-isere.fr\/index.php\/wp-json\/wp\/v2\/pages\/603174\/revisions\/682895"}],"wp:attachment":[{"href":"https:\/\/www.uges-isere.fr\/index.php\/wp-json\/wp\/v2\/media?parent=603174"}],"curies":[{"name":"wp","href":"https:\/\/api.w.org\/{rel}","templated":true}]}}