{"id":603125,"date":"2022-09-13T11:26:07","date_gmt":"2022-09-13T09:26:07","guid":{"rendered":"https:\/\/www.uges-isere.fr\/?page_id=603125"},"modified":"2022-09-15T11:32:15","modified_gmt":"2022-09-15T09:32:15","slug":"initiatives-locales-2021-canton-oisans-romanche","status":"publish","type":"page","link":"https:\/\/www.uges-isere.fr\/index.php\/initiatives-locales-2021-canton-oisans-romanche\/","title":{"rendered":"Initiatives locales 2021 &#8211; Canton Oisans Romanche"},"content":{"rendered":"\n<p><strong>Retrouvez ici les subventions accord\u00e9es aux associations par vos conseillers d\u00e9partementaux du canton Oisans Romanche en 2021, dans le cadre des initiatives locales.<\/strong><\/p>\n\n\n<p><em>Janvier 2021<\/em><\/p>\n<ul>\n<li>L&rsquo;association <strong>\u00ab\u00a0Courants d&rsquo;Arts\u00a0\u00bb<\/strong> pour l&rsquo;organisation du festival \u00ab\u00a0Jazz&rsquo;Alp\u00a0\u00bb: 1 400 \u20ac<\/li>\n<\/ul>\n<p><em>F\u00e9vrier 2021<\/em><\/p>\n<ul>\n<li>Les <strong>\u00ab\u00a0Richesses Culturelles de l&rsquo;Oisans\u00a0\u00bb<\/strong> pour l&rsquo;achat et \u00e0 la restauration de 8 vitraux du pavillon Keller : 3 000 \u20ac<\/li>\n<li>L&rsquo;association <strong>\u00ab\u00a0Festimesajoie\u00a0\u00bb<\/strong> pour une aide au fonctionnement : 1 000 \u20ac<\/li>\n<li>Les <strong>\u00ab\u00a0estivales du Freney d&rsquo;Oisans\u00a0\u00bb<\/strong> pour une aide au fonctionnement : 2 000 \u20ac<\/li>\n<\/ul>\n<p><em>Avril 2021<\/em><\/p>\n<ul>\n<li>L&rsquo;association <strong>\u00ab\u00a0Arc en Ciel du Haut-Oisans\u00a0\u00bb<\/strong> pour l&rsquo;achat de truitelles : 800 \u20ac<\/li>\n<li>L&rsquo;<strong>Association sportive de Bourg d&rsquo;Oisans (BO Forme)<\/strong> pour l&rsquo;achat de mat\u00e9riels (r\u00e9paration des appareils de musculation) : 2 000 \u20ac<\/li>\n<\/ul>\n<p><em>Mai 2021<\/em><\/p>\n<ul>\n<li>Le <strong>Ski club Alpes d&rsquo;Huez<\/strong> pour une aide au fonctionnement : 1 500 \u20ac<\/li>\n<li>La<strong> Maison d&rsquo;assistants maternels \u00ab\u00a0B\u00e9b\u00e9 rose et menthe \u00e0 l&rsquo;eau\u00a0\u00bb <\/strong>pour leurs travaux de mise en conformit\u00e9 du lieux d&rsquo;accueil des enfants : 1 000 \u20ac<\/li>\n<li>L&rsquo;<strong>Association Nationale des Anciens, Descendants et Amis du Maquis de l&rsquo;Oisans<\/strong> pour la r\u00e9novation de la st\u00e8le du charnier de Gavet : 1 500 \u20ac<\/li>\n<li>L&rsquo;association <strong>\u00ab\u00a0Les enfants extra-ordinaires\u00a0\u00bb<\/strong> pour une aide au fonctionnement : 1 500 \u20ac<\/li>\n<li>L&rsquo;<strong>Aviron Grenoblois<\/strong> pour la participation d&rsquo;Emma Lunatti, sportive de haut niveau, aux JO de Paris en 2024 : 1 500 \u20ac<\/li>\n<li>La <strong>Maison d\u00e9partementale des Alpages de Besse en Oisans<\/strong> pour une aide au fonctionnement : 1 500 \u20ac<\/li>\n<li><strong>L&rsquo;association \u00ab\u00a0Les amis de l&rsquo;orgue de Vizille\u00a0\u00bb<\/strong> pour une aide au fonctionnement : 1 500 \u20ac<\/li>\n<li>L&rsquo;association <strong>\u00ab\u00a0Travers\u00e9es\u00a0\u00bb<\/strong> pour l&rsquo;organisation du festival de litt\u00e9rature et montagne \u00ab\u00a0Travers\u00e9es\u00a0\u00bb \u00e0 la B\u00e9rarde pour le solstice d&rsquo;\u00e9t\u00e9 :1 500 \u20ac<\/li>\n<li>L&rsquo;association <strong>\u00ab\u00a0Les amis de l&rsquo;histoire en pays vizillois\u00a0\u00bb<\/strong> pour leur participation \u00e0 l&rsquo;\u00e9dition d&rsquo;un livre intitul\u00e9 \u00ab\u00a04000 ans d&rsquo;histoire mini\u00e8re de l&rsquo;Oisans, de la vall\u00e9e de la Romanche et de Vizille\u00a0\u00bb : 2 000 \u20ac<\/li>\n<li>L&rsquo;association <strong>\u00ab\u00a0Les amis de l&rsquo;histoire en pays vizillois \u00ab\u00a0<\/strong> pour une aide au fonctionnement : 1 500 \u20ac<\/li>\n<li>\u00ab\u00a0L<strong>&lsquo;Association de la Gaule de S\u00e9chilienne pour la p\u00eache et la protection du milieu aquatique<\/strong>\u00a0\u00bb pour leur projet de sensibilisation \u00e0 la nature, l&rsquo;eau et la faune aquatique intitul\u00e9 \u00ab\u00a0Eaux vives, Eaux vivantes\u00a0\u00bb : 800 \u20ac <\/li>\n<\/ul>\n<p><em>Octobre 2021<\/em><\/p>\n<ul>\n<li>L&rsquo;association <strong>\u00ab\u00a0Is\u00e8re Cheval Vert\u00a0\u00bb<\/strong> pour l&rsquo;organisation de la manifestation \u00ab\u00a0Le Vizille Tour\u00a0\u00bb : 1 500 \u20ac<\/li>\n<li><strong>\u00ab\u00a0Les Sentiers de Saint-Martin d&rsquo;Uriage\u00a0\u00bb <\/strong>pour\u00a0 des travaux d&rsquo;isolation du toit et d&rsquo;acc\u00e8s au premier \u00e9tage, la restauration de la chemin\u00e9e et le remplacement de la porte d&rsquo;entr\u00e9e de la cabane des Clots : 1 200 \u20ac<\/li>\n<li>L&rsquo;association <strong>\u00ab\u00a0R\u00eaves et Chansons\u00a0\u00bb<\/strong> pour une aide au fonctionnement de l&rsquo;antenne de l&rsquo;Oisans : 1 500 \u20ac <\/li>\n<\/ul>\n<p><em>Novembre 2021<\/em><\/p>\n<ul>\n<li>L&rsquo;association \u00ab\u00a0Airsoft Oisans\u00a0\u00bb pour une aide au fonctionnement :\u00a0 800 \u20ac<\/li>\n<li>L&rsquo;<strong>Association nationale des Anciens, Descendants et Amis du Maquis de l&rsquo;Oisans, secteur 1<\/strong> pour la r\u00e9alisation d&rsquo;un livret en hommage aux Am\u00e9ricains \u00e0 l&rsquo;occasion de la c\u00e9r\u00e9monie au Monument de l&rsquo;Infernet \u00e0 Livet et Gavet : 1 000 \u20ac<\/li>\n<li>L&rsquo;association \u00ab\u00a0Les Richesses Culturelles de l&rsquo;Oisans\u00a0\u00bb pour l&rsquo;achat d&rsquo;une borne informatique n\u00e9cessaire \u00e0 la maquette \u00ab\u00a0Keller\u00a0\u00bb : 2 000 \u20ac<\/li>\n<li>L&rsquo;association <strong>\u00ab\u00a0Oisans Solidaire\u00a0\u00bb<\/strong> pour une aide au fonctionnement : 1 500 \u20ac<\/li>\n<li><strong>L&rsquo;Etoile sportive Vaulnaveys<\/strong> pour une aide au fontionnement : 1 500 \u20ac<\/li>\n<li>Le <strong>Sou des \u00e9coles de Vaulnaveys-Le-Bas<\/strong> pour l&rsquo;organisation de classes transplant\u00e9es : 1 000 \u20ac<\/li>\n<li><strong>Ski club de l&rsquo;Alpe du Grand Serre<\/strong> pour une aide au fonctionnement : 1 231 \u20ac <\/li>\n<\/ul>","protected":false},"excerpt":{"rendered":"<p>Retrouvez ici les subventions accord\u00e9es aux associations par vos conseillers d\u00e9partementaux du canton Oisans Romanche en 2021, dans &hellip; <\/p>\n","protected":false},"author":8,"featured_media":0,"parent":0,"menu_order":0,"comment_status":"closed","ping_status":"closed","template":"","meta":{"_mc_calendar":[],"footnotes":""},"class_list":["post-603125","page","type-page","status-publish","hentry"],"yoast_head":"<!-- This site is optimized with the Yoast SEO plugin v27.5 - https:\/\/yoast.com\/product\/yoast-seo-wordpress\/ -->\n<title>Initiatives locales 2021 - Canton Oisans Romanche - D\u00e9partement de l&#039;Is\u00e8re<\/title>\n<meta name=\"robots\" content=\"index, follow, max-snippet:-1, max-image-preview:large, max-video-preview:-1\" \/>\n<link rel=\"canonical\" href=\"https:\/\/www.uges-isere.fr\/index.php\/initiatives-locales-2021-canton-oisans-romanche\/\" \/>\n<meta property=\"og:locale\" content=\"fr_FR\" \/>\n<meta property=\"og:type\" content=\"article\" \/>\n<meta property=\"og:title\" content=\"Initiatives locales 2021 - Canton Oisans Romanche - D\u00e9partement de l&#039;Is\u00e8re\" \/>\n<meta property=\"og:description\" content=\"Retrouvez ici les subventions accord\u00e9es aux associations par vos conseillers d\u00e9partementaux du canton Oisans Romanche en 2021, dans &hellip;\" \/>\n<meta property=\"og:url\" content=\"https:\/\/www.uges-isere.fr\/index.php\/initiatives-locales-2021-canton-oisans-romanche\/\" \/>\n<meta property=\"og:site_name\" content=\"D\u00e9partement de l&#039;Is\u00e8re\" \/>\n<meta property=\"article:publisher\" content=\"https:\/\/www.facebook.com\/LePrintemps38\" \/>\n<meta property=\"article:modified_time\" content=\"2022-09-15T09:32:15+00:00\" \/>\n<meta name=\"twitter:card\" content=\"summary_large_image\" \/>\n<meta name=\"twitter:site\" content=\"@GroupeUGES38\" \/>\n<meta name=\"twitter:label1\" content=\"Dur\u00e9e de lecture estim\u00e9e\" \/>\n\t<meta name=\"twitter:data1\" content=\"1 minute\" \/>\n<script type=\"application\/ld+json\" class=\"yoast-schema-graph\">{\"@context\":\"https:\\\/\\\/schema.org\",\"@graph\":[{\"@type\":\"WebPage\",\"@id\":\"https:\\\/\\\/www.uges-isere.fr\\\/index.php\\\/initiatives-locales-2021-canton-oisans-romanche\\\/\",\"url\":\"https:\\\/\\\/www.uges-isere.fr\\\/index.php\\\/initiatives-locales-2021-canton-oisans-romanche\\\/\",\"name\":\"Initiatives locales 2021 - Canton Oisans Romanche - D\u00e9partement de l&#039;Is\u00e8re\",\"isPartOf\":{\"@id\":\"https:\\\/\\\/www.uges-isere.fr\\\/#website\"},\"datePublished\":\"2022-09-13T09:26:07+00:00\",\"dateModified\":\"2022-09-15T09:32:15+00:00\",\"breadcrumb\":{\"@id\":\"https:\\\/\\\/www.uges-isere.fr\\\/index.php\\\/initiatives-locales-2021-canton-oisans-romanche\\\/#breadcrumb\"},\"inLanguage\":\"fr-FR\",\"potentialAction\":[{\"@type\":\"ReadAction\",\"target\":[\"https:\\\/\\\/www.uges-isere.fr\\\/index.php\\\/initiatives-locales-2021-canton-oisans-romanche\\\/\"]}]},{\"@type\":\"BreadcrumbList\",\"@id\":\"https:\\\/\\\/www.uges-isere.fr\\\/index.php\\\/initiatives-locales-2021-canton-oisans-romanche\\\/#breadcrumb\",\"itemListElement\":[{\"@type\":\"ListItem\",\"position\":1,\"name\":\"Accueil\",\"item\":\"https:\\\/\\\/www.uges-isere.fr\\\/\"},{\"@type\":\"ListItem\",\"position\":2,\"name\":\"Initiatives locales 2021 &#8211; Canton Oisans Romanche\"}]},{\"@type\":\"WebSite\",\"@id\":\"https:\\\/\\\/www.uges-isere.fr\\\/#website\",\"url\":\"https:\\\/\\\/www.uges-isere.fr\\\/\",\"name\":\"D\u00e9partement de l&#039;Is\u00e8re\",\"description\":\"Groupe d&#039;opposition UGES\",\"publisher\":{\"@id\":\"https:\\\/\\\/www.uges-isere.fr\\\/#organization\"},\"potentialAction\":[{\"@type\":\"SearchAction\",\"target\":{\"@type\":\"EntryPoint\",\"urlTemplate\":\"https:\\\/\\\/www.uges-isere.fr\\\/?s={search_term_string}\"},\"query-input\":{\"@type\":\"PropertyValueSpecification\",\"valueRequired\":true,\"valueName\":\"search_term_string\"}}],\"inLanguage\":\"fr-FR\"},{\"@type\":\"Organization\",\"@id\":\"https:\\\/\\\/www.uges-isere.fr\\\/#organization\",\"name\":\"D\u00e9partement de l'Is\u00e8re\",\"url\":\"https:\\\/\\\/www.uges-isere.fr\\\/\",\"logo\":{\"@type\":\"ImageObject\",\"inLanguage\":\"fr-FR\",\"@id\":\"https:\\\/\\\/www.uges-isere.fr\\\/#\\\/schema\\\/logo\\\/image\\\/\",\"url\":\"https:\\\/\\\/www.uges-isere.fr\\\/wp-content\\\/uploads\\\/2021\\\/10\\\/logo-ok.png\",\"contentUrl\":\"https:\\\/\\\/www.uges-isere.fr\\\/wp-content\\\/uploads\\\/2021\\\/10\\\/logo-ok.png\",\"width\":2859,\"height\":1816,\"caption\":\"D\u00e9partement de l'Is\u00e8re\"},\"image\":{\"@id\":\"https:\\\/\\\/www.uges-isere.fr\\\/#\\\/schema\\\/logo\\\/image\\\/\"},\"sameAs\":[\"https:\\\/\\\/www.facebook.com\\\/LePrintemps38\",\"https:\\\/\\\/x.com\\\/GroupeUGES38\"]}]}<\/script>\n<!-- \/ Yoast SEO plugin. -->","yoast_head_json":{"title":"Initiatives locales 2021 - Canton Oisans Romanche - D\u00e9partement de l&#039;Is\u00e8re","robots":{"index":"index","follow":"follow","max-snippet":"max-snippet:-1","max-image-preview":"max-image-preview:large","max-video-preview":"max-video-preview:-1"},"canonical":"https:\/\/www.uges-isere.fr\/index.php\/initiatives-locales-2021-canton-oisans-romanche\/","og_locale":"fr_FR","og_type":"article","og_title":"Initiatives locales 2021 - Canton Oisans Romanche - D\u00e9partement de l&#039;Is\u00e8re","og_description":"Retrouvez ici les subventions accord\u00e9es aux associations par vos conseillers d\u00e9partementaux du canton Oisans Romanche en 2021, dans &hellip;","og_url":"https:\/\/www.uges-isere.fr\/index.php\/initiatives-locales-2021-canton-oisans-romanche\/","og_site_name":"D\u00e9partement de l&#039;Is\u00e8re","article_publisher":"https:\/\/www.facebook.com\/LePrintemps38","article_modified_time":"2022-09-15T09:32:15+00:00","twitter_card":"summary_large_image","twitter_site":"@GroupeUGES38","twitter_misc":{"Dur\u00e9e de lecture estim\u00e9e":"1 minute"},"schema":{"@context":"https:\/\/schema.org","@graph":[{"@type":"WebPage","@id":"https:\/\/www.uges-isere.fr\/index.php\/initiatives-locales-2021-canton-oisans-romanche\/","url":"https:\/\/www.uges-isere.fr\/index.php\/initiatives-locales-2021-canton-oisans-romanche\/","name":"Initiatives locales 2021 - Canton Oisans Romanche - D\u00e9partement de l&#039;Is\u00e8re","isPartOf":{"@id":"https:\/\/www.uges-isere.fr\/#website"},"datePublished":"2022-09-13T09:26:07+00:00","dateModified":"2022-09-15T09:32:15+00:00","breadcrumb":{"@id":"https:\/\/www.uges-isere.fr\/index.php\/initiatives-locales-2021-canton-oisans-romanche\/#breadcrumb"},"inLanguage":"fr-FR","potentialAction":[{"@type":"ReadAction","target":["https:\/\/www.uges-isere.fr\/index.php\/initiatives-locales-2021-canton-oisans-romanche\/"]}]},{"@type":"BreadcrumbList","@id":"https:\/\/www.uges-isere.fr\/index.php\/initiatives-locales-2021-canton-oisans-romanche\/#breadcrumb","itemListElement":[{"@type":"ListItem","position":1,"name":"Accueil","item":"https:\/\/www.uges-isere.fr\/"},{"@type":"ListItem","position":2,"name":"Initiatives locales 2021 &#8211; Canton Oisans Romanche"}]},{"@type":"WebSite","@id":"https:\/\/www.uges-isere.fr\/#website","url":"https:\/\/www.uges-isere.fr\/","name":"D\u00e9partement de l&#039;Is\u00e8re","description":"Groupe d&#039;opposition UGES","publisher":{"@id":"https:\/\/www.uges-isere.fr\/#organization"},"potentialAction":[{"@type":"SearchAction","target":{"@type":"EntryPoint","urlTemplate":"https:\/\/www.uges-isere.fr\/?s={search_term_string}"},"query-input":{"@type":"PropertyValueSpecification","valueRequired":true,"valueName":"search_term_string"}}],"inLanguage":"fr-FR"},{"@type":"Organization","@id":"https:\/\/www.uges-isere.fr\/#organization","name":"D\u00e9partement de l'Is\u00e8re","url":"https:\/\/www.uges-isere.fr\/","logo":{"@type":"ImageObject","inLanguage":"fr-FR","@id":"https:\/\/www.uges-isere.fr\/#\/schema\/logo\/image\/","url":"https:\/\/www.uges-isere.fr\/wp-content\/uploads\/2021\/10\/logo-ok.png","contentUrl":"https:\/\/www.uges-isere.fr\/wp-content\/uploads\/2021\/10\/logo-ok.png","width":2859,"height":1816,"caption":"D\u00e9partement de l'Is\u00e8re"},"image":{"@id":"https:\/\/www.uges-isere.fr\/#\/schema\/logo\/image\/"},"sameAs":["https:\/\/www.facebook.com\/LePrintemps38","https:\/\/x.com\/GroupeUGES38"]}]}},"_links":{"self":[{"href":"https:\/\/www.uges-isere.fr\/index.php\/wp-json\/wp\/v2\/pages\/603125","targetHints":{"allow":["GET"]}}],"collection":[{"href":"https:\/\/www.uges-isere.fr\/index.php\/wp-json\/wp\/v2\/pages"}],"about":[{"href":"https:\/\/www.uges-isere.fr\/index.php\/wp-json\/wp\/v2\/types\/page"}],"author":[{"embeddable":true,"href":"https:\/\/www.uges-isere.fr\/index.php\/wp-json\/wp\/v2\/users\/8"}],"replies":[{"embeddable":true,"href":"https:\/\/www.uges-isere.fr\/index.php\/wp-json\/wp\/v2\/comments?post=603125"}],"version-history":[{"count":4,"href":"https:\/\/www.uges-isere.fr\/index.php\/wp-json\/wp\/v2\/pages\/603125\/revisions"}],"predecessor-version":[{"id":606876,"href":"https:\/\/www.uges-isere.fr\/index.php\/wp-json\/wp\/v2\/pages\/603125\/revisions\/606876"}],"wp:attachment":[{"href":"https:\/\/www.uges-isere.fr\/index.php\/wp-json\/wp\/v2\/media?parent=603125"}],"curies":[{"name":"wp","href":"https:\/\/api.w.org\/{rel}","templated":true}]}}