{"id":54231,"date":"2021-05-15T13:13:47","date_gmt":"2021-05-15T11:13:47","guid":{"rendered":"https:\/\/www.uges-isere.fr\/?page_id=54231"},"modified":"2021-06-11T17:09:24","modified_gmt":"2021-06-11T15:09:24","slug":"proposition-3","status":"publish","type":"page","link":"https:\/\/www.uges-isere.fr\/index.php\/proposition-3\/","title":{"rendered":"Proposition : Agriculture"},"content":{"rendered":"\n<p>Accompagner financi\u00e8rement et techniquement les agriculteurs dans leurs projets sur la dur\u00e9e. Sanctuariser les terres agricoltes par une politique volontariste, valoriser la fili\u00e8re bois. <\/p>\n\n\n\n<div class=\"wp-block-group alignfull\"><div class=\"wp-block-group__inner-container is-layout-flow wp-block-group-is-layout-flow\">\n<h4 class=\"wp-block-heading\">Aujourd&rsquo;hui<\/h4>\n\n\n\n<div class=\"wp-block-columns is-layout-flex wp-container-core-columns-is-layout-9d6595d7 wp-block-columns-is-layout-flex\">\n<div class=\"wp-block-column is-layout-flow wp-block-column-is-layout-flow\" style=\"flex-basis:5%\"><\/div>\n\n\n\n<div class=\"wp-block-column is-layout-flow wp-block-column-is-layout-flow\">\n<p>La s\u00e9curit\u00e9 alimentaire est un enjeu important du fait de la diminution des surfaces agricoles et des d\u00e9parts \u00e0 la retraite pr\u00e9vus ces 5 prochaines ann\u00e9es. De plus, de par des al\u00e9as climatiques plus fr\u00e9quents, un cycle de l\u2019eau perturb\u00e9 et des temp\u00e9ratures en hausse, le changement climatique va impacter sensiblement le taux de rendement des cultures et va perturber les dates de floraison ce qui oblige \u00e0 adapter les cultures et leur production. Les for\u00eats seront aussi touch\u00e9es \u00e0 cause des parasites qui b\u00e9n\u00e9ficient des mont\u00e9es des temp\u00e9ratures. L\u2019adaptation des pratiques agricoles et sylvicoles vers des syst\u00e8mes r\u00e9silients est indispensable.<\/p>\n<\/div>\n\n\n\n<div class=\"wp-block-column is-layout-flow wp-block-column-is-layout-flow\">\n<p>En constatant les pressions agricoles sur les ressources naturelles, eau et milieux aquatiques en particulier, nous avons l\u2019ambition d\u2019accompagner une dynamique de transition vers l\u2019agro\u00e9cologie. Il s\u2019agit de favoriser les d\u00e9marches alternatives au mod\u00e8le productiviste et intensif. En effet, la diversit\u00e9 des esp\u00e8ces plant\u00e9es et le maintien de la biodiversit\u00e9 prot\u00e8gent des al\u00e9as et permettent une meilleure qualit\u00e9 des sols et de l\u2019eau.&nbsp;<\/p>\n<\/div>\n<\/div>\n<\/div><\/div>\n\n\n\n<div class=\"wp-block-group alignfull has-background\" style=\"background-color:#f3f2ed\"><div class=\"wp-block-group__inner-container is-layout-flow wp-block-group-is-layout-flow\">\n<div class=\"wp-block-columns are-vertically-aligned-top is-layout-flex wp-container-core-columns-is-layout-9d6595d7 wp-block-columns-is-layout-flex\">\n<div class=\"wp-block-column is-vertically-aligned-top is-layout-flow wp-block-column-is-layout-flow\">\n<h6 class=\"has-text-align-left wp-block-heading\"><span class=\"has-inline-color has-black-color\">17% des terres agricoles ont diminu\u00e9 en 70 ans, 35% des agriculteurs partiront \u00e0 la retraite d\u2019ici 5 ans <\/span><\/h6>\n<\/div>\n\n\n\n<div class=\"wp-block-column is-vertically-aligned-top is-layout-flow wp-block-column-is-layout-flow\">\n<h6 class=\"has-text-align-left wp-block-heading\"><span class=\"has-inline-color has-black-color\">En Is\u00e8re: 6,5% des terres agricoles sont en agriculture biologique vs un objectif fix\u00e9 par le Grenelle de l\u2019Environnement de 20% en 2020.<\/span><\/h6>\n<\/div>\n\n\n\n<div class=\"wp-block-column is-vertically-aligned-top is-layout-flow wp-block-column-is-layout-flow\">\n<h6 class=\"has-text-align-left wp-block-heading\"><span class=\"has-inline-color has-black-color\">Les intrants chimiques ont augment\u00e9 de 166% compar\u00e9 aux ann\u00e9es 70 et continuent d\u2019augmenter depuis 10 ans malgr\u00e9 l\u2019objectif de les diviser par 2<\/span>.<\/h6>\n<\/div>\n<\/div>\n<\/div><\/div>\n\n\n\n<div class=\"wp-block-group alignfull\"><div class=\"wp-block-group__inner-container is-layout-flow wp-block-group-is-layout-flow\">\n<h2 class=\"wp-block-heading\">Notre proposition, en d\u00e9tail. <\/h2>\n\n\n\n<div class=\"wp-block-columns alignwide is-layout-flex wp-container-core-columns-is-layout-9d6595d7 wp-block-columns-is-layout-flex\">\n<div class=\"wp-block-column is-layout-flow wp-block-column-is-layout-flow\"><\/div>\n\n\n\n<div class=\"wp-block-column is-layout-flow wp-block-column-is-layout-flow\"><\/div>\n<\/div>\n\n\n\n<p><strong>Il est donc n\u00e9cessaire de soutenir tous les exploitants agricoles et sylvicoles face aux \u00e9v\u00e8nements climatiques extr\u00eames et dans leurs efforts de transition vers des syst\u00e8mes agricoles r\u00e9silients :<\/strong><\/p>\n\n\n\n<p>Pour cela nous concentrerons nos actions sur quatre axes principaux :<\/p>\n\n\n\n<ul class=\"wp-block-list\"><li><strong>La sanctuarisation du foncier agricole : <\/strong>Le d\u00e9partement utilisera les outils disponibles pour <strong>pr\u00e9server le foncier agricole, lutter contre l\u2019artificialisation des sols et assurer la transition et l\u2019installation d\u2019exploitation en agro\u00e9cologie<\/strong> : les PAEN (p\u00e9rim\u00e8tres de protection et de mise en valeur des espaces agricoles et naturels p\u00e9riurbains), les accompagnements financiers aux changements de mod\u00e8les, l\u2019achat de terres agricoles par le d\u00e9partement\u2026<\/li><\/ul>\n\n\n\n<ul class=\"wp-block-list\"><li><strong>L\u2019accompagnement aux pratiques agro\u00e9cologiques :<\/strong> Le d\u00e9partement soutiendra tous les acteurs du d\u00e9veloppement agricole et sylvicole qui proposeront un accompagnement et de l\u2019animation \u00e0 la transition agro\u00e9cologique, notamment dans des d\u00e9marches collectives.<\/li><\/ul>\n\n\n\n<ul class=\"wp-block-list\"><li><strong>L\u2019accompagnement \u00e0 la transition de notre syst\u00e8me alimentaire et de la fili\u00e8re bois<\/strong> vers des syst\u00e8mes qui r\u00e9mun\u00e8rent justement les exploitants agricoles et sylvicoles. Pour cela, des propositions sp\u00e9cifiques ont \u00e9t\u00e9 d\u00e9taill\u00e9es et seront communiqu\u00e9es prochainement.&nbsp;<\/li><\/ul>\n\n\n\n<ul class=\"wp-block-list\"><li><strong>Le partage d\u2019informations sur les r\u00e9alit\u00e9s agricoles et foresti\u00e8res <\/strong>de notre territoire afin de permettre aux diff\u00e9rents acteurs de mieux appr\u00e9hender les effets de nos politiques publiques et de nos propositions<strong>. <\/strong>Le d\u00e9partement mettra en place en collaboration avec les exploitant.e.s agricoles, la Chambre d\u2019Agriculture, la SAFER et l\u2019Agreste <strong>un suivi annuel fin des donn\u00e9es agricoles et foresti\u00e8res en Is\u00e8re<\/strong>. Le suivi portera notamment sur la diversit\u00e9 des cultures, la consommation des produits sanitaires, le bilan carbone, le comptage des esp\u00e8ces menac\u00e9es par les pratiques agricoles, les initiatives de restauration des habitats naturels dans les espaces agricoles (haies, bandes fleuries\u2026).<\/li><\/ul>\n<\/div><\/div>\n\n\n\n<div class=\"wp-block-uagb-content-timeline uagb-timeline__outer-wrap uagb-block-c812afb1-20cd-45b6-84e6-23a651a83314\"><div class=\"uagb-timeline__content-wrap uagb-timeline__center-block  uagb-timeline__arrow-center uagb-timeline__responsive-tablet uagb-timeline\"><div class=\"uagb-timeline-wrapper\"><div class=\"uagb-timeline__main\"><div class=\"uagb-timeline__days\">\n<article class=\"wp-block-uagb-content-timeline-child uagb-timeline__field uagb-timeline__field-wrap uagb-timeline-child-34f04507-73ae-4ea1-a0c9-75a27045149a\"><div class=\"uagb-timeline__widget uagb-timeline__right\"><div class=\"uagb-timeline__marker out-view-uagb-timeline__icon\"><span class=\"uagb-timeline__icon-new out-view-uagb-timeline__icon \"><svg xmlns=\"http:\/\/www.w3.org\/2000\/svg\" viewbox=\"0 0 448 512\"><path d=\"M0 464c0 26.5 21.5 48 48 48h352c26.5 0 48-21.5 48-48V192H0v272zm320-196c0-6.6 5.4-12 12-12h40c6.6 0 12 5.4 12 12v40c0 6.6-5.4 12-12 12h-40c-6.6 0-12-5.4-12-12v-40zm0 128c0-6.6 5.4-12 12-12h40c6.6 0 12 5.4 12 12v40c0 6.6-5.4 12-12 12h-40c-6.6 0-12-5.4-12-12v-40zM192 268c0-6.6 5.4-12 12-12h40c6.6 0 12 5.4 12 12v40c0 6.6-5.4 12-12 12h-40c-6.6 0-12-5.4-12-12v-40zm0 128c0-6.6 5.4-12 12-12h40c6.6 0 12 5.4 12 12v40c0 6.6-5.4 12-12 12h-40c-6.6 0-12-5.4-12-12v-40zM64 268c0-6.6 5.4-12 12-12h40c6.6 0 12 5.4 12 12v40c0 6.6-5.4 12-12 12H76c-6.6 0-12-5.4-12-12v-40zm0 128c0-6.6 5.4-12 12-12h40c6.6 0 12 5.4 12 12v40c0 6.6-5.4 12-12 12H76c-6.6 0-12-5.4-12-12v-40zM400 64h-48V16c0-8.8-7.2-16-16-16h-32c-8.8 0-16 7.2-16 16v48H160V16c0-8.8-7.2-16-16-16h-32c-8.8 0-16 7.2-16 16v48H48C21.5 64 0 85.5 0 112v48h448v-48c0-26.5-21.5-48-48-48z\"><\/path><\/svg><\/span><\/div><div class=\"uagb-timeline__day-new uagb-timeline__day-right\"><div class=\"uagb-events-new\"><div class=\"uagb-timeline__events-inner-new\"><div class=\"uagb-timeline__date-hide uagb-timeline__date-inner\"><div class=\"uagb-timeline__inner-date-new\">janvier 1, 2019<\/div><\/div><div class=\"uagb-timeline-content\"><div class=\"uagb-timeline__heading-text\"><h4 class=\"uagb-timeline__heading\">Titre du fil d\u2019actualit\u00e9 1<\/h4><\/div><p class=\"uagb-timeline-desc-content\">Ceci est la description du fil d\u2019actualit\u00e9, vous pouvez me changer \u00e0 tout moment en cliquant ici <\/p><div class=\"uagb-timeline__arrow\"><\/div><\/div><\/div><\/div><\/div><div class=\"uagb-timeline__date-new\"><div class=\"uagb-timeline__date-new\">janvier 1, 2019<\/div><\/div><\/div><\/article>\n\n\n\n<article class=\"wp-block-uagb-content-timeline-child uagb-timeline__field uagb-timeline__field-wrap uagb-timeline-child-5047fe30-7b04-469a-b4e8-5d79fefb275b\"><div class=\"uagb-timeline__widget uagb-timeline__left\"><div class=\"uagb-timeline__marker out-view-uagb-timeline__icon\"><span class=\"uagb-timeline__icon-new out-view-uagb-timeline__icon \"><svg xmlns=\"http:\/\/www.w3.org\/2000\/svg\" viewbox=\"0 0 448 512\"><path d=\"M0 464c0 26.5 21.5 48 48 48h352c26.5 0 48-21.5 48-48V192H0v272zm320-196c0-6.6 5.4-12 12-12h40c6.6 0 12 5.4 12 12v40c0 6.6-5.4 12-12 12h-40c-6.6 0-12-5.4-12-12v-40zm0 128c0-6.6 5.4-12 12-12h40c6.6 0 12 5.4 12 12v40c0 6.6-5.4 12-12 12h-40c-6.6 0-12-5.4-12-12v-40zM192 268c0-6.6 5.4-12 12-12h40c6.6 0 12 5.4 12 12v40c0 6.6-5.4 12-12 12h-40c-6.6 0-12-5.4-12-12v-40zm0 128c0-6.6 5.4-12 12-12h40c6.6 0 12 5.4 12 12v40c0 6.6-5.4 12-12 12h-40c-6.6 0-12-5.4-12-12v-40zM64 268c0-6.6 5.4-12 12-12h40c6.6 0 12 5.4 12 12v40c0 6.6-5.4 12-12 12H76c-6.6 0-12-5.4-12-12v-40zm0 128c0-6.6 5.4-12 12-12h40c6.6 0 12 5.4 12 12v40c0 6.6-5.4 12-12 12H76c-6.6 0-12-5.4-12-12v-40zM400 64h-48V16c0-8.8-7.2-16-16-16h-32c-8.8 0-16 7.2-16 16v48H160V16c0-8.8-7.2-16-16-16h-32c-8.8 0-16 7.2-16 16v48H48C21.5 64 0 85.5 0 112v48h448v-48c0-26.5-21.5-48-48-48z\"><\/path><\/svg><\/span><\/div><div class=\"uagb-timeline__day-new uagb-timeline__day-left\"><div class=\"uagb-events-new\"><div class=\"uagb-timeline__events-inner-new\"><div class=\"uagb-timeline__date-hide uagb-timeline__date-inner\"><div class=\"uagb-timeline__inner-date-new\">janvier 1, 2019<\/div><\/div><div class=\"uagb-timeline-content\"><div class=\"uagb-timeline__heading-text\"><h4 class=\"uagb-timeline__heading\">Titre du fil d\u2019actualit\u00e9 2<\/h4><\/div><p class=\"uagb-timeline-desc-content\">Ceci est la description du fil d\u2019actualit\u00e9, vous pouvez me changer \u00e0 tout moment en cliquant ici <\/p><div class=\"uagb-timeline__arrow\"><\/div><\/div><\/div><\/div><\/div><div class=\"uagb-timeline__date-new\"><div class=\"uagb-timeline__date-new\">janvier 1, 2019<\/div><\/div><\/div><\/article>\n\n\n\n<article class=\"wp-block-uagb-content-timeline-child uagb-timeline__field uagb-timeline__field-wrap uagb-timeline-child-3dde68e1-25e7-4bc6-a4c4-d85bce12b34e\"><div class=\"uagb-timeline__widget uagb-timeline__right\"><div class=\"uagb-timeline__marker out-view-uagb-timeline__icon\"><span class=\"uagb-timeline__icon-new out-view-uagb-timeline__icon \"><svg xmlns=\"http:\/\/www.w3.org\/2000\/svg\" viewbox=\"0 0 448 512\"><path d=\"M0 464c0 26.5 21.5 48 48 48h352c26.5 0 48-21.5 48-48V192H0v272zm320-196c0-6.6 5.4-12 12-12h40c6.6 0 12 5.4 12 12v40c0 6.6-5.4 12-12 12h-40c-6.6 0-12-5.4-12-12v-40zm0 128c0-6.6 5.4-12 12-12h40c6.6 0 12 5.4 12 12v40c0 6.6-5.4 12-12 12h-40c-6.6 0-12-5.4-12-12v-40zM192 268c0-6.6 5.4-12 12-12h40c6.6 0 12 5.4 12 12v40c0 6.6-5.4 12-12 12h-40c-6.6 0-12-5.4-12-12v-40zm0 128c0-6.6 5.4-12 12-12h40c6.6 0 12 5.4 12 12v40c0 6.6-5.4 12-12 12h-40c-6.6 0-12-5.4-12-12v-40zM64 268c0-6.6 5.4-12 12-12h40c6.6 0 12 5.4 12 12v40c0 6.6-5.4 12-12 12H76c-6.6 0-12-5.4-12-12v-40zm0 128c0-6.6 5.4-12 12-12h40c6.6 0 12 5.4 12 12v40c0 6.6-5.4 12-12 12H76c-6.6 0-12-5.4-12-12v-40zM400 64h-48V16c0-8.8-7.2-16-16-16h-32c-8.8 0-16 7.2-16 16v48H160V16c0-8.8-7.2-16-16-16h-32c-8.8 0-16 7.2-16 16v48H48C21.5 64 0 85.5 0 112v48h448v-48c0-26.5-21.5-48-48-48z\"><\/path><\/svg><\/span><\/div><div class=\"uagb-timeline__day-new uagb-timeline__day-right\"><div class=\"uagb-events-new\"><div class=\"uagb-timeline__events-inner-new\"><div class=\"uagb-timeline__date-hide uagb-timeline__date-inner\"><div class=\"uagb-timeline__inner-date-new\">janvier 1, 2019<\/div><\/div><div class=\"uagb-timeline-content\"><div class=\"uagb-timeline__heading-text\"><h4 class=\"uagb-timeline__heading\">Titre du fil d\u2019actualit\u00e9 3<\/h4><\/div><p class=\"uagb-timeline-desc-content\">Ceci est la description du fil d\u2019actualit\u00e9, vous pouvez me changer \u00e0 tout moment en cliquant ici <\/p><div class=\"uagb-timeline__arrow\"><\/div><\/div><\/div><\/div><\/div><div class=\"uagb-timeline__date-new\"><div class=\"uagb-timeline__date-new\">janvier 1, 2019<\/div><\/div><\/div><\/article>\n\n\n\n<article class=\"wp-block-uagb-content-timeline-child uagb-timeline__field uagb-timeline__field-wrap uagb-timeline-child-89337bff-1af5-49c0-bdc4-11d7daa3daba\"><div class=\"uagb-timeline__widget uagb-timeline__left\"><div class=\"uagb-timeline__marker out-view-uagb-timeline__icon\"><span class=\"uagb-timeline__icon-new out-view-uagb-timeline__icon \"><svg xmlns=\"http:\/\/www.w3.org\/2000\/svg\" viewbox=\"0 0 448 512\"><path d=\"M0 464c0 26.5 21.5 48 48 48h352c26.5 0 48-21.5 48-48V192H0v272zm320-196c0-6.6 5.4-12 12-12h40c6.6 0 12 5.4 12 12v40c0 6.6-5.4 12-12 12h-40c-6.6 0-12-5.4-12-12v-40zm0 128c0-6.6 5.4-12 12-12h40c6.6 0 12 5.4 12 12v40c0 6.6-5.4 12-12 12h-40c-6.6 0-12-5.4-12-12v-40zM192 268c0-6.6 5.4-12 12-12h40c6.6 0 12 5.4 12 12v40c0 6.6-5.4 12-12 12h-40c-6.6 0-12-5.4-12-12v-40zm0 128c0-6.6 5.4-12 12-12h40c6.6 0 12 5.4 12 12v40c0 6.6-5.4 12-12 12h-40c-6.6 0-12-5.4-12-12v-40zM64 268c0-6.6 5.4-12 12-12h40c6.6 0 12 5.4 12 12v40c0 6.6-5.4 12-12 12H76c-6.6 0-12-5.4-12-12v-40zm0 128c0-6.6 5.4-12 12-12h40c6.6 0 12 5.4 12 12v40c0 6.6-5.4 12-12 12H76c-6.6 0-12-5.4-12-12v-40zM400 64h-48V16c0-8.8-7.2-16-16-16h-32c-8.8 0-16 7.2-16 16v48H160V16c0-8.8-7.2-16-16-16h-32c-8.8 0-16 7.2-16 16v48H48C21.5 64 0 85.5 0 112v48h448v-48c0-26.5-21.5-48-48-48z\"><\/path><\/svg><\/span><\/div><div class=\"uagb-timeline__day-new uagb-timeline__day-left\"><div class=\"uagb-events-new\"><div class=\"uagb-timeline__events-inner-new\"><div class=\"uagb-timeline__date-hide uagb-timeline__date-inner\"><div class=\"uagb-timeline__inner-date-new\">janvier 1, 2019<\/div><\/div><div class=\"uagb-timeline-content\"><div class=\"uagb-timeline__heading-text\"><h4 class=\"uagb-timeline__heading\">Titre du fil d\u2019actualit\u00e9 4<\/h4><\/div><p class=\"uagb-timeline-desc-content\">Ceci est la description du fil d\u2019actualit\u00e9, vous pouvez me changer \u00e0 tout moment en cliquant ici <\/p><div class=\"uagb-timeline__arrow\"><\/div><\/div><\/div><\/div><\/div><div class=\"uagb-timeline__date-new\"><div class=\"uagb-timeline__date-new\">janvier 1, 2019<\/div><\/div><\/div><\/article>\n\n\n\n<article class=\"wp-block-uagb-content-timeline-child uagb-timeline__field uagb-timeline__field-wrap uagb-timeline-child-0ad1abe4-dbb9-4e16-bc14-e9d8375f36d8\"><div class=\"uagb-timeline__widget uagb-timeline__right\"><div class=\"uagb-timeline__marker out-view-uagb-timeline__icon\"><span class=\"uagb-timeline__icon-new out-view-uagb-timeline__icon \"><svg xmlns=\"http:\/\/www.w3.org\/2000\/svg\" viewbox=\"0 0 448 512\"><path d=\"M0 464c0 26.5 21.5 48 48 48h352c26.5 0 48-21.5 48-48V192H0v272zm320-196c0-6.6 5.4-12 12-12h40c6.6 0 12 5.4 12 12v40c0 6.6-5.4 12-12 12h-40c-6.6 0-12-5.4-12-12v-40zm0 128c0-6.6 5.4-12 12-12h40c6.6 0 12 5.4 12 12v40c0 6.6-5.4 12-12 12h-40c-6.6 0-12-5.4-12-12v-40zM192 268c0-6.6 5.4-12 12-12h40c6.6 0 12 5.4 12 12v40c0 6.6-5.4 12-12 12h-40c-6.6 0-12-5.4-12-12v-40zm0 128c0-6.6 5.4-12 12-12h40c6.6 0 12 5.4 12 12v40c0 6.6-5.4 12-12 12h-40c-6.6 0-12-5.4-12-12v-40zM64 268c0-6.6 5.4-12 12-12h40c6.6 0 12 5.4 12 12v40c0 6.6-5.4 12-12 12H76c-6.6 0-12-5.4-12-12v-40zm0 128c0-6.6 5.4-12 12-12h40c6.6 0 12 5.4 12 12v40c0 6.6-5.4 12-12 12H76c-6.6 0-12-5.4-12-12v-40zM400 64h-48V16c0-8.8-7.2-16-16-16h-32c-8.8 0-16 7.2-16 16v48H160V16c0-8.8-7.2-16-16-16h-32c-8.8 0-16 7.2-16 16v48H48C21.5 64 0 85.5 0 112v48h448v-48c0-26.5-21.5-48-48-48z\"><\/path><\/svg><\/span><\/div><div class=\"uagb-timeline__day-new uagb-timeline__day-right\"><div class=\"uagb-events-new\"><div class=\"uagb-timeline__events-inner-new\"><div class=\"uagb-timeline__date-hide uagb-timeline__date-inner\"><div class=\"uagb-timeline__inner-date-new\">janvier 1, 2019<\/div><\/div><div class=\"uagb-timeline-content\"><div class=\"uagb-timeline__heading-text\"><h4 class=\"uagb-timeline__heading\">Titre du fil d\u2019actualit\u00e9 5<\/h4><\/div><p class=\"uagb-timeline-desc-content\">Ceci est la description du fil d\u2019actualit\u00e9, vous pouvez me changer \u00e0 tout moment en cliquant ici <\/p><div class=\"uagb-timeline__arrow\"><\/div><\/div><\/div><\/div><\/div><div class=\"uagb-timeline__date-new\"><div class=\"uagb-timeline__date-new\">janvier 1, 2019<\/div><\/div><\/div><\/article>\n<\/div><div class=\"uagb-timeline__line\"><div class=\"uagb-timeline__line__inner\"><\/div><\/div><\/div><\/div><\/div><\/div>\n","protected":false},"excerpt":{"rendered":"<p>Accompagner financi\u00e8rement et techniquement les agriculteurs dans leurs projets sur la dur\u00e9e. Sanctuariser les terres agricoltes par une &hellip; <\/p>\n","protected":false},"author":8,"featured_media":0,"parent":0,"menu_order":0,"comment_status":"closed","ping_status":"closed","template":"","meta":{"_mc_calendar":[],"footnotes":""},"class_list":["post-54231","page","type-page","status-publish","hentry"],"yoast_head":"<!-- This site is optimized with the Yoast SEO plugin v27.5 - https:\/\/yoast.com\/product\/yoast-seo-wordpress\/ -->\n<title>Proposition : Agriculture - D\u00e9partement de l&#039;Is\u00e8re<\/title>\n<meta name=\"robots\" content=\"index, follow, max-snippet:-1, max-image-preview:large, max-video-preview:-1\" \/>\n<link rel=\"canonical\" href=\"https:\/\/www.uges-isere.fr\/index.php\/proposition-3\/\" \/>\n<meta property=\"og:locale\" content=\"fr_FR\" \/>\n<meta property=\"og:type\" content=\"article\" \/>\n<meta property=\"og:title\" content=\"Proposition : Agriculture - D\u00e9partement de l&#039;Is\u00e8re\" \/>\n<meta property=\"og:description\" content=\"Accompagner financi\u00e8rement et techniquement les agriculteurs dans leurs projets sur la dur\u00e9e. Sanctuariser les terres agricoltes par une &hellip;\" \/>\n<meta property=\"og:url\" content=\"https:\/\/www.uges-isere.fr\/index.php\/proposition-3\/\" \/>\n<meta property=\"og:site_name\" content=\"D\u00e9partement de l&#039;Is\u00e8re\" \/>\n<meta property=\"article:publisher\" content=\"https:\/\/www.facebook.com\/LePrintemps38\" \/>\n<meta property=\"article:modified_time\" content=\"2021-06-11T15:09:24+00:00\" \/>\n<meta name=\"twitter:card\" content=\"summary_large_image\" \/>\n<meta name=\"twitter:site\" content=\"@GroupeUGES38\" \/>\n<meta name=\"twitter:label1\" content=\"Dur\u00e9e de lecture estim\u00e9e\" \/>\n\t<meta name=\"twitter:data1\" content=\"4 minutes\" \/>\n<script type=\"application\/ld+json\" class=\"yoast-schema-graph\">{\"@context\":\"https:\\\/\\\/schema.org\",\"@graph\":[{\"@type\":\"WebPage\",\"@id\":\"https:\\\/\\\/www.uges-isere.fr\\\/index.php\\\/proposition-3\\\/\",\"url\":\"https:\\\/\\\/www.uges-isere.fr\\\/index.php\\\/proposition-3\\\/\",\"name\":\"Proposition : Agriculture - D\u00e9partement de l&#039;Is\u00e8re\",\"isPartOf\":{\"@id\":\"https:\\\/\\\/www.uges-isere.fr\\\/#website\"},\"datePublished\":\"2021-05-15T11:13:47+00:00\",\"dateModified\":\"2021-06-11T15:09:24+00:00\",\"breadcrumb\":{\"@id\":\"https:\\\/\\\/www.uges-isere.fr\\\/index.php\\\/proposition-3\\\/#breadcrumb\"},\"inLanguage\":\"fr-FR\",\"potentialAction\":[{\"@type\":\"ReadAction\",\"target\":[\"https:\\\/\\\/www.uges-isere.fr\\\/index.php\\\/proposition-3\\\/\"]}]},{\"@type\":\"BreadcrumbList\",\"@id\":\"https:\\\/\\\/www.uges-isere.fr\\\/index.php\\\/proposition-3\\\/#breadcrumb\",\"itemListElement\":[{\"@type\":\"ListItem\",\"position\":1,\"name\":\"Accueil\",\"item\":\"https:\\\/\\\/www.uges-isere.fr\\\/\"},{\"@type\":\"ListItem\",\"position\":2,\"name\":\"Proposition : Agriculture\"}]},{\"@type\":\"WebSite\",\"@id\":\"https:\\\/\\\/www.uges-isere.fr\\\/#website\",\"url\":\"https:\\\/\\\/www.uges-isere.fr\\\/\",\"name\":\"D\u00e9partement de l&#039;Is\u00e8re\",\"description\":\"Groupe d&#039;opposition UGES\",\"publisher\":{\"@id\":\"https:\\\/\\\/www.uges-isere.fr\\\/#organization\"},\"potentialAction\":[{\"@type\":\"SearchAction\",\"target\":{\"@type\":\"EntryPoint\",\"urlTemplate\":\"https:\\\/\\\/www.uges-isere.fr\\\/?s={search_term_string}\"},\"query-input\":{\"@type\":\"PropertyValueSpecification\",\"valueRequired\":true,\"valueName\":\"search_term_string\"}}],\"inLanguage\":\"fr-FR\"},{\"@type\":\"Organization\",\"@id\":\"https:\\\/\\\/www.uges-isere.fr\\\/#organization\",\"name\":\"D\u00e9partement de l'Is\u00e8re\",\"url\":\"https:\\\/\\\/www.uges-isere.fr\\\/\",\"logo\":{\"@type\":\"ImageObject\",\"inLanguage\":\"fr-FR\",\"@id\":\"https:\\\/\\\/www.uges-isere.fr\\\/#\\\/schema\\\/logo\\\/image\\\/\",\"url\":\"https:\\\/\\\/www.uges-isere.fr\\\/wp-content\\\/uploads\\\/2021\\\/10\\\/logo-ok.png\",\"contentUrl\":\"https:\\\/\\\/www.uges-isere.fr\\\/wp-content\\\/uploads\\\/2021\\\/10\\\/logo-ok.png\",\"width\":2859,\"height\":1816,\"caption\":\"D\u00e9partement de l'Is\u00e8re\"},\"image\":{\"@id\":\"https:\\\/\\\/www.uges-isere.fr\\\/#\\\/schema\\\/logo\\\/image\\\/\"},\"sameAs\":[\"https:\\\/\\\/www.facebook.com\\\/LePrintemps38\",\"https:\\\/\\\/x.com\\\/GroupeUGES38\"]}]}<\/script>\n<!-- \/ Yoast SEO plugin. -->","yoast_head_json":{"title":"Proposition : Agriculture - D\u00e9partement de l&#039;Is\u00e8re","robots":{"index":"index","follow":"follow","max-snippet":"max-snippet:-1","max-image-preview":"max-image-preview:large","max-video-preview":"max-video-preview:-1"},"canonical":"https:\/\/www.uges-isere.fr\/index.php\/proposition-3\/","og_locale":"fr_FR","og_type":"article","og_title":"Proposition : Agriculture - D\u00e9partement de l&#039;Is\u00e8re","og_description":"Accompagner financi\u00e8rement et techniquement les agriculteurs dans leurs projets sur la dur\u00e9e. Sanctuariser les terres agricoltes par une &hellip;","og_url":"https:\/\/www.uges-isere.fr\/index.php\/proposition-3\/","og_site_name":"D\u00e9partement de l&#039;Is\u00e8re","article_publisher":"https:\/\/www.facebook.com\/LePrintemps38","article_modified_time":"2021-06-11T15:09:24+00:00","twitter_card":"summary_large_image","twitter_site":"@GroupeUGES38","twitter_misc":{"Dur\u00e9e de lecture estim\u00e9e":"4 minutes"},"schema":{"@context":"https:\/\/schema.org","@graph":[{"@type":"WebPage","@id":"https:\/\/www.uges-isere.fr\/index.php\/proposition-3\/","url":"https:\/\/www.uges-isere.fr\/index.php\/proposition-3\/","name":"Proposition : Agriculture - D\u00e9partement de l&#039;Is\u00e8re","isPartOf":{"@id":"https:\/\/www.uges-isere.fr\/#website"},"datePublished":"2021-05-15T11:13:47+00:00","dateModified":"2021-06-11T15:09:24+00:00","breadcrumb":{"@id":"https:\/\/www.uges-isere.fr\/index.php\/proposition-3\/#breadcrumb"},"inLanguage":"fr-FR","potentialAction":[{"@type":"ReadAction","target":["https:\/\/www.uges-isere.fr\/index.php\/proposition-3\/"]}]},{"@type":"BreadcrumbList","@id":"https:\/\/www.uges-isere.fr\/index.php\/proposition-3\/#breadcrumb","itemListElement":[{"@type":"ListItem","position":1,"name":"Accueil","item":"https:\/\/www.uges-isere.fr\/"},{"@type":"ListItem","position":2,"name":"Proposition : Agriculture"}]},{"@type":"WebSite","@id":"https:\/\/www.uges-isere.fr\/#website","url":"https:\/\/www.uges-isere.fr\/","name":"D\u00e9partement de l&#039;Is\u00e8re","description":"Groupe d&#039;opposition UGES","publisher":{"@id":"https:\/\/www.uges-isere.fr\/#organization"},"potentialAction":[{"@type":"SearchAction","target":{"@type":"EntryPoint","urlTemplate":"https:\/\/www.uges-isere.fr\/?s={search_term_string}"},"query-input":{"@type":"PropertyValueSpecification","valueRequired":true,"valueName":"search_term_string"}}],"inLanguage":"fr-FR"},{"@type":"Organization","@id":"https:\/\/www.uges-isere.fr\/#organization","name":"D\u00e9partement de l'Is\u00e8re","url":"https:\/\/www.uges-isere.fr\/","logo":{"@type":"ImageObject","inLanguage":"fr-FR","@id":"https:\/\/www.uges-isere.fr\/#\/schema\/logo\/image\/","url":"https:\/\/www.uges-isere.fr\/wp-content\/uploads\/2021\/10\/logo-ok.png","contentUrl":"https:\/\/www.uges-isere.fr\/wp-content\/uploads\/2021\/10\/logo-ok.png","width":2859,"height":1816,"caption":"D\u00e9partement de l'Is\u00e8re"},"image":{"@id":"https:\/\/www.uges-isere.fr\/#\/schema\/logo\/image\/"},"sameAs":["https:\/\/www.facebook.com\/LePrintemps38","https:\/\/x.com\/GroupeUGES38"]}]}},"_links":{"self":[{"href":"https:\/\/www.uges-isere.fr\/index.php\/wp-json\/wp\/v2\/pages\/54231","targetHints":{"allow":["GET"]}}],"collection":[{"href":"https:\/\/www.uges-isere.fr\/index.php\/wp-json\/wp\/v2\/pages"}],"about":[{"href":"https:\/\/www.uges-isere.fr\/index.php\/wp-json\/wp\/v2\/types\/page"}],"author":[{"embeddable":true,"href":"https:\/\/www.uges-isere.fr\/index.php\/wp-json\/wp\/v2\/users\/8"}],"replies":[{"embeddable":true,"href":"https:\/\/www.uges-isere.fr\/index.php\/wp-json\/wp\/v2\/comments?post=54231"}],"version-history":[{"count":7,"href":"https:\/\/www.uges-isere.fr\/index.php\/wp-json\/wp\/v2\/pages\/54231\/revisions"}],"predecessor-version":[{"id":87525,"href":"https:\/\/www.uges-isere.fr\/index.php\/wp-json\/wp\/v2\/pages\/54231\/revisions\/87525"}],"wp:attachment":[{"href":"https:\/\/www.uges-isere.fr\/index.php\/wp-json\/wp\/v2\/media?parent=54231"}],"curies":[{"name":"wp","href":"https:\/\/api.w.org\/{rel}","templated":true}]}}