{"id":477760,"date":"2022-05-31T14:17:15","date_gmt":"2022-05-31T12:17:15","guid":{"rendered":"https:\/\/www.uges-isere.fr\/?page_id=477760"},"modified":"2022-08-29T16:35:34","modified_gmt":"2022-08-29T14:35:34","slug":"projet-creation-dun-atelier-la-bifurk","status":"publish","type":"page","link":"https:\/\/www.uges-isere.fr\/index.php\/projet-creation-dun-atelier-la-bifurk\/","title":{"rendered":"Projet &#8211; Cr\u00e9ation d&rsquo;un atelier (La Bifurk)"},"content":{"rendered":"\n<p><\/p>\n\n\n\n<p><strong>L&rsquo;association La Bifurk<\/strong> est un collectif de 12 associations qui co-g\u00e8rent une ancienne usine reconvertie en lieu artistique, sportif, et citoyen. Au c\u0153ur du quartier Flaubert \u00e0 Grenoble, la Bifurk est ouverte au public lors de temps aussi vari\u00e9s que des ateliers, du skateboard, des expositions, des spectacles, des arts num\u00e9riques, du basket, ou encore des temps forts associatifs.<\/p>\n\n\n\n<p>Le projet port\u00e9 est la <strong>cr\u00e9ation d&rsquo;un lieu d\u00e9di\u00e9 au \u00ab\u00a0faire soi-m\u00eame\u00a0\u00bb<\/strong>, avec atelier bricolage et espace m\u00e9dia, au sein du site de la Bifurk. Implant\u00e9 dans une ancienne habitation, ce projet de r\u00e9am\u00e9nagement permettra de cr\u00e9er diff\u00e9rents espaces : un atelier ouvert, un espace multim\u00e9dia et un espace de formation. <strong>\u00c0 destination des publics \u00e9loign\u00e9s<\/strong>, habitants et des associations de l&rsquo;agglom\u00e9ration, cet atelier ouvert vise \u00e0 accueillir plusieurs types d&rsquo;activit\u00e9s :  des activit\u00e9s de bricolage, des activit\u00e9s de repair&rsquo;caf\u00e9, des animations d&rsquo;initiation et formation au num\u00e9rique<\/p>\n\n\n\n<p>Utile au territoire, cet atelier ouvert vise \u00e0 encourager<strong> l\u2019insertion professionnelle, et le lien social,<\/strong> notamment \u00e0 travers le concept de \u00ab DIY \u2013 Faire soi m\u00eame \u00bb, et de l&rsquo;apprentissage tout au long de la vie.<\/p>\n\n\n\n<p>Les chantiers participatifs sont pr\u00e9vus \u00e0 partir de septembre 2022, pour un lancement des activit\u00e9s en d\u00e9but d&rsquo;ann\u00e9e 2023.<\/p>\n\n\n\n<p><strong>Onze associations sont co-porteuses du projet, une trentaine de structures de l&rsquo;ESS partenaires<\/strong> impliqu\u00e9es dans le programme d&rsquo;activit\u00e9, une \u00e9quipe de 25 b\u00e9n\u00e9voles mobilis\u00e9s.<\/p>\n\n\n\n<p>Les \u00e9quipements (atelier, salle m\u00e9dia, salle de formation) sont destin\u00e9s \u00e0 \u00eatre mis \u00e0 disposition aux associations et habitants de l&rsquo;agglom\u00e9ration. Le programme d&rsquo;activit\u00e9 propose des ateliers\/initiations\/formations gratuites, \u00e0 destination des publics dits \u00ab\u00a0\u00e9loign\u00e9s\u00a0\u00bb<\/p>\n\n\n\n<figure class=\"wp-block-embed is-type-video is-provider-youtube wp-block-embed-youtube wp-embed-aspect-16-9 wp-has-aspect-ratio\"><div class=\"wp-block-embed__wrapper\">\n<iframe loading=\"lazy\" title=\"Cr\u00e9ation d&#039;un atelier &quot;La Bifurk&quot;\" width=\"1200\" height=\"675\" src=\"https:\/\/www.youtube.com\/embed\/D6BmDw6eZ2w?feature=oembed\" frameborder=\"0\" allow=\"accelerometer; autoplay; clipboard-write; encrypted-media; gyroscope; picture-in-picture\" allowfullscreen title=\"Cr\u00e9ation d'un atelier \"La Bifurk\"\"><\/iframe>\n<\/div><\/figure>\n","protected":false},"excerpt":{"rendered":"<p>L&rsquo;association La Bifurk est un collectif de 12 associations qui co-g\u00e8rent une ancienne usine reconvertie en lieu artistique, &hellip; <\/p>\n","protected":false},"author":8,"featured_media":542792,"parent":0,"menu_order":0,"comment_status":"closed","ping_status":"closed","template":"","meta":{"_mc_calendar":[],"footnotes":""},"class_list":["post-477760","page","type-page","status-publish","has-post-thumbnail","hentry"],"yoast_head":"<!-- This site is optimized with the Yoast SEO plugin v27.5 - https:\/\/yoast.com\/product\/yoast-seo-wordpress\/ -->\n<title>Projet - Cr\u00e9ation d&#039;un atelier (La Bifurk) - D\u00e9partement de l&#039;Is\u00e8re<\/title>\n<meta name=\"robots\" content=\"index, follow, max-snippet:-1, max-image-preview:large, max-video-preview:-1\" \/>\n<link rel=\"canonical\" href=\"https:\/\/www.uges-isere.fr\/index.php\/projet-creation-dun-atelier-la-bifurk\/\" \/>\n<meta property=\"og:locale\" content=\"fr_FR\" \/>\n<meta property=\"og:type\" content=\"article\" \/>\n<meta property=\"og:title\" content=\"Projet - Cr\u00e9ation d&#039;un atelier (La Bifurk) - D\u00e9partement de l&#039;Is\u00e8re\" \/>\n<meta property=\"og:description\" content=\"L&rsquo;association La Bifurk est un collectif de 12 associations qui co-g\u00e8rent une ancienne usine reconvertie en lieu artistique, &hellip;\" \/>\n<meta property=\"og:url\" content=\"https:\/\/www.uges-isere.fr\/index.php\/projet-creation-dun-atelier-la-bifurk\/\" \/>\n<meta property=\"og:site_name\" content=\"D\u00e9partement de l&#039;Is\u00e8re\" \/>\n<meta property=\"article:publisher\" content=\"https:\/\/www.facebook.com\/LePrintemps38\" \/>\n<meta property=\"article:modified_time\" content=\"2022-08-29T14:35:34+00:00\" \/>\n<meta property=\"og:image\" content=\"https:\/\/www.uges-isere.fr\/wp-content\/uploads\/2022\/07\/BRICOLAGE_BIFURK-scaled.jpg\" \/>\n\t<meta property=\"og:image:width\" content=\"1920\" \/>\n\t<meta property=\"og:image:height\" content=\"2560\" \/>\n\t<meta property=\"og:image:type\" content=\"image\/jpeg\" \/>\n<meta name=\"twitter:card\" content=\"summary_large_image\" \/>\n<meta name=\"twitter:site\" content=\"@GroupeUGES38\" \/>\n<meta name=\"twitter:label1\" content=\"Dur\u00e9e de lecture estim\u00e9e\" \/>\n\t<meta name=\"twitter:data1\" content=\"1 minute\" \/>\n<script type=\"application\/ld+json\" class=\"yoast-schema-graph\">{\"@context\":\"https:\\\/\\\/schema.org\",\"@graph\":[{\"@type\":\"WebPage\",\"@id\":\"https:\\\/\\\/www.uges-isere.fr\\\/index.php\\\/projet-creation-dun-atelier-la-bifurk\\\/\",\"url\":\"https:\\\/\\\/www.uges-isere.fr\\\/index.php\\\/projet-creation-dun-atelier-la-bifurk\\\/\",\"name\":\"Projet - Cr\u00e9ation d'un atelier (La Bifurk) - D\u00e9partement de l&#039;Is\u00e8re\",\"isPartOf\":{\"@id\":\"https:\\\/\\\/www.uges-isere.fr\\\/#website\"},\"primaryImageOfPage\":{\"@id\":\"https:\\\/\\\/www.uges-isere.fr\\\/index.php\\\/projet-creation-dun-atelier-la-bifurk\\\/#primaryimage\"},\"image\":{\"@id\":\"https:\\\/\\\/www.uges-isere.fr\\\/index.php\\\/projet-creation-dun-atelier-la-bifurk\\\/#primaryimage\"},\"thumbnailUrl\":\"https:\\\/\\\/www.uges-isere.fr\\\/wp-content\\\/uploads\\\/2022\\\/07\\\/BRICOLAGE_BIFURK-scaled.jpg\",\"datePublished\":\"2022-05-31T12:17:15+00:00\",\"dateModified\":\"2022-08-29T14:35:34+00:00\",\"breadcrumb\":{\"@id\":\"https:\\\/\\\/www.uges-isere.fr\\\/index.php\\\/projet-creation-dun-atelier-la-bifurk\\\/#breadcrumb\"},\"inLanguage\":\"fr-FR\",\"potentialAction\":[{\"@type\":\"ReadAction\",\"target\":[\"https:\\\/\\\/www.uges-isere.fr\\\/index.php\\\/projet-creation-dun-atelier-la-bifurk\\\/\"]}]},{\"@type\":\"ImageObject\",\"inLanguage\":\"fr-FR\",\"@id\":\"https:\\\/\\\/www.uges-isere.fr\\\/index.php\\\/projet-creation-dun-atelier-la-bifurk\\\/#primaryimage\",\"url\":\"https:\\\/\\\/www.uges-isere.fr\\\/wp-content\\\/uploads\\\/2022\\\/07\\\/BRICOLAGE_BIFURK-scaled.jpg\",\"contentUrl\":\"https:\\\/\\\/www.uges-isere.fr\\\/wp-content\\\/uploads\\\/2022\\\/07\\\/BRICOLAGE_BIFURK-scaled.jpg\",\"width\":1920,\"height\":2560},{\"@type\":\"BreadcrumbList\",\"@id\":\"https:\\\/\\\/www.uges-isere.fr\\\/index.php\\\/projet-creation-dun-atelier-la-bifurk\\\/#breadcrumb\",\"itemListElement\":[{\"@type\":\"ListItem\",\"position\":1,\"name\":\"Accueil\",\"item\":\"https:\\\/\\\/www.uges-isere.fr\\\/\"},{\"@type\":\"ListItem\",\"position\":2,\"name\":\"Projet &#8211; Cr\u00e9ation d&#8217;un atelier (La Bifurk)\"}]},{\"@type\":\"WebSite\",\"@id\":\"https:\\\/\\\/www.uges-isere.fr\\\/#website\",\"url\":\"https:\\\/\\\/www.uges-isere.fr\\\/\",\"name\":\"D\u00e9partement de l&#039;Is\u00e8re\",\"description\":\"Groupe d&#039;opposition UGES\",\"publisher\":{\"@id\":\"https:\\\/\\\/www.uges-isere.fr\\\/#organization\"},\"potentialAction\":[{\"@type\":\"SearchAction\",\"target\":{\"@type\":\"EntryPoint\",\"urlTemplate\":\"https:\\\/\\\/www.uges-isere.fr\\\/?s={search_term_string}\"},\"query-input\":{\"@type\":\"PropertyValueSpecification\",\"valueRequired\":true,\"valueName\":\"search_term_string\"}}],\"inLanguage\":\"fr-FR\"},{\"@type\":\"Organization\",\"@id\":\"https:\\\/\\\/www.uges-isere.fr\\\/#organization\",\"name\":\"D\u00e9partement de l'Is\u00e8re\",\"url\":\"https:\\\/\\\/www.uges-isere.fr\\\/\",\"logo\":{\"@type\":\"ImageObject\",\"inLanguage\":\"fr-FR\",\"@id\":\"https:\\\/\\\/www.uges-isere.fr\\\/#\\\/schema\\\/logo\\\/image\\\/\",\"url\":\"https:\\\/\\\/www.uges-isere.fr\\\/wp-content\\\/uploads\\\/2021\\\/10\\\/logo-ok.png\",\"contentUrl\":\"https:\\\/\\\/www.uges-isere.fr\\\/wp-content\\\/uploads\\\/2021\\\/10\\\/logo-ok.png\",\"width\":2859,\"height\":1816,\"caption\":\"D\u00e9partement de l'Is\u00e8re\"},\"image\":{\"@id\":\"https:\\\/\\\/www.uges-isere.fr\\\/#\\\/schema\\\/logo\\\/image\\\/\"},\"sameAs\":[\"https:\\\/\\\/www.facebook.com\\\/LePrintemps38\",\"https:\\\/\\\/x.com\\\/GroupeUGES38\"]}]}<\/script>\n<!-- \/ Yoast SEO plugin. -->","yoast_head_json":{"title":"Projet - Cr\u00e9ation d'un atelier (La Bifurk) - D\u00e9partement de l&#039;Is\u00e8re","robots":{"index":"index","follow":"follow","max-snippet":"max-snippet:-1","max-image-preview":"max-image-preview:large","max-video-preview":"max-video-preview:-1"},"canonical":"https:\/\/www.uges-isere.fr\/index.php\/projet-creation-dun-atelier-la-bifurk\/","og_locale":"fr_FR","og_type":"article","og_title":"Projet - Cr\u00e9ation d'un atelier (La Bifurk) - D\u00e9partement de l&#039;Is\u00e8re","og_description":"L&rsquo;association La Bifurk est un collectif de 12 associations qui co-g\u00e8rent une ancienne usine reconvertie en lieu artistique, &hellip;","og_url":"https:\/\/www.uges-isere.fr\/index.php\/projet-creation-dun-atelier-la-bifurk\/","og_site_name":"D\u00e9partement de l&#039;Is\u00e8re","article_publisher":"https:\/\/www.facebook.com\/LePrintemps38","article_modified_time":"2022-08-29T14:35:34+00:00","og_image":[{"width":1920,"height":2560,"url":"https:\/\/www.uges-isere.fr\/wp-content\/uploads\/2022\/07\/BRICOLAGE_BIFURK-scaled.jpg","type":"image\/jpeg"}],"twitter_card":"summary_large_image","twitter_site":"@GroupeUGES38","twitter_misc":{"Dur\u00e9e de lecture estim\u00e9e":"1 minute"},"schema":{"@context":"https:\/\/schema.org","@graph":[{"@type":"WebPage","@id":"https:\/\/www.uges-isere.fr\/index.php\/projet-creation-dun-atelier-la-bifurk\/","url":"https:\/\/www.uges-isere.fr\/index.php\/projet-creation-dun-atelier-la-bifurk\/","name":"Projet - Cr\u00e9ation d'un atelier (La Bifurk) - D\u00e9partement de l&#039;Is\u00e8re","isPartOf":{"@id":"https:\/\/www.uges-isere.fr\/#website"},"primaryImageOfPage":{"@id":"https:\/\/www.uges-isere.fr\/index.php\/projet-creation-dun-atelier-la-bifurk\/#primaryimage"},"image":{"@id":"https:\/\/www.uges-isere.fr\/index.php\/projet-creation-dun-atelier-la-bifurk\/#primaryimage"},"thumbnailUrl":"https:\/\/www.uges-isere.fr\/wp-content\/uploads\/2022\/07\/BRICOLAGE_BIFURK-scaled.jpg","datePublished":"2022-05-31T12:17:15+00:00","dateModified":"2022-08-29T14:35:34+00:00","breadcrumb":{"@id":"https:\/\/www.uges-isere.fr\/index.php\/projet-creation-dun-atelier-la-bifurk\/#breadcrumb"},"inLanguage":"fr-FR","potentialAction":[{"@type":"ReadAction","target":["https:\/\/www.uges-isere.fr\/index.php\/projet-creation-dun-atelier-la-bifurk\/"]}]},{"@type":"ImageObject","inLanguage":"fr-FR","@id":"https:\/\/www.uges-isere.fr\/index.php\/projet-creation-dun-atelier-la-bifurk\/#primaryimage","url":"https:\/\/www.uges-isere.fr\/wp-content\/uploads\/2022\/07\/BRICOLAGE_BIFURK-scaled.jpg","contentUrl":"https:\/\/www.uges-isere.fr\/wp-content\/uploads\/2022\/07\/BRICOLAGE_BIFURK-scaled.jpg","width":1920,"height":2560},{"@type":"BreadcrumbList","@id":"https:\/\/www.uges-isere.fr\/index.php\/projet-creation-dun-atelier-la-bifurk\/#breadcrumb","itemListElement":[{"@type":"ListItem","position":1,"name":"Accueil","item":"https:\/\/www.uges-isere.fr\/"},{"@type":"ListItem","position":2,"name":"Projet &#8211; Cr\u00e9ation d&#8217;un atelier (La Bifurk)"}]},{"@type":"WebSite","@id":"https:\/\/www.uges-isere.fr\/#website","url":"https:\/\/www.uges-isere.fr\/","name":"D\u00e9partement de l&#039;Is\u00e8re","description":"Groupe d&#039;opposition UGES","publisher":{"@id":"https:\/\/www.uges-isere.fr\/#organization"},"potentialAction":[{"@type":"SearchAction","target":{"@type":"EntryPoint","urlTemplate":"https:\/\/www.uges-isere.fr\/?s={search_term_string}"},"query-input":{"@type":"PropertyValueSpecification","valueRequired":true,"valueName":"search_term_string"}}],"inLanguage":"fr-FR"},{"@type":"Organization","@id":"https:\/\/www.uges-isere.fr\/#organization","name":"D\u00e9partement de l'Is\u00e8re","url":"https:\/\/www.uges-isere.fr\/","logo":{"@type":"ImageObject","inLanguage":"fr-FR","@id":"https:\/\/www.uges-isere.fr\/#\/schema\/logo\/image\/","url":"https:\/\/www.uges-isere.fr\/wp-content\/uploads\/2021\/10\/logo-ok.png","contentUrl":"https:\/\/www.uges-isere.fr\/wp-content\/uploads\/2021\/10\/logo-ok.png","width":2859,"height":1816,"caption":"D\u00e9partement de l'Is\u00e8re"},"image":{"@id":"https:\/\/www.uges-isere.fr\/#\/schema\/logo\/image\/"},"sameAs":["https:\/\/www.facebook.com\/LePrintemps38","https:\/\/x.com\/GroupeUGES38"]}]}},"_links":{"self":[{"href":"https:\/\/www.uges-isere.fr\/index.php\/wp-json\/wp\/v2\/pages\/477760","targetHints":{"allow":["GET"]}}],"collection":[{"href":"https:\/\/www.uges-isere.fr\/index.php\/wp-json\/wp\/v2\/pages"}],"about":[{"href":"https:\/\/www.uges-isere.fr\/index.php\/wp-json\/wp\/v2\/types\/page"}],"author":[{"embeddable":true,"href":"https:\/\/www.uges-isere.fr\/index.php\/wp-json\/wp\/v2\/users\/8"}],"replies":[{"embeddable":true,"href":"https:\/\/www.uges-isere.fr\/index.php\/wp-json\/wp\/v2\/comments?post=477760"}],"version-history":[{"count":5,"href":"https:\/\/www.uges-isere.fr\/index.php\/wp-json\/wp\/v2\/pages\/477760\/revisions"}],"predecessor-version":[{"id":586942,"href":"https:\/\/www.uges-isere.fr\/index.php\/wp-json\/wp\/v2\/pages\/477760\/revisions\/586942"}],"wp:featuredmedia":[{"embeddable":true,"href":"https:\/\/www.uges-isere.fr\/index.php\/wp-json\/wp\/v2\/media\/542792"}],"wp:attachment":[{"href":"https:\/\/www.uges-isere.fr\/index.php\/wp-json\/wp\/v2\/media?parent=477760"}],"curies":[{"name":"wp","href":"https:\/\/api.w.org\/{rel}","templated":true}]}}